{"id":935,"date":"2025-12-29T14:41:11","date_gmt":"2025-12-29T14:41:11","guid":{"rendered":"https:\/\/dummy.xtemos.com\/woodmart2\/electronics-3-elementor\/?page_id=935"},"modified":"2025-12-29T14:41:11","modified_gmt":"2025-12-29T14:41:11","slug":"electronique-domestique-3","status":"publish","type":"page","link":"https:\/\/combi-pro.com\/fr\/home-electronics-3\/","title":{"rendered":"\u00c9lectronique domestique-3"},"content":{"rendered":"<div data-elementor-type=\"wp-page\" data-elementor-id=\"935\" class=\"elementor elementor-935\" data-elementor-post-type=\"page\">\n\t\t\t\t<div class=\"wd-negative-gap elementor-element elementor-element-d7c377a e-flex e-con-boxed e-con e-parent\" data-id=\"d7c377a\" data-element_type=\"container\" data-e-type=\"container\">\n\t\t\t\t\t<div class=\"e-con-inner\">\n\t\t<div class=\"elementor-element elementor-element-ae9dbab e-con-full elementor-hidden-tablet elementor-hidden-mobile e-flex e-con e-child\" data-id=\"ae9dbab\" data-element_type=\"container\" data-e-type=\"container\" data-settings=\"{&quot;background_background&quot;:&quot;classic&quot;}\">\n\t\t\t\t<div class=\"elementor-element elementor-element-e198fb5 elementor-widget elementor-widget-wd_mega_menu\" data-id=\"e198fb5\" data-element_type=\"widget\" data-e-type=\"widget\" data-widget_type=\"wd_mega_menu.default\">\n\t\t\t\t<div class=\"elementor-widget-container\">\n\t\t\t\t\t\t\t<div class=\"wd-menu widget_nav_mega_menu wd-nav-wrapper\">\n\t\t\t\t\t\t\t\t<\/div>\n\t\t\t\t\t\t<\/div>\n\t\t\t\t<\/div>\n\t\t\t\t<\/div>\n\t\t<div class=\"elementor-element elementor-element-debb714 e-con-full e-flex e-con e-child\" data-id=\"debb714\" data-element_type=\"container\" data-e-type=\"container\">\n\t\t\t\t<div class=\"elementor-element elementor-element-2276257 elementor-widget elementor-widget-wd_slider\" data-id=\"2276257\" data-element_type=\"widget\" data-e-type=\"widget\" data-widget_type=\"wd_slider.default\">\n\t\t\t\t<div class=\"elementor-widget-container\">\n\t\t\t\t\t\t\t\t<style id=\"wd-style-term-676-inline-css\" data-type=\"wd-style-term-676\">\n\t\t\t\t#slider-676 .wd-slide {\n\tmin-height: 525px;\n}\n#slider-676 .wd-nav-pagin-wrap {\n\t--wd-autoplay-speed: 5000ms;\n}\n\n@media (max-width: 1024px) {\n\t#slider-676 .wd-slide {\n\t\tmin-height: 525px;\n\t}\n}\n\n@media (max-width: 767.98px) {\n\t#slider-676 .wd-slide {\n\t\tmin-height: 525px;\n\t}\n}\n\t\t\t<\/style>\n\t\t\t<style>\n\t\t\t\t\n\t\t\t\t\n\t\t\t\t\n\t\t\t\t\t\t\t\t\t#slide-1061 .wd-slide-container {\n\t\t\t\t\t\t\t\t\t\t\t\t\t\t\t\t--wd-justify-content: center;\n\t\t\t\t\t\t\t\t\t\t}\n\t\t\t\t\n\t\t\t\t\n\t\t\t\t\n\t\t\t\t\n\t\t\t\t\n\t\t\t\t\t\t\t\t\n\t\t\t\t\t\t\t\t\t@media (max-width: 1024px) {\n\t\t\t\t\n\t\t\t\t\n\t\t\t\t\n\t\t\t\t\n\t\t\t\t\n\t\t\t\t\n\t\t\t\t\n\t\t\t\t\n\t\t\t\t\t\t\t\t\t}\n\t\t\t\t\t\t\t\t\n\t\t\t\t\t\t\t\t\t@media (max-width: 767.98px) {\n\t\t\t\t\n\t\t\t\t\n\t\t\t\t\n\t\t\t\t\n\t\t\t\t\n\t\t\t\t\n\t\t\t\t\n\t\t\t\t\n\t\t\t\t\t\t\t\t\t}\n\t\t\t\t\t\t\t\t\n\t\t\t\t\n\t\t\t\t\n\t\t\t\t\n\t\t\t\t\t\t\t\t\t#slide-1086 .wd-slide-container {\n\t\t\t\t\t\t\t\t\t\t\t\t\t\t\t\t--wd-justify-content: center;\n\t\t\t\t\t\t\t\t\t\t}\n\t\t\t\t\n\t\t\t\t\n\t\t\t\t\n\t\t\t\t\n\t\t\t\t\n\t\t\t\t\t\t\t\t\n\t\t\t\t\t\t\t\t\t@media (max-width: 1024px) {\n\t\t\t\t\n\t\t\t\t\n\t\t\t\t\n\t\t\t\t\n\t\t\t\t\n\t\t\t\t\n\t\t\t\t\n\t\t\t\t\n\t\t\t\t\t\t\t\t\t}\n\t\t\t\t\t\t\t\t\n\t\t\t\t\t\t\t\t\t@media (max-width: 767.98px) {\n\t\t\t\t\n\t\t\t\t\n\t\t\t\t\n\t\t\t\t\n\t\t\t\t\n\t\t\t\t\n\t\t\t\t\n\t\t\t\t\n\t\t\t\t\t\t\t\t\t}\n\t\t\t\t\t\t\t\t\n\t\t\t\t\n\t\t\t\t\n\t\t\t\t\n\t\t\t\t\t\t\t\t\t#slide-1108 .wd-slide-container {\n\t\t\t\t\t\t\t\t\t\t\t\t\t\t\t\t--wd-justify-content: center;\n\t\t\t\t\t\t\t\t\t\t}\n\t\t\t\t\n\t\t\t\t\n\t\t\t\t\n\t\t\t\t\n\t\t\t\t\n\t\t\t\t\t\t\t\t\n\t\t\t\t\t\t\t\t\t@media (max-width: 1024px) {\n\t\t\t\t\n\t\t\t\t\n\t\t\t\t\n\t\t\t\t\n\t\t\t\t\n\t\t\t\t\n\t\t\t\t\n\t\t\t\t\n\t\t\t\t\t\t\t\t\t}\n\t\t\t\t\t\t\t\t\n\t\t\t\t\t\t\t\t\t@media (max-width: 767.98px) {\n\t\t\t\t\n\t\t\t\t\n\t\t\t\t\n\t\t\t\t\n\t\t\t\t\n\t\t\t\t\n\t\t\t\t\n\t\t\t\t\n\t\t\t\t\t\t\t\t\t}\n\t\t\t\t\t\t\t\t<\/style>\n\t\t<div id=\"slider-676\" data-id=\"676\" class=\"wd-slider wd-carousel-container wd-anim- wd-section-container wd-autoplay-on\">\n\t\t\t<div class=\"wd-carousel-inner\">\n\t\t\t\t<div class=\"wd-carousel wd-grid scroll-init\" data-speed=\"5000\" data-wrap=\"yes\" data-autoplay=\"yes\" data-autoheight=\"yes\" data-scroll_per_page=\"yes\" data-sliding_speed=\"700\" style=\"--wd-col-lg:1;--wd-col-md:1;--wd-col-sm:1;\">\n\t\t\t\t\t<div class=\"wd-carousel-wrap\">\n\t\t\t\t\t\t\t\t\t\t\t\t\t\t\t\t\t\t\t\t<div id=\"slide-1061\" class=\"wd-slide wd-carousel-item woodmart-loaded\"  data-pagination-text=\"Surface laptop\">\n\t\t\t\t\t\t\t\t\t\t\t\t\t\t\t\t<div class=\"container wd-slide-container content-fixed\">\n\t\t\t\t\t\t\t\t\t<div class=\"wd-slide-inner\">\n\t\t\t\t\t\t\t\t\t\t\t\t\t\t\t\t\t\t\t\t\t<style>.elementor-1061 .elementor-element.elementor-element-577b21b{--display:flex;}.elementor-1061 .elementor-element.elementor-element-052b4b5 .title{font-size:32px;}.elementor-1061 .elementor-element.elementor-element-052b4b5 .title-after_title{color:#777777;font-size:22px;font-weight:600;}#slide-1061 .wd-slide-container{--wd-align-items:flex-start;--wd-justify-content:center;}#slide-1061 .wd-slide-bg{background-color:#EBEBEB;}@media(max-width:1024px){.elementor-1061 .elementor-element.elementor-element-052b4b5 .title-after_title{font-size:18px;}#slide-1061 .wd-slide-container{--wd-align-items:flex-start;--wd-justify-content:center;}}@media(max-width:767px){.elementor-1061 .elementor-element.elementor-element-052b4b5 .title{font-size:28px;}.elementor-1061 .elementor-element.elementor-element-052b4b5 .title-after_title{font-size:16px;}#slide-1061 .wd-slide-container{--wd-align-items:flex-start;--wd-justify-content:center;}}<\/style>\t\t<div data-elementor-type=\"wp-post\" data-elementor-id=\"1061\" class=\"elementor elementor-1061\" data-elementor-post-type=\"woodmart_slide\">\n\t\t\t\t<div class=\"wd-negative-gap elementor-element elementor-element-577b21b e-flex e-con-boxed e-con e-parent\" data-id=\"577b21b\" data-element_type=\"container\" data-e-type=\"container\">\n\t\t\t\t\t<div class=\"e-con-inner\">\n\t\t\t\t<div class=\"elementor-element elementor-element-052b4b5 wd-width-100 elementor-widget elementor-widget-wd_title\" data-id=\"052b4b5\" data-element_type=\"widget\" data-e-type=\"widget\" data-widget_type=\"wd_title.default\">\n\t\t\t\t<div class=\"elementor-widget-container\">\n\t\t\t\t\t\t\t<div class=\"title-wrapper wd-set-mb reset-last-child wd-title-color-default wd-title-style-default wd-title-size-default text-center\">\n\n\t\t\t\n\t\t\t<div class=\"liner-continer\">\n\t\t\t\t<h4 class=\"woodmart-title-container title wd-fontsize-l\">D\u00e9couvrez le nouvel ordinateur portable Surface<\/h4> \n\t\t\t\t\t\t\t<\/div>\n\n\t\t\t\t\t\t\t<div class=\"title-after_title reset-last-child wd-fontsize-xs\">\n\t\t\t\t\t<p>Magnifique sous tous les angles<\/p>\t\t\t\t<\/div>\n\t\t\t\t\t<\/div>\n\t\t\t\t\t\t<\/div>\n\t\t\t\t<\/div>\n\t\t\t\t<div class=\"elementor-element elementor-element-ae2f9bd elementor-widget elementor-widget-wd_button\" data-id=\"ae2f9bd\" data-element_type=\"widget\" data-e-type=\"widget\" data-widget_type=\"wd_button.default\">\n\t\t\t\t<div class=\"elementor-widget-container\">\n\t\t\t\t\t\t\t<div class=\"wd-button-wrapper text-center\" >\n\t\t\t<a class=\"btn btn-style-default btn-shape-round btn-size-default btn-color-primary btn-icon-pos-right\"  href=\"#\">\n\t\t\t\t<span class=\"wd-btn-text\" data-elementor-setting-key=\"text\">\n\t\t\t\t\tAcheter maintenant\t\t\t\t<\/span>\n\n\t\t\t\t\t\t\t<\/a>\n\t\t<\/div>\n\t\t\t\t\t\t<\/div>\n\t\t\t\t<\/div>\n\t\t\t\t\t<\/div>\n\t\t\t\t<\/div>\n\t\t\t\t<\/div>\n\t\t\t\t\t\t\t\t\t\t\t\t\t\t\t\t\t\t\t\t\t<\/div>\n\t\t\t\t\t\t\t\t<\/div>\n\n\t\t\t\t\t\t\t\t<div class=\"wd-slide-bg wd-fill\">\n\t\t\t\t\t\t\t\t\t\t\t\t\t\t\t\t\t\t\t\t\t\t\t\t\t\t\t\t\t\t\t\t\t\t\t\t<\/div>\n\n\t\t\t\t\t\t\t\t\t\t\t\t\t\t\t<\/div>\n\n\t\t\t\t\t\t\t\t\t\t\t\t\t\t\t\t\t\t\t\t\t\t\t\t\t\t\t\t\t\t\t\t\t\t\t\t\t\t\t\t\t\t<div id=\"slide-1086\" class=\"wd-slide wd-carousel-item\"  data-pagination-text=\"Galaxy Fold7 I Flip7\">\n\t\t\t\t\t\t\t\t\t\t\t\t\t\t\t\t<div class=\"container wd-slide-container content-fixed\">\n\t\t\t\t\t\t\t\t\t<div class=\"wd-slide-inner\">\n\t\t\t\t\t\t\t\t\t\t\t\t\t\t\t\t\t\t\t\t\t<style>.elementor-1086 .elementor-element.elementor-element-577b21b{--display:flex;}.elementor-1086 .elementor-element.elementor-element-052b4b5 .title{font-size:32px;}.elementor-1086 .elementor-element.elementor-element-052b4b5 .title-after_title{color:#777777;font-size:22px;font-weight:600;}#slide-1086 .wd-slide-container{--wd-align-items:flex-start;--wd-justify-content:center;}#slide-1086 .wd-slide-bg{background-color:#F3F3F3;}@media(max-width:1024px){.elementor-1086 .elementor-element.elementor-element-052b4b5 .title-after_title{font-size:18px;}#slide-1086 .wd-slide-container{--wd-align-items:flex-start;--wd-justify-content:center;}}@media(max-width:767px){.elementor-1086 .elementor-element.elementor-element-052b4b5 .title{font-size:28px;}.elementor-1086 .elementor-element.elementor-element-052b4b5 .title-after_title{font-size:16px;}#slide-1086 .wd-slide-container{--wd-align-items:flex-start;--wd-justify-content:center;}}<\/style>\t\t<div data-elementor-type=\"wp-post\" data-elementor-id=\"1086\" class=\"elementor elementor-1086\" data-elementor-post-type=\"woodmart_slide\">\n\t\t\t\t<div class=\"wd-negative-gap elementor-element elementor-element-577b21b e-flex e-con-boxed e-con e-parent\" data-id=\"577b21b\" data-element_type=\"container\" data-e-type=\"container\">\n\t\t\t\t\t<div class=\"e-con-inner\">\n\t\t\t\t<div class=\"elementor-element elementor-element-052b4b5 wd-width-100 elementor-widget elementor-widget-wd_title\" data-id=\"052b4b5\" data-element_type=\"widget\" data-e-type=\"widget\" data-widget_type=\"wd_title.default\">\n\t\t\t\t<div class=\"elementor-widget-container\">\n\t\t\t\t\t\t\t<div class=\"title-wrapper wd-set-mb reset-last-child wd-title-color-default wd-title-style-default wd-title-size-default text-center\">\n\n\t\t\t\n\t\t\t<div class=\"liner-continer\">\n\t\t\t\t<h4 class=\"woodmart-title-container title wd-fontsize-l\">Galaxy Fold7 | Flip7<\/h4> \n\t\t\t\t\t\t\t<\/div>\n\n\t\t\t\t\t\t\t<div class=\"title-after_title reset-last-child wd-fontsize-xs\">\n\t\t\t\t\t<p>D\u00e9bloquer les fonctionnalit\u00e9s Ultra<\/p>\t\t\t\t<\/div>\n\t\t\t\t\t<\/div>\n\t\t\t\t\t\t<\/div>\n\t\t\t\t<\/div>\n\t\t\t\t<div class=\"elementor-element elementor-element-ae2f9bd elementor-widget elementor-widget-wd_button\" data-id=\"ae2f9bd\" data-element_type=\"widget\" data-e-type=\"widget\" data-widget_type=\"wd_button.default\">\n\t\t\t\t<div class=\"elementor-widget-container\">\n\t\t\t\t\t\t\t<div class=\"wd-button-wrapper text-center\" >\n\t\t\t<a class=\"btn btn-style-default btn-shape-round btn-size-default btn-color-primary btn-icon-pos-right\"  href=\"#\">\n\t\t\t\t<span class=\"wd-btn-text\" data-elementor-setting-key=\"text\">\n\t\t\t\t\tAcheter maintenant\t\t\t\t<\/span>\n\n\t\t\t\t\t\t\t<\/a>\n\t\t<\/div>\n\t\t\t\t\t\t<\/div>\n\t\t\t\t<\/div>\n\t\t\t\t\t<\/div>\n\t\t\t\t<\/div>\n\t\t\t\t<\/div>\n\t\t\t\t\t\t\t\t\t\t\t\t\t\t\t\t\t\t\t\t\t<\/div>\n\t\t\t\t\t\t\t\t<\/div>\n\n\t\t\t\t\t\t\t\t<div class=\"wd-slide-bg wd-fill\">\n\t\t\t\t\t\t\t\t\t\t\t\t\t\t\t\t\t\t\t\t\t\t\t\t\t\t\t\t\t\t\t\t\t\t\t\t<\/div>\n\n\t\t\t\t\t\t\t\t\t\t\t\t\t\t\t<\/div>\n\n\t\t\t\t\t\t\t\t\t\t\t\t\t\t\t\t\t\t\t\t\t\t\t\t\t\t\t<div id=\"slide-1108\" class=\"wd-slide wd-carousel-item\"  data-pagination-text=\"Meta Quest 3\">\n\t\t\t\t\t\t\t\t\t\t\t\t\t\t\t\t<div class=\"container wd-slide-container content-fixed\">\n\t\t\t\t\t\t\t\t\t<div class=\"wd-slide-inner\">\n\t\t\t\t\t\t\t\t\t\t\t\t\t\t\t\t\t\t\t\t\t<style>.elementor-1108 .elementor-element.elementor-element-577b21b{--display:flex;}.elementor-1108 .elementor-element.elementor-element-052b4b5 .title-after_title, .elementor-1108 .elementor-element.elementor-element-052b4b5 .title-subtitle, .elementor-1108 .elementor-element.elementor-element-052b4b5 .woodmart-title-container{max-width:410px;}.elementor-1108 .elementor-element.elementor-element-052b4b5 .title{font-size:32px;}.elementor-1108 .elementor-element.elementor-element-052b4b5 .title-after_title{color:#777777;font-size:22px;font-weight:600;}#slide-1108 .wd-slide-container{--wd-align-items:flex-start;--wd-justify-content:center;}#slide-1108 .wd-slide-bg{background-color:#D1E3ED;}@media(max-width:1024px){.elementor-1108 .elementor-element.elementor-element-052b4b5 .title-after_title{font-size:18px;}#slide-1108 .wd-slide-container{--wd-align-items:flex-start;--wd-justify-content:center;}}@media(max-width:767px){.elementor-1108 .elementor-element.elementor-element-052b4b5 .title{font-size:28px;}.elementor-1108 .elementor-element.elementor-element-052b4b5 .title-after_title{font-size:16px;}#slide-1108 .wd-slide-container{--wd-align-items:flex-start;--wd-justify-content:center;}}<\/style>\t\t<div data-elementor-type=\"wp-post\" data-elementor-id=\"1108\" class=\"elementor elementor-1108\" data-elementor-post-type=\"woodmart_slide\">\n\t\t\t\t<div class=\"wd-negative-gap elementor-element elementor-element-577b21b e-flex e-con-boxed e-con e-parent\" data-id=\"577b21b\" data-element_type=\"container\" data-e-type=\"container\">\n\t\t\t\t\t<div class=\"e-con-inner\">\n\t\t\t\t<div class=\"elementor-element elementor-element-052b4b5 wd-width-100 elementor-widget elementor-widget-wd_title\" data-id=\"052b4b5\" data-element_type=\"widget\" data-e-type=\"widget\" data-widget_type=\"wd_title.default\">\n\t\t\t\t<div class=\"elementor-widget-container\">\n\t\t\t\t\t\t\t<div class=\"title-wrapper wd-set-mb reset-last-child wd-title-color-default wd-title-style-default wd-title-size-default text-center\">\n\n\t\t\t\n\t\t\t<div class=\"liner-continer\">\n\t\t\t\t<h4 class=\"woodmart-title-container title wd-fontsize-l\">D\u00e9couvrez la r\u00e9alit\u00e9 mixte avec Meta Quest 3<\/h4> \n\t\t\t\t\t\t\t<\/div>\n\n\t\t\t\t\t<\/div>\n\t\t\t\t\t\t<\/div>\n\t\t\t\t<\/div>\n\t\t\t\t<div class=\"elementor-element elementor-element-ae2f9bd elementor-widget elementor-widget-wd_button\" data-id=\"ae2f9bd\" data-element_type=\"widget\" data-e-type=\"widget\" data-widget_type=\"wd_button.default\">\n\t\t\t\t<div class=\"elementor-widget-container\">\n\t\t\t\t\t\t\t<div class=\"wd-button-wrapper text-center\" >\n\t\t\t<a class=\"btn btn-style-default btn-shape-round btn-size-default btn-color-primary btn-icon-pos-right\"  href=\"#\">\n\t\t\t\t<span class=\"wd-btn-text\" data-elementor-setting-key=\"text\">\n\t\t\t\t\tAcheter maintenant\t\t\t\t<\/span>\n\n\t\t\t\t\t\t\t<\/a>\n\t\t<\/div>\n\t\t\t\t\t\t<\/div>\n\t\t\t\t<\/div>\n\t\t\t\t\t<\/div>\n\t\t\t\t<\/div>\n\t\t\t\t<\/div>\n\t\t\t\t\t\t\t\t\t\t\t\t\t\t\t\t\t\t\t\t\t<\/div>\n\t\t\t\t\t\t\t\t<\/div>\n\n\t\t\t\t\t\t\t\t<div class=\"wd-slide-bg wd-fill\">\n\t\t\t\t\t\t\t\t\t\t\t\t\t\t\t\t\t\t\t\t\t\t\t\t\t\t\t\t\t\t\t\t\t\t\t\t<\/div>\n\n\t\t\t\t\t\t\t\t\t\t\t\t\t\t\t<\/div>\n\n\t\t\t\t\t\t\t\t\t\t\t\t\t\t\t\t\t\t<\/div>\n\t\t\t\t<\/div>\n\n\t\t\t\t\t\t\t\t\t\t\t\t\t\t<div class=\"wd-nav-arrows wd-slider-arrows wd-custom-style wd-style-1 wd-pos-sep wd-hover-1 color-scheme-dark\">\n\t\t\t\t\t\t<div class=\"wd-btn-arrow wd-prev\">\n\t\t\t\t\t\t\t<div class=\"wd-arrow-inner\"><\/div>\n\t\t\t\t\t\t<\/div>\n\t\t\t\t\t\t<div class=\"wd-btn-arrow wd-next\">\n\t\t\t\t\t\t\t<div class=\"wd-arrow-inner\"><\/div>\n\t\t\t\t\t\t<\/div>\n\t\t\t\t\t<\/div>\n\t\t\t\t\t\t\t<\/div>\n\n\t\t\t\t\t\t\t\t\t\t\t<div class=\"wd-nav-pagin-wrap wd-slider-pagin wd-custom-style text-center color-scheme-dark wd-style-text-1\">\n\t\t\t\t\t<ul class=\"wd-nav-pagin\"><\/ul>\n\t\t\t\t<\/div>\n\t\t\t\t\t<\/div>\n\t\t\t\t\t\t<\/div>\n\t\t\t\t<\/div>\n\t\t\t\t<\/div>\n\t\t<div class=\"elementor-element elementor-element-4b02987 e-con-full e-flex e-con e-child\" data-id=\"4b02987\" data-element_type=\"container\" data-e-type=\"container\">\n\t\t<div class=\"elementor-element elementor-element-6ecf862 e-con-full e-flex e-con e-child\" data-id=\"6ecf862\" data-element_type=\"container\" data-e-type=\"container\">\n\t\t\t\t<div class=\"elementor-element elementor-element-c1cc5f1 elementor-widget elementor-widget-wd_infobox\" data-id=\"c1cc5f1\" data-element_type=\"widget\" data-e-type=\"widget\" data-widget_type=\"wd_infobox.default\">\n\t\t\t\t<div class=\"elementor-widget-container\">\n\t\t\t\t\t\t\t<div class=\"info-box-wrapper\">\n\t\t\t\t\t\t<div class=\"wd-info-box text-center box-icon-align-left box-style-base color-scheme- wd-items-middle\">\n\t\t\t\t\t\t\t\t\t<div class=\"box-icon-wrapper  box-with-icon box-icon-simple\">\n\t\t\t\t\t\t<div class=\"info-box-icon\">\n\t\t\t\t\t\t\t\t\t\t\t\t\t\t\t<div class=\"info-svg-wrapper\" style=\"width:20px; height:20px;\"><img  loading=\"lazy\" width=\"20\" height=\"20\"><\/div>\t\t\t\t\t\t\t\t\t\t\t\t\t<\/div>\n\t\t\t\t\t<\/div>\n\t\t\t\t\n\t\t\t\t<div class=\"info-box-content\">\n\t\t\t\t\t\n\t\t\t\t\t\t\t\t\t\t\t<h4\t\t\t\t\t\tclass=\"info-box-title title box-title-style-default wd-fontsize-m\" data-elementor-setting-key=\"title\">\n\t\t\t\t\t\t\t\tOffres exceptionnelles\t\t\t\t\t\t<\/h4>\n\t\t\t\t\t\n\t\t\t\t\t<div class=\"info-box-inner reset-last-child\"data-elementor-setting-key=\"content\"><\/div>\n\n\t\t\t\t\t\t\t\t\t<\/div>\n\n\t\t\t\t\t\t\t<\/div>\n\t\t<\/div>\n\t\t\t\t\t\t<\/div>\n\t\t\t\t<\/div>\n\t\t\t\t<div class=\"elementor-element elementor-element-33d162f elementor-widget__width-auto elementor-widget elementor-widget-wd_countdown_timer\" data-id=\"33d162f\" data-element_type=\"widget\" data-e-type=\"widget\" data-widget_type=\"wd_countdown_timer.default\">\n\t\t\t\t<div class=\"elementor-widget-container\">\n\t\t\t\t\t\t\t<div class=\"wd-countdown-timer color-scheme- text-center\">\n\t\t\t<div class=\"wd-timer wd-size-small  wd-labels-hide\" data-end-date=\"2027\/01\/01\" data-timezone=\"GMT\" data-hide-on-finish=\"no\">\n\t\t\t\t<span class=\"wd-item wd-timer-days\">\n\t\t\t\t\t<span class=\"wd-timer-value\">\n\t\t\t\t\t\t0\n\t\t\t\t\t<\/span>\n\t\t\t\t\t<span class=\"wd-timer-text\">\n\t\t\t\t\t\tjours\t\t\t\t\t<\/span>\n\t\t\t\t<\/span>\n\t\t\t\t\t\t\t\t\t<div class=\"wd-sep\">:<\/div>\n\t\t\t\t\t\t\t\t<span class=\"wd-item wd-timer-hours\">\n\t\t\t\t\t<span class=\"wd-timer-value\">\n\t\t\t\t\t\t00\n\t\t\t\t\t<\/span>\n\t\t\t\t\t<span class=\"wd-timer-text\">\n\t\t\t\t\t\theure\t\t\t\t\t<\/span>\n\t\t\t\t<\/span>\n\t\t\t\t\t\t\t\t\t<div class=\"wd-sep\">:<\/div>\n\t\t\t\t\t\t\t\t<span class=\"wd-item wd-timer-min\">\n\t\t\t\t\t<span class=\"wd-timer-value\">\n\t\t\t\t\t\t00\n\t\t\t\t\t<\/span>\n\t\t\t\t\t<span class=\"wd-timer-text\">\n\t\t\t\t\t\tmin\t\t\t\t\t<\/span>\n\t\t\t\t<\/span>\n\t\t\t\t\t\t\t\t\t<div class=\"wd-sep\">:<\/div>\n\t\t\t\t\t\t\t\t<span class=\"wd-item wd-timer-sec\">\n\t\t\t\t\t<span class=\"wd-timer-value\">\n\t\t\t\t\t\t00\n\t\t\t\t\t<\/span>\n\t\t\t\t\t<span class=\"wd-timer-text\">\n\t\t\t\t\t\tsc\t\t\t\t\t<\/span>\n\t\t\t\t<\/span>\n\t\t\t<\/div>\n\t\t<\/div>\n\t\t\t\t\t\t<\/div>\n\t\t\t\t<\/div>\n\t\t\t\t<\/div>\n\t\t\t\t<div class=\"elementor-element elementor-element-42f2804 wd-width-100 elementor-widget elementor-widget-wd_banner_carousel\" data-id=\"42f2804\" data-element_type=\"widget\" data-e-type=\"widget\" data-widget_type=\"wd_banner_carousel.default\">\n\t\t\t\t<div class=\"elementor-widget-container\">\n\t\t\t\t\t\t\t<div class=\"wd-carousel-container banners-carousel-wrapper\">\n\t\t\t<div class=\"wd-carousel-inner\">\n\t\t\t\t<div class=\"wd-carousel wd-grid banners-carousel\" data-scroll_per_page=\"yes\" data-sync_child_id=\"wd_6953ce8a1f6ae\" style=\"--wd-col-lg:1;--wd-col-md:2;--wd-col-sm:1;--wd-gap-lg:20px;--wd-gap-sm:10px;\">\n\t\t\t\t\t<div class=\"wd-carousel-wrap\">\n\t\t\t\t\t\t\t\t\t\t\t\t\t\t\t\t\t\t\t\t\t\t<div class=\"promo-banner-wrapper wd-carousel-item elementor-repeater-item-a599a58\">\n\t\t\t\t\t\t<div class=\"promo-banner banner-default banner-hover-zoom color-scheme- banner-btn-size-default banner-btn-style-default with-btn banner-btn-position-static wd-with-link\">\n\t\t\t\t<div class=\"main-wrapp-img\">\n\t\t\t\t\t<div class=\"banner-image\">\n\t\t\t\t\t\t\t\t\t\t\t\t\t\t\t\t\t\t\t\t\t\t\t\t\t\t\t\t\t\t\t\t\t\t\t\t\t\t\t<\/div>\n\t\t\t\t<\/div>\n\n\t\t\t\t<div class=\"wrapper-content-banner wd-fill wd-items-top wd-justify-center\">\n\t\t\t\t\t<div class=\"content-banner  text-center\">\n\t\t\t\t\t\t\t\t\t\t\t\t\t<div class=\"banner-subtitle subtitle-style-default subtitle-color-default wd-fontsize-xs\" data-elementor-setting-key=\"subtitle\">\n\t\t\t\t\t\t\t\tAudioengine A2+BT\t\t\t\t\t\t\t<\/div>\n\t\t\t\t\t\t\n\t\t\t\t\t\t\t\t\t\t\t\t\t<h4 class=\"banner-title wd-fontsize-l\" data-elementor-setting-key=\"title\">\n\t\t\t\t\t\t\t\tAujourd&#039;hui seulement, r\u00e9duction 25%\t\t\t\t\t\t\t<\/h4>\n\t\t\t\t\t\t\n\t\t\t\t\t\t\n\t\t\t\t\t\t\n\t\t\t\t\t\t\t\t\t\t\t\t\t<div class=\"banner-btn-wrapper\">\n\t\t\t\t\t\t\t\t\t\t<div class=\"wd-button-wrapper text-center\" >\n\t\t\t<a class=\"btn btn-style-default btn-shape-round btn-size-default btn-color-white btn-icon-pos-right\"  href=\"#\">\n\t\t\t\t<span class=\"wd-btn-text\" data-elementor-setting-key=\"text\">\n\t\t\t\t\tAcheter maintenant\t\t\t\t<\/span>\n\n\t\t\t\t\t\t\t<\/a>\n\t\t<\/div>\n\t\t\t\t\t\t\t\t\t<\/div>\n\t\t\t\t\t\t\t\t\t\t\t<\/div>\n\t\t\t\t<\/div>\n\n\t\t\t\t\t\t\t\t\t<a href=\"#\" class=\"wd-promo-banner-link wd-fill\" aria-label=\"Lien de la banni\u00e8re\"><\/a>\n\t\t\t\t\t\t\t<\/div>\n\t\t<\/div>\n\t\t\t\t\t\t\t\t\t\t\t\t\t\t\t\t\t\t\t\t\t\t\t\t<div class=\"promo-banner-wrapper wd-carousel-item elementor-repeater-item-71ac25f\">\n\t\t\t\t\t\t<div class=\"promo-banner banner-default banner-hover-zoom color-scheme- banner-btn-size-default banner-btn-style-default with-btn banner-btn-position-static wd-with-link\">\n\t\t\t\t<div class=\"main-wrapp-img\">\n\t\t\t\t\t<div class=\"banner-image\">\n\t\t\t\t\t\t\t\t\t\t\t\t\t\t\t\t\t\t\t\t\t\t\t\t\t\t\t\t\t\t\t\t\t\t\t\t\t\t\t<\/div>\n\t\t\t\t<\/div>\n\n\t\t\t\t<div class=\"wrapper-content-banner wd-fill wd-items-top wd-justify-center\">\n\t\t\t\t\t<div class=\"content-banner  text-center\">\n\t\t\t\t\t\t\t\t\t\t\t\t\t<div class=\"banner-subtitle subtitle-style-default subtitle-color-default wd-fontsize-xs\" data-elementor-setting-key=\"subtitle\">\n\t\t\t\t\t\t\t\tBosch WGA242X0ME\t\t\t\t\t\t\t<\/div>\n\t\t\t\t\t\t\n\t\t\t\t\t\t\t\t\t\t\t\t\t<h4 class=\"banner-title wd-fontsize-l\" data-elementor-setting-key=\"title\">\n\t\t\t\t\t\t\t\tR\u00e9duction Harry up 20%\t\t\t\t\t\t\t<\/h4>\n\t\t\t\t\t\t\n\t\t\t\t\t\t\n\t\t\t\t\t\t\n\t\t\t\t\t\t\t\t\t\t\t\t\t<div class=\"banner-btn-wrapper\">\n\t\t\t\t\t\t\t\t\t\t<div class=\"wd-button-wrapper text-center\" >\n\t\t\t<a class=\"btn btn-style-default btn-shape-round btn-size-default btn-color-white btn-icon-pos-right\"  href=\"#\">\n\t\t\t\t<span class=\"wd-btn-text\" data-elementor-setting-key=\"text\">\n\t\t\t\t\tAcheter maintenant\t\t\t\t<\/span>\n\n\t\t\t\t\t\t\t<\/a>\n\t\t<\/div>\n\t\t\t\t\t\t\t\t\t<\/div>\n\t\t\t\t\t\t\t\t\t\t\t<\/div>\n\t\t\t\t<\/div>\n\n\t\t\t\t\t\t\t\t\t<a href=\"#\" class=\"wd-promo-banner-link wd-fill\" aria-label=\"Lien de la banni\u00e8re\"><\/a>\n\t\t\t\t\t\t\t<\/div>\n\t\t<\/div>\n\t\t\t\t\t\t\t\t\t\t\t\t\t<\/div>\n\t\t\t\t<\/div>\n\n\t\t\t\t\t\t\t<\/div>\n\n\t\t\t\t\t\t\t\t<\/div>\n\t\t\t\t\t\t<\/div>\n\t\t\t\t<\/div>\n\t\t\t\t<div class=\"elementor-element elementor-element-59928ac wd-width-100 elementor-widget elementor-widget-wd_products\" data-id=\"59928ac\" data-element_type=\"widget\" data-e-type=\"widget\" data-widget_type=\"wd_products.default\">\n\t\t\t\t<div class=\"elementor-widget-container\">\n\t\t\t\t\t\t\t\t\n\t\t\t<div id=\"carousel-406\" class=\"wd-carousel-container  wd-products-element wd-products products wd-loop-builder-off title-line-two\">\n\t\t\t\t\n\t\t\t\t\t\t\t\n\t\t\t\t<div class=\"wd-carousel-inner\">\n\t\t\t\t\t<div class=\"wd-carousel wd-grid\" data-scroll_per_page=\"yes\" data-sync_parent_id=\"wd_6953ce8a1f6ae\" style=\"--wd-col-lg:1;--wd-col-md:2;--wd-col-sm:1;--wd-gap-lg:20px;--wd-gap-sm:10px;\">\n\t\t\t\t\t\t<div class=\"wd-carousel-wrap\">\n\t\t\t\t\t\t\t\t\t<div class=\"wd-carousel-item\">\n\t\t\t\t\t\t\t\t\t\t\t<div class=\"wd-product wd-hover-small product-grid-item product type-product post-10941 status-publish instock product_cat-complementos-hosteleria product_cat-hosteleria product_cat-ropa-profesional has-post-thumbnail taxable shipping-taxable purchasable product-type-variable\" data-loop=\"1\" data-id=\"10941\">\n\t\n\n\n<div class=\"wd-product-wrapper product-wrapper\">\n\t<div class=\"wd-product-thumb product-element-top\">\n\t\t<a href=\"https:\/\/combi-pro.com\/fr\/tienda\/404005-bandana-100-algodon\/\" class=\"wd-product-img-link product-image-link\" aria-label=\"Bandana japonais en coton bio 404005 | VELILLA\">\n\t\t\t<img loading=\"lazy\" decoding=\"async\" width=\"76\" height=\"88\" src=\"https:\/\/combi-pro.com\/wp-content\/uploads\/2024\/06\/404005_00_1-e1737918406800-76x88.jpg\" class=\"attachment-76x88 size-76x88\" alt=\"\" srcset=\"https:\/\/combi-pro.com\/wp-content\/uploads\/2024\/06\/404005_00_1-e1737918406800-76x88.jpg 76w, https:\/\/combi-pro.com\/wp-content\/uploads\/2024\/06\/404005_00_1-e1737918406800-65x74.jpg 65w\" sizes=\"auto, (max-width: 76px) 100vw, 76px\">\t\t<\/a>\n\t\t\t<\/div>\n\n\t<div class=\"product-element-bottom\">\n\t<h3 class=\"wd-entities-title\"><a href=\"https:\/\/combi-pro.com\/fr\/tienda\/404005-bandana-100-algodon\/\">Bandana japonais en coton bio 404005 | VELILLA<\/a><\/h3>\n\t<span class=\"price\"><span class=\"text-gris\">\u00c0 partir de<\/span> <span class=\"woocommerce-Price-amount amount\"><bdi>5,48&nbsp;<span class=\"woocommerce-Price-currencySymbol\" translate=\"no\">\u20ac<\/span><\/bdi><\/span> <span class=\"text-gris\">TVA incl.<\/span><\/span>\n\t<\/div>\n<\/div>\n\n<\/div>\n\t\t\t\t\t<\/div>\n\t\t\t\t<div class=\"wd-carousel-item\">\n\t\t\t\t\t\t\t\t\t\t\t<div class=\"wd-product wd-hover-small product-grid-item product type-product post-10276 status-publish instock product_cat-batas-industria-alimentaria product_cat-industria-alimentaria product_cat-ropa-profesional has-post-thumbnail taxable shipping-taxable purchasable product-type-variable has-default-attributes\" data-loop=\"2\" data-id=\"10276\">\n\t\n\n\n<div class=\"wd-product-wrapper product-wrapper\">\n\t<div class=\"wd-product-thumb product-element-top\">\n\t\t<a href=\"https:\/\/combi-pro.com\/fr\/tienda\/259001-bata-automaticos\/\" class=\"wd-product-img-link product-image-link\" aria-label=\"Robe \u00e0 boutons-pression et poche int\u00e9rieure 259001 | VELILLA\">\n\t\t\t<img loading=\"lazy\" decoding=\"async\" width=\"76\" height=\"88\" src=\"https:\/\/combi-pro.com\/wp-content\/uploads\/2024\/05\/259001_02_1-e1737928149514-76x88.jpg\" class=\"attachment-76x88 size-76x88\" alt=\"\" srcset=\"https:\/\/combi-pro.com\/wp-content\/uploads\/2024\/05\/259001_02_1-e1737928149514-76x88.jpg 76w, https:\/\/combi-pro.com\/wp-content\/uploads\/2024\/05\/259001_02_1-e1737928149514-65x74.jpg 65w\" sizes=\"auto, (max-width: 76px) 100vw, 76px\">\t\t<\/a>\n\t\t\t<\/div>\n\n\t<div class=\"product-element-bottom\">\n\t<h3 class=\"wd-entities-title\"><a href=\"https:\/\/combi-pro.com\/fr\/tienda\/259001-bata-automaticos\/\">Robe \u00e0 boutons-pression et poche int\u00e9rieure 259001 | VELILLA<\/a><\/h3>\n\t<span class=\"price\"><span class=\"text-gris\">\u00c0 partir de<\/span> <span class=\"woocommerce-Price-amount amount\"><bdi>16,91&nbsp;<span class=\"woocommerce-Price-currencySymbol\" translate=\"no\">\u20ac<\/span><\/bdi><\/span> <span class=\"text-gris\">TVA incl.<\/span><\/span>\n\t<\/div>\n<\/div>\n\n<\/div>\n\t\t\t\t\t<\/div>\n\t\t\t\t\t\t\t\t<\/div>\n\t\t\t\t\t<\/div>\n\n\t\t\t\t\t\t\t\t\t<\/div>\n\n\t\t\t\t\t\t\t\t\t\t\t\t\t\t<\/div>\n\t\t\t\t\t\t\t\t\t\t<\/div>\n\t\t\t\t<\/div>\n\t\t\t\t<\/div>\n\t\t\t\t\t<\/div>\n\t\t\t\t<\/div>\n\t\t<div class=\"wd-negative-gap elementor-element elementor-element-2cc8d74 e-flex e-con-boxed e-con e-parent\" data-id=\"2cc8d74\" data-element_type=\"container\" data-e-type=\"container\">\n\t\t\t\t\t<div class=\"e-con-inner\">\n\t\t\t\t<div class=\"elementor-element elementor-element-974695f elementor-widget elementor-widget-wd_products_brands\" data-id=\"974695f\" data-element_type=\"widget\" data-e-type=\"widget\" data-widget_type=\"wd_products_brands.default\">\n\t\t\t\t<div class=\"elementor-widget-container\">\n\t\t\t\t\t\t\t<div class=\"wd-brands brands-widget slider-brands_9337 wd-hover-default wd-style-default wd-with-bg wd-layout-carousel wd-carousel-container\" id=\"brands_9337\">\n\t\t\t\t\t\t\t<div class=\"wd-carousel-inner\">\n\t\t\t\n\t\t\t<div class=\"wd-carousel wd-grid\" data-scroll_per_page=\"yes\" style=\"--wd-col-lg:7;--wd-col-md:4;--wd-col-sm:2;--wd-gap-lg:20px;--wd-gap-sm:10px;\">\n\t\t\t\t\t\t\t\t\t<div class=\"wd-carousel-wrap\">\n\t\t\t\t\n\t\t\t\t\t\t\t\t\t\t\t\t\t\t\t\n\t\t\t\t\t\t<div class=\"wd-carousel-item\">\n\t\t\t\t\t\t\t<div class=\"wd-brand-item brand-item\">\n\t\t\t\t\t\t\t\t\t\t\t\t\t\t\t\t\t\t\t\t\t\t\t\t\t\t\t<a title=\"Mukua\" href=\"https:\/\/combi-pro.com\/fr\/marca\/mukua\/\" class=\"wd-fill\"><\/a>\n\t\t\t\t\t\t\t\t\t\n\t\t\t\t\t\t\t\t\t<img loading=\"lazy\" decoding=\"async\" width=\"800\" height=\"115\" src=\"https:\/\/combi-pro.com\/wp-content\/uploads\/2025\/01\/Ajouter-un-titre-1-e1737916379120.png\" class=\"attachment-full size-full\" alt=\"Uniformes professionnels d&#039;entreprise Mukua - Combi Pro\" srcset=\"https:\/\/combi-pro.com\/wp-content\/uploads\/2025\/01\/Ajouter-un-titre-1-e1737916379120.png 800w, https:\/\/combi-pro.com\/wp-content\/uploads\/2025\/01\/Ajouter-un-titre-1-e1737916379120-150x22.png 150w, https:\/\/combi-pro.com\/wp-content\/uploads\/2025\/01\/Ajouter-un-titre-1-e1737916379120-300x43.png 300w, https:\/\/combi-pro.com\/wp-content\/uploads\/2025\/01\/Ajouter-un-titre-1-e1737916379120-768x110.png 768w, https:\/\/combi-pro.com\/wp-content\/uploads\/2025\/01\/Ajouter-un-titre-1-e1737916379120-18x3.png 18w, https:\/\/combi-pro.com\/wp-content\/uploads\/2025\/01\/Ajouter-un-titre-1-e1737916379120-64x9.png 64w\" sizes=\"auto, (max-width: 800px) 100vw, 800px\" \/>\t\t\t\t\t\t\t\t\t\t\t\t\t\t\t<\/div>\n\t\t\t\t\t\t<\/div>\n\t\t\t\t\t\t\t\t\t\t\t\n\t\t\t\t\t\t<div class=\"wd-carousel-item\">\n\t\t\t\t\t\t\t<div class=\"wd-brand-item brand-item\">\n\t\t\t\t\t\t\t\t\t\t\t\t\t\t\t\t\t\t\t\t\t\t\t\t\t\t\t<a title=\"Velilla\" href=\"https:\/\/combi-pro.com\/fr\/marca\/velilla\/\" class=\"wd-fill\"><\/a>\n\t\t\t\t\t\t\t\t\t\n\t\t\t\t\t\t\t\t\t<img loading=\"lazy\" decoding=\"async\" width=\"800\" height=\"115\" src=\"https:\/\/combi-pro.com\/wp-content\/uploads\/2024\/03\/veli-e1737821475832.jpg\" class=\"attachment-full size-full\" alt=\"Workwear Velilla - Uniformes professionnels Combi Pro\" srcset=\"https:\/\/combi-pro.com\/wp-content\/uploads\/2024\/03\/veli-e1737821475832.jpg 800w, https:\/\/combi-pro.com\/wp-content\/uploads\/2024\/03\/veli-e1737821475832-150x22.jpg 150w, https:\/\/combi-pro.com\/wp-content\/uploads\/2024\/03\/veli-e1737821475832-300x43.jpg 300w, https:\/\/combi-pro.com\/wp-content\/uploads\/2024\/03\/veli-e1737821475832-768x110.jpg 768w, https:\/\/combi-pro.com\/wp-content\/uploads\/2024\/03\/veli-e1737821475832-18x3.jpg 18w, https:\/\/combi-pro.com\/wp-content\/uploads\/2024\/03\/veli-e1737821475832-64x9.jpg 64w, https:\/\/combi-pro.com\/wp-content\/uploads\/2024\/03\/veli-e1737821475832-600x86.jpg 600w\" sizes=\"auto, (max-width: 800px) 100vw, 800px\" \/>\t\t\t\t\t\t\t\t\t\t\t\t\t\t\t<\/div>\n\t\t\t\t\t\t<\/div>\n\t\t\t\t\t\t\t\t\t\t\t\n\t\t\t\t\t\t<div class=\"wd-carousel-item\">\n\t\t\t\t\t\t\t<div class=\"wd-brand-item brand-item\">\n\t\t\t\t\t\t\t\t\t\t\t\t\t\t\t\t\t\t\t\t\t\t\t\t\t\t\t<a title=\"Vpro\" href=\"https:\/\/combi-pro.com\/fr\/marca\/vpro\/\" class=\"wd-fill\"><\/a>\n\t\t\t\t\t\t\t\t\t\n\t\t\t\t\t\t\t\t\t<img loading=\"lazy\" decoding=\"async\" width=\"1600\" height=\"230\" src=\"https:\/\/combi-pro.com\/wp-content\/uploads\/2024\/03\/WhatsApp-Image-2024-03-01-a-17.35.54_bc880b21.jpg\" class=\"attachment-full size-full\" alt=\"Chaussures de s\u00e9curit\u00e9 Vpro - Combi Pro\" srcset=\"https:\/\/combi-pro.com\/wp-content\/uploads\/2024\/03\/WhatsApp-Image-2024-03-01-a-17.35.54_bc880b21.jpg 1600w, https:\/\/combi-pro.com\/wp-content\/uploads\/2024\/03\/WhatsApp-Image-2024-03-01-a-17.35.54_bc880b21-150x22.jpg 150w, https:\/\/combi-pro.com\/wp-content\/uploads\/2024\/03\/WhatsApp-Image-2024-03-01-a-17.35.54_bc880b21-800x115.jpg 800w, https:\/\/combi-pro.com\/wp-content\/uploads\/2024\/03\/WhatsApp-Image-2024-03-01-a-17.35.54_bc880b21-300x43.jpg 300w, https:\/\/combi-pro.com\/wp-content\/uploads\/2024\/03\/WhatsApp-Image-2024-03-01-a-17.35.54_bc880b21-1024x147.jpg 1024w, https:\/\/combi-pro.com\/wp-content\/uploads\/2024\/03\/WhatsApp-Image-2024-03-01-a-17.35.54_bc880b21-768x110.jpg 768w, https:\/\/combi-pro.com\/wp-content\/uploads\/2024\/03\/WhatsApp-Image-2024-03-01-a-17.35.54_bc880b21-1536x221.jpg 1536w, https:\/\/combi-pro.com\/wp-content\/uploads\/2024\/03\/WhatsApp-Image-2024-03-01-a-17.35.54_bc880b21-18x3.jpg 18w, https:\/\/combi-pro.com\/wp-content\/uploads\/2024\/03\/WhatsApp-Image-2024-03-01-a-17.35.54_bc880b21-64x9.jpg 64w, https:\/\/combi-pro.com\/wp-content\/uploads\/2024\/03\/WhatsApp-Image-2024-03-01-a-17.35.54_bc880b21-600x86.jpg 600w\" sizes=\"auto, (max-width: 1600px) 100vw, 1600px\" \/>\t\t\t\t\t\t\t\t\t\t\t\t\t\t\t<\/div>\n\t\t\t\t\t\t<\/div>\n\t\t\t\t\t\t\t\t\t\t\t\t\t\t\t\t\t\t<\/div>\n\t\t\t\t\t\t\t<\/div>\n\n\t\t\t\t\t\t\t\t\t\t\t\t\t\t<div class=\"wd-nav-arrows wd-pos-sep wd-hover-1 wd-icon-1\">\n\t\t\t<div class=\"wd-btn-arrow wd-prev wd-disabled\">\n\t\t\t\t<div class=\"wd-arrow-inner\"><\/div>\n\t\t\t<\/div>\n\t\t\t<div class=\"wd-btn-arrow wd-next\">\n\t\t\t\t<div class=\"wd-arrow-inner\"><\/div>\n\t\t\t<\/div>\n\t\t<\/div>\n\t\t\t\t\t\t\n\t\t\t\t<\/div>\n\n\t\t\t\t\t\t\t\t\t\t\t\t\t<\/div>\n\t\t\t\t\t\t<\/div>\n\t\t\t\t<\/div>\n\t\t\t\t\t<\/div>\n\t\t\t\t<\/div>\n\t\t<div class=\"wd-negative-gap elementor-element elementor-element-663c740 e-flex e-con-boxed e-con e-parent\" data-id=\"663c740\" data-element_type=\"container\" data-e-type=\"container\">\n\t\t\t\t\t<div class=\"e-con-inner\">\n\t\t\t\t<div class=\"elementor-element elementor-element-db9f905 elementor-widget__width-auto wd-width-100 elementor-widget elementor-widget-wd_title\" data-id=\"db9f905\" data-element_type=\"widget\" data-e-type=\"widget\" data-widget_type=\"wd_title.default\">\n\t\t\t\t<div class=\"elementor-widget-container\">\n\t\t\t\t\t\t\t<div class=\"title-wrapper wd-set-mb reset-last-child wd-title-color-default wd-title-style-default wd-title-size-default text-left\">\n\n\t\t\t\n\t\t\t<div class=\"liner-continer\">\n\t\t\t\t<h4 class=\"woodmart-title-container title wd-fontsize-l wd-underline-gradient\"><u>Meilleures ventes<\/u> dans la cat\u00e9gorie<\/h4> \n\t\t\t\t\t\t\t<\/div>\n\n\t\t\t\t\t<\/div>\n\t\t\t\t\t\t<\/div>\n\t\t\t\t<\/div>\n\t\t\t\t<div class=\"elementor-element elementor-element-69ea2d4 elementor-widget elementor-widget-wd_products_tabs\" data-id=\"69ea2d4\" data-element_type=\"widget\" data-e-type=\"widget\" data-widget_type=\"wd_products_tabs.default\">\n\t\t\t\t<div class=\"elementor-widget-container\">\n\t\t\t\t\t\t\t<div class=\"wd-tabs wd-products-tabs tabs-design-alt\">\n\t\t\t<div class=\"wd-tabs-header\">\n\t\t\t\t\t\t\t\t\t<div class=\"tabs-name title\">\n\t\t\t\t\t\t\n\t\t\t\t\t\t<span class=\"tabs-text\" data-elementor-setting-key=\"title\">\n\t\t\t\t\t\t\tTexte personnalis\u00e9\t\t\t\t\t\t<\/span>\n\t\t\t\t\t<\/div>\n\t\t\t\t\n\t\t\t\t\n\t\t\t\t<div class=\"wd-nav-wrapper wd-nav-tabs-wrapper tabs-navigation-wrapper wd-mb-action-swipe\">\n\n\t\t\t\t\t<ul class=\"wd-nav wd-nav-tabs products-tabs-title wd-add-pd wd-style-default wd-icon-pos-left\">\n\t\t\t\t\t\t\t\t\t\t\t\t\t\n\t\t\t\t\t\t\t<li data-atts=\"{&quot;layout&quot;:&quot;grid&quot;,&quot;pagination&quot;:&quot;&quot;,&quot;pagination_arrows_position&quot;:null,&quot;items_per_page&quot;:12,&quot;spacing&quot;:&quot;20&quot;,&quot;spacing_tablet&quot;:&quot;&quot;,&quot;spacing_mobile&quot;:&quot;&quot;,&quot;list_spacing&quot;:null,&quot;list_spacing_tablet&quot;:&quot;&quot;,&quot;list_spacing_mobile&quot;:&quot;&quot;,&quot;columns&quot;:{&quot;unit&quot;:&quot;px&quot;,&quot;size&quot;:6,&quot;sizes&quot;:[]},&quot;products_masonry&quot;:&quot;&quot;,&quot;products_different_sizes&quot;:&quot;&quot;,&quot;product_quantity&quot;:&quot;&quot;,&quot;product_hover&quot;:&quot;inherit&quot;,&quot;sale_countdown&quot;:&quot;0&quot;,&quot;stretch_product_tablet&quot;:0,&quot;stretch_product_mobile&quot;:0,&quot;stock_progress_bar&quot;:&quot;0&quot;,&quot;highlighted_products&quot;:0,&quot;products_divider&quot;:null,&quot;products_bordered_grid&quot;:&quot;&quot;,&quot;products_bordered_grid_style&quot;:null,&quot;products_with_background&quot;:&quot;0&quot;,&quot;products_shadow&quot;:&quot;0&quot;,&quot;products_color_scheme&quot;:&quot;default&quot;,&quot;img_size&quot;:&quot;large&quot;,&quot;elementor&quot;:true,&quot;sync_parent_id&quot;:null,&quot;slides_per_view&quot;:null,&quot;scroll_per_page&quot;:null,&quot;center_mode&quot;:null,&quot;wrap&quot;:null,&quot;autoheight&quot;:null,&quot;autoplay&quot;:null,&quot;speed&quot;:null,&quot;scroll_carousel_init&quot;:null,&quot;disable_overflow_carousel&quot;:null,&quot;hide_prev_next_buttons&quot;:null,&quot;carousel_arrows_position&quot;:null,&quot;hide_pagination_control&quot;:null,&quot;dynamic_pagination_control&quot;:null,&quot;hide_scrollbar&quot;:null,&quot;carousel_sync&quot;:null,&quot;sync_child_id&quot;:null,&quot;sync_group_id&quot;:null,&quot;product_custom_hover&quot;:null,&quot;img_size_custom&quot;:null,&quot;stretch_product&quot;:null,&quot;grid_gallery&quot;:&quot;&quot;,&quot;grid_gallery_control&quot;:null,&quot;grid_gallery_enable_arrows&quot;:null,&quot;lazy_loading&quot;:&quot;no&quot;,&quot;post_type&quot;:&quot;product&quot;,&quot;ajax_recently_viewed&quot;:null,&quot;include&quot;:null,&quot;taxonomies&quot;:&quot;&quot;,&quot;orderby&quot;:&quot;&quot;,&quot;offset&quot;:&quot;&quot;,&quot;query_type&quot;:&quot;OR&quot;,&quot;order&quot;:&quot;&quot;,&quot;hide_out_of_stock&quot;:&quot;no&quot;,&quot;meta_key&quot;:null,&quot;exclude&quot;:&quot;&quot;}\" class=\"wd-active\">\n\t\t\t\t\t\t\t\t<a href=\"#\" class=\"wd-nav-link\">\n\t\t\t\t\t\t\t\t\t\n\t\t\t\t\t\t\t\t\t<span class=\"tab-label nav-link-text\">\n\t\t\t\t\t\t\t\t\t\tSmartphones\t\t\t\t\t\t\t\t\t<\/span>\n\t\t\t\t\t\t\t\t<\/a>\n\t\t\t\t\t\t\t<\/li>\n\t\t\t\t\t\t\t\t\t\t\t\t\t\n\t\t\t\t\t\t\t<li data-atts=\"{&quot;layout&quot;:&quot;grid&quot;,&quot;pagination&quot;:&quot;&quot;,&quot;pagination_arrows_position&quot;:null,&quot;items_per_page&quot;:12,&quot;spacing&quot;:&quot;20&quot;,&quot;spacing_tablet&quot;:&quot;&quot;,&quot;spacing_mobile&quot;:&quot;&quot;,&quot;list_spacing&quot;:null,&quot;list_spacing_tablet&quot;:&quot;&quot;,&quot;list_spacing_mobile&quot;:&quot;&quot;,&quot;columns&quot;:{&quot;unit&quot;:&quot;px&quot;,&quot;size&quot;:6,&quot;sizes&quot;:[]},&quot;products_masonry&quot;:&quot;&quot;,&quot;products_different_sizes&quot;:&quot;&quot;,&quot;product_quantity&quot;:&quot;&quot;,&quot;product_hover&quot;:&quot;inherit&quot;,&quot;sale_countdown&quot;:&quot;0&quot;,&quot;stretch_product_tablet&quot;:0,&quot;stretch_product_mobile&quot;:0,&quot;stock_progress_bar&quot;:&quot;0&quot;,&quot;highlighted_products&quot;:0,&quot;products_divider&quot;:null,&quot;products_bordered_grid&quot;:&quot;&quot;,&quot;products_bordered_grid_style&quot;:null,&quot;products_with_background&quot;:&quot;0&quot;,&quot;products_shadow&quot;:&quot;0&quot;,&quot;products_color_scheme&quot;:&quot;default&quot;,&quot;img_size&quot;:&quot;large&quot;,&quot;elementor&quot;:true,&quot;sync_parent_id&quot;:null,&quot;slides_per_view&quot;:null,&quot;scroll_per_page&quot;:null,&quot;center_mode&quot;:null,&quot;wrap&quot;:null,&quot;autoheight&quot;:null,&quot;autoplay&quot;:null,&quot;speed&quot;:null,&quot;scroll_carousel_init&quot;:null,&quot;disable_overflow_carousel&quot;:null,&quot;hide_prev_next_buttons&quot;:null,&quot;carousel_arrows_position&quot;:null,&quot;hide_pagination_control&quot;:null,&quot;dynamic_pagination_control&quot;:null,&quot;hide_scrollbar&quot;:null,&quot;carousel_sync&quot;:null,&quot;sync_child_id&quot;:null,&quot;sync_group_id&quot;:null,&quot;product_custom_hover&quot;:null,&quot;img_size_custom&quot;:null,&quot;stretch_product&quot;:null,&quot;grid_gallery&quot;:&quot;&quot;,&quot;grid_gallery_control&quot;:null,&quot;grid_gallery_enable_arrows&quot;:null,&quot;lazy_loading&quot;:&quot;no&quot;,&quot;order&quot;:&quot;DESC&quot;,&quot;post_type&quot;:&quot;product&quot;,&quot;ajax_recently_viewed&quot;:null,&quot;include&quot;:null,&quot;taxonomies&quot;:&quot;&quot;,&quot;orderby&quot;:&quot;&quot;,&quot;offset&quot;:&quot;&quot;,&quot;query_type&quot;:&quot;OR&quot;,&quot;hide_out_of_stock&quot;:&quot;no&quot;,&quot;meta_key&quot;:null,&quot;exclude&quot;:&quot;&quot;}\" class=\"\">\n\t\t\t\t\t\t\t\t<a href=\"#\" class=\"wd-nav-link\">\n\t\t\t\t\t\t\t\t\t\n\t\t\t\t\t\t\t\t\t<span class=\"tab-label nav-link-text\">\n\t\t\t\t\t\t\t\t\t\tPC et composants\t\t\t\t\t\t\t\t\t<\/span>\n\t\t\t\t\t\t\t\t<\/a>\n\t\t\t\t\t\t\t<\/li>\n\t\t\t\t\t\t\t\t\t\t\t\t\t\n\t\t\t\t\t\t\t<li data-atts=\"{&quot;layout&quot;:&quot;grid&quot;,&quot;pagination&quot;:&quot;&quot;,&quot;pagination_arrows_position&quot;:null,&quot;items_per_page&quot;:12,&quot;spacing&quot;:&quot;20&quot;,&quot;spacing_tablet&quot;:&quot;&quot;,&quot;spacing_mobile&quot;:&quot;&quot;,&quot;list_spacing&quot;:null,&quot;list_spacing_tablet&quot;:&quot;&quot;,&quot;list_spacing_mobile&quot;:&quot;&quot;,&quot;columns&quot;:{&quot;unit&quot;:&quot;px&quot;,&quot;size&quot;:6,&quot;sizes&quot;:[]},&quot;products_masonry&quot;:&quot;&quot;,&quot;products_different_sizes&quot;:&quot;&quot;,&quot;product_quantity&quot;:&quot;&quot;,&quot;product_hover&quot;:&quot;inherit&quot;,&quot;sale_countdown&quot;:&quot;0&quot;,&quot;stretch_product_tablet&quot;:0,&quot;stretch_product_mobile&quot;:0,&quot;stock_progress_bar&quot;:&quot;0&quot;,&quot;highlighted_products&quot;:0,&quot;products_divider&quot;:null,&quot;products_bordered_grid&quot;:&quot;&quot;,&quot;products_bordered_grid_style&quot;:null,&quot;products_with_background&quot;:&quot;0&quot;,&quot;products_shadow&quot;:&quot;0&quot;,&quot;products_color_scheme&quot;:&quot;default&quot;,&quot;img_size&quot;:&quot;large&quot;,&quot;elementor&quot;:true,&quot;sync_parent_id&quot;:null,&quot;slides_per_view&quot;:null,&quot;scroll_per_page&quot;:null,&quot;center_mode&quot;:null,&quot;wrap&quot;:null,&quot;autoheight&quot;:null,&quot;autoplay&quot;:null,&quot;speed&quot;:null,&quot;scroll_carousel_init&quot;:null,&quot;disable_overflow_carousel&quot;:null,&quot;hide_prev_next_buttons&quot;:null,&quot;carousel_arrows_position&quot;:null,&quot;hide_pagination_control&quot;:null,&quot;dynamic_pagination_control&quot;:null,&quot;hide_scrollbar&quot;:null,&quot;carousel_sync&quot;:null,&quot;sync_child_id&quot;:null,&quot;sync_group_id&quot;:null,&quot;product_custom_hover&quot;:null,&quot;img_size_custom&quot;:null,&quot;stretch_product&quot;:null,&quot;grid_gallery&quot;:&quot;&quot;,&quot;grid_gallery_control&quot;:null,&quot;grid_gallery_enable_arrows&quot;:null,&quot;lazy_loading&quot;:&quot;no&quot;,&quot;post_type&quot;:&quot;product&quot;,&quot;ajax_recently_viewed&quot;:null,&quot;include&quot;:null,&quot;taxonomies&quot;:&quot;&quot;,&quot;orderby&quot;:&quot;&quot;,&quot;offset&quot;:&quot;&quot;,&quot;query_type&quot;:&quot;OR&quot;,&quot;order&quot;:&quot;&quot;,&quot;hide_out_of_stock&quot;:&quot;no&quot;,&quot;meta_key&quot;:null,&quot;exclude&quot;:&quot;&quot;}\" class=\"\">\n\t\t\t\t\t\t\t\t<a href=\"#\" class=\"wd-nav-link\">\n\t\t\t\t\t\t\t\t\t\n\t\t\t\t\t\t\t\t\t<span class=\"tab-label nav-link-text\">\n\t\t\t\t\t\t\t\t\t\tAppareils \u00e9lectrom\u00e9nagers\t\t\t\t\t\t\t\t\t<\/span>\n\t\t\t\t\t\t\t\t<\/a>\n\t\t\t\t\t\t\t<\/li>\n\t\t\t\t\t\t\t\t\t\t\t<\/ul>\n\t\t\t\t<\/div>\n\t\t\t<\/div>\n\n\t\t\t\t\t\t\t\t\t\t\t\t<div class=\"wd-tabs-content-wrapper\">\n\t\t\t\t\t<div class=\"wd-sticky-loader wd-deferred\"><span class=\"wd-loader\"><\/span><\/div>\n\t\t\t\t\n\t\t\t\t\t<style id=\"wd-style-blocks-38304-inline-css\" data-type=\"wd-style-blocks-38304\">\n\t\t\t\t.wd.wd .wd-5ad4f35a{top: 10px;left: 10px;}.wd.wd .wd-1d07dd2d{--wd-action-icon-size: 18px;transition: var(--wd-trans-main, all .25s ease), transform 0.3s, var(--wd-trans-last, last .25s ease);--wd-transform-scaleX: 0.6;--wd-transform-scaleY: 0.6;}.wd.wd .wd-1d07dd2d.wd-action-btn > a{padding: 12px 14px 12px 14px;}.wd.wd .wd-hover-parent:hover .wd-1d07dd2d{--wd-transform-scaleX: 1;--wd-transform-scaleY: 1;}.wd.wd .wd-3be97fbf{--wd-action-icon-size: 18px;transition: var(--wd-trans-main, all .25s ease), transform 0.3s, var(--wd-trans-last, last .25s ease);--wd-transform-scaleX: 0.6;--wd-transform-scaleY: 0.6;}.wd.wd .wd-3be97fbf > a{padding: 12px 14px 12px 14px;}.wd.wd .wd-hover-parent:hover .wd-3be97fbf{--wd-transform-scaleX: 1;--wd-transform-scaleY: 1;}.wd.wd .wd-33f6565d{--wd-action-icon-size: 18px;transition: var(--wd-trans-main, all .25s ease), transform 0.3s, var(--wd-trans-last, last .25s ease);--wd-transform-scaleX: 0.6;--wd-transform-scaleY: 0.6;}.wd.wd .wd-33f6565d > a{padding: 12px 14px 12px 14px;}.wd.wd .wd-hover-parent:hover .wd-33f6565d{--wd-transform-scaleX: 1;--wd-transform-scaleY: 1;}.wd.wd .wd-64a0fc58{--wd-row-gap: 0px;transition: var(--wd-trans-main, all .25s ease), transform 0.3s, visibility 0.3s, opacity 0.3s, var(--wd-trans-last, last .25s ease);top: 5px;right: 5px;opacity: 0;--wd-width: fit-content;}.wd.wd .wd-hover-parent:hover .wd-64a0fc58{opacity: 1;}.wd.wd .wd-368dd130{margin-bottom: 0px;border-radius: var(u002du002dwd-brd-radius) var(u002du002dwd-brd-radius) 0px 0px;}.wd.wd .wd-e98a4a67{--wd-align: var(--wd-center);--wd-link-color-hover: var(u002du002dwd-alternative-color);}.wd.wd .wd-f1792315{flex: 0 0 auto;}.wd.wd .wd-325811a4{justify-content: center;align-items: center;align-content: center;flex-wrap: wrap;}.wd.wd .wd-5342ae28{--wd-align: var(--wd-center);--wd-line-count: 2;font-family: 'Poppins';font-weight: 600;font-size: 15px;}.wd.wd .wd-5342ae28 a{color: var(u002du002dwd-primary-color);}.wd.wd .wd-5342ae28:hover a{color: var(u002du002dwd-alternative-color);}.wd.wd .wd-2fe21a7f{align-items: center;align-content: center;padding: 15px;margin-bottom: 0px;}.wd.wd .wd-59cab364{--wd-align: var(--wd-center);}.wd.wd .wd-59cab364 .price{font-family: 'Poppins';font-weight: 600;font-size: 14px;}.wd.wd .wd-6fd71854{--wd-align: var(--wd-center);}.wd.wd .wd-5b91211b{justify-content: center;align-items: center;align-content: center;flex-wrap: wrap;--wd-align: var(--wd-center);padding: 15px;margin-top: auto;margin-bottom: 0;border-style: solid;border-color: rgba(0,0,0,0.11);border-width: 1px 0px 0px 0px;}@media (max-width: 1024px) {.wd.wd .wd-1d07dd2d{--wd-transform-scaleX: 1;--wd-transform-scaleY: 1;opacity: 1;}.wd.wd .wd-3be97fbf{--wd-transform-scaleX: 1;--wd-transform-scaleY: 1;opacity: 1;}.wd.wd .wd-33f6565d{--wd-transform-scaleX: 1;--wd-transform-scaleY: 1;opacity: 1;}.wd.wd .wd-64a0fc58{--wd-transform-translateX: 0px;opacity: 1;}}\t\t\t<\/style>\n\t\t\t\t\t\t\t\t<div class=\"wd-products-element wd-tab-content wd-active wd-in\">\n\n\t\t\t\n\t\t\t\n\t\t\t\n\t\t\t<div class=\"products wd-products grid-columns-6 elements-grid wd-grid-g wd-loop-builder-on wd-loop-item-wrap-38304\" data-paged=\"1\" data-atts=\"{&quot;speed&quot;:null,&quot;slides_per_view&quot;:null,&quot;wrap&quot;:null,&quot;autoplay&quot;:null,&quot;autoheight&quot;:null,&quot;hide_pagination_control&quot;:null,&quot;dynamic_pagination_control&quot;:null,&quot;hide_prev_next_buttons&quot;:null,&quot;carousel_arrows_position&quot;:null,&quot;hide_scrollbar&quot;:null,&quot;scroll_per_page&quot;:null,&quot;center_mode&quot;:null,&quot;carousel_sync&quot;:null,&quot;sync_parent_id&quot;:null,&quot;sync_child_id&quot;:null,&quot;sync_group_id&quot;:null,&quot;scroll_carousel_init&quot;:null,&quot;disable_overflow_carousel&quot;:null,&quot;include&quot;:null,&quot;meta_key&quot;:null,&quot;ajax_recently_viewed&quot;:null,&quot;pagination_arrows_position&quot;:null,&quot;list_spacing&quot;:null,&quot;columns&quot;:{&quot;unit&quot;:&quot;px&quot;,&quot;size&quot;:6,&quot;sizes&quot;:[]},&quot;products_masonry&quot;:&quot;&quot;,&quot;products_different_sizes&quot;:&quot;&quot;,&quot;product_quantity&quot;:&quot;&quot;,&quot;product_custom_hover&quot;:null,&quot;sale_countdown&quot;:&quot;0&quot;,&quot;stretch_product&quot;:null,&quot;stock_progress_bar&quot;:&quot;0&quot;,&quot;products_divider&quot;:null,&quot;products_bordered_grid&quot;:&quot;&quot;,&quot;products_bordered_grid_style&quot;:null,&quot;products_with_background&quot;:&quot;0&quot;,&quot;products_shadow&quot;:&quot;0&quot;,&quot;img_size&quot;:&quot;large&quot;,&quot;img_size_custom&quot;:null,&quot;grid_gallery_control&quot;:null,&quot;grid_gallery_enable_arrows&quot;:null,&quot;force_not_ajax&quot;:&quot;no&quot;,&quot;wrapper_classes&quot;:&quot; wd-tab-content wd-active wd-in&quot;,&quot;elementor&quot;:true}\" data-source=\"shortcode\" data-columns=\"6\" style=\"--wd-col-lg:6;--wd-col-md:4;--wd-col-sm:2;--wd-gap-lg:20px;--wd-gap-sm:10px;\">\n\t\t\n\t\t\t\t\t\t\t\t<div class=\"wd-product wd-col wd-loop-item-38304 wd-hover-parent product type-product post-10941 status-publish instock product_cat-complementos-hosteleria product_cat-hosteleria product_cat-ropa-profesional has-post-thumbnail taxable shipping-taxable purchasable product-type-variable\" data-loop=\"1\" data-id=\"10941\">\n\t<div class=\"wd-product-wrapper wd-entry-content\">\n\t\t\t<div class=\"wd-loop-prod-thumb wd-product-thumb wd-368dd130 wd-hover-fade-in\">\n\t\t\t<a href=\"https:\/\/combi-pro.com\/fr\/tienda\/404005-bandana-100-algodon\/\" class=\"wd-product-img-link\" tabindex=\"-1\" aria-label=\"Bandana japonais en coton bio 404005 | VELILLA\">\n\t\t\t\t<img loading=\"lazy\" decoding=\"async\" width=\"559\" height=\"800\" src=\"https:\/\/combi-pro.com\/wp-content\/uploads\/2024\/06\/404005_00_1-e1737918406800.jpg\" class=\"attachment-large size-large\" alt=\"\" srcset=\"https:\/\/combi-pro.com\/wp-content\/uploads\/2024\/06\/404005_00_1-e1737918406800.jpg 559w, https:\/\/combi-pro.com\/wp-content\/uploads\/2024\/06\/404005_00_1-e1737918406800-150x215.jpg 150w, https:\/\/combi-pro.com\/wp-content\/uploads\/2024\/06\/404005_00_1-e1737918406800-210x300.jpg 210w, https:\/\/combi-pro.com\/wp-content\/uploads\/2024\/06\/404005_00_1-e1737918406800-8x12.jpg 8w, https:\/\/combi-pro.com\/wp-content\/uploads\/2024\/06\/404005_00_1-e1737918406800-64x92.jpg 64w\" sizes=\"auto, (max-width: 559px) 100vw, 559px\">\t\t\t<\/a>\n\n\t\t\t\n\t\t\t\n\n\n\n\n\n\n\t\t<\/div>\n\t\t\n\n\n\t\t<div class=\"wd-product-cats wd-loop-prod-meta wd-e98a4a67 wd-align\">\n\t\t\t\t\t\t<a href=\"https:\/\/combi-pro.com\/fr\/categoria-de-productos\/ropa-profesional\/hosteleria\/\" rel=\"tag\">H\u00f4tellerie<\/a><span class=\"wd-meta-sep\">,<\/span> <a href=\"https:\/\/combi-pro.com\/fr\/categoria-de-productos\/ropa-profesional\/hosteleria\/complementos-hosteleria\/\" rel=\"tag\">Compl\u00e9ments<\/a><span class=\"wd-meta-sep\">,<\/span> <a href=\"https:\/\/combi-pro.com\/fr\/categoria-de-productos\/ropa-profesional\/\" rel=\"tag\">V\u00eatements Professionnels<\/a>\t\t<\/div>\n\t\t\n\n\n\t\t<h3 class=\"wd-loop-prod-title wd-entities-title wd-5342ae28 wd-align wd-line-clamp\">\n\t\t\t<a href=\"https:\/\/combi-pro.com\/fr\/tienda\/404005-bandana-100-algodon\/\">\n\t\t\t\tBandana japonais en coton bio 404005 | VELILLA\t\t\t<\/a>\n\t\t<\/h3>\n\n\t\t\n\n\n\t\t<div class=\"wd-loop-prod-price wd-59cab364 wd-align\">\n\t\t\t\n\t<span class=\"price\"><span class=\"text-gris\">\u00c0 partir de<\/span> <span class=\"woocommerce-Price-amount amount\"><bdi>5,48&nbsp;<span class=\"woocommerce-Price-currencySymbol\" translate=\"no\">\u20ac<\/span><\/bdi><\/span> <span class=\"text-gris\">TVA incl.<\/span><\/span>\n\t\t<\/div>\n\t\t\n\t\t<div class=\"wd-add-btn-wrapp wd-6fd71854 wd-quantity-overlap\">\n\t\t\t<div class=\"wd-add-btn wd-loop-prod-btn wd-add-btn-replace\">\n\t\t\t\t\t\t\t\t\t\n<div class=\"quantity\">\n\t\n\t\t\t<button class=\"minus btn\" aria-label=\"Diminuer la quantit\u00e9\">-<\/button>\n\t\n\t<label class=\"screen-reader-text\" for=\"quantity_6a9713c0ce33d\" data-no-translation=\"\" data-trp-gettext=\"\">quantit\u00e9 de Bandana japonesa algod\u00f3n org\u00e1nico 404005 | VELILLA<\/label>\n\t<input\n\t\ttype=\"number\"\n\t\t\t\tid=\"quantity_6a9713c0ce33d\"\n\t\tclass=\"input-text qty text\"\n\t\tvalue=\"1\"\n\t\taria-label=\"Quantit\u00e9 de produits\"\n\t\t\t\tmin=\"1\"\n\t\t\t\tname=\"quantity\"\n\n\t\t\t\t\tstep=\"1\"\n\t\t\tplaceholder=\"\"\n\t\t\tinputmode=\"numeric\"\n\t\t\tautocomplete=\"off\" data-no-translation-aria-label=\"\"\n\t\t\t>\n\n\t\t\t<button class=\"plus btn\" aria-label=\"Augmenter la quantit\u00e9\" data-no-translation-aria-label=\"\">+<\/button>\n\t\n\t<\/div>\n\t\t\t\t\n\t\t\t\t<a href=\"https:\/\/combi-pro.com\/fr\/tienda\/404005-bandana-100-algodon\/\" aria-describedby=\"woocommerce_loop_add_to_cart_link_describedby_10941\" data-quantity=\"1\" class=\"button product_type_variable add_to_cart_button cfvsw_ajax_add_to_cart add-to-cart-loop\" data-product_id=\"10941\" data-product_sku=\"\" aria-label=\"S\u00e9lectionner les options pour \u201cBandana japonesa algod\u00f3n org\u00e1nico 404005 | VELILLA\u201d\" rel=\"nofollow\" data-add_to_cart_text=\"Add to Cart\" data-select_options_text=\"Choix des options\" data-no-translation-aria-label=\"\" data-no-translation-data-select_options_text=\"\"><span class=\"wd-action-icon\"><span class=\"wd-check-icon\"><\/span><\/span><span class=\"wd-action-text\" data-no-translation=\"\" data-trp-gettext=\"\">Choix des options<\/span><\/a>\t<span id=\"woocommerce_loop_add_to_cart_link_describedby_10941\" class=\"screen-reader-text\">\n\t\tCe produit a plusieurs variations. Les options peuvent \u00eatre choisies sur la page du produit\t<\/span>\n\t\t\t<\/div>\n\t\t<\/div>\n\n\t\t\n<\/div>\n<\/div>\n\t\t\t\t\t\t\t\t<div class=\"wd-product wd-col wd-loop-item-38304 wd-hover-parent product type-product post-10276 status-publish instock product_cat-batas-industria-alimentaria product_cat-industria-alimentaria product_cat-ropa-profesional has-post-thumbnail taxable shipping-taxable purchasable product-type-variable has-default-attributes\" data-loop=\"2\" data-id=\"10276\">\n\t<div class=\"wd-product-wrapper wd-entry-content\">\n\t\t\t<div class=\"wd-loop-prod-thumb wd-product-thumb wd-368dd130 wd-hover-fade-in\">\n\t\t\t<a href=\"https:\/\/combi-pro.com\/fr\/tienda\/259001-bata-automaticos\/\" class=\"wd-product-img-link\" tabindex=\"-1\" aria-label=\"Robe \u00e0 boutons-pression et poche int\u00e9rieure 259001 | VELILLA\">\n\t\t\t\t<img loading=\"lazy\" decoding=\"async\" width=\"683\" height=\"1024\" src=\"https:\/\/combi-pro.com\/wp-content\/uploads\/2024\/05\/259001_02_1-683x1024.jpg\" class=\"attachment-large size-large\" alt=\"\" srcset=\"https:\/\/combi-pro.com\/wp-content\/uploads\/2024\/05\/259001_02_1-683x1024.jpg 683w, https:\/\/combi-pro.com\/wp-content\/uploads\/2024\/05\/259001_02_1-e1737928149514-450x675.jpg 450w, https:\/\/combi-pro.com\/wp-content\/uploads\/2024\/05\/259001_02_1-e1737928149514-150x225.jpg 150w, https:\/\/combi-pro.com\/wp-content\/uploads\/2024\/05\/259001_02_1-e1737928149514-200x300.jpg 200w, https:\/\/combi-pro.com\/wp-content\/uploads\/2024\/05\/259001_02_1-e1737928149514-8x12.jpg 8w, https:\/\/combi-pro.com\/wp-content\/uploads\/2024\/05\/259001_02_1-768x1152.jpg 768w, https:\/\/combi-pro.com\/wp-content\/uploads\/2024\/05\/259001_02_1-e1737928149514-300x450.jpg 300w, https:\/\/combi-pro.com\/wp-content\/uploads\/2024\/05\/259001_02_1-e1737928149514-64x96.jpg 64w, https:\/\/combi-pro.com\/wp-content\/uploads\/2024\/05\/259001_02_1-600x900.jpg 600w, https:\/\/combi-pro.com\/wp-content\/uploads\/2024\/05\/259001_02_1-e1737928149514.jpg 533w\" sizes=\"auto, (max-width: 683px) 100vw, 683px\">\t\t\t<\/a>\n\n\t\t\t\t\t\t<div class=\"wd-product-img-hover hover-img\">\n\t\t\t\t<img loading=\"lazy\" decoding=\"async\" width=\"683\" height=\"1024\" src=\"https:\/\/combi-pro.com\/wp-content\/uploads\/2024\/05\/259001_02_2-683x1024.jpg\" class=\"attachment-large size-large\" alt=\"\" srcset=\"https:\/\/combi-pro.com\/wp-content\/uploads\/2024\/05\/259001_02_2-683x1024.jpg 683w, https:\/\/combi-pro.com\/wp-content\/uploads\/2024\/05\/259001_02_2-e1737928120524-450x675.jpg 450w, https:\/\/combi-pro.com\/wp-content\/uploads\/2024\/05\/259001_02_2-e1737928120524-150x225.jpg 150w, https:\/\/combi-pro.com\/wp-content\/uploads\/2024\/05\/259001_02_2-e1737928120524-200x300.jpg 200w, https:\/\/combi-pro.com\/wp-content\/uploads\/2024\/05\/259001_02_2-e1737928120524-8x12.jpg 8w, https:\/\/combi-pro.com\/wp-content\/uploads\/2024\/05\/259001_02_2-e1737928120524-64x96.jpg 64w, https:\/\/combi-pro.com\/wp-content\/uploads\/2024\/05\/259001_02_2-e1737928120524-300x450.jpg 300w, https:\/\/combi-pro.com\/wp-content\/uploads\/2024\/05\/259001_02_2-768x1152.jpg 768w, https:\/\/combi-pro.com\/wp-content\/uploads\/2024\/05\/259001_02_2-600x900.jpg 600w, https:\/\/combi-pro.com\/wp-content\/uploads\/2024\/05\/259001_02_2-e1737928120524.jpg 533w\" sizes=\"auto, (max-width: 683px) 100vw, 683px\">\t\t\t<\/div>\n\t\t\t\n\t\t\t\n\n\n\n\n\n\n\t\t<\/div>\n\t\t\n\n\n\t\t<div class=\"wd-product-cats wd-loop-prod-meta wd-e98a4a67 wd-align\">\n\t\t\t\t\t\t<a href=\"https:\/\/combi-pro.com\/fr\/categoria-de-productos\/ropa-profesional\/industria-alimentaria\/\" rel=\"tag\">Industrie Alimentaire<\/a><span class=\"wd-meta-sep\">,<\/span> <a href=\"https:\/\/combi-pro.com\/fr\/categoria-de-productos\/ropa-profesional\/industria-alimentaria\/batas-industria-alimentaria\/\" rel=\"tag\">Robes<\/a><span class=\"wd-meta-sep\">,<\/span> <a href=\"https:\/\/combi-pro.com\/fr\/categoria-de-productos\/ropa-profesional\/\" rel=\"tag\">V\u00eatements Professionnels<\/a>\t\t<\/div>\n\t\t\n\n\n\t\t<h3 class=\"wd-loop-prod-title wd-entities-title wd-5342ae28 wd-align wd-line-clamp\">\n\t\t\t<a href=\"https:\/\/combi-pro.com\/fr\/tienda\/259001-bata-automaticos\/\">\n\t\t\t\tRobe \u00e0 boutons-pression et poche int\u00e9rieure 259001 | VELILLA\t\t\t<\/a>\n\t\t<\/h3>\n\n\t\t\n\n\n\t\t<div class=\"wd-loop-prod-price wd-59cab364 wd-align\">\n\t\t\t\n\t<span class=\"price\"><span class=\"text-gris\">\u00c0 partir de<\/span> <span class=\"woocommerce-Price-amount amount\"><bdi>16,91&nbsp;<span class=\"woocommerce-Price-currencySymbol\" translate=\"no\">\u20ac<\/span><\/bdi><\/span> <span class=\"text-gris\">TVA incl.<\/span><\/span>\n\t\t<\/div>\n\t\t\n\t\t<div class=\"wd-add-btn-wrapp wd-6fd71854 wd-quantity-overlap\">\n\t\t\t<div class=\"wd-add-btn wd-loop-prod-btn wd-add-btn-replace\">\n\t\t\t\t\t\t\t\t\t\n<div class=\"quantity\">\n\t\n\t\t\t<button class=\"minus btn\" aria-label=\"Diminuer la quantit\u00e9\">-<\/button>\n\t\n\t<label class=\"screen-reader-text\" for=\"quantity_6a9713c0d16a8\" data-no-translation=\"\" data-trp-gettext=\"\">quantit\u00e9 de Bata con autom\u00e1ticos y bolsillo interior 259001 | VELILLA<\/label>\n\t<input\n\t\ttype=\"number\"\n\t\t\t\tid=\"quantity_6a9713c0d16a8\"\n\t\tclass=\"input-text qty text\"\n\t\tvalue=\"1\"\n\t\taria-label=\"Quantit\u00e9 de produits\"\n\t\t\t\tmin=\"1\"\n\t\t\t\tname=\"quantity\"\n\n\t\t\t\t\tstep=\"1\"\n\t\t\tplaceholder=\"\"\n\t\t\tinputmode=\"numeric\"\n\t\t\tautocomplete=\"off\" data-no-translation-aria-label=\"\"\n\t\t\t>\n\n\t\t\t<button class=\"plus btn\" aria-label=\"Augmenter la quantit\u00e9\" data-no-translation-aria-label=\"\">+<\/button>\n\t\n\t<\/div>\n\t\t\t\t\n\t\t\t\t<a href=\"https:\/\/combi-pro.com\/fr\/tienda\/259001-bata-automaticos\/\" aria-describedby=\"woocommerce_loop_add_to_cart_link_describedby_10276\" data-quantity=\"1\" class=\"button product_type_variable add_to_cart_button cfvsw_ajax_add_to_cart add-to-cart-loop\" data-product_id=\"10276\" data-product_sku=\"\" aria-label=\"S\u00e9lectionner les options pour \u201cBata con autom\u00e1ticos y bolsillo interior 259001 | VELILLA\u201d\" rel=\"nofollow\" data-add_to_cart_text=\"Add to Cart\" data-select_options_text=\"Choix des options\" data-no-translation-aria-label=\"\" data-no-translation-data-select_options_text=\"\"><span class=\"wd-action-icon\"><span class=\"wd-check-icon\"><\/span><\/span><span class=\"wd-action-text\" data-no-translation=\"\" data-trp-gettext=\"\">Choix des options<\/span><\/a>\t<span id=\"woocommerce_loop_add_to_cart_link_describedby_10276\" class=\"screen-reader-text\">\n\t\tCe produit a plusieurs variations. Les options peuvent \u00eatre choisies sur la page du produit\t<\/span>\n\t\t\t<\/div>\n\t\t<\/div>\n\n\t\t\n<\/div>\n<\/div>\n\t\t\t\t\t\t\t\t<div class=\"wd-product wd-col wd-loop-item-38304 wd-hover-parent product type-product post-10286 status-publish last instock product_cat-batas-industria-alimentaria product_cat-industria-alimentaria product_cat-ropa-profesional has-post-thumbnail taxable shipping-taxable purchasable product-type-variable\" data-loop=\"3\" data-id=\"10286\">\n\t<div class=\"wd-product-wrapper wd-entry-content\">\n\t\t\t<div class=\"wd-loop-prod-thumb wd-product-thumb wd-368dd130 wd-hover-fade-in\">\n\t\t\t<a href=\"https:\/\/combi-pro.com\/fr\/tienda\/705-bata-velcro\/\" class=\"wd-product-img-link\" tabindex=\"-1\" aria-label=\"Robe avec fermeture velcro, confort et praticit\u00e9 705 | VELILLA\">\n\t\t\t\t<img loading=\"lazy\" decoding=\"async\" width=\"683\" height=\"1024\" src=\"https:\/\/combi-pro.com\/wp-content\/uploads\/2024\/05\/705_07_1-683x1024.jpg\" class=\"attachment-large size-large\" alt=\"\" srcset=\"https:\/\/combi-pro.com\/wp-content\/uploads\/2024\/05\/705_07_1-683x1024.jpg 683w, https:\/\/combi-pro.com\/wp-content\/uploads\/2024\/05\/705_07_1-e1737928058468-450x675.jpg 450w, https:\/\/combi-pro.com\/wp-content\/uploads\/2024\/05\/705_07_1-e1737928058468-150x225.jpg 150w, https:\/\/combi-pro.com\/wp-content\/uploads\/2024\/05\/705_07_1-e1737928058468-200x300.jpg 200w, https:\/\/combi-pro.com\/wp-content\/uploads\/2024\/05\/705_07_1-e1737928058468-8x12.jpg 8w, https:\/\/combi-pro.com\/wp-content\/uploads\/2024\/05\/705_07_1-768x1152.jpg 768w, https:\/\/combi-pro.com\/wp-content\/uploads\/2024\/05\/705_07_1-e1737928058468-300x450.jpg 300w, https:\/\/combi-pro.com\/wp-content\/uploads\/2024\/05\/705_07_1-e1737928058468-64x96.jpg 64w, https:\/\/combi-pro.com\/wp-content\/uploads\/2024\/05\/705_07_1-600x900.jpg 600w, https:\/\/combi-pro.com\/wp-content\/uploads\/2024\/05\/705_07_1-e1737928058468.jpg 533w\" sizes=\"auto, (max-width: 683px) 100vw, 683px\">\t\t\t<\/a>\n\n\t\t\t\t\t\t<div class=\"wd-product-img-hover hover-img\">\n\t\t\t\t<img loading=\"lazy\" decoding=\"async\" width=\"683\" height=\"1024\" src=\"https:\/\/combi-pro.com\/wp-content\/uploads\/2024\/05\/705_07_2-683x1024.jpg\" class=\"attachment-large size-large\" alt=\"\" srcset=\"https:\/\/combi-pro.com\/wp-content\/uploads\/2024\/05\/705_07_2-683x1024.jpg 683w, https:\/\/combi-pro.com\/wp-content\/uploads\/2024\/05\/705_07_2-e1737928038666-450x675.jpg 450w, https:\/\/combi-pro.com\/wp-content\/uploads\/2024\/05\/705_07_2-e1737928038666-150x225.jpg 150w, https:\/\/combi-pro.com\/wp-content\/uploads\/2024\/05\/705_07_2-e1737928038666-200x300.jpg 200w, https:\/\/combi-pro.com\/wp-content\/uploads\/2024\/05\/705_07_2-e1737928038666-8x12.jpg 8w, https:\/\/combi-pro.com\/wp-content\/uploads\/2024\/05\/705_07_2-e1737928038666-64x96.jpg 64w, https:\/\/combi-pro.com\/wp-content\/uploads\/2024\/05\/705_07_2-e1737928038666-300x450.jpg 300w, https:\/\/combi-pro.com\/wp-content\/uploads\/2024\/05\/705_07_2-768x1152.jpg 768w, https:\/\/combi-pro.com\/wp-content\/uploads\/2024\/05\/705_07_2-600x900.jpg 600w, https:\/\/combi-pro.com\/wp-content\/uploads\/2024\/05\/705_07_2-e1737928038666.jpg 533w\" sizes=\"auto, (max-width: 683px) 100vw, 683px\">\t\t\t<\/div>\n\t\t\t\n\t\t\t\n\n\n\n\n\n\n\t\t<\/div>\n\t\t\n\n\n\t\t<div class=\"wd-product-cats wd-loop-prod-meta wd-e98a4a67 wd-align\">\n\t\t\t\t\t\t<a href=\"https:\/\/combi-pro.com\/fr\/categoria-de-productos\/ropa-profesional\/industria-alimentaria\/\" rel=\"tag\">Industrie Alimentaire<\/a><span class=\"wd-meta-sep\">,<\/span> <a href=\"https:\/\/combi-pro.com\/fr\/categoria-de-productos\/ropa-profesional\/industria-alimentaria\/batas-industria-alimentaria\/\" rel=\"tag\">Robes<\/a><span class=\"wd-meta-sep\">,<\/span> <a href=\"https:\/\/combi-pro.com\/fr\/categoria-de-productos\/ropa-profesional\/\" rel=\"tag\">V\u00eatements Professionnels<\/a>\t\t<\/div>\n\t\t\n\n\n\t\t<h3 class=\"wd-loop-prod-title wd-entities-title wd-5342ae28 wd-align wd-line-clamp\">\n\t\t\t<a href=\"https:\/\/combi-pro.com\/fr\/tienda\/705-bata-velcro\/\">\n\t\t\t\tRobe avec fermeture velcro, confort et praticit\u00e9 705 | VELILLA\t\t\t<\/a>\n\t\t<\/h3>\n\n\t\t\n\n\n\t\t<div class=\"wd-loop-prod-price wd-59cab364 wd-align\">\n\t\t\t\n\t<span class=\"price\"><span class=\"text-gris\">\u00c0 partir de<\/span> <span class=\"woocommerce-Price-amount amount\"><bdi>16,46&nbsp;<span class=\"woocommerce-Price-currencySymbol\" translate=\"no\">\u20ac<\/span><\/bdi><\/span> <span class=\"text-gris\">TVA incl.<\/span><\/span>\n\t\t<\/div>\n\t\t\n\t\t<div class=\"wd-add-btn-wrapp wd-6fd71854 wd-quantity-overlap\">\n\t\t\t<div class=\"wd-add-btn wd-loop-prod-btn wd-add-btn-replace\">\n\t\t\t\t\t\t\t\t\t\n<div class=\"quantity\">\n\t\n\t\t\t<button class=\"minus btn\" aria-label=\"Diminuer la quantit\u00e9\">-<\/button>\n\t\n\t<label class=\"screen-reader-text\" for=\"quantity_6a9713c0d4217\" data-no-translation=\"\" data-trp-gettext=\"\">quantit\u00e9 de Bata con cierre de velcro comodidad y pr\u00e1cticidad 705  | VELILLA<\/label>\n\t<input\n\t\ttype=\"number\"\n\t\t\t\tid=\"quantity_6a9713c0d4217\"\n\t\tclass=\"input-text qty text\"\n\t\tvalue=\"1\"\n\t\taria-label=\"Quantit\u00e9 de produits\"\n\t\t\t\tmin=\"1\"\n\t\t\t\tname=\"quantity\"\n\n\t\t\t\t\tstep=\"1\"\n\t\t\tplaceholder=\"\"\n\t\t\tinputmode=\"numeric\"\n\t\t\tautocomplete=\"off\" data-no-translation-aria-label=\"\"\n\t\t\t>\n\n\t\t\t<button class=\"plus btn\" aria-label=\"Augmenter la quantit\u00e9\" data-no-translation-aria-label=\"\">+<\/button>\n\t\n\t<\/div>\n\t\t\t\t\n\t\t\t\t<a href=\"https:\/\/combi-pro.com\/fr\/tienda\/705-bata-velcro\/\" aria-describedby=\"woocommerce_loop_add_to_cart_link_describedby_10286\" data-quantity=\"1\" class=\"button product_type_variable add_to_cart_button cfvsw_ajax_add_to_cart add-to-cart-loop\" data-product_id=\"10286\" data-product_sku=\"\" aria-label=\"S\u00e9lectionner les options pour \u201cBata con cierre de velcro comodidad y pr\u00e1cticidad 705  | VELILLA\u201d\" rel=\"nofollow\" data-add_to_cart_text=\"Add to Cart\" data-select_options_text=\"Choix des options\" data-no-translation-aria-label=\"\" data-no-translation-data-select_options_text=\"\"><span class=\"wd-action-icon\"><span class=\"wd-check-icon\"><\/span><\/span><span class=\"wd-action-text\" data-no-translation=\"\" data-trp-gettext=\"\">Choix des options<\/span><\/a>\t<span id=\"woocommerce_loop_add_to_cart_link_describedby_10286\" class=\"screen-reader-text\">\n\t\tCe produit a plusieurs variations. Les options peuvent \u00eatre choisies sur la page du produit\t<\/span>\n\t\t\t<\/div>\n\t\t<\/div>\n\n\t\t\n<\/div>\n<\/div>\n\t\t\t\t\t\t\t\t<div class=\"wd-product wd-col wd-loop-item-38304 wd-hover-parent product type-product post-10295 status-publish first instock product_cat-batas-industria-alimentaria product_cat-industria-alimentaria product_cat-ropa-profesional has-post-thumbnail taxable shipping-taxable purchasable product-type-variable has-default-attributes\" data-loop=\"4\" data-id=\"10295\">\n\t<div class=\"wd-product-wrapper wd-entry-content\">\n\t\t\t<div class=\"wd-loop-prod-thumb wd-product-thumb wd-368dd130 wd-hover-fade-in\">\n\t\t\t<a href=\"https:\/\/combi-pro.com\/fr\/tienda\/259002-bata-cruzada-mc-mujer\/\" class=\"wd-product-img-link\" tabindex=\"-1\" aria-label=\"Robe crois\u00e9e pour femme pour le style et le confort 259002 | VELILLA\">\n\t\t\t\t<img loading=\"lazy\" decoding=\"async\" width=\"683\" height=\"1024\" src=\"https:\/\/combi-pro.com\/wp-content\/uploads\/2024\/05\/259002_01_1-683x1024.jpg\" class=\"attachment-large size-large\" alt=\"\" srcset=\"https:\/\/combi-pro.com\/wp-content\/uploads\/2024\/05\/259002_01_1-683x1024.jpg 683w, https:\/\/combi-pro.com\/wp-content\/uploads\/2024\/05\/259002_01_1-e1737927975155-450x675.jpg 450w, https:\/\/combi-pro.com\/wp-content\/uploads\/2024\/05\/259002_01_1-e1737927975155-150x225.jpg 150w, https:\/\/combi-pro.com\/wp-content\/uploads\/2024\/05\/259002_01_1-e1737927975155-200x300.jpg 200w, https:\/\/combi-pro.com\/wp-content\/uploads\/2024\/05\/259002_01_1-e1737927975155-8x12.jpg 8w, https:\/\/combi-pro.com\/wp-content\/uploads\/2024\/05\/259002_01_1-768x1152.jpg 768w, https:\/\/combi-pro.com\/wp-content\/uploads\/2024\/05\/259002_01_1-e1737927975155-300x450.jpg 300w, https:\/\/combi-pro.com\/wp-content\/uploads\/2024\/05\/259002_01_1-e1737927975155-64x96.jpg 64w, https:\/\/combi-pro.com\/wp-content\/uploads\/2024\/05\/259002_01_1-600x900.jpg 600w, https:\/\/combi-pro.com\/wp-content\/uploads\/2024\/05\/259002_01_1-e1737927975155.jpg 533w\" sizes=\"auto, (max-width: 683px) 100vw, 683px\">\t\t\t<\/a>\n\n\t\t\t\t\t\t<div class=\"wd-product-img-hover hover-img\">\n\t\t\t\t<img loading=\"lazy\" decoding=\"async\" width=\"683\" height=\"1024\" src=\"https:\/\/combi-pro.com\/wp-content\/uploads\/2024\/05\/259002_01_2-683x1024.jpg\" class=\"attachment-large size-large\" alt=\"\" srcset=\"https:\/\/combi-pro.com\/wp-content\/uploads\/2024\/05\/259002_01_2-683x1024.jpg 683w, https:\/\/combi-pro.com\/wp-content\/uploads\/2024\/05\/259002_01_2-e1737927922755-450x675.jpg 450w, https:\/\/combi-pro.com\/wp-content\/uploads\/2024\/05\/259002_01_2-e1737927922755-150x225.jpg 150w, https:\/\/combi-pro.com\/wp-content\/uploads\/2024\/05\/259002_01_2-e1737927922755-200x300.jpg 200w, https:\/\/combi-pro.com\/wp-content\/uploads\/2024\/05\/259002_01_2-e1737927922755-8x12.jpg 8w, https:\/\/combi-pro.com\/wp-content\/uploads\/2024\/05\/259002_01_2-e1737927922755-64x96.jpg 64w, https:\/\/combi-pro.com\/wp-content\/uploads\/2024\/05\/259002_01_2-e1737927922755-300x450.jpg 300w, https:\/\/combi-pro.com\/wp-content\/uploads\/2024\/05\/259002_01_2-768x1152.jpg 768w, https:\/\/combi-pro.com\/wp-content\/uploads\/2024\/05\/259002_01_2-600x900.jpg 600w, https:\/\/combi-pro.com\/wp-content\/uploads\/2024\/05\/259002_01_2-e1737927922755.jpg 533w\" sizes=\"auto, (max-width: 683px) 100vw, 683px\">\t\t\t<\/div>\n\t\t\t\n\t\t\t\n\n\n\n\n\n\n\t\t<\/div>\n\t\t\n\n\n\t\t<div class=\"wd-product-cats wd-loop-prod-meta wd-e98a4a67 wd-align\">\n\t\t\t\t\t\t<a href=\"https:\/\/combi-pro.com\/fr\/categoria-de-productos\/ropa-profesional\/industria-alimentaria\/\" rel=\"tag\">Industrie Alimentaire<\/a><span class=\"wd-meta-sep\">,<\/span> <a href=\"https:\/\/combi-pro.com\/fr\/categoria-de-productos\/ropa-profesional\/industria-alimentaria\/batas-industria-alimentaria\/\" rel=\"tag\">Robes<\/a><span class=\"wd-meta-sep\">,<\/span> <a href=\"https:\/\/combi-pro.com\/fr\/categoria-de-productos\/ropa-profesional\/\" rel=\"tag\">V\u00eatements Professionnels<\/a>\t\t<\/div>\n\t\t\n\n\n\t\t<h3 class=\"wd-loop-prod-title wd-entities-title wd-5342ae28 wd-align wd-line-clamp\">\n\t\t\t<a href=\"https:\/\/combi-pro.com\/fr\/tienda\/259002-bata-cruzada-mc-mujer\/\">\n\t\t\t\tRobe crois\u00e9e pour femme pour le style et le confort 259002 | VELILLA\t\t\t<\/a>\n\t\t<\/h3>\n\n\t\t\n\n\n\t\t<div class=\"wd-loop-prod-price wd-59cab364 wd-align\">\n\t\t\t\n\t<span class=\"price\"><span class=\"text-gris\">\u00c0 partir de<\/span> <span class=\"woocommerce-Price-amount amount\"><bdi>13,22&nbsp;<span class=\"woocommerce-Price-currencySymbol\" translate=\"no\">\u20ac<\/span><\/bdi><\/span> <span class=\"text-gris\">TVA incl.<\/span><\/span>\n\t\t<\/div>\n\t\t\n\t\t<div class=\"wd-add-btn-wrapp wd-6fd71854 wd-quantity-overlap\">\n\t\t\t<div class=\"wd-add-btn wd-loop-prod-btn wd-add-btn-replace\">\n\t\t\t\t\t\t\t\t\t\n<div class=\"quantity\">\n\t\n\t\t\t<button class=\"minus btn\" aria-label=\"Diminuer la quantit\u00e9\">-<\/button>\n\t\n\t<label class=\"screen-reader-text\" for=\"quantity_6a9713c0d6d94\" data-no-translation=\"\" data-trp-gettext=\"\">quantit\u00e9 de Bata cruzada para mujer estilo y comodidad 259002 | VELILLA<\/label>\n\t<input\n\t\ttype=\"number\"\n\t\t\t\tid=\"quantity_6a9713c0d6d94\"\n\t\tclass=\"input-text qty text\"\n\t\tvalue=\"1\"\n\t\taria-label=\"Quantit\u00e9 de produits\"\n\t\t\t\tmin=\"1\"\n\t\t\t\tname=\"quantity\"\n\n\t\t\t\t\tstep=\"1\"\n\t\t\tplaceholder=\"\"\n\t\t\tinputmode=\"numeric\"\n\t\t\tautocomplete=\"off\" data-no-translation-aria-label=\"\"\n\t\t\t>\n\n\t\t\t<button class=\"plus btn\" aria-label=\"Augmenter la quantit\u00e9\" data-no-translation-aria-label=\"\">+<\/button>\n\t\n\t<\/div>\n\t\t\t\t\n\t\t\t\t<a href=\"https:\/\/combi-pro.com\/fr\/tienda\/259002-bata-cruzada-mc-mujer\/\" aria-describedby=\"woocommerce_loop_add_to_cart_link_describedby_10295\" data-quantity=\"1\" class=\"button product_type_variable add_to_cart_button cfvsw_ajax_add_to_cart add-to-cart-loop\" data-product_id=\"10295\" data-product_sku=\"\" aria-label=\"S\u00e9lectionner les options pour \u201cBata cruzada para mujer estilo y comodidad 259002 | VELILLA\u201d\" rel=\"nofollow\" data-add_to_cart_text=\"Add to Cart\" data-select_options_text=\"Choix des options\" data-no-translation-aria-label=\"\" data-no-translation-data-select_options_text=\"\"><span class=\"wd-action-icon\"><span class=\"wd-check-icon\"><\/span><\/span><span class=\"wd-action-text\" data-no-translation=\"\" data-trp-gettext=\"\">Choix des options<\/span><\/a>\t<span id=\"woocommerce_loop_add_to_cart_link_describedby_10295\" class=\"screen-reader-text\">\n\t\tCe produit a plusieurs variations. Les options peuvent \u00eatre choisies sur la page du produit\t<\/span>\n\t\t\t<\/div>\n\t\t<\/div>\n\n\t\t\n<\/div>\n<\/div>\n\t\t\t\t\t\t\t\t<div class=\"wd-product wd-col wd-loop-item-38304 wd-hover-parent product type-product post-8583 status-publish instock product_cat-batas product_cat-industria-base product_cat-ropa-profesional has-post-thumbnail taxable shipping-taxable purchasable product-type-variable has-default-attributes\" data-loop=\"5\" data-id=\"8583\">\n\t<div class=\"wd-product-wrapper wd-entry-content\">\n\t\t\t<div class=\"wd-loop-prod-thumb wd-product-thumb wd-368dd130 wd-hover-fade-in\">\n\t\t\t<a href=\"https:\/\/combi-pro.com\/fr\/tienda\/bata-de-trabajo-con-cierre-central-con-botones-700\/\" class=\"wd-product-img-link\" tabindex=\"-1\" aria-label=\"Manteau de travail avec fermeture \u00e0 bouton central 700 | VELILLA\">\n\t\t\t\t<img loading=\"lazy\" decoding=\"async\" width=\"683\" height=\"1024\" src=\"https:\/\/combi-pro.com\/wp-content\/uploads\/2024\/05\/700_09_1-683x1024.jpg\" class=\"attachment-large size-large\" alt=\"Blouse de travail \u00e0 fermeture centrale \u00e0 boutons 700 | VELILLA\" srcset=\"https:\/\/combi-pro.com\/wp-content\/uploads\/2024\/05\/700_09_1-683x1024.jpg 683w, https:\/\/combi-pro.com\/wp-content\/uploads\/2024\/05\/700_09_1-e1738162142459-450x675.jpg 450w, https:\/\/combi-pro.com\/wp-content\/uploads\/2024\/05\/700_09_1-e1738162142459-150x225.jpg 150w, https:\/\/combi-pro.com\/wp-content\/uploads\/2024\/05\/700_09_1-e1738162142459-200x300.jpg 200w, https:\/\/combi-pro.com\/wp-content\/uploads\/2024\/05\/700_09_1-e1738162142459-8x12.jpg 8w, https:\/\/combi-pro.com\/wp-content\/uploads\/2024\/05\/700_09_1-768x1152.jpg 768w, https:\/\/combi-pro.com\/wp-content\/uploads\/2024\/05\/700_09_1-e1738162142459-300x450.jpg 300w, https:\/\/combi-pro.com\/wp-content\/uploads\/2024\/05\/700_09_1-e1738162142459-64x96.jpg 64w, https:\/\/combi-pro.com\/wp-content\/uploads\/2024\/05\/700_09_1-600x900.jpg 600w, https:\/\/combi-pro.com\/wp-content\/uploads\/2024\/05\/700_09_1-e1738162142459.jpg 533w\" sizes=\"auto, (max-width: 683px) 100vw, 683px\" \/>\t\t\t<\/a>\n\n\t\t\t\t\t\t<div class=\"wd-product-img-hover hover-img\">\n\t\t\t\t<img loading=\"lazy\" decoding=\"async\" width=\"683\" height=\"1024\" src=\"https:\/\/combi-pro.com\/wp-content\/uploads\/2024\/05\/700_09_2-683x1024.jpg\" class=\"attachment-large size-large\" alt=\"\" srcset=\"https:\/\/combi-pro.com\/wp-content\/uploads\/2024\/05\/700_09_2-683x1024.jpg 683w, https:\/\/combi-pro.com\/wp-content\/uploads\/2024\/05\/700_09_2-e1738162101293-450x675.jpg 450w, https:\/\/combi-pro.com\/wp-content\/uploads\/2024\/05\/700_09_2-e1738162101293-150x225.jpg 150w, https:\/\/combi-pro.com\/wp-content\/uploads\/2024\/05\/700_09_2-e1738162101293-200x300.jpg 200w, https:\/\/combi-pro.com\/wp-content\/uploads\/2024\/05\/700_09_2-e1738162101293-8x12.jpg 8w, https:\/\/combi-pro.com\/wp-content\/uploads\/2024\/05\/700_09_2-e1738162101293-64x96.jpg 64w, https:\/\/combi-pro.com\/wp-content\/uploads\/2024\/05\/700_09_2-e1738162101293-300x450.jpg 300w, https:\/\/combi-pro.com\/wp-content\/uploads\/2024\/05\/700_09_2-768x1152.jpg 768w, https:\/\/combi-pro.com\/wp-content\/uploads\/2024\/05\/700_09_2-600x900.jpg 600w, https:\/\/combi-pro.com\/wp-content\/uploads\/2024\/05\/700_09_2-e1738162101293.jpg 533w\" sizes=\"auto, (max-width: 683px) 100vw, 683px\">\t\t\t<\/div>\n\t\t\t\n\t\t\t\n\n\n\n\n\n\n\t\t<\/div>\n\t\t\n\n\n\t\t<div class=\"wd-product-cats wd-loop-prod-meta wd-e98a4a67 wd-align\">\n\t\t\t\t\t\t<a href=\"https:\/\/combi-pro.com\/fr\/categoria-de-productos\/ropa-profesional\/industria-base\/\" rel=\"tag\">Industrie de base<\/a><span class=\"wd-meta-sep\">,<\/span> <a href=\"https:\/\/combi-pro.com\/fr\/categoria-de-productos\/ropa-profesional\/industria-base\/batas\/\" rel=\"tag\">Robes<\/a><span class=\"wd-meta-sep\">,<\/span> <a href=\"https:\/\/combi-pro.com\/fr\/categoria-de-productos\/ropa-profesional\/\" rel=\"tag\">V\u00eatements Professionnels<\/a>\t\t<\/div>\n\t\t\n\n\n\t\t<h3 class=\"wd-loop-prod-title wd-entities-title wd-5342ae28 wd-align wd-line-clamp\">\n\t\t\t<a href=\"https:\/\/combi-pro.com\/fr\/tienda\/bata-de-trabajo-con-cierre-central-con-botones-700\/\">\n\t\t\t\tManteau de travail avec fermeture \u00e0 bouton central 700 | VELILLA\t\t\t<\/a>\n\t\t<\/h3>\n\n\t\t\n\n\n\t\t<div class=\"wd-loop-prod-price wd-59cab364 wd-align\">\n\t\t\t\n\t<span class=\"price\"><span class=\"text-gris\">\u00c0 partir de<\/span> <span class=\"woocommerce-Price-amount amount\"><bdi>15,83&nbsp;<span class=\"woocommerce-Price-currencySymbol\" translate=\"no\">\u20ac<\/span><\/bdi><\/span> <span class=\"text-gris\">TVA incl.<\/span><\/span>\n\t\t<\/div>\n\t\t\n\t\t<div class=\"wd-add-btn-wrapp wd-6fd71854 wd-quantity-overlap\">\n\t\t\t<div class=\"wd-add-btn wd-loop-prod-btn wd-add-btn-replace\">\n\t\t\t\t\t\t\t\t\t\n<div class=\"quantity\">\n\t\n\t\t\t<button class=\"minus btn\" aria-label=\"Diminuer la quantit\u00e9\">-<\/button>\n\t\n\t<label class=\"screen-reader-text\" for=\"quantity_6a9713c0d9f61\" data-no-translation=\"\" data-trp-gettext=\"\">quantit\u00e9 de Bata de trabajo con cierre central con botones  700 | VELILLA<\/label>\n\t<input\n\t\ttype=\"number\"\n\t\t\t\tid=\"quantity_6a9713c0d9f61\"\n\t\tclass=\"input-text qty text\"\n\t\tvalue=\"1\"\n\t\taria-label=\"Quantit\u00e9 de produits\"\n\t\t\t\tmin=\"1\"\n\t\t\t\tname=\"quantity\"\n\n\t\t\t\t\tstep=\"1\"\n\t\t\tplaceholder=\"\"\n\t\t\tinputmode=\"numeric\"\n\t\t\tautocomplete=\"off\" data-no-translation-aria-label=\"\"\n\t\t\t>\n\n\t\t\t<button class=\"plus btn\" aria-label=\"Augmenter la quantit\u00e9\" data-no-translation-aria-label=\"\">+<\/button>\n\t\n\t<\/div>\n\t\t\t\t\n\t\t\t\t<a href=\"https:\/\/combi-pro.com\/fr\/tienda\/bata-de-trabajo-con-cierre-central-con-botones-700\/\" aria-describedby=\"woocommerce_loop_add_to_cart_link_describedby_8583\" data-quantity=\"1\" class=\"button product_type_variable add_to_cart_button cfvsw_ajax_add_to_cart add-to-cart-loop\" data-product_id=\"8583\" data-product_sku=\"\" aria-label=\"S\u00e9lectionner les options pour \u201cBata de trabajo con cierre central con botones  700 | VELILLA\u201d\" rel=\"nofollow\" data-add_to_cart_text=\"Add to Cart\" data-select_options_text=\"Choix des options\" data-no-translation-aria-label=\"\" data-no-translation-data-select_options_text=\"\"><span class=\"wd-action-icon\"><span class=\"wd-check-icon\"><\/span><\/span><span class=\"wd-action-text\" data-no-translation=\"\" data-trp-gettext=\"\">Choix des options<\/span><\/a>\t<span id=\"woocommerce_loop_add_to_cart_link_describedby_8583\" class=\"screen-reader-text\">\n\t\tCe produit a plusieurs variations. Les options peuvent \u00eatre choisies sur la page du produit\t<\/span>\n\t\t\t<\/div>\n\t\t<\/div>\n\n\t\t\n<\/div>\n<\/div>\n\t\t\t\t\t\t\t\t<div class=\"wd-product wd-col wd-loop-item-38304 wd-hover-parent product type-product post-8606 status-publish instock product_cat-batas product_cat-industria-base product_cat-ropa-profesional has-post-thumbnail taxable shipping-taxable purchasable product-type-variable has-default-attributes\" data-loop=\"6\" data-id=\"8606\">\n\t<div class=\"wd-product-wrapper wd-entry-content\">\n\t\t\t<div class=\"wd-loop-prod-thumb wd-product-thumb wd-368dd130 wd-hover-fade-in\">\n\t\t\t<a href=\"https:\/\/combi-pro.com\/fr\/tienda\/bata-de-trabajo-mujer-907\/\" class=\"wd-product-img-link\" tabindex=\"-1\" aria-label=\"Blouse de travail femme 907 | VELILLA\">\n\t\t\t\t<img loading=\"lazy\" decoding=\"async\" width=\"683\" height=\"1024\" src=\"https:\/\/combi-pro.com\/wp-content\/uploads\/2024\/05\/907_05_1-683x1024.jpg\" class=\"attachment-large size-large\" alt=\"Blouse de travail femme 907 | VELILLA\" srcset=\"https:\/\/combi-pro.com\/wp-content\/uploads\/2024\/05\/907_05_1-683x1024.jpg 683w, https:\/\/combi-pro.com\/wp-content\/uploads\/2024\/05\/907_05_1-e1738162000263-450x675.jpg 450w, https:\/\/combi-pro.com\/wp-content\/uploads\/2024\/05\/907_05_1-e1738162000263-150x225.jpg 150w, https:\/\/combi-pro.com\/wp-content\/uploads\/2024\/05\/907_05_1-e1738162000263-200x300.jpg 200w, https:\/\/combi-pro.com\/wp-content\/uploads\/2024\/05\/907_05_1-e1738162000263-8x12.jpg 8w, https:\/\/combi-pro.com\/wp-content\/uploads\/2024\/05\/907_05_1-768x1152.jpg 768w, https:\/\/combi-pro.com\/wp-content\/uploads\/2024\/05\/907_05_1-e1738162000263-300x450.jpg 300w, https:\/\/combi-pro.com\/wp-content\/uploads\/2024\/05\/907_05_1-e1738162000263-64x96.jpg 64w, https:\/\/combi-pro.com\/wp-content\/uploads\/2024\/05\/907_05_1-600x900.jpg 600w, https:\/\/combi-pro.com\/wp-content\/uploads\/2024\/05\/907_05_1-e1738162000263.jpg 533w\" sizes=\"auto, (max-width: 683px) 100vw, 683px\" \/>\t\t\t<\/a>\n\n\t\t\t\t\t\t<div class=\"wd-product-img-hover hover-img\">\n\t\t\t\t<img loading=\"lazy\" decoding=\"async\" width=\"683\" height=\"1024\" src=\"https:\/\/combi-pro.com\/wp-content\/uploads\/2024\/05\/907_05_2-683x1024.jpg\" class=\"attachment-large size-large\" alt=\"\" srcset=\"https:\/\/combi-pro.com\/wp-content\/uploads\/2024\/05\/907_05_2-683x1024.jpg 683w, https:\/\/combi-pro.com\/wp-content\/uploads\/2024\/05\/907_05_2-e1738161977628-450x675.jpg 450w, https:\/\/combi-pro.com\/wp-content\/uploads\/2024\/05\/907_05_2-e1738161977628-150x225.jpg 150w, https:\/\/combi-pro.com\/wp-content\/uploads\/2024\/05\/907_05_2-e1738161977628-200x300.jpg 200w, https:\/\/combi-pro.com\/wp-content\/uploads\/2024\/05\/907_05_2-e1738161977628-8x12.jpg 8w, https:\/\/combi-pro.com\/wp-content\/uploads\/2024\/05\/907_05_2-e1738161977628-64x96.jpg 64w, https:\/\/combi-pro.com\/wp-content\/uploads\/2024\/05\/907_05_2-e1738161977628-300x450.jpg 300w, https:\/\/combi-pro.com\/wp-content\/uploads\/2024\/05\/907_05_2-768x1152.jpg 768w, https:\/\/combi-pro.com\/wp-content\/uploads\/2024\/05\/907_05_2-600x900.jpg 600w, https:\/\/combi-pro.com\/wp-content\/uploads\/2024\/05\/907_05_2-e1738161977628.jpg 533w\" sizes=\"auto, (max-width: 683px) 100vw, 683px\">\t\t\t<\/div>\n\t\t\t\n\t\t\t\n\n\n\n\n\n\n\t\t<\/div>\n\t\t\n\n\n\t\t<div class=\"wd-product-cats wd-loop-prod-meta wd-e98a4a67 wd-align\">\n\t\t\t\t\t\t<a href=\"https:\/\/combi-pro.com\/fr\/categoria-de-productos\/ropa-profesional\/industria-base\/\" rel=\"tag\">Industrie de base<\/a><span class=\"wd-meta-sep\">,<\/span> <a href=\"https:\/\/combi-pro.com\/fr\/categoria-de-productos\/ropa-profesional\/industria-base\/batas\/\" rel=\"tag\">Robes<\/a><span class=\"wd-meta-sep\">,<\/span> <a href=\"https:\/\/combi-pro.com\/fr\/categoria-de-productos\/ropa-profesional\/\" rel=\"tag\">V\u00eatements Professionnels<\/a>\t\t<\/div>\n\t\t\n\n\n\t\t<h3 class=\"wd-loop-prod-title wd-entities-title wd-5342ae28 wd-align wd-line-clamp\">\n\t\t\t<a href=\"https:\/\/combi-pro.com\/fr\/tienda\/bata-de-trabajo-mujer-907\/\">\n\t\t\t\tBlouse de travail femme 907 | VELILLA\t\t\t<\/a>\n\t\t<\/h3>\n\n\t\t\n\n\n\t\t<div class=\"wd-loop-prod-price wd-59cab364 wd-align\">\n\t\t\t\n\t<span class=\"price\"><span class=\"text-gris\">\u00c0 partir de<\/span> <span class=\"woocommerce-Price-amount amount\"><bdi>15,20&nbsp;<span class=\"woocommerce-Price-currencySymbol\" translate=\"no\">\u20ac<\/span><\/bdi><\/span> <span class=\"text-gris\">TVA incl.<\/span><\/span>\n\t\t<\/div>\n\t\t\n\t\t<div class=\"wd-add-btn-wrapp wd-6fd71854 wd-quantity-overlap\">\n\t\t\t<div class=\"wd-add-btn wd-loop-prod-btn wd-add-btn-replace\">\n\t\t\t\t\t\t\t\t\t\n<div class=\"quantity\">\n\t\n\t\t\t<button class=\"minus btn\" aria-label=\"Diminuer la quantit\u00e9\">-<\/button>\n\t\n\t<label class=\"screen-reader-text\" for=\"quantity_6a9713c0dcd12\" data-no-translation=\"\" data-trp-gettext=\"\">quantit\u00e9 de Bata de trabajo mujer 907 | VELILLA<\/label>\n\t<input\n\t\ttype=\"number\"\n\t\t\t\tid=\"quantity_6a9713c0dcd12\"\n\t\tclass=\"input-text qty text\"\n\t\tvalue=\"1\"\n\t\taria-label=\"Quantit\u00e9 de produits\"\n\t\t\t\tmin=\"1\"\n\t\t\t\tname=\"quantity\"\n\n\t\t\t\t\tstep=\"1\"\n\t\t\tplaceholder=\"\"\n\t\t\tinputmode=\"numeric\"\n\t\t\tautocomplete=\"off\" data-no-translation-aria-label=\"\"\n\t\t\t>\n\n\t\t\t<button class=\"plus btn\" aria-label=\"Augmenter la quantit\u00e9\" data-no-translation-aria-label=\"\">+<\/button>\n\t\n\t<\/div>\n\t\t\t\t\n\t\t\t\t<a href=\"https:\/\/combi-pro.com\/fr\/tienda\/bata-de-trabajo-mujer-907\/\" aria-describedby=\"woocommerce_loop_add_to_cart_link_describedby_8606\" data-quantity=\"1\" class=\"button product_type_variable add_to_cart_button cfvsw_ajax_add_to_cart add-to-cart-loop\" data-product_id=\"8606\" data-product_sku=\"\" aria-label=\"S\u00e9lectionner les options pour \u201cBata de trabajo mujer 907 | VELILLA\u201d\" rel=\"nofollow\" data-add_to_cart_text=\"Add to Cart\" data-select_options_text=\"Choix des options\" data-no-translation-aria-label=\"\" data-no-translation-data-select_options_text=\"\"><span class=\"wd-action-icon\"><span class=\"wd-check-icon\"><\/span><\/span><span class=\"wd-action-text\" data-no-translation=\"\" data-trp-gettext=\"\">Choix des options<\/span><\/a>\t<span id=\"woocommerce_loop_add_to_cart_link_describedby_8606\" class=\"screen-reader-text\">\n\t\tCe produit a plusieurs variations. Les options peuvent \u00eatre choisies sur la page du produit\t<\/span>\n\t\t\t<\/div>\n\t\t<\/div>\n\n\t\t\n<\/div>\n<\/div>\n\t\t\t\t\t\t\t\t<div class=\"wd-product wd-col wd-loop-item-38304 wd-hover-parent product type-product post-8616 status-publish last instock product_cat-batas product_cat-industria-base product_cat-ropa-profesional has-post-thumbnail taxable shipping-taxable purchasable product-type-variable has-default-attributes\" data-loop=\"7\" data-id=\"8616\">\n\t<div class=\"wd-product-wrapper wd-entry-content\">\n\t\t\t<div class=\"wd-loop-prod-thumb wd-product-thumb wd-368dd130 wd-hover-fade-in\">\n\t\t\t<a href=\"https:\/\/combi-pro.com\/fr\/tienda\/bata-de-trabajo-mujer-908\/\" class=\"wd-product-img-link\" tabindex=\"-1\" aria-label=\"Blouse de travail pour femme 908 | VELILLA\">\n\t\t\t\t<img loading=\"lazy\" decoding=\"async\" width=\"683\" height=\"1024\" src=\"https:\/\/combi-pro.com\/wp-content\/uploads\/2024\/05\/908_01_1-683x1024.jpg\" class=\"attachment-large size-large\" alt=\"Blouse de travail pour femme 908 | VELILLA\" srcset=\"https:\/\/combi-pro.com\/wp-content\/uploads\/2024\/05\/908_01_1-683x1024.jpg 683w, https:\/\/combi-pro.com\/wp-content\/uploads\/2024\/05\/908_01_1-e1738161932219-450x675.jpg 450w, https:\/\/combi-pro.com\/wp-content\/uploads\/2024\/05\/908_01_1-e1738161932219-150x225.jpg 150w, https:\/\/combi-pro.com\/wp-content\/uploads\/2024\/05\/908_01_1-e1738161932219-200x300.jpg 200w, https:\/\/combi-pro.com\/wp-content\/uploads\/2024\/05\/908_01_1-e1738161932219-8x12.jpg 8w, https:\/\/combi-pro.com\/wp-content\/uploads\/2024\/05\/908_01_1-768x1152.jpg 768w, https:\/\/combi-pro.com\/wp-content\/uploads\/2024\/05\/908_01_1-e1738161932219-300x450.jpg 300w, https:\/\/combi-pro.com\/wp-content\/uploads\/2024\/05\/908_01_1-e1738161932219-64x96.jpg 64w, https:\/\/combi-pro.com\/wp-content\/uploads\/2024\/05\/908_01_1-600x900.jpg 600w, https:\/\/combi-pro.com\/wp-content\/uploads\/2024\/05\/908_01_1-e1738161932219.jpg 533w\" sizes=\"auto, (max-width: 683px) 100vw, 683px\" \/>\t\t\t<\/a>\n\n\t\t\t\t\t\t<div class=\"wd-product-img-hover hover-img\">\n\t\t\t\t<img loading=\"lazy\" decoding=\"async\" width=\"683\" height=\"1024\" src=\"https:\/\/combi-pro.com\/wp-content\/uploads\/2024\/05\/908_01_2-683x1024.jpg\" class=\"attachment-large size-large\" alt=\"\" srcset=\"https:\/\/combi-pro.com\/wp-content\/uploads\/2024\/05\/908_01_2-683x1024.jpg 683w, https:\/\/combi-pro.com\/wp-content\/uploads\/2024\/05\/908_01_2-e1738161874390-450x675.jpg 450w, https:\/\/combi-pro.com\/wp-content\/uploads\/2024\/05\/908_01_2-e1738161874390-150x225.jpg 150w, https:\/\/combi-pro.com\/wp-content\/uploads\/2024\/05\/908_01_2-e1738161874390-200x300.jpg 200w, https:\/\/combi-pro.com\/wp-content\/uploads\/2024\/05\/908_01_2-e1738161874390-8x12.jpg 8w, https:\/\/combi-pro.com\/wp-content\/uploads\/2024\/05\/908_01_2-e1738161874390-64x96.jpg 64w, https:\/\/combi-pro.com\/wp-content\/uploads\/2024\/05\/908_01_2-e1738161874390-300x450.jpg 300w, https:\/\/combi-pro.com\/wp-content\/uploads\/2024\/05\/908_01_2-768x1152.jpg 768w, https:\/\/combi-pro.com\/wp-content\/uploads\/2024\/05\/908_01_2-600x900.jpg 600w, https:\/\/combi-pro.com\/wp-content\/uploads\/2024\/05\/908_01_2-e1738161874390.jpg 533w\" sizes=\"auto, (max-width: 683px) 100vw, 683px\">\t\t\t<\/div>\n\t\t\t\n\t\t\t\n\n\n\n\n\n\n\t\t<\/div>\n\t\t\n\n\n\t\t<div class=\"wd-product-cats wd-loop-prod-meta wd-e98a4a67 wd-align\">\n\t\t\t\t\t\t<a href=\"https:\/\/combi-pro.com\/fr\/categoria-de-productos\/ropa-profesional\/industria-base\/\" rel=\"tag\">Industrie de base<\/a><span class=\"wd-meta-sep\">,<\/span> <a href=\"https:\/\/combi-pro.com\/fr\/categoria-de-productos\/ropa-profesional\/industria-base\/batas\/\" rel=\"tag\">Robes<\/a><span class=\"wd-meta-sep\">,<\/span> <a href=\"https:\/\/combi-pro.com\/fr\/categoria-de-productos\/ropa-profesional\/\" rel=\"tag\">V\u00eatements Professionnels<\/a>\t\t<\/div>\n\t\t\n\n\n\t\t<h3 class=\"wd-loop-prod-title wd-entities-title wd-5342ae28 wd-align wd-line-clamp\">\n\t\t\t<a href=\"https:\/\/combi-pro.com\/fr\/tienda\/bata-de-trabajo-mujer-908\/\">\n\t\t\t\tBlouse de travail pour femme 908 | VELILLA\t\t\t<\/a>\n\t\t<\/h3>\n\n\t\t\n\n\n\t\t<div class=\"wd-loop-prod-price wd-59cab364 wd-align\">\n\t\t\t\n\t<span class=\"price\"><span class=\"text-gris\">\u00c0 partir de<\/span> <span class=\"woocommerce-Price-amount amount\"><bdi>15,38&nbsp;<span class=\"woocommerce-Price-currencySymbol\" translate=\"no\">\u20ac<\/span><\/bdi><\/span> <span class=\"text-gris\">TVA incl.<\/span><\/span>\n\t\t<\/div>\n\t\t\n\t\t<div class=\"wd-add-btn-wrapp wd-6fd71854 wd-quantity-overlap\">\n\t\t\t<div class=\"wd-add-btn wd-loop-prod-btn wd-add-btn-replace\">\n\t\t\t\t\t\t\t\t\t\n<div class=\"quantity\">\n\t\n\t\t\t<button class=\"minus btn\" aria-label=\"Diminuer la quantit\u00e9\">-<\/button>\n\t\n\t<label class=\"screen-reader-text\" for=\"quantity_6a9713c0dfbd8\" data-no-translation=\"\" data-trp-gettext=\"\">quantit\u00e9 de Bata de trabajo mujer 908 | VELILLA<\/label>\n\t<input\n\t\ttype=\"number\"\n\t\t\t\tid=\"quantity_6a9713c0dfbd8\"\n\t\tclass=\"input-text qty text\"\n\t\tvalue=\"1\"\n\t\taria-label=\"Quantit\u00e9 de produits\"\n\t\t\t\tmin=\"1\"\n\t\t\t\tname=\"quantity\"\n\n\t\t\t\t\tstep=\"1\"\n\t\t\tplaceholder=\"\"\n\t\t\tinputmode=\"numeric\"\n\t\t\tautocomplete=\"off\" data-no-translation-aria-label=\"\"\n\t\t\t>\n\n\t\t\t<button class=\"plus btn\" aria-label=\"Augmenter la quantit\u00e9\" data-no-translation-aria-label=\"\">+<\/button>\n\t\n\t<\/div>\n\t\t\t\t\n\t\t\t\t<a href=\"https:\/\/combi-pro.com\/fr\/tienda\/bata-de-trabajo-mujer-908\/\" aria-describedby=\"woocommerce_loop_add_to_cart_link_describedby_8616\" data-quantity=\"1\" class=\"button product_type_variable add_to_cart_button cfvsw_ajax_add_to_cart add-to-cart-loop\" data-product_id=\"8616\" data-product_sku=\"\" aria-label=\"S\u00e9lectionner les options pour \u201cBata de trabajo mujer 908 | VELILLA\u201d\" rel=\"nofollow\" data-add_to_cart_text=\"Add to Cart\" data-select_options_text=\"Choix des options\" data-no-translation-aria-label=\"\" data-no-translation-data-select_options_text=\"\"><span class=\"wd-action-icon\"><span class=\"wd-check-icon\"><\/span><\/span><span class=\"wd-action-text\" data-no-translation=\"\" data-trp-gettext=\"\">Choix des options<\/span><\/a>\t<span id=\"woocommerce_loop_add_to_cart_link_describedby_8616\" class=\"screen-reader-text\">\n\t\tCe produit a plusieurs variations. Les options peuvent \u00eatre choisies sur la page du produit\t<\/span>\n\t\t\t<\/div>\n\t\t<\/div>\n\n\t\t\n<\/div>\n<\/div>\n\t\t\t\t\t\t\t\t<div class=\"wd-product wd-col wd-loop-item-38304 wd-hover-parent product type-product post-8598 status-publish first instock product_cat-batas product_cat-industria-base product_cat-ropa-profesional has-post-thumbnail taxable shipping-taxable purchasable product-type-variable has-default-attributes\" data-loop=\"8\" data-id=\"8598\">\n\t<div class=\"wd-product-wrapper wd-entry-content\">\n\t\t\t<div class=\"wd-loop-prod-thumb wd-product-thumb wd-368dd130 wd-hover-fade-in\">\n\t\t\t<a href=\"https:\/\/combi-pro.com\/fr\/tienda\/bata-de-trabajo-unisex-700p\/\" class=\"wd-product-img-link\" tabindex=\"-1\" aria-label=\"Blouse de travail unisexe 700P | VELILLA\">\n\t\t\t\t<img loading=\"lazy\" decoding=\"async\" width=\"683\" height=\"1024\" src=\"https:\/\/combi-pro.com\/wp-content\/uploads\/2024\/05\/700p_07_1-683x1024.jpg\" class=\"attachment-large size-large\" alt=\"Blouse de travail unisexe 700P | VELILLA\" srcset=\"https:\/\/combi-pro.com\/wp-content\/uploads\/2024\/05\/700p_07_1-683x1024.jpg 683w, https:\/\/combi-pro.com\/wp-content\/uploads\/2024\/05\/700p_07_1-e1738162056788-450x675.jpg 450w, https:\/\/combi-pro.com\/wp-content\/uploads\/2024\/05\/700p_07_1-e1738162056788-150x225.jpg 150w, https:\/\/combi-pro.com\/wp-content\/uploads\/2024\/05\/700p_07_1-e1738162056788-200x300.jpg 200w, https:\/\/combi-pro.com\/wp-content\/uploads\/2024\/05\/700p_07_1-e1738162056788-8x12.jpg 8w, https:\/\/combi-pro.com\/wp-content\/uploads\/2024\/05\/700p_07_1-768x1152.jpg 768w, https:\/\/combi-pro.com\/wp-content\/uploads\/2024\/05\/700p_07_1-e1738162056788-300x450.jpg 300w, https:\/\/combi-pro.com\/wp-content\/uploads\/2024\/05\/700p_07_1-e1738162056788-64x96.jpg 64w, https:\/\/combi-pro.com\/wp-content\/uploads\/2024\/05\/700p_07_1-600x900.jpg 600w, https:\/\/combi-pro.com\/wp-content\/uploads\/2024\/05\/700p_07_1-e1738162056788.jpg 533w\" sizes=\"auto, (max-width: 683px) 100vw, 683px\" \/>\t\t\t<\/a>\n\n\t\t\t\t\t\t<div class=\"wd-product-img-hover hover-img\">\n\t\t\t\t<img loading=\"lazy\" decoding=\"async\" width=\"683\" height=\"1024\" src=\"https:\/\/combi-pro.com\/wp-content\/uploads\/2024\/05\/700p_07_2-683x1024.jpg\" class=\"attachment-large size-large\" alt=\"\" srcset=\"https:\/\/combi-pro.com\/wp-content\/uploads\/2024\/05\/700p_07_2-683x1024.jpg 683w, https:\/\/combi-pro.com\/wp-content\/uploads\/2024\/05\/700p_07_2-e1738162045280-450x675.jpg 450w, https:\/\/combi-pro.com\/wp-content\/uploads\/2024\/05\/700p_07_2-e1738162045280-150x225.jpg 150w, https:\/\/combi-pro.com\/wp-content\/uploads\/2024\/05\/700p_07_2-e1738162045280-200x300.jpg 200w, https:\/\/combi-pro.com\/wp-content\/uploads\/2024\/05\/700p_07_2-e1738162045280-8x12.jpg 8w, https:\/\/combi-pro.com\/wp-content\/uploads\/2024\/05\/700p_07_2-e1738162045280-64x96.jpg 64w, https:\/\/combi-pro.com\/wp-content\/uploads\/2024\/05\/700p_07_2-e1738162045280-300x450.jpg 300w, https:\/\/combi-pro.com\/wp-content\/uploads\/2024\/05\/700p_07_2-768x1152.jpg 768w, https:\/\/combi-pro.com\/wp-content\/uploads\/2024\/05\/700p_07_2-600x900.jpg 600w, https:\/\/combi-pro.com\/wp-content\/uploads\/2024\/05\/700p_07_2-e1738162045280.jpg 533w\" sizes=\"auto, (max-width: 683px) 100vw, 683px\">\t\t\t<\/div>\n\t\t\t\n\t\t\t\n\n\n\n\n\n\n\t\t<\/div>\n\t\t\n\n\n\t\t<div class=\"wd-product-cats wd-loop-prod-meta wd-e98a4a67 wd-align\">\n\t\t\t\t\t\t<a href=\"https:\/\/combi-pro.com\/fr\/categoria-de-productos\/ropa-profesional\/industria-base\/\" rel=\"tag\">Industrie de base<\/a><span class=\"wd-meta-sep\">,<\/span> <a href=\"https:\/\/combi-pro.com\/fr\/categoria-de-productos\/ropa-profesional\/industria-base\/batas\/\" rel=\"tag\">Robes<\/a><span class=\"wd-meta-sep\">,<\/span> <a href=\"https:\/\/combi-pro.com\/fr\/categoria-de-productos\/ropa-profesional\/\" rel=\"tag\">V\u00eatements Professionnels<\/a>\t\t<\/div>\n\t\t\n\n\n\t\t<h3 class=\"wd-loop-prod-title wd-entities-title wd-5342ae28 wd-align wd-line-clamp\">\n\t\t\t<a href=\"https:\/\/combi-pro.com\/fr\/tienda\/bata-de-trabajo-unisex-700p\/\">\n\t\t\t\tBlouse de travail unisexe 700P | VELILLA\t\t\t<\/a>\n\t\t<\/h3>\n\n\t\t\n\n\n\t\t<div class=\"wd-loop-prod-price wd-59cab364 wd-align\">\n\t\t\t\n\t<span class=\"price\"><span class=\"text-gris\">\u00c0 partir de<\/span> <span class=\"woocommerce-Price-amount amount\"><bdi>15,47&nbsp;<span class=\"woocommerce-Price-currencySymbol\" translate=\"no\">\u20ac<\/span><\/bdi><\/span> <span class=\"text-gris\">TVA incl.<\/span><\/span>\n\t\t<\/div>\n\t\t\n\t\t<div class=\"wd-add-btn-wrapp wd-6fd71854 wd-quantity-overlap\">\n\t\t\t<div class=\"wd-add-btn wd-loop-prod-btn wd-add-btn-replace\">\n\t\t\t\t\t\t\t\t\t\n<div class=\"quantity\">\n\t\n\t\t\t<button class=\"minus btn\" aria-label=\"Diminuer la quantit\u00e9\">-<\/button>\n\t\n\t<label class=\"screen-reader-text\" for=\"quantity_6a9713c0e297b\" data-no-translation=\"\" data-trp-gettext=\"\">quantit\u00e9 de Bata de trabajo unisex 700P | VELILLA<\/label>\n\t<input\n\t\ttype=\"number\"\n\t\t\t\tid=\"quantity_6a9713c0e297b\"\n\t\tclass=\"input-text qty text\"\n\t\tvalue=\"1\"\n\t\taria-label=\"Quantit\u00e9 de produits\"\n\t\t\t\tmin=\"1\"\n\t\t\t\tname=\"quantity\"\n\n\t\t\t\t\tstep=\"1\"\n\t\t\tplaceholder=\"\"\n\t\t\tinputmode=\"numeric\"\n\t\t\tautocomplete=\"off\" data-no-translation-aria-label=\"\"\n\t\t\t>\n\n\t\t\t<button class=\"plus btn\" aria-label=\"Augmenter la quantit\u00e9\" data-no-translation-aria-label=\"\">+<\/button>\n\t\n\t<\/div>\n\t\t\t\t\n\t\t\t\t<a href=\"https:\/\/combi-pro.com\/fr\/tienda\/bata-de-trabajo-unisex-700p\/\" aria-describedby=\"woocommerce_loop_add_to_cart_link_describedby_8598\" data-quantity=\"1\" class=\"button product_type_variable add_to_cart_button cfvsw_ajax_add_to_cart add-to-cart-loop\" data-product_id=\"8598\" data-product_sku=\"\" aria-label=\"S\u00e9lectionner les options pour \u201cBata de trabajo unisex 700P | VELILLA\u201d\" rel=\"nofollow\" data-add_to_cart_text=\"Add to Cart\" data-select_options_text=\"Choix des options\" data-no-translation-aria-label=\"\" data-no-translation-data-select_options_text=\"\"><span class=\"wd-action-icon\"><span class=\"wd-check-icon\"><\/span><\/span><span class=\"wd-action-text\" data-no-translation=\"\" data-trp-gettext=\"\">Choix des options<\/span><\/a>\t<span id=\"woocommerce_loop_add_to_cart_link_describedby_8598\" class=\"screen-reader-text\">\n\t\tCe produit a plusieurs variations. Les options peuvent \u00eatre choisies sur la page du produit\t<\/span>\n\t\t\t<\/div>\n\t\t<\/div>\n\n\t\t\n<\/div>\n<\/div>\n\t\t\t\t\t\t\t\t<div class=\"wd-product wd-col wd-loop-item-38304 wd-hover-parent product type-product post-8553 status-publish instock product_cat-batas-desechables product_cat-batas-industria-alimentaria product_cat-industria-alimentaria product_cat-ropa-profesional product_cat-desechables has-post-thumbnail taxable shipping-taxable purchasable product-type-simple\" data-loop=\"9\" data-id=\"8553\">\n\t<div class=\"wd-product-wrapper wd-entry-content\">\n\t\t\t<div class=\"wd-loop-prod-thumb wd-product-thumb wd-368dd130 wd-hover-fade-in\">\n\t\t\t<a href=\"https:\/\/combi-pro.com\/fr\/tienda\/66-bata-desechable\/\" class=\"wd-product-img-link\" tabindex=\"-1\" aria-label=\"Robe de visite jetable avec fermeture et poignets \u00e9lastique de 25 pcs, 66 | VELILLA\">\n\t\t\t\t<img loading=\"lazy\" decoding=\"async\" width=\"631\" height=\"1024\" src=\"https:\/\/combi-pro.com\/wp-content\/uploads\/2024\/05\/66_07_1-631x1024.jpg\" class=\"attachment-large size-large\" alt=\"\" srcset=\"https:\/\/combi-pro.com\/wp-content\/uploads\/2024\/05\/66_07_1-631x1024.jpg 631w, https:\/\/combi-pro.com\/wp-content\/uploads\/2024\/05\/66_07_1-e1738162267557-150x243.jpg 150w, https:\/\/combi-pro.com\/wp-content\/uploads\/2024\/05\/66_07_1-e1738162267557-185x300.jpg 185w, https:\/\/combi-pro.com\/wp-content\/uploads\/2024\/05\/66_07_1-e1738162267557-7x12.jpg 7w, https:\/\/combi-pro.com\/wp-content\/uploads\/2024\/05\/66_07_1-e1738162267557-300x487.jpg 300w, https:\/\/combi-pro.com\/wp-content\/uploads\/2024\/05\/66_07_1-e1738162267557-64x104.jpg 64w, https:\/\/combi-pro.com\/wp-content\/uploads\/2024\/05\/66_07_1-600x973.jpg 600w, https:\/\/combi-pro.com\/wp-content\/uploads\/2024\/05\/66_07_1-e1738162267557.jpg 493w\" sizes=\"auto, (max-width: 631px) 100vw, 631px\">\t\t\t<\/a>\n\n\t\t\t\n\t\t\t\n\n\n\n\n\n\n\t\t<\/div>\n\t\t\n\n\n\t\t<div class=\"wd-product-cats wd-loop-prod-meta wd-e98a4a67 wd-align\">\n\t\t\t\t\t\t<a href=\"https:\/\/combi-pro.com\/fr\/categoria-de-productos\/ropa-profesional\/desechables\/\" rel=\"tag\">V\u00eatements professionnels jetables<\/a><span class=\"wd-meta-sep\">,<\/span> <a href=\"https:\/\/combi-pro.com\/fr\/categoria-de-productos\/ropa-profesional\/desechables\/batas-desechables\/\" rel=\"tag\">Robes<\/a><span class=\"wd-meta-sep\">,<\/span> <a href=\"https:\/\/combi-pro.com\/fr\/categoria-de-productos\/ropa-profesional\/industria-alimentaria\/\" rel=\"tag\">Industrie Alimentaire<\/a><span class=\"wd-meta-sep\">,<\/span> <a href=\"https:\/\/combi-pro.com\/fr\/categoria-de-productos\/ropa-profesional\/industria-alimentaria\/batas-industria-alimentaria\/\" rel=\"tag\">Robes<\/a><span class=\"wd-meta-sep\">,<\/span> <a href=\"https:\/\/combi-pro.com\/fr\/categoria-de-productos\/ropa-profesional\/\" rel=\"tag\">V\u00eatements Professionnels<\/a>\t\t<\/div>\n\t\t\n\n\n\t\t<h3 class=\"wd-loop-prod-title wd-entities-title wd-5342ae28 wd-align wd-line-clamp\">\n\t\t\t<a href=\"https:\/\/combi-pro.com\/fr\/tienda\/66-bata-desechable\/\">\n\t\t\t\tRobe de visite jetable avec fermeture et poignets \u00e9lastique de 25 pcs, 66 | VELILLA\t\t\t<\/a>\n\t\t<\/h3>\n\n\t\t\n\n\n\t\t<div class=\"wd-loop-prod-price wd-59cab364 wd-align\">\n\t\t\t\n\t<span class=\"price\"><span class=\"text-gris\">\u00c0 partir de<\/span> <span class=\"woocommerce-Price-amount amount\"><bdi>43,19&nbsp;<span class=\"woocommerce-Price-currencySymbol\" translate=\"no\">\u20ac<\/span><\/bdi><\/span> <span class=\"text-gris\">TVA incl.<\/span><\/span>\n\t\t<\/div>\n\t\t\n\t\t<div class=\"wd-add-btn-wrapp wd-6fd71854 wd-quantity-overlap\">\n\t\t\t<div class=\"wd-add-btn wd-loop-prod-btn wd-add-btn-replace\">\n\t\t\t\t\t\t\t\t\t\n<div class=\"quantity\">\n\t\n\t\t\t<button class=\"minus btn\" aria-label=\"Diminuer la quantit\u00e9\">-<\/button>\n\t\n\t<label class=\"screen-reader-text\" for=\"quantity_6a9713c0e515f\" data-no-translation=\"\" data-trp-gettext=\"\">quantit\u00e9 de Bata de visita desechable con cierre y pu\u00f1os el\u00e1sticos 25 uds 66 | VELILLA<\/label>\n\t<input\n\t\ttype=\"number\"\n\t\t\t\tid=\"quantity_6a9713c0e515f\"\n\t\tclass=\"input-text qty text\"\n\t\tvalue=\"1\"\n\t\taria-label=\"Quantit\u00e9 de produits\"\n\t\t\t\tmin=\"1\"\n\t\t\t\tname=\"quantity\"\n\n\t\t\t\t\tstep=\"1\"\n\t\t\tplaceholder=\"\"\n\t\t\tinputmode=\"numeric\"\n\t\t\tautocomplete=\"off\" data-no-translation-aria-label=\"\"\n\t\t\t>\n\n\t\t\t<button class=\"plus btn\" aria-label=\"Augmenter la quantit\u00e9\" data-no-translation-aria-label=\"\">+<\/button>\n\t\n\t<\/div>\n\t\t\t\t\n\t\t\t\t<a href=\"\/fr\/wp-json\/wp\/v2\/pages\/935?add-to-cart=8553\"  data-quantity=\"1\" class=\"button product_type_simple add_to_cart_button ajax_add_to_cart add-to-cart-loop\" data-product_id=\"8553\" data-product_sku=\"66_07_U\" aria-label=\"Ajouter au panier\u00a0: \u201cBata de visita desechable con cierre y pu\u00f1os el\u00e1sticos 25 uds 66 | VELILLA\u201d\" rel=\"nofollow\" data-success_message=\"\u00ab\u00a0Bata de visita desechable con cierre y pu\u00f1os el\u00e1sticos 25 uds 66 | VELILLA\u00a0\u00bb a \u00e9t\u00e9 ajout\u00e9 \u00e0 votre panier\" role=\"button\" data-no-translation-aria-label=\"\" data-no-translation-data-success_message=\"\"><span class=\"wd-action-icon\"><span class=\"wd-check-icon\"><\/span><\/span><span class=\"wd-action-text\" data-no-translation=\"\" data-trp-gettext=\"\">Ajouter au panier<\/span><\/a>\t\t\t<\/div>\n\t\t<\/div>\n\n\t\t\n<\/div>\n<\/div>\n\t\t\t\t\t\t\t\t<div class=\"wd-product wd-col wd-loop-item-38304 wd-hover-parent product type-product post-6041 status-publish instock product_cat-batas-sanidad-y-servicios product_cat-ropa-profesional product_cat-sanidad-y-servicios has-post-thumbnail taxable shipping-taxable purchasable product-type-variable\" data-loop=\"10\" data-id=\"6041\">\n\t<div class=\"wd-product-wrapper wd-entry-content\">\n\t\t\t<div class=\"wd-loop-prod-thumb wd-product-thumb wd-368dd130 wd-hover-fade-in\">\n\t\t\t<a href=\"https:\/\/combi-pro.com\/fr\/tienda\/bata-microfibra-antibacteriana-unisex-539010\/\" class=\"wd-product-img-link\" tabindex=\"-1\" aria-label=\"Blouse professionnelle antibact\u00e9rienne en microfibre avec col chemise 539010 | VELILLA\">\n\t\t\t\t<img loading=\"lazy\" decoding=\"async\" width=\"683\" height=\"1024\" src=\"https:\/\/combi-pro.com\/wp-content\/uploads\/2024\/04\/539010_07_1-683x1024.jpg\" class=\"attachment-large size-large\" alt=\"\" srcset=\"https:\/\/combi-pro.com\/wp-content\/uploads\/2024\/04\/539010_07_1-683x1024.jpg 683w, https:\/\/combi-pro.com\/wp-content\/uploads\/2024\/04\/539010_07_1-e1738073492606-450x675.jpg 450w, https:\/\/combi-pro.com\/wp-content\/uploads\/2024\/04\/539010_07_1-e1738073492606-150x225.jpg 150w, https:\/\/combi-pro.com\/wp-content\/uploads\/2024\/04\/539010_07_1-e1738073492606-200x300.jpg 200w, https:\/\/combi-pro.com\/wp-content\/uploads\/2024\/04\/539010_07_1-e1738073492606-8x12.jpg 8w, https:\/\/combi-pro.com\/wp-content\/uploads\/2024\/04\/539010_07_1-768x1152.jpg 768w, https:\/\/combi-pro.com\/wp-content\/uploads\/2024\/04\/539010_07_1-e1738073492606-300x450.jpg 300w, https:\/\/combi-pro.com\/wp-content\/uploads\/2024\/04\/539010_07_1-e1738073492606-64x96.jpg 64w, https:\/\/combi-pro.com\/wp-content\/uploads\/2024\/04\/539010_07_1-600x900.jpg 600w, https:\/\/combi-pro.com\/wp-content\/uploads\/2024\/04\/539010_07_1-e1738073492606.jpg 533w\" sizes=\"auto, (max-width: 683px) 100vw, 683px\">\t\t\t<\/a>\n\n\t\t\t\t\t\t<div class=\"wd-product-img-hover hover-img\">\n\t\t\t\t<img loading=\"lazy\" decoding=\"async\" width=\"683\" height=\"1024\" src=\"https:\/\/combi-pro.com\/wp-content\/uploads\/2024\/04\/539010_07_2-683x1024.jpg\" class=\"attachment-large size-large\" alt=\"\" srcset=\"https:\/\/combi-pro.com\/wp-content\/uploads\/2024\/04\/539010_07_2-683x1024.jpg 683w, https:\/\/combi-pro.com\/wp-content\/uploads\/2024\/04\/539010_07_2-e1738073503675-450x675.jpg 450w, https:\/\/combi-pro.com\/wp-content\/uploads\/2024\/04\/539010_07_2-e1738073503675-150x225.jpg 150w, https:\/\/combi-pro.com\/wp-content\/uploads\/2024\/04\/539010_07_2-e1738073503675-200x300.jpg 200w, https:\/\/combi-pro.com\/wp-content\/uploads\/2024\/04\/539010_07_2-e1738073503675-8x12.jpg 8w, https:\/\/combi-pro.com\/wp-content\/uploads\/2024\/04\/539010_07_2-e1738073503675-64x96.jpg 64w, https:\/\/combi-pro.com\/wp-content\/uploads\/2024\/04\/539010_07_2-768x1152.jpg 768w, https:\/\/combi-pro.com\/wp-content\/uploads\/2024\/04\/539010_07_2-e1738073503675-300x450.jpg 300w, https:\/\/combi-pro.com\/wp-content\/uploads\/2024\/04\/539010_07_2-600x900.jpg 600w, https:\/\/combi-pro.com\/wp-content\/uploads\/2024\/04\/539010_07_2-e1738073503675.jpg 533w\" sizes=\"auto, (max-width: 683px) 100vw, 683px\">\t\t\t<\/div>\n\t\t\t\n\t\t\t\n\n\n\n\n\n\n\t\t<\/div>\n\t\t\n\n\n\t\t<div class=\"wd-product-cats wd-loop-prod-meta wd-e98a4a67 wd-align\">\n\t\t\t\t\t\t<a href=\"https:\/\/combi-pro.com\/fr\/categoria-de-productos\/ropa-profesional\/sanidad-y-servicios\/\" rel=\"tag\">Sant\u00e9 et Services<\/a><span class=\"wd-meta-sep\">,<\/span> <a href=\"https:\/\/combi-pro.com\/fr\/categoria-de-productos\/ropa-profesional\/sanidad-y-servicios\/batas-sanidad-y-servicios\/\" rel=\"tag\">Robes<\/a><span class=\"wd-meta-sep\">,<\/span> <a href=\"https:\/\/combi-pro.com\/fr\/categoria-de-productos\/ropa-profesional\/\" rel=\"tag\">V\u00eatements Professionnels<\/a>\t\t<\/div>\n\t\t\n\n\n\t\t<h3 class=\"wd-loop-prod-title wd-entities-title wd-5342ae28 wd-align wd-line-clamp\">\n\t\t\t<a href=\"https:\/\/combi-pro.com\/fr\/tienda\/bata-microfibra-antibacteriana-unisex-539010\/\">\n\t\t\t\tBlouse professionnelle antibact\u00e9rienne en microfibre avec col chemise 539010 | VELILLA\t\t\t<\/a>\n\t\t<\/h3>\n\n\t\t\n\n\n\t\t<div class=\"wd-loop-prod-price wd-59cab364 wd-align\">\n\t\t\t\n\t<span class=\"price\"><span class=\"text-gris\">\u00c0 partir de<\/span> <span class=\"woocommerce-Price-amount amount\"><bdi>21,50&nbsp;<span class=\"woocommerce-Price-currencySymbol\" translate=\"no\">\u20ac<\/span><\/bdi><\/span> <span class=\"text-gris\">TVA incl.<\/span><\/span>\n\t\t<\/div>\n\t\t\n\t\t<div class=\"wd-add-btn-wrapp wd-6fd71854 wd-quantity-overlap\">\n\t\t\t<div class=\"wd-add-btn wd-loop-prod-btn wd-add-btn-replace\">\n\t\t\t\t\t\t\t\t\t\n<div class=\"quantity\">\n\t\n\t\t\t<button class=\"minus btn\" aria-label=\"Diminuer la quantit\u00e9\">-<\/button>\n\t\n\t<label class=\"screen-reader-text\" for=\"quantity_6a9713c0e7d5e\" data-no-translation=\"\" data-trp-gettext=\"\">quantit\u00e9 de Bata microfibra antibacteriana profesional cuello camisero 539010 | VELILLA<\/label>\n\t<input\n\t\ttype=\"number\"\n\t\t\t\tid=\"quantity_6a9713c0e7d5e\"\n\t\tclass=\"input-text qty text\"\n\t\tvalue=\"1\"\n\t\taria-label=\"Quantit\u00e9 de produits\"\n\t\t\t\tmin=\"1\"\n\t\t\t\tname=\"quantity\"\n\n\t\t\t\t\tstep=\"1\"\n\t\t\tplaceholder=\"\"\n\t\t\tinputmode=\"numeric\"\n\t\t\tautocomplete=\"off\" data-no-translation-aria-label=\"\"\n\t\t\t>\n\n\t\t\t<button class=\"plus btn\" aria-label=\"Augmenter la quantit\u00e9\" data-no-translation-aria-label=\"\">+<\/button>\n\t\n\t<\/div>\n\t\t\t\t\n\t\t\t\t<a href=\"https:\/\/combi-pro.com\/fr\/tienda\/bata-microfibra-antibacteriana-unisex-539010\/\" aria-describedby=\"woocommerce_loop_add_to_cart_link_describedby_6041\" data-quantity=\"1\" class=\"button product_type_variable add_to_cart_button cfvsw_ajax_add_to_cart add-to-cart-loop\" data-product_id=\"6041\" data-product_sku=\"\" aria-label=\"S\u00e9lectionner les options pour \u201cBata microfibra antibacteriana profesional cuello camisero 539010 | VELILLA\u201d\" rel=\"nofollow\" data-add_to_cart_text=\"Add to Cart\" data-select_options_text=\"Choix des options\" data-no-translation-aria-label=\"\" data-no-translation-data-select_options_text=\"\"><span class=\"wd-action-icon\"><span class=\"wd-check-icon\"><\/span><\/span><span class=\"wd-action-text\" data-no-translation=\"\" data-trp-gettext=\"\">Choix des options<\/span><\/a>\t<span id=\"woocommerce_loop_add_to_cart_link_describedby_6041\" class=\"screen-reader-text\">\n\t\tCe produit a plusieurs variations. Les options peuvent \u00eatre choisies sur la page du produit\t<\/span>\n\t\t\t<\/div>\n\t\t<\/div>\n\n\t\t\n<\/div>\n<\/div>\n\t\t\t\t\t\t\t\t<div class=\"wd-product wd-col wd-loop-item-38304 wd-hover-parent product type-product post-7607 status-publish last instock product_cat-batas-sanidad-y-servicios product_cat-ropa-profesional product_cat-sanidad-y-servicios has-post-thumbnail taxable shipping-taxable purchasable product-type-variable\" data-loop=\"11\" data-id=\"7607\">\n\t<div class=\"wd-product-wrapper wd-entry-content\">\n\t\t\t<div class=\"wd-loop-prod-thumb wd-product-thumb wd-368dd130 wd-hover-fade-in\">\n\t\t\t<a href=\"https:\/\/combi-pro.com\/fr\/tienda\/539002-bata-mujer\/\" class=\"wd-product-img-link\" tabindex=\"-1\" aria-label=\"Robe femme semi-ajust\u00e9e \u00e0 manches longues avec fermeture \u00e0 boutons et coupe ajust\u00e9e539002 | VELILLA\">\n\t\t\t\t<img loading=\"lazy\" decoding=\"async\" width=\"682\" height=\"1024\" src=\"https:\/\/combi-pro.com\/wp-content\/uploads\/2024\/05\/539002_07_1-682x1024.jpg\" class=\"attachment-large size-large\" alt=\"\" srcset=\"https:\/\/combi-pro.com\/wp-content\/uploads\/2024\/05\/539002_07_1-682x1024.jpg 682w, https:\/\/combi-pro.com\/wp-content\/uploads\/2024\/05\/539002_07_1-e1738251940421-450x675.jpg 450w, https:\/\/combi-pro.com\/wp-content\/uploads\/2024\/05\/539002_07_1-e1738251940421-150x225.jpg 150w, https:\/\/combi-pro.com\/wp-content\/uploads\/2024\/05\/539002_07_1-e1738251940421-200x300.jpg 200w, https:\/\/combi-pro.com\/wp-content\/uploads\/2024\/05\/539002_07_1-e1738251940421-8x12.jpg 8w, https:\/\/combi-pro.com\/wp-content\/uploads\/2024\/05\/539002_07_1-768x1153.jpg 768w, https:\/\/combi-pro.com\/wp-content\/uploads\/2024\/05\/539002_07_1-e1738251940421-300x450.jpg 300w, https:\/\/combi-pro.com\/wp-content\/uploads\/2024\/05\/539002_07_1-e1738251940421-64x96.jpg 64w, https:\/\/combi-pro.com\/wp-content\/uploads\/2024\/05\/539002_07_1-600x901.jpg 600w, https:\/\/combi-pro.com\/wp-content\/uploads\/2024\/05\/539002_07_1-e1738251940421.jpg 533w\" sizes=\"auto, (max-width: 682px) 100vw, 682px\">\t\t\t<\/a>\n\n\t\t\t\t\t\t<div class=\"wd-product-img-hover hover-img\">\n\t\t\t\t<img loading=\"lazy\" decoding=\"async\" width=\"683\" height=\"1024\" src=\"https:\/\/combi-pro.com\/wp-content\/uploads\/2024\/05\/539002_07_2-683x1024.jpg\" class=\"attachment-large size-large\" alt=\"\" srcset=\"https:\/\/combi-pro.com\/wp-content\/uploads\/2024\/05\/539002_07_2-683x1024.jpg 683w, https:\/\/combi-pro.com\/wp-content\/uploads\/2024\/05\/539002_07_2-e1738251928538-450x675.jpg 450w, https:\/\/combi-pro.com\/wp-content\/uploads\/2024\/05\/539002_07_2-e1738251928538-150x225.jpg 150w, https:\/\/combi-pro.com\/wp-content\/uploads\/2024\/05\/539002_07_2-e1738251928538-200x300.jpg 200w, https:\/\/combi-pro.com\/wp-content\/uploads\/2024\/05\/539002_07_2-e1738251928538-8x12.jpg 8w, https:\/\/combi-pro.com\/wp-content\/uploads\/2024\/05\/539002_07_2-e1738251928538-64x96.jpg 64w, https:\/\/combi-pro.com\/wp-content\/uploads\/2024\/05\/539002_07_2-e1738251928538-300x450.jpg 300w, https:\/\/combi-pro.com\/wp-content\/uploads\/2024\/05\/539002_07_2-768x1152.jpg 768w, https:\/\/combi-pro.com\/wp-content\/uploads\/2024\/05\/539002_07_2-600x900.jpg 600w, https:\/\/combi-pro.com\/wp-content\/uploads\/2024\/05\/539002_07_2-e1738251928538.jpg 533w\" sizes=\"auto, (max-width: 683px) 100vw, 683px\">\t\t\t<\/div>\n\t\t\t\n\t\t\t\n\n\n\n\n\n\n\t\t<\/div>\n\t\t\n\n\n\t\t<div class=\"wd-product-cats wd-loop-prod-meta wd-e98a4a67 wd-align\">\n\t\t\t\t\t\t<a href=\"https:\/\/combi-pro.com\/fr\/categoria-de-productos\/ropa-profesional\/sanidad-y-servicios\/\" rel=\"tag\">Sant\u00e9 et Services<\/a><span class=\"wd-meta-sep\">,<\/span> <a href=\"https:\/\/combi-pro.com\/fr\/categoria-de-productos\/ropa-profesional\/sanidad-y-servicios\/batas-sanidad-y-servicios\/\" rel=\"tag\">Robes<\/a><span class=\"wd-meta-sep\">,<\/span> <a href=\"https:\/\/combi-pro.com\/fr\/categoria-de-productos\/ropa-profesional\/\" rel=\"tag\">V\u00eatements Professionnels<\/a>\t\t<\/div>\n\t\t\n\n\n\t\t<h3 class=\"wd-loop-prod-title wd-entities-title wd-5342ae28 wd-align wd-line-clamp\">\n\t\t\t<a href=\"https:\/\/combi-pro.com\/fr\/tienda\/539002-bata-mujer\/\">\n\t\t\t\tRobe femme semi-ajust\u00e9e \u00e0 manches longues avec fermeture \u00e0 boutons et coupe ajust\u00e9e539002 | VELILLA\t\t\t<\/a>\n\t\t<\/h3>\n\n\t\t\n\n\n\t\t<div class=\"wd-loop-prod-price wd-59cab364 wd-align\">\n\t\t\t\n\t<span class=\"price\"><span class=\"text-gris\">\u00c0 partir de<\/span> <span class=\"woocommerce-Price-amount amount\"><bdi>19,97&nbsp;<span class=\"woocommerce-Price-currencySymbol\" translate=\"no\">\u20ac<\/span><\/bdi><\/span> <span class=\"text-gris\">TVA incl.<\/span><\/span>\n\t\t<\/div>\n\t\t\n\t\t<div class=\"wd-add-btn-wrapp wd-6fd71854 wd-quantity-overlap\">\n\t\t\t<div class=\"wd-add-btn wd-loop-prod-btn wd-add-btn-replace\">\n\t\t\t\t\t\t\t\t\t\n<div class=\"quantity\">\n\t\n\t\t\t<button class=\"minus btn\" aria-label=\"Diminuer la quantit\u00e9\">-<\/button>\n\t\n\t<label class=\"screen-reader-text\" for=\"quantity_6a9713c0ea89f\" data-no-translation=\"\" data-trp-gettext=\"\">quantit\u00e9 de Bata semientallada de mujer manga larga cierre con botones y corte sastre 539002 | VELILLA<\/label>\n\t<input\n\t\ttype=\"number\"\n\t\t\t\tid=\"quantity_6a9713c0ea89f\"\n\t\tclass=\"input-text qty text\"\n\t\tvalue=\"1\"\n\t\taria-label=\"Quantit\u00e9 de produits\"\n\t\t\t\tmin=\"1\"\n\t\t\t\tname=\"quantity\"\n\n\t\t\t\t\tstep=\"1\"\n\t\t\tplaceholder=\"\"\n\t\t\tinputmode=\"numeric\"\n\t\t\tautocomplete=\"off\" data-no-translation-aria-label=\"\"\n\t\t\t>\n\n\t\t\t<button class=\"plus btn\" aria-label=\"Augmenter la quantit\u00e9\" data-no-translation-aria-label=\"\">+<\/button>\n\t\n\t<\/div>\n\t\t\t\t\n\t\t\t\t<a href=\"https:\/\/combi-pro.com\/fr\/tienda\/539002-bata-mujer\/\" aria-describedby=\"woocommerce_loop_add_to_cart_link_describedby_7607\" data-quantity=\"1\" class=\"button product_type_variable add_to_cart_button cfvsw_ajax_add_to_cart add-to-cart-loop\" data-product_id=\"7607\" data-product_sku=\"\" aria-label=\"S\u00e9lectionner les options pour \u201cBata semientallada de mujer manga larga cierre con botones y corte sastre 539002 | VELILLA\u201d\" rel=\"nofollow\" data-add_to_cart_text=\"Add to Cart\" data-select_options_text=\"Choix des options\" data-no-translation-aria-label=\"\" data-no-translation-data-select_options_text=\"\"><span class=\"wd-action-icon\"><span class=\"wd-check-icon\"><\/span><\/span><span class=\"wd-action-text\" data-no-translation=\"\" data-trp-gettext=\"\">Choix des options<\/span><\/a>\t<span id=\"woocommerce_loop_add_to_cart_link_describedby_7607\" class=\"screen-reader-text\">\n\t\tCe produit a plusieurs variations. Les options peuvent \u00eatre choisies sur la page du produit\t<\/span>\n\t\t\t<\/div>\n\t\t<\/div>\n\n\t\t\n<\/div>\n<\/div>\n\t\t\t\t\t\t\t\t<div class=\"wd-product wd-col wd-loop-item-38304 wd-hover-parent product type-product post-7618 status-publish first instock product_cat-batas-sanidad-y-servicios product_cat-ropa-profesional product_cat-sanidad-y-servicios has-post-thumbnail taxable shipping-taxable purchasable product-type-variable\" data-loop=\"12\" data-id=\"7618\">\n\t<div class=\"wd-product-wrapper wd-entry-content\">\n\t\t\t<div class=\"wd-loop-prod-thumb wd-product-thumb wd-368dd130 wd-hover-fade-in\">\n\t\t\t<a href=\"https:\/\/combi-pro.com\/fr\/tienda\/bata-semientallada-de-mujer-velilla-539003\/\" class=\"wd-product-img-link\" tabindex=\"-1\" aria-label=\"Blouse professionnelle \u00e0 manches courtes pour femmes 539003 | VELILLA\">\n\t\t\t\t<img loading=\"lazy\" decoding=\"async\" width=\"683\" height=\"1024\" src=\"https:\/\/combi-pro.com\/wp-content\/uploads\/2024\/05\/539003_07_1-1-683x1024.jpg\" class=\"attachment-large size-large\" alt=\"\" srcset=\"https:\/\/combi-pro.com\/wp-content\/uploads\/2024\/05\/539003_07_1-1-683x1024.jpg 683w, https:\/\/combi-pro.com\/wp-content\/uploads\/2024\/05\/539003_07_1-1-e1738251739137-450x675.jpg 450w, https:\/\/combi-pro.com\/wp-content\/uploads\/2024\/05\/539003_07_1-1-e1738251739137-150x225.jpg 150w, https:\/\/combi-pro.com\/wp-content\/uploads\/2024\/05\/539003_07_1-1-e1738251739137-200x300.jpg 200w, https:\/\/combi-pro.com\/wp-content\/uploads\/2024\/05\/539003_07_1-1-e1738251739137-8x12.jpg 8w, https:\/\/combi-pro.com\/wp-content\/uploads\/2024\/05\/539003_07_1-1-768x1152.jpg 768w, https:\/\/combi-pro.com\/wp-content\/uploads\/2024\/05\/539003_07_1-1-e1738251739137-300x450.jpg 300w, https:\/\/combi-pro.com\/wp-content\/uploads\/2024\/05\/539003_07_1-1-e1738251739137-64x96.jpg 64w, https:\/\/combi-pro.com\/wp-content\/uploads\/2024\/05\/539003_07_1-1-600x900.jpg 600w, https:\/\/combi-pro.com\/wp-content\/uploads\/2024\/05\/539003_07_1-1-e1738251739137.jpg 533w\" sizes=\"auto, (max-width: 683px) 100vw, 683px\">\t\t\t<\/a>\n\n\t\t\t\t\t\t<div class=\"wd-product-img-hover hover-img\">\n\t\t\t\t<img loading=\"lazy\" decoding=\"async\" width=\"683\" height=\"1024\" src=\"https:\/\/combi-pro.com\/wp-content\/uploads\/2024\/05\/539003_07_2-683x1024.jpg\" class=\"attachment-large size-large\" alt=\"\" srcset=\"https:\/\/combi-pro.com\/wp-content\/uploads\/2024\/05\/539003_07_2-683x1024.jpg 683w, https:\/\/combi-pro.com\/wp-content\/uploads\/2024\/05\/539003_07_2-e1738251728677-450x675.jpg 450w, https:\/\/combi-pro.com\/wp-content\/uploads\/2024\/05\/539003_07_2-e1738251728677-150x225.jpg 150w, https:\/\/combi-pro.com\/wp-content\/uploads\/2024\/05\/539003_07_2-e1738251728677-200x300.jpg 200w, https:\/\/combi-pro.com\/wp-content\/uploads\/2024\/05\/539003_07_2-e1738251728677-8x12.jpg 8w, https:\/\/combi-pro.com\/wp-content\/uploads\/2024\/05\/539003_07_2-e1738251728677-64x96.jpg 64w, https:\/\/combi-pro.com\/wp-content\/uploads\/2024\/05\/539003_07_2-e1738251728677-300x450.jpg 300w, https:\/\/combi-pro.com\/wp-content\/uploads\/2024\/05\/539003_07_2-768x1152.jpg 768w, https:\/\/combi-pro.com\/wp-content\/uploads\/2024\/05\/539003_07_2-600x900.jpg 600w, https:\/\/combi-pro.com\/wp-content\/uploads\/2024\/05\/539003_07_2-e1738251728677.jpg 533w\" sizes=\"auto, (max-width: 683px) 100vw, 683px\">\t\t\t<\/div>\n\t\t\t\n\t\t\t\n\n\n\n\n\n\n\t\t<\/div>\n\t\t\n\n\n\t\t<div class=\"wd-product-cats wd-loop-prod-meta wd-e98a4a67 wd-align\">\n\t\t\t\t\t\t<a href=\"https:\/\/combi-pro.com\/fr\/categoria-de-productos\/ropa-profesional\/sanidad-y-servicios\/\" rel=\"tag\">Sant\u00e9 et Services<\/a><span class=\"wd-meta-sep\">,<\/span> <a href=\"https:\/\/combi-pro.com\/fr\/categoria-de-productos\/ropa-profesional\/sanidad-y-servicios\/batas-sanidad-y-servicios\/\" rel=\"tag\">Robes<\/a><span class=\"wd-meta-sep\">,<\/span> <a href=\"https:\/\/combi-pro.com\/fr\/categoria-de-productos\/ropa-profesional\/\" rel=\"tag\">V\u00eatements Professionnels<\/a>\t\t<\/div>\n\t\t\n\n\n\t\t<h3 class=\"wd-loop-prod-title wd-entities-title wd-5342ae28 wd-align wd-line-clamp\">\n\t\t\t<a href=\"https:\/\/combi-pro.com\/fr\/tienda\/bata-semientallada-de-mujer-velilla-539003\/\">\n\t\t\t\tBlouse professionnelle \u00e0 manches courtes pour femmes 539003 | VELILLA\t\t\t<\/a>\n\t\t<\/h3>\n\n\t\t\n\n\n\t\t<div class=\"wd-loop-prod-price wd-59cab364 wd-align\">\n\t\t\t\n\t<span class=\"price\"><span class=\"text-gris\">\u00c0 partir de<\/span> <span class=\"woocommerce-Price-amount amount\"><bdi>17,90&nbsp;<span class=\"woocommerce-Price-currencySymbol\" translate=\"no\">\u20ac<\/span><\/bdi><\/span> <span class=\"text-gris\">TVA incl.<\/span><\/span>\n\t\t<\/div>\n\t\t\n\t\t<div class=\"wd-add-btn-wrapp wd-6fd71854 wd-quantity-overlap\">\n\t\t\t<div class=\"wd-add-btn wd-loop-prod-btn wd-add-btn-replace\">\n\t\t\t\t\t\t\t\t\t\n<div class=\"quantity\">\n\t\n\t\t\t<button class=\"minus btn\" aria-label=\"Diminuer la quantit\u00e9\">-<\/button>\n\t\n\t<label class=\"screen-reader-text\" for=\"quantity_6a9713c0ed265\" data-no-translation=\"\" data-trp-gettext=\"\">quantit\u00e9 de Bata semientallada de mujer profesional manga corta 539003 | VELILLA<\/label>\n\t<input\n\t\ttype=\"number\"\n\t\t\t\tid=\"quantity_6a9713c0ed265\"\n\t\tclass=\"input-text qty text\"\n\t\tvalue=\"1\"\n\t\taria-label=\"Quantit\u00e9 de produits\"\n\t\t\t\tmin=\"1\"\n\t\t\t\tname=\"quantity\"\n\n\t\t\t\t\tstep=\"1\"\n\t\t\tplaceholder=\"\"\n\t\t\tinputmode=\"numeric\"\n\t\t\tautocomplete=\"off\" data-no-translation-aria-label=\"\"\n\t\t\t>\n\n\t\t\t<button class=\"plus btn\" aria-label=\"Augmenter la quantit\u00e9\" data-no-translation-aria-label=\"\">+<\/button>\n\t\n\t<\/div>\n\t\t\t\t\n\t\t\t\t<a href=\"https:\/\/combi-pro.com\/fr\/tienda\/bata-semientallada-de-mujer-velilla-539003\/\" aria-describedby=\"woocommerce_loop_add_to_cart_link_describedby_7618\" data-quantity=\"1\" class=\"button product_type_variable add_to_cart_button cfvsw_ajax_add_to_cart add-to-cart-loop\" data-product_id=\"7618\" data-product_sku=\"\" aria-label=\"S\u00e9lectionner les options pour \u201cBata semientallada de mujer profesional manga corta 539003 | VELILLA\u201d\" rel=\"nofollow\" data-add_to_cart_text=\"Add to Cart\" data-select_options_text=\"Choix des options\" data-no-translation-aria-label=\"\" data-no-translation-data-select_options_text=\"\"><span class=\"wd-action-icon\"><span class=\"wd-check-icon\"><\/span><\/span><span class=\"wd-action-text\" data-no-translation=\"\" data-trp-gettext=\"\">Choix des options<\/span><\/a>\t<span id=\"woocommerce_loop_add_to_cart_link_describedby_7618\" class=\"screen-reader-text\">\n\t\tCe produit a plusieurs variations. Les options peuvent \u00eatre choisies sur la page du produit\t<\/span>\n\t\t\t<\/div>\n\t\t<\/div>\n\n\t\t\n<\/div>\n<\/div>\n\t\t\n\t\t\t\t<\/div>\n\t\n\t\t\n\t\t\n\t\t\t\t\t<\/div>\n\t\t\n\t\t\n\t\t\t\t\t<\/div>\n\t\t\t\t\t\t\t\t\t<\/div>\n\t\t\t\t\t\t<\/div>\n\t\t\t\t<\/div>\n\t\t\t\t\t<\/div>\n\t\t\t\t<\/div>\n\t\t<div class=\"wd-negative-gap elementor-element elementor-element-e226794 e-flex e-con-boxed e-con e-parent\" data-id=\"e226794\" data-element_type=\"container\" data-e-type=\"container\">\n\t\t\t\t\t<div class=\"e-con-inner\">\n\t\t\t\t<div class=\"elementor-element elementor-element-049122e elementor-widget__width-auto wd-width-100 elementor-widget elementor-widget-wd_title\" data-id=\"049122e\" data-element_type=\"widget\" data-e-type=\"widget\" data-widget_type=\"wd_title.default\">\n\t\t\t\t<div class=\"elementor-widget-container\">\n\t\t\t\t\t\t\t<div class=\"title-wrapper wd-set-mb reset-last-child wd-title-color-default wd-title-style-default wd-title-size-default text-left\">\n\n\t\t\t\n\t\t\t<div class=\"liner-continer\">\n\t\t\t\t<h4 class=\"woodmart-title-container title wd-fontsize-l wd-underline-gradient\"><u>Populaire<\/u> dans la cat\u00e9gorie Appareils \u00e9lectrom\u00e9nagers<\/h4> \n\t\t\t\t\t\t\t<\/div>\n\n\t\t\t\t\t<\/div>\n\t\t\t\t\t\t<\/div>\n\t\t\t\t<\/div>\n\t\t\t\t<div class=\"elementor-element elementor-element-a3dc850 elementor-widget elementor-widget-wd_button\" data-id=\"a3dc850\" data-element_type=\"widget\" data-e-type=\"widget\" data-widget_type=\"wd_button.default\">\n\t\t\t\t<div class=\"elementor-widget-container\">\n\t\t\t\t\t\t\t<div class=\"wd-button-wrapper text-center\" >\n\t\t\t<a class=\"btn btn-style-default btn-shape-round btn-size-default btn-icon-pos-right\"  href=\"#\">\n\t\t\t\t<span class=\"wd-btn-text\" data-elementor-setting-key=\"text\">\n\t\t\t\t\tTous les produits\t\t\t\t<\/span>\n\n\t\t\t\t\t\t\t\t\t<span class=\"wd-btn-icon\">\n\t\t\t\t\t\t<img  loading=\"lazy\" width=\"12\" height=\"12\">\t\t\t\t\t<\/span>\n\t\t\t\t\t\t\t<\/a>\n\t\t<\/div>\n\t\t\t\t\t\t<\/div>\n\t\t\t\t<\/div>\n\t\t\t\t<div class=\"elementor-element elementor-element-17727d9 wd-width-100 elementor-widget elementor-widget-wd_products\" data-id=\"17727d9\" data-element_type=\"widget\" data-e-type=\"widget\" data-widget_type=\"wd_products.default\">\n\t\t\t\t<div class=\"elementor-widget-container\">\n\t\t\t\t\t\t\t\t<style id=\"wd-style-blocks-38304-inline-css\" data-type=\"wd-style-blocks-38304\">\n\t\t\t\t.wd.wd .wd-5ad4f35a{top: 10px;left: 10px;}.wd.wd .wd-1d07dd2d{--wd-action-icon-size: 18px;transition: var(--wd-trans-main, all .25s ease), transform 0.3s, var(--wd-trans-last, last .25s ease);--wd-transform-scaleX: 0.6;--wd-transform-scaleY: 0.6;}.wd.wd .wd-1d07dd2d.wd-action-btn > a{padding: 12px 14px 12px 14px;}.wd.wd .wd-hover-parent:hover .wd-1d07dd2d{--wd-transform-scaleX: 1;--wd-transform-scaleY: 1;}.wd.wd .wd-3be97fbf{--wd-action-icon-size: 18px;transition: var(--wd-trans-main, all .25s ease), transform 0.3s, var(--wd-trans-last, last .25s ease);--wd-transform-scaleX: 0.6;--wd-transform-scaleY: 0.6;}.wd.wd .wd-3be97fbf > a{padding: 12px 14px 12px 14px;}.wd.wd .wd-hover-parent:hover .wd-3be97fbf{--wd-transform-scaleX: 1;--wd-transform-scaleY: 1;}.wd.wd .wd-33f6565d{--wd-action-icon-size: 18px;transition: var(--wd-trans-main, all .25s ease), transform 0.3s, var(--wd-trans-last, last .25s ease);--wd-transform-scaleX: 0.6;--wd-transform-scaleY: 0.6;}.wd.wd .wd-33f6565d > a{padding: 12px 14px 12px 14px;}.wd.wd .wd-hover-parent:hover .wd-33f6565d{--wd-transform-scaleX: 1;--wd-transform-scaleY: 1;}.wd.wd .wd-64a0fc58{--wd-row-gap: 0px;transition: var(--wd-trans-main, all .25s ease), transform 0.3s, visibility 0.3s, opacity 0.3s, var(--wd-trans-last, last .25s ease);top: 5px;right: 5px;opacity: 0;--wd-width: fit-content;}.wd.wd .wd-hover-parent:hover .wd-64a0fc58{opacity: 1;}.wd.wd .wd-368dd130{margin-bottom: 0px;border-radius: var(u002du002dwd-brd-radius) var(u002du002dwd-brd-radius) 0px 0px;}.wd.wd .wd-e98a4a67{--wd-align: var(--wd-center);--wd-link-color-hover: var(u002du002dwd-alternative-color);}.wd.wd .wd-f1792315{flex: 0 0 auto;}.wd.wd .wd-325811a4{justify-content: center;align-items: center;align-content: center;flex-wrap: wrap;}.wd.wd .wd-5342ae28{--wd-align: var(--wd-center);--wd-line-count: 2;font-family: 'Poppins';font-weight: 600;font-size: 15px;}.wd.wd .wd-5342ae28 a{color: var(u002du002dwd-primary-color);}.wd.wd .wd-5342ae28:hover a{color: var(u002du002dwd-alternative-color);}.wd.wd .wd-2fe21a7f{align-items: center;align-content: center;padding: 15px;margin-bottom: 0px;}.wd.wd .wd-59cab364{--wd-align: var(--wd-center);}.wd.wd .wd-59cab364 .price{font-family: 'Poppins';font-weight: 600;font-size: 14px;}.wd.wd .wd-6fd71854{--wd-align: var(--wd-center);}.wd.wd .wd-5b91211b{justify-content: center;align-items: center;align-content: center;flex-wrap: wrap;--wd-align: var(--wd-center);padding: 15px;margin-top: auto;margin-bottom: 0;border-style: solid;border-color: rgba(0,0,0,0.11);border-width: 1px 0px 0px 0px;}@media (max-width: 1024px) {.wd.wd .wd-1d07dd2d{--wd-transform-scaleX: 1;--wd-transform-scaleY: 1;opacity: 1;}.wd.wd .wd-3be97fbf{--wd-transform-scaleX: 1;--wd-transform-scaleY: 1;opacity: 1;}.wd.wd .wd-33f6565d{--wd-transform-scaleX: 1;--wd-transform-scaleY: 1;opacity: 1;}.wd.wd .wd-64a0fc58{--wd-transform-translateX: 0px;opacity: 1;}}\t\t\t<\/style>\n\t\t\t\t\t\t\n\t\t\t<div id=\"carousel-952\" class=\"wd-carousel-container  wd-products-element wd-products products wd-loop-builder-on wd-loop-item-wrap-38304 title-line-two\">\n\t\t\t\t\n\t\t\t\t\t\t\t\n\t\t\t\t<div class=\"wd-carousel-inner\">\n\t\t\t\t\t<div class=\"wd-carousel wd-grid\" data-scroll_per_page=\"yes\" style=\"--wd-col-lg:6;--wd-col-md:4;--wd-col-sm:2;--wd-gap-lg:20px;--wd-gap-sm:10px;\">\n\t\t\t\t\t\t<div class=\"wd-carousel-wrap\">\n\t\t\t\t\t\t\t\t\t<div class=\"wd-carousel-item\">\n\t\t\t\t\t\t\t\t\t\t\t<div class=\"wd-product wd-loop-item-38304 wd-hover-parent product type-product post-6418 status-publish instock product_cat-alta-visibilidad product_cat-ropa-profesional product_cat-trajes-de-lluvia-alta-visibilidad has-post-thumbnail taxable shipping-taxable purchasable product-type-variable has-default-attributes\" data-loop=\"1\" data-id=\"6418\">\n\t<div class=\"wd-product-wrapper wd-entry-content\">\n\t\t\t<div class=\"wd-loop-prod-thumb wd-product-thumb wd-368dd130 wd-hover-fade-in\">\n\t\t\t<a href=\"https:\/\/combi-pro.com\/fr\/tienda\/traje-de-lluvia-de-trabajo-alta-visibilidad\/\" class=\"wd-product-img-link\" tabindex=\"-1\" aria-label=\"Combinaison de travail imperm\u00e9able haute visibilit\u00e9 avec capuche dissimul\u00e9e 189 | VELILLA\">\n\t\t\t\t<img loading=\"lazy\" decoding=\"async\" width=\"683\" height=\"1024\" src=\"https:\/\/combi-pro.com\/wp-content\/uploads\/2024\/04\/189_19_1_1000-683x1024.jpg\" class=\"attachment-large size-large\" alt=\"Combinaison de travail imperm\u00e9able haute visibilit\u00e9 avec capuche dissimul\u00e9e 189 VELILLA\" srcset=\"https:\/\/combi-pro.com\/wp-content\/uploads\/2024\/04\/189_19_1_1000-683x1024.jpg 683w, https:\/\/combi-pro.com\/wp-content\/uploads\/2024\/04\/189_19_1_1000-200x300.jpg 200w, https:\/\/combi-pro.com\/wp-content\/uploads\/2024\/04\/189_19_1_1000-768x1152.jpg 768w, https:\/\/combi-pro.com\/wp-content\/uploads\/2024\/04\/189_19_1_1000-8x12.jpg 8w, https:\/\/combi-pro.com\/wp-content\/uploads\/2024\/04\/189_19_1_1000-450x675.jpg 450w, https:\/\/combi-pro.com\/wp-content\/uploads\/2024\/04\/189_19_1_1000-800x1200.jpg 800w, https:\/\/combi-pro.com\/wp-content\/uploads\/2024\/04\/189_19_1_1000-150x225.jpg 150w, https:\/\/combi-pro.com\/wp-content\/uploads\/2024\/04\/189_19_1_1000.jpg 1000w\" sizes=\"auto, (max-width: 683px) 100vw, 683px\" \/>\t\t\t<\/a>\n\n\t\t\t\t\t\t<div class=\"wd-product-img-hover hover-img\">\n\t\t\t\t<img loading=\"lazy\" decoding=\"async\" width=\"683\" height=\"1024\" src=\"https:\/\/combi-pro.com\/wp-content\/uploads\/2024\/04\/189_19_2-683x1024.jpg\" class=\"attachment-large size-large\" alt=\"\" srcset=\"https:\/\/combi-pro.com\/wp-content\/uploads\/2024\/04\/189_19_2-683x1024.jpg 683w, https:\/\/combi-pro.com\/wp-content\/uploads\/2024\/04\/189_19_2-e1738078073955-450x675.jpg 450w, https:\/\/combi-pro.com\/wp-content\/uploads\/2024\/04\/189_19_2-e1738078073955-150x225.jpg 150w, https:\/\/combi-pro.com\/wp-content\/uploads\/2024\/04\/189_19_2-e1738078073955-200x300.jpg 200w, https:\/\/combi-pro.com\/wp-content\/uploads\/2024\/04\/189_19_2-e1738078073955-8x12.jpg 8w, https:\/\/combi-pro.com\/wp-content\/uploads\/2024\/04\/189_19_2-e1738078073955-64x96.jpg 64w, https:\/\/combi-pro.com\/wp-content\/uploads\/2024\/04\/189_19_2-768x1152.jpg 768w, https:\/\/combi-pro.com\/wp-content\/uploads\/2024\/04\/189_19_2-e1738078073955-300x450.jpg 300w, https:\/\/combi-pro.com\/wp-content\/uploads\/2024\/04\/189_19_2-600x900.jpg 600w, https:\/\/combi-pro.com\/wp-content\/uploads\/2024\/04\/189_19_2-e1738078073955.jpg 533w\" sizes=\"auto, (max-width: 683px) 100vw, 683px\">\t\t\t<\/div>\n\t\t\t\n\t\t\t\n\n\n\n\n\n\n\t\t<\/div>\n\t\t\n\n\n\t\t<div class=\"wd-product-cats wd-loop-prod-meta wd-e98a4a67 wd-align\">\n\t\t\t\t\t\t<a href=\"https:\/\/combi-pro.com\/fr\/categoria-de-productos\/ropa-profesional\/\" rel=\"tag\">V\u00eatements Professionnels<\/a><span class=\"wd-meta-sep\">,<\/span> <a href=\"https:\/\/combi-pro.com\/fr\/categoria-de-productos\/ropa-profesional\/alta-visibilidad\/\" rel=\"tag\">Haute Visibilit\u00e9<\/a><span class=\"wd-meta-sep\">,<\/span> <a href=\"https:\/\/combi-pro.com\/fr\/categoria-de-productos\/ropa-profesional\/alta-visibilidad\/trajes-de-lluvia-alta-visibilidad\/\" rel=\"tag\">Combinaisons de pluie<\/a>\t\t<\/div>\n\t\t\n\n\n\t\t<h3 class=\"wd-loop-prod-title wd-entities-title wd-5342ae28 wd-align wd-line-clamp\">\n\t\t\t<a href=\"https:\/\/combi-pro.com\/fr\/tienda\/traje-de-lluvia-de-trabajo-alta-visibilidad\/\">\n\t\t\t\tCombinaison de travail imperm\u00e9able haute visibilit\u00e9 avec capuche dissimul\u00e9e 189 | VELILLA\t\t\t<\/a>\n\t\t<\/h3>\n\n\t\t\n\n\n\t\t<div class=\"wd-loop-prod-price wd-59cab364 wd-align\">\n\t\t\t\n\t<span class=\"price\"><span class=\"text-gris\">\u00c0 partir de<\/span> <span class=\"woocommerce-Price-amount amount\"><bdi>33,65&nbsp;<span class=\"woocommerce-Price-currencySymbol\" translate=\"no\">\u20ac<\/span><\/bdi><\/span> <span class=\"text-gris\">TVA incl.<\/span><\/span>\n\t\t<\/div>\n\t\t\n\t\t<div class=\"wd-add-btn-wrapp wd-6fd71854 wd-quantity-overlap\">\n\t\t\t<div class=\"wd-add-btn wd-loop-prod-btn wd-add-btn-replace\">\n\t\t\t\t\t\t\t\t\t\n<div class=\"quantity\">\n\t\n\t\t\t<button class=\"minus btn\" aria-label=\"Diminuer la quantit\u00e9\">-<\/button>\n\t\n\t<label class=\"screen-reader-text\" for=\"quantity_6a9713c1077a0\" data-no-translation=\"\" data-trp-gettext=\"\">quantit\u00e9 de Traje de lluvia de trabajo alta visibilidad con capucha oculta 189 | VELILLA<\/label>\n\t<input\n\t\ttype=\"number\"\n\t\t\t\tid=\"quantity_6a9713c1077a0\"\n\t\tclass=\"input-text qty text\"\n\t\tvalue=\"1\"\n\t\taria-label=\"Quantit\u00e9 de produits\"\n\t\t\t\tmin=\"1\"\n\t\t\t\tname=\"quantity\"\n\n\t\t\t\t\tstep=\"1\"\n\t\t\tplaceholder=\"\"\n\t\t\tinputmode=\"numeric\"\n\t\t\tautocomplete=\"off\" data-no-translation-aria-label=\"\"\n\t\t\t>\n\n\t\t\t<button class=\"plus btn\" aria-label=\"Augmenter la quantit\u00e9\" data-no-translation-aria-label=\"\">+<\/button>\n\t\n\t<\/div>\n\t\t\t\t\n\t\t\t\t<a href=\"https:\/\/combi-pro.com\/fr\/tienda\/traje-de-lluvia-de-trabajo-alta-visibilidad\/\" aria-describedby=\"woocommerce_loop_add_to_cart_link_describedby_6418\" data-quantity=\"1\" class=\"button product_type_variable add_to_cart_button cfvsw_ajax_add_to_cart add-to-cart-loop\" data-product_id=\"6418\" data-product_sku=\"\" aria-label=\"S\u00e9lectionner les options pour \u201cTraje de lluvia de trabajo alta visibilidad con capucha oculta 189 | VELILLA\u201d\" rel=\"nofollow\" data-add_to_cart_text=\"Add to Cart\" data-select_options_text=\"Choix des options\" data-no-translation-aria-label=\"\" data-no-translation-data-select_options_text=\"\"><span class=\"wd-action-icon\"><span class=\"wd-check-icon\"><\/span><\/span><span class=\"wd-action-text\" data-no-translation=\"\" data-trp-gettext=\"\">Choix des options<\/span><\/a>\t<span id=\"woocommerce_loop_add_to_cart_link_describedby_6418\" class=\"screen-reader-text\">\n\t\tCe produit a plusieurs variations. Les options peuvent \u00eatre choisies sur la page du produit\t<\/span>\n\t\t\t<\/div>\n\t\t<\/div>\n\n\t\t\n<\/div>\n<\/div>\n\t\t\t\t\t<\/div>\n\t\t\t\t<div class=\"wd-carousel-item\">\n\t\t\t\t\t\t\t\t\t\t\t<div class=\"wd-product wd-loop-item-38304 wd-hover-parent product type-product post-10819 status-publish instock product_cat-complementos-hosteleria product_cat-hosteleria product_cat-ropa-profesional has-post-thumbnail taxable shipping-taxable purchasable product-type-variable has-default-attributes\" data-loop=\"2\" data-id=\"10819\">\n\t<div class=\"wd-product-wrapper wd-entry-content\">\n\t\t\t<div class=\"wd-loop-prod-thumb wd-product-thumb wd-368dd130 wd-hover-fade-in\">\n\t\t\t<a href=\"https:\/\/combi-pro.com\/fr\/tienda\/404008-tirantes\/\" class=\"wd-product-img-link\" tabindex=\"-1\" aria-label=\"Bretelles \u00e9lastiques avec clips 404008 | VELILLA\">\n\t\t\t\t<img loading=\"lazy\" decoding=\"async\" width=\"507\" height=\"800\" src=\"https:\/\/combi-pro.com\/wp-content\/uploads\/2024\/06\/404008_00_1-e1737918588178.jpg\" class=\"attachment-large size-large\" alt=\"\" srcset=\"https:\/\/combi-pro.com\/wp-content\/uploads\/2024\/06\/404008_00_1-e1737918588178.jpg 507w, https:\/\/combi-pro.com\/wp-content\/uploads\/2024\/06\/404008_00_1-e1737918588178-150x237.jpg 150w, https:\/\/combi-pro.com\/wp-content\/uploads\/2024\/06\/404008_00_1-e1737918588178-190x300.jpg 190w, https:\/\/combi-pro.com\/wp-content\/uploads\/2024\/06\/404008_00_1-e1737918588178-8x12.jpg 8w, https:\/\/combi-pro.com\/wp-content\/uploads\/2024\/06\/404008_00_1-e1737918588178-64x101.jpg 64w\" sizes=\"auto, (max-width: 507px) 100vw, 507px\">\t\t\t<\/a>\n\n\t\t\t\n\t\t\t\n\n\n\n\n\n\n\t\t<\/div>\n\t\t\n\n\n\t\t<div class=\"wd-product-cats wd-loop-prod-meta wd-e98a4a67 wd-align\">\n\t\t\t\t\t\t<a href=\"https:\/\/combi-pro.com\/fr\/categoria-de-productos\/ropa-profesional\/hosteleria\/\" rel=\"tag\">H\u00f4tellerie<\/a><span class=\"wd-meta-sep\">,<\/span> <a href=\"https:\/\/combi-pro.com\/fr\/categoria-de-productos\/ropa-profesional\/hosteleria\/complementos-hosteleria\/\" rel=\"tag\">Compl\u00e9ments<\/a><span class=\"wd-meta-sep\">,<\/span> <a href=\"https:\/\/combi-pro.com\/fr\/categoria-de-productos\/ropa-profesional\/\" rel=\"tag\">V\u00eatements Professionnels<\/a>\t\t<\/div>\n\t\t\n\n\n\t\t<h3 class=\"wd-loop-prod-title wd-entities-title wd-5342ae28 wd-align wd-line-clamp\">\n\t\t\t<a href=\"https:\/\/combi-pro.com\/fr\/tienda\/404008-tirantes\/\">\n\t\t\t\tBretelles \u00e9lastiques avec clips 404008 | VELILLA\t\t\t<\/a>\n\t\t<\/h3>\n\n\t\t\n\n\n\t\t<div class=\"wd-loop-prod-price wd-59cab364 wd-align\">\n\t\t\t\n\t<span class=\"price\"><span class=\"text-gris\">\u00c0 partir de<\/span> <span class=\"woocommerce-Price-amount amount\"><bdi>14,84&nbsp;<span class=\"woocommerce-Price-currencySymbol\" translate=\"no\">\u20ac<\/span><\/bdi><\/span> <span class=\"text-gris\">TVA incl.<\/span><\/span>\n\t\t<\/div>\n\t\t\n\t\t<div class=\"wd-add-btn-wrapp wd-6fd71854 wd-quantity-overlap\">\n\t\t\t<div class=\"wd-add-btn wd-loop-prod-btn wd-add-btn-replace\">\n\t\t\t\t\t\t\t\t\t\n<div class=\"quantity\">\n\t\n\t\t\t<button class=\"minus btn\" aria-label=\"Diminuer la quantit\u00e9\">-<\/button>\n\t\n\t<label class=\"screen-reader-text\" for=\"quantity_6a9713c109e06\" data-no-translation=\"\" data-trp-gettext=\"\">quantit\u00e9 de Tirantes el\u00e1sticos con pinzas 404008 | VELILLA<\/label>\n\t<input\n\t\ttype=\"number\"\n\t\t\t\tid=\"quantity_6a9713c109e06\"\n\t\tclass=\"input-text qty text\"\n\t\tvalue=\"1\"\n\t\taria-label=\"Quantit\u00e9 de produits\"\n\t\t\t\tmin=\"1\"\n\t\t\t\tname=\"quantity\"\n\n\t\t\t\t\tstep=\"1\"\n\t\t\tplaceholder=\"\"\n\t\t\tinputmode=\"numeric\"\n\t\t\tautocomplete=\"off\" data-no-translation-aria-label=\"\"\n\t\t\t>\n\n\t\t\t<button class=\"plus btn\" aria-label=\"Augmenter la quantit\u00e9\" data-no-translation-aria-label=\"\">+<\/button>\n\t\n\t<\/div>\n\t\t\t\t\n\t\t\t\t<a href=\"https:\/\/combi-pro.com\/fr\/tienda\/404008-tirantes\/\" aria-describedby=\"woocommerce_loop_add_to_cart_link_describedby_10819\" data-quantity=\"1\" class=\"button product_type_variable add_to_cart_button cfvsw_ajax_add_to_cart add-to-cart-loop\" data-product_id=\"10819\" data-product_sku=\"\" aria-label=\"S\u00e9lectionner les options pour \u201cTirantes el\u00e1sticos con pinzas 404008 | VELILLA\u201d\" rel=\"nofollow\" data-add_to_cart_text=\"Add to Cart\" data-select_options_text=\"Choix des options\" data-no-translation-aria-label=\"\" data-no-translation-data-select_options_text=\"\"><span class=\"wd-action-icon\"><span class=\"wd-check-icon\"><\/span><\/span><span class=\"wd-action-text\" data-no-translation=\"\" data-trp-gettext=\"\">Choix des options<\/span><\/a>\t<span id=\"woocommerce_loop_add_to_cart_link_describedby_10819\" class=\"screen-reader-text\">\n\t\tCe produit a plusieurs variations. Les options peuvent \u00eatre choisies sur la page du produit\t<\/span>\n\t\t\t<\/div>\n\t\t<\/div>\n\n\t\t\n<\/div>\n<\/div>\n\t\t\t\t\t<\/div>\n\t\t\t\t<div class=\"wd-carousel-item\">\n\t\t\t\t\t\t\t\t\t\t\t<div class=\"wd-product wd-loop-item-38304 wd-hover-parent product type-product post-34642 status-publish last instock product_cat-textil-promocional product_cat-gama-natura product_cat-sudaderas-textil-promocional has-post-thumbnail taxable shipping-taxable purchasable product-type-variable has-default-attributes\" data-loop=\"3\" data-id=\"34642\">\n\t<div class=\"wd-product-wrapper wd-entry-content\">\n\t\t\t<div class=\"wd-loop-prod-thumb wd-product-thumb wd-368dd130 wd-hover-fade-in\">\n\t\t\t<a href=\"https:\/\/combi-pro.com\/fr\/tienda\/sudadera-unisex-media-cremallera-hervey-sq270u-mukua\/\" class=\"wd-product-img-link\" tabindex=\"-1\" aria-label=\"HERVEY SQ270U sweat-shirt unisexe demi-fermeture \u00e9clair | MUKUA\">\n\t\t\t\t<img loading=\"lazy\" decoding=\"async\" width=\"600\" height=\"900\" src=\"https:\/\/combi-pro.com\/wp-content\/uploads\/2026\/02\/SQ270U_309_01_600.webp\" class=\"attachment-large size-large\" alt=\"\" srcset=\"https:\/\/combi-pro.com\/wp-content\/uploads\/2026\/02\/SQ270U_309_01_600.webp 600w, https:\/\/combi-pro.com\/wp-content\/uploads\/2026\/02\/SQ270U_309_01_600-200x300.webp 200w, https:\/\/combi-pro.com\/wp-content\/uploads\/2026\/02\/SQ270U_309_01_600-8x12.webp 8w, https:\/\/combi-pro.com\/wp-content\/uploads\/2026\/02\/SQ270U_309_01_600-450x675.webp 450w, https:\/\/combi-pro.com\/wp-content\/uploads\/2026\/02\/SQ270U_309_01_600-150x225.webp 150w, https:\/\/combi-pro.com\/wp-content\/uploads\/2026\/02\/SQ270U_309_01_600-64x96.webp 64w\" sizes=\"auto, (max-width: 600px) 100vw, 600px\">\t\t\t<\/a>\n\n\t\t\t\t\t\t<div class=\"wd-product-img-hover hover-img\">\n\t\t\t\t<img loading=\"lazy\" decoding=\"async\" width=\"600\" height=\"900\" src=\"https:\/\/combi-pro.com\/wp-content\/uploads\/2026\/02\/SQ270U_309_02_600.webp\" class=\"attachment-large size-large\" alt=\"\" srcset=\"https:\/\/combi-pro.com\/wp-content\/uploads\/2026\/02\/SQ270U_309_02_600.webp 600w, https:\/\/combi-pro.com\/wp-content\/uploads\/2026\/02\/SQ270U_309_02_600-200x300.webp 200w, https:\/\/combi-pro.com\/wp-content\/uploads\/2026\/02\/SQ270U_309_02_600-8x12.webp 8w, https:\/\/combi-pro.com\/wp-content\/uploads\/2026\/02\/SQ270U_309_02_600-450x675.webp 450w, https:\/\/combi-pro.com\/wp-content\/uploads\/2026\/02\/SQ270U_309_02_600-150x225.webp 150w, https:\/\/combi-pro.com\/wp-content\/uploads\/2026\/02\/SQ270U_309_02_600-64x96.webp 64w\" sizes=\"auto, (max-width: 600px) 100vw, 600px\">\t\t\t<\/div>\n\t\t\t\n\t\t\t\n\n\n\n\n\n\n\t\t<\/div>\n\t\t\n\n\n\t\t<div class=\"wd-product-cats wd-loop-prod-meta wd-e98a4a67 wd-align\">\n\t\t\t\t\t\t<a href=\"https:\/\/combi-pro.com\/fr\/categoria-de-productos\/textil-promocional\/\" rel=\"tag\">Textile Promotionnel<\/a><span class=\"wd-meta-sep\">,<\/span> <a href=\"https:\/\/combi-pro.com\/fr\/categoria-de-productos\/textil-promocional\/gama-natura\/\" rel=\"tag\">Gamme Natura<\/a><span class=\"wd-meta-sep\">,<\/span> <a href=\"https:\/\/combi-pro.com\/fr\/categoria-de-productos\/textil-promocional\/sudaderas-textil-promocional\/\" rel=\"tag\">Sweats \u00e0 capuche<\/a>\t\t<\/div>\n\t\t\n\n\n\t\t<h3 class=\"wd-loop-prod-title wd-entities-title wd-5342ae28 wd-align wd-line-clamp\">\n\t\t\t<a href=\"https:\/\/combi-pro.com\/fr\/tienda\/sudadera-unisex-media-cremallera-hervey-sq270u-mukua\/\">\n\t\t\t\tHERVEY SQ270U sweat-shirt unisexe demi-fermeture \u00e9clair | MUKUA\t\t\t<\/a>\n\t\t<\/h3>\n\n\t\t\n\n\n\t\t<div class=\"wd-loop-prod-price wd-59cab364 wd-align\">\n\t\t\t\n\t<span class=\"price\"><span class=\"text-gris\">\u00c0 partir de<\/span> <span class=\"woocommerce-Price-amount amount\"><bdi>13,67&nbsp;<span class=\"woocommerce-Price-currencySymbol\" translate=\"no\">\u20ac<\/span><\/bdi><\/span> <span class=\"text-gris\">TVA incl.<\/span><\/span>\n\t\t<\/div>\n\t\t\n\t\t<div class=\"wd-add-btn-wrapp wd-6fd71854 wd-quantity-overlap\">\n\t\t\t<div class=\"wd-add-btn wd-loop-prod-btn wd-add-btn-replace\">\n\t\t\t\t\t\t\t\t\t\n<div class=\"quantity\">\n\t\n\t\t\t<button class=\"minus btn\" aria-label=\"Diminuer la quantit\u00e9\">-<\/button>\n\t\n\t<label class=\"screen-reader-text\" for=\"quantity_6a9713c12ac17\" data-no-translation=\"\" data-trp-gettext=\"\">quantit\u00e9 de Sudadera unisex media cremallera HERVEY SQ270U | MUKUA<\/label>\n\t<input\n\t\ttype=\"number\"\n\t\t\t\tid=\"quantity_6a9713c12ac17\"\n\t\tclass=\"input-text qty text\"\n\t\tvalue=\"1\"\n\t\taria-label=\"Quantit\u00e9 de produits\"\n\t\t\t\tmin=\"1\"\n\t\t\t\tname=\"quantity\"\n\n\t\t\t\t\tstep=\"1\"\n\t\t\tplaceholder=\"\"\n\t\t\tinputmode=\"numeric\"\n\t\t\tautocomplete=\"off\" data-no-translation-aria-label=\"\"\n\t\t\t>\n\n\t\t\t<button class=\"plus btn\" aria-label=\"Augmenter la quantit\u00e9\" data-no-translation-aria-label=\"\">+<\/button>\n\t\n\t<\/div>\n\t\t\t\t\n\t\t\t\t<a href=\"https:\/\/combi-pro.com\/fr\/tienda\/sudadera-unisex-media-cremallera-hervey-sq270u-mukua\/\" aria-describedby=\"woocommerce_loop_add_to_cart_link_describedby_34642\" data-quantity=\"1\" class=\"button product_type_variable add_to_cart_button cfvsw_ajax_add_to_cart add-to-cart-loop\" data-product_id=\"34642\" data-product_sku=\"\" aria-label=\"S\u00e9lectionner les options pour \u201cSudadera unisex media cremallera HERVEY SQ270U | MUKUA\u201d\" rel=\"nofollow\" data-add_to_cart_text=\"Add to Cart\" data-select_options_text=\"Choix des options\" data-no-translation-aria-label=\"\" data-no-translation-data-select_options_text=\"\"><span class=\"wd-action-icon\"><span class=\"wd-check-icon\"><\/span><\/span><span class=\"wd-action-text\" data-no-translation=\"\" data-trp-gettext=\"\">Choix des options<\/span><\/a>\t<span id=\"woocommerce_loop_add_to_cart_link_describedby_34642\" class=\"screen-reader-text\">\n\t\tCe produit a plusieurs variations. Les options peuvent \u00eatre choisies sur la page du produit\t<\/span>\n\t\t\t<\/div>\n\t\t<\/div>\n\n\t\t\n<\/div>\n<\/div>\n\t\t\t\t\t<\/div>\n\t\t\t\t<div class=\"wd-carousel-item\">\n\t\t\t\t\t\t\t\t\t\t\t<div class=\"wd-product wd-loop-item-38304 wd-hover-parent product type-product post-12859 status-publish first instock product_cat-gama-natura product_cat-sudaderas-textil-promocional product_cat-textil-promocional has-post-thumbnail taxable shipping-taxable purchasable product-type-variable\" data-loop=\"4\" data-id=\"12859\">\n\t<div class=\"wd-product-wrapper wd-entry-content\">\n\t\t\t<div class=\"wd-loop-prod-thumb wd-product-thumb wd-368dd130 wd-hover-fade-in\">\n\t\t\t<a href=\"https:\/\/combi-pro.com\/fr\/tienda\/scn300w-sudadera-cuello-redondo-ocs-mujer\/\" class=\"wd-product-img-link\" tabindex=\"-1\" aria-label=\"Sweat-shirt unisexe \u00e0 manches longues DUNE SCN300U | MUKUA\">\n\t\t\t\t<img loading=\"lazy\" decoding=\"async\" width=\"533\" height=\"800\" src=\"https:\/\/combi-pro.com\/wp-content\/uploads\/2025\/01\/scn300k_519_1-scaled-e1738234248642.jpg\" class=\"attachment-large size-large\" alt=\"\" srcset=\"https:\/\/combi-pro.com\/wp-content\/uploads\/2025\/01\/scn300k_519_1-scaled-e1738234248642.jpg 533w, https:\/\/combi-pro.com\/wp-content\/uploads\/2025\/01\/scn300k_519_1-scaled-e1738234248642-450x675.jpg 450w, https:\/\/combi-pro.com\/wp-content\/uploads\/2025\/01\/scn300k_519_1-scaled-e1738234248642-150x225.jpg 150w, https:\/\/combi-pro.com\/wp-content\/uploads\/2025\/01\/scn300k_519_1-scaled-e1738234248642-200x300.jpg 200w, https:\/\/combi-pro.com\/wp-content\/uploads\/2025\/01\/scn300k_519_1-scaled-e1738234248642-8x12.jpg 8w, https:\/\/combi-pro.com\/wp-content\/uploads\/2025\/01\/scn300k_519_1-scaled-e1738234248642-64x96.jpg 64w\" sizes=\"auto, (max-width: 533px) 100vw, 533px\">\t\t\t<\/a>\n\n\t\t\t\t\t\t<div class=\"wd-product-img-hover hover-img\">\n\t\t\t\t<img loading=\"lazy\" decoding=\"async\" width=\"533\" height=\"800\" src=\"https:\/\/combi-pro.com\/wp-content\/uploads\/2025\/01\/scn300k_519_2-scaled-e1738234235651.jpg\" class=\"attachment-large size-large\" alt=\"\" srcset=\"https:\/\/combi-pro.com\/wp-content\/uploads\/2025\/01\/scn300k_519_2-scaled-e1738234235651.jpg 533w, https:\/\/combi-pro.com\/wp-content\/uploads\/2025\/01\/scn300k_519_2-scaled-e1738234235651-450x675.jpg 450w, https:\/\/combi-pro.com\/wp-content\/uploads\/2025\/01\/scn300k_519_2-scaled-e1738234235651-150x225.jpg 150w, https:\/\/combi-pro.com\/wp-content\/uploads\/2025\/01\/scn300k_519_2-scaled-e1738234235651-200x300.jpg 200w, https:\/\/combi-pro.com\/wp-content\/uploads\/2025\/01\/scn300k_519_2-scaled-e1738234235651-8x12.jpg 8w, https:\/\/combi-pro.com\/wp-content\/uploads\/2025\/01\/scn300k_519_2-scaled-e1738234235651-64x96.jpg 64w\" sizes=\"auto, (max-width: 533px) 100vw, 533px\">\t\t\t<\/div>\n\t\t\t\n\t\t\t\n\n\n\n\n\n\n\t\t<\/div>\n\t\t\n\n\n\t\t<div class=\"wd-product-cats wd-loop-prod-meta wd-e98a4a67 wd-align\">\n\t\t\t\t\t\t<a href=\"https:\/\/combi-pro.com\/fr\/categoria-de-productos\/textil-promocional\/\" rel=\"tag\">Textile Promotionnel<\/a><span class=\"wd-meta-sep\">,<\/span> <a href=\"https:\/\/combi-pro.com\/fr\/categoria-de-productos\/textil-promocional\/gama-natura\/\" rel=\"tag\">Gamme Natura<\/a><span class=\"wd-meta-sep\">,<\/span> <a href=\"https:\/\/combi-pro.com\/fr\/categoria-de-productos\/textil-promocional\/sudaderas-textil-promocional\/\" rel=\"tag\">Sweats \u00e0 capuche<\/a>\t\t<\/div>\n\t\t\n\n\n\t\t<h3 class=\"wd-loop-prod-title wd-entities-title wd-5342ae28 wd-align wd-line-clamp\">\n\t\t\t<a href=\"https:\/\/combi-pro.com\/fr\/tienda\/scn300w-sudadera-cuello-redondo-ocs-mujer\/\">\n\t\t\t\tSweat-shirt unisexe \u00e0 manches longues DUNE SCN300U | MUKUA\t\t\t<\/a>\n\t\t<\/h3>\n\n\t\t\n\n\n\t\t<div class=\"wd-loop-prod-price wd-59cab364 wd-align\">\n\t\t\t\n\t<span class=\"price\"><span class=\"text-gris\">\u00c0 partir de<\/span> <span class=\"woocommerce-Price-amount amount\"><bdi>19,34&nbsp;<span class=\"woocommerce-Price-currencySymbol\" translate=\"no\">\u20ac<\/span><\/bdi><\/span> <span class=\"text-gris\">TVA incl.<\/span><\/span>\n\t\t<\/div>\n\t\t\n\t\t<div class=\"wd-add-btn-wrapp wd-6fd71854 wd-quantity-overlap\">\n\t\t\t<div class=\"wd-add-btn wd-loop-prod-btn wd-add-btn-replace\">\n\t\t\t\t\t\t\t\t\t\n<div class=\"quantity\">\n\t\n\t\t\t<button class=\"minus btn\" aria-label=\"Diminuer la quantit\u00e9\">-<\/button>\n\t\n\t<label class=\"screen-reader-text\" for=\"quantity_6a9713c12dc3a\" data-no-translation=\"\" data-trp-gettext=\"\">quantit\u00e9 de Sudadera unisex manga larga DUNE SCN300U | MUKUA<\/label>\n\t<input\n\t\ttype=\"number\"\n\t\t\t\tid=\"quantity_6a9713c12dc3a\"\n\t\tclass=\"input-text qty text\"\n\t\tvalue=\"1\"\n\t\taria-label=\"Quantit\u00e9 de produits\"\n\t\t\t\tmin=\"1\"\n\t\t\t\tname=\"quantity\"\n\n\t\t\t\t\tstep=\"1\"\n\t\t\tplaceholder=\"\"\n\t\t\tinputmode=\"numeric\"\n\t\t\tautocomplete=\"off\" data-no-translation-aria-label=\"\"\n\t\t\t>\n\n\t\t\t<button class=\"plus btn\" aria-label=\"Augmenter la quantit\u00e9\" data-no-translation-aria-label=\"\">+<\/button>\n\t\n\t<\/div>\n\t\t\t\t\n\t\t\t\t<a href=\"https:\/\/combi-pro.com\/fr\/tienda\/scn300w-sudadera-cuello-redondo-ocs-mujer\/\" aria-describedby=\"woocommerce_loop_add_to_cart_link_describedby_12859\" data-quantity=\"1\" class=\"button product_type_variable add_to_cart_button cfvsw_ajax_add_to_cart add-to-cart-loop\" data-product_id=\"12859\" data-product_sku=\"\" aria-label=\"S\u00e9lectionner les options pour \u201cSudadera unisex manga larga DUNE SCN300U | MUKUA\u201d\" rel=\"nofollow\" data-add_to_cart_text=\"Add to Cart\" data-select_options_text=\"Choix des options\" data-no-translation-aria-label=\"\" data-no-translation-data-select_options_text=\"\"><span class=\"wd-action-icon\"><span class=\"wd-check-icon\"><\/span><\/span><span class=\"wd-action-text\" data-no-translation=\"\" data-trp-gettext=\"\">Choix des options<\/span><\/a>\t<span id=\"woocommerce_loop_add_to_cart_link_describedby_12859\" class=\"screen-reader-text\">\n\t\tCe produit a plusieurs variations. Les options peuvent \u00eatre choisies sur la page du produit\t<\/span>\n\t\t\t<\/div>\n\t\t<\/div>\n\n\t\t\n<\/div>\n<\/div>\n\t\t\t\t\t<\/div>\n\t\t\t\t<div class=\"wd-carousel-item\">\n\t\t\t\t\t\t\t\t\t\t\t<div class=\"wd-product wd-loop-item-38304 wd-hover-parent product type-product post-34567 status-publish instock product_cat-textil-promocional product_cat-gama-natura product_cat-sudaderas-textil-promocional has-post-thumbnail taxable shipping-taxable purchasable product-type-variable has-default-attributes\" data-loop=\"5\" data-id=\"34567\">\n\t<div class=\"wd-product-wrapper wd-entry-content\">\n\t\t\t<div class=\"wd-loop-prod-thumb wd-product-thumb wd-368dd130 wd-hover-fade-in\">\n\t\t\t<a href=\"https:\/\/combi-pro.com\/fr\/tienda\/sudadera-unisex-cuello-redondo-mist-stcn300u-mukua\/\" class=\"wd-product-img-link\" tabindex=\"-1\" aria-label=\"Sweat-shirt unisexe \u00e0 col ras du cou MIST STCN300U | MUKUA\">\n\t\t\t\t<img loading=\"lazy\" decoding=\"async\" width=\"600\" height=\"900\" src=\"https:\/\/combi-pro.com\/wp-content\/uploads\/2026\/02\/STCN300U_320_01_600.webp\" class=\"attachment-large size-large\" alt=\"\" srcset=\"https:\/\/combi-pro.com\/wp-content\/uploads\/2026\/02\/STCN300U_320_01_600.webp 600w, https:\/\/combi-pro.com\/wp-content\/uploads\/2026\/02\/STCN300U_320_01_600-200x300.webp 200w, https:\/\/combi-pro.com\/wp-content\/uploads\/2026\/02\/STCN300U_320_01_600-8x12.webp 8w, https:\/\/combi-pro.com\/wp-content\/uploads\/2026\/02\/STCN300U_320_01_600-450x675.webp 450w, https:\/\/combi-pro.com\/wp-content\/uploads\/2026\/02\/STCN300U_320_01_600-150x225.webp 150w, https:\/\/combi-pro.com\/wp-content\/uploads\/2026\/02\/STCN300U_320_01_600-64x96.webp 64w\" sizes=\"auto, (max-width: 600px) 100vw, 600px\">\t\t\t<\/a>\n\n\t\t\t\t\t\t<div class=\"wd-product-img-hover hover-img\">\n\t\t\t\t<img loading=\"lazy\" decoding=\"async\" width=\"683\" height=\"1024\" src=\"https:\/\/combi-pro.com\/wp-content\/uploads\/2026\/02\/STCN300U_320_02_1000-683x1024.webp\" class=\"attachment-large size-large\" alt=\"\" srcset=\"https:\/\/combi-pro.com\/wp-content\/uploads\/2026\/02\/STCN300U_320_02_1000-683x1024.webp 683w, https:\/\/combi-pro.com\/wp-content\/uploads\/2026\/02\/STCN300U_320_02_1000-200x300.webp 200w, https:\/\/combi-pro.com\/wp-content\/uploads\/2026\/02\/STCN300U_320_02_1000-768x1152.webp 768w, https:\/\/combi-pro.com\/wp-content\/uploads\/2026\/02\/STCN300U_320_02_1000-8x12.webp 8w, https:\/\/combi-pro.com\/wp-content\/uploads\/2026\/02\/STCN300U_320_02_1000-450x675.webp 450w, https:\/\/combi-pro.com\/wp-content\/uploads\/2026\/02\/STCN300U_320_02_1000-800x1200.webp 800w, https:\/\/combi-pro.com\/wp-content\/uploads\/2026\/02\/STCN300U_320_02_1000-150x225.webp 150w, https:\/\/combi-pro.com\/wp-content\/uploads\/2026\/02\/STCN300U_320_02_1000-64x96.webp 64w, https:\/\/combi-pro.com\/wp-content\/uploads\/2026\/02\/STCN300U_320_02_1000.webp 1000w\" sizes=\"auto, (max-width: 683px) 100vw, 683px\">\t\t\t<\/div>\n\t\t\t\n\t\t\t\n\n\n\n\n\n\n\t\t<\/div>\n\t\t\n\n\n\t\t<div class=\"wd-product-cats wd-loop-prod-meta wd-e98a4a67 wd-align\">\n\t\t\t\t\t\t<a href=\"https:\/\/combi-pro.com\/fr\/categoria-de-productos\/textil-promocional\/\" rel=\"tag\">Textile Promotionnel<\/a><span class=\"wd-meta-sep\">,<\/span> <a href=\"https:\/\/combi-pro.com\/fr\/categoria-de-productos\/textil-promocional\/gama-natura\/\" rel=\"tag\">Gamme Natura<\/a><span class=\"wd-meta-sep\">,<\/span> <a href=\"https:\/\/combi-pro.com\/fr\/categoria-de-productos\/textil-promocional\/sudaderas-textil-promocional\/\" rel=\"tag\">Sweats \u00e0 capuche<\/a>\t\t<\/div>\n\t\t\n\n\n\t\t<h3 class=\"wd-loop-prod-title wd-entities-title wd-5342ae28 wd-align wd-line-clamp\">\n\t\t\t<a href=\"https:\/\/combi-pro.com\/fr\/tienda\/sudadera-unisex-cuello-redondo-mist-stcn300u-mukua\/\">\n\t\t\t\tSweat-shirt unisexe \u00e0 col ras du cou MIST STCN300U | MUKUA\t\t\t<\/a>\n\t\t<\/h3>\n\n\t\t\n\n\n\t\t<div class=\"wd-loop-prod-price wd-59cab364 wd-align\">\n\t\t\t\n\t<span class=\"price\"><span class=\"text-gris\">\u00c0 partir de<\/span> <span class=\"woocommerce-Price-amount amount\"><bdi>16,55&nbsp;<span class=\"woocommerce-Price-currencySymbol\" translate=\"no\">\u20ac<\/span><\/bdi><\/span> <span class=\"text-gris\">TVA incl.<\/span><\/span>\n\t\t<\/div>\n\t\t\n\t\t<div class=\"wd-add-btn-wrapp wd-6fd71854 wd-quantity-overlap\">\n\t\t\t<div class=\"wd-add-btn wd-loop-prod-btn wd-add-btn-replace\">\n\t\t\t\t\t\t\t\t\t\n<div class=\"quantity\">\n\t\n\t\t\t<button class=\"minus btn\" aria-label=\"Diminuer la quantit\u00e9\">-<\/button>\n\t\n\t<label class=\"screen-reader-text\" for=\"quantity_6a9713c14b338\" data-no-translation=\"\" data-trp-gettext=\"\">quantit\u00e9 de Sudadera unisex cuello redondo MIST STCN300U | MUKUA<\/label>\n\t<input\n\t\ttype=\"number\"\n\t\t\t\tid=\"quantity_6a9713c14b338\"\n\t\tclass=\"input-text qty text\"\n\t\tvalue=\"1\"\n\t\taria-label=\"Quantit\u00e9 de produits\"\n\t\t\t\tmin=\"1\"\n\t\t\t\tname=\"quantity\"\n\n\t\t\t\t\tstep=\"1\"\n\t\t\tplaceholder=\"\"\n\t\t\tinputmode=\"numeric\"\n\t\t\tautocomplete=\"off\" data-no-translation-aria-label=\"\"\n\t\t\t>\n\n\t\t\t<button class=\"plus btn\" aria-label=\"Augmenter la quantit\u00e9\" data-no-translation-aria-label=\"\">+<\/button>\n\t\n\t<\/div>\n\t\t\t\t\n\t\t\t\t<a href=\"https:\/\/combi-pro.com\/fr\/tienda\/sudadera-unisex-cuello-redondo-mist-stcn300u-mukua\/\" aria-describedby=\"woocommerce_loop_add_to_cart_link_describedby_34567\" data-quantity=\"1\" class=\"button product_type_variable add_to_cart_button cfvsw_ajax_add_to_cart add-to-cart-loop\" data-product_id=\"34567\" data-product_sku=\"\" aria-label=\"S\u00e9lectionner les options pour \u201cSudadera unisex cuello redondo MIST STCN300U | MUKUA\u201d\" rel=\"nofollow\" data-add_to_cart_text=\"Add to Cart\" data-select_options_text=\"Choix des options\" data-no-translation-aria-label=\"\" data-no-translation-data-select_options_text=\"\"><span class=\"wd-action-icon\"><span class=\"wd-check-icon\"><\/span><\/span><span class=\"wd-action-text\" data-no-translation=\"\" data-trp-gettext=\"\">Choix des options<\/span><\/a>\t<span id=\"woocommerce_loop_add_to_cart_link_describedby_34567\" class=\"screen-reader-text\">\n\t\tCe produit a plusieurs variations. Les options peuvent \u00eatre choisies sur la page du produit\t<\/span>\n\t\t\t<\/div>\n\t\t<\/div>\n\n\t\t\n<\/div>\n<\/div>\n\t\t\t\t\t<\/div>\n\t\t\t\t<div class=\"wd-carousel-item\">\n\t\t\t\t\t\t\t\t\t\t\t<div class=\"wd-product wd-loop-item-38304 wd-hover-parent product type-product post-36290 status-publish instock product_cat-textil-promocional product_cat-sudaderas-textil-promocional has-post-thumbnail taxable shipping-taxable purchasable product-type-variable\" data-loop=\"6\" data-id=\"36290\">\n\t<div class=\"wd-product-wrapper wd-entry-content\">\n\t\t\t<div class=\"wd-loop-prod-thumb wd-product-thumb wd-368dd130 wd-hover-fade-in\">\n\t\t\t<a href=\"https:\/\/combi-pro.com\/fr\/tienda\/sudadera-unisex-crew-gots-scn290u-mukua\/\" class=\"wd-product-img-link\" tabindex=\"-1\" aria-label=\"Sweat-shirt unisexe GOTS SCN290U | MUKUA\">\n\t\t\t\t<img loading=\"lazy\" decoding=\"async\" width=\"683\" height=\"1024\" src=\"https:\/\/combi-pro.com\/wp-content\/uploads\/2026\/04\/SCN290U_620_1_1000-683x1024.jpg\" class=\"attachment-large size-large\" alt=\"\" srcset=\"https:\/\/combi-pro.com\/wp-content\/uploads\/2026\/04\/SCN290U_620_1_1000-683x1024.jpg 683w, https:\/\/combi-pro.com\/wp-content\/uploads\/2026\/04\/SCN290U_620_1_1000-200x300.jpg 200w, https:\/\/combi-pro.com\/wp-content\/uploads\/2026\/04\/SCN290U_620_1_1000-768x1152.jpg 768w, https:\/\/combi-pro.com\/wp-content\/uploads\/2026\/04\/SCN290U_620_1_1000-8x12.jpg 8w, https:\/\/combi-pro.com\/wp-content\/uploads\/2026\/04\/SCN290U_620_1_1000-450x675.jpg 450w, https:\/\/combi-pro.com\/wp-content\/uploads\/2026\/04\/SCN290U_620_1_1000-800x1200.jpg 800w, https:\/\/combi-pro.com\/wp-content\/uploads\/2026\/04\/SCN290U_620_1_1000-150x225.jpg 150w, https:\/\/combi-pro.com\/wp-content\/uploads\/2026\/04\/SCN290U_620_1_1000-64x96.jpg 64w, https:\/\/combi-pro.com\/wp-content\/uploads\/2026\/04\/SCN290U_620_1_1000.jpg 1000w\" sizes=\"auto, (max-width: 683px) 100vw, 683px\">\t\t\t<\/a>\n\n\t\t\t\t\t\t<div class=\"wd-product-img-hover hover-img\">\n\t\t\t\t<img loading=\"lazy\" decoding=\"async\" width=\"683\" height=\"1024\" src=\"https:\/\/combi-pro.com\/wp-content\/uploads\/2026\/04\/SCN290U_620_2_1000-683x1024.jpg\" class=\"attachment-large size-large\" alt=\"\" srcset=\"https:\/\/combi-pro.com\/wp-content\/uploads\/2026\/04\/SCN290U_620_2_1000-683x1024.jpg 683w, https:\/\/combi-pro.com\/wp-content\/uploads\/2026\/04\/SCN290U_620_2_1000-200x300.jpg 200w, https:\/\/combi-pro.com\/wp-content\/uploads\/2026\/04\/SCN290U_620_2_1000-768x1152.jpg 768w, https:\/\/combi-pro.com\/wp-content\/uploads\/2026\/04\/SCN290U_620_2_1000-8x12.jpg 8w, https:\/\/combi-pro.com\/wp-content\/uploads\/2026\/04\/SCN290U_620_2_1000-450x675.jpg 450w, https:\/\/combi-pro.com\/wp-content\/uploads\/2026\/04\/SCN290U_620_2_1000-800x1200.jpg 800w, https:\/\/combi-pro.com\/wp-content\/uploads\/2026\/04\/SCN290U_620_2_1000-150x225.jpg 150w, https:\/\/combi-pro.com\/wp-content\/uploads\/2026\/04\/SCN290U_620_2_1000-64x96.jpg 64w, https:\/\/combi-pro.com\/wp-content\/uploads\/2026\/04\/SCN290U_620_2_1000.jpg 1000w\" sizes=\"auto, (max-width: 683px) 100vw, 683px\">\t\t\t<\/div>\n\t\t\t\n\t\t\t\n\n\n\n\n\n\n\t\t<\/div>\n\t\t\n\n\n\t\t<div class=\"wd-product-cats wd-loop-prod-meta wd-e98a4a67 wd-align\">\n\t\t\t\t\t\t<a href=\"https:\/\/combi-pro.com\/fr\/categoria-de-productos\/textil-promocional\/\" rel=\"tag\">Textile Promotionnel<\/a><span class=\"wd-meta-sep\">,<\/span> <a href=\"https:\/\/combi-pro.com\/fr\/categoria-de-productos\/textil-promocional\/sudaderas-textil-promocional\/\" rel=\"tag\">Sweats \u00e0 capuche<\/a>\t\t<\/div>\n\t\t\n\n\n\t\t<h3 class=\"wd-loop-prod-title wd-entities-title wd-5342ae28 wd-align wd-line-clamp\">\n\t\t\t<a href=\"https:\/\/combi-pro.com\/fr\/tienda\/sudadera-unisex-crew-gots-scn290u-mukua\/\">\n\t\t\t\tSweat-shirt unisexe GOTS SCN290U | MUKUA\t\t\t<\/a>\n\t\t<\/h3>\n\n\t\t\n\n\n\t\t<div class=\"wd-loop-prod-price wd-59cab364 wd-align\">\n\t\t\t\n\t<span class=\"price\"><span class=\"text-gris\">\u00c0 partir de<\/span> <span class=\"woocommerce-Price-amount amount\"><bdi>15,56&nbsp;<span class=\"woocommerce-Price-currencySymbol\" translate=\"no\">\u20ac<\/span><\/bdi><\/span> <span class=\"text-gris\">TVA incl.<\/span><\/span>\n\t\t<\/div>\n\t\t\n\t\t<div class=\"wd-add-btn-wrapp wd-6fd71854 wd-quantity-overlap\">\n\t\t\t<div class=\"wd-add-btn wd-loop-prod-btn wd-add-btn-replace\">\n\t\t\t\t\t\t\t\t\t\n<div class=\"quantity\">\n\t\n\t\t\t<button class=\"minus btn\" aria-label=\"Diminuer la quantit\u00e9\">-<\/button>\n\t\n\t<label class=\"screen-reader-text\" for=\"quantity_6a9713c16dd33\" data-no-translation=\"\" data-trp-gettext=\"\">quantit\u00e9 de Sudadera unisex crew GOTS SCN290U | MUKUA<\/label>\n\t<input\n\t\ttype=\"number\"\n\t\t\t\tid=\"quantity_6a9713c16dd33\"\n\t\tclass=\"input-text qty text\"\n\t\tvalue=\"1\"\n\t\taria-label=\"Quantit\u00e9 de produits\"\n\t\t\t\tmin=\"1\"\n\t\t\t\tname=\"quantity\"\n\n\t\t\t\t\tstep=\"1\"\n\t\t\tplaceholder=\"\"\n\t\t\tinputmode=\"numeric\"\n\t\t\tautocomplete=\"off\" data-no-translation-aria-label=\"\"\n\t\t\t>\n\n\t\t\t<button class=\"plus btn\" aria-label=\"Augmenter la quantit\u00e9\" data-no-translation-aria-label=\"\">+<\/button>\n\t\n\t<\/div>\n\t\t\t\t\n\t\t\t\t<a href=\"https:\/\/combi-pro.com\/fr\/tienda\/sudadera-unisex-crew-gots-scn290u-mukua\/\" aria-describedby=\"woocommerce_loop_add_to_cart_link_describedby_36290\" data-quantity=\"1\" class=\"button product_type_variable add_to_cart_button cfvsw_ajax_add_to_cart add-to-cart-loop\" data-product_id=\"36290\" data-product_sku=\"\" aria-label=\"S\u00e9lectionner les options pour \u201cSudadera unisex crew GOTS SCN290U | MUKUA\u201d\" rel=\"nofollow\" data-add_to_cart_text=\"Add to Cart\" data-select_options_text=\"Choix des options\" data-no-translation-aria-label=\"\" data-no-translation-data-select_options_text=\"\"><span class=\"wd-action-icon\"><span class=\"wd-check-icon\"><\/span><\/span><span class=\"wd-action-text\" data-no-translation=\"\" data-trp-gettext=\"\">Choix des options<\/span><\/a>\t<span id=\"woocommerce_loop_add_to_cart_link_describedby_36290\" class=\"screen-reader-text\">\n\t\tCe produit a plusieurs variations. Les options peuvent \u00eatre choisies sur la page du produit\t<\/span>\n\t\t\t<\/div>\n\t\t<\/div>\n\n\t\t\n<\/div>\n<\/div>\n\t\t\t\t\t<\/div>\n\t\t\t\t<div class=\"wd-carousel-item\">\n\t\t\t\t\t\t\t\t\t\t\t<div class=\"wd-product wd-loop-item-38304 wd-hover-parent product type-product post-12836 status-publish last instock product_cat-gama-natura product_cat-sudaderas-textil-promocional product_cat-textil-promocional has-post-thumbnail taxable shipping-taxable purchasable product-type-variable\" data-loop=\"7\" data-id=\"12836\">\n\t<div class=\"wd-product-wrapper wd-entry-content\">\n\t\t\t<div class=\"wd-loop-prod-thumb wd-product-thumb wd-368dd130 wd-hover-fade-in\">\n\t\t\t<a href=\"https:\/\/combi-pro.com\/fr\/tienda\/scn300k-sudadera-cuello-redondo-ocs-ki\/\" class=\"wd-product-img-link\" tabindex=\"-1\" aria-label=\"Sweat \u00e0 manches longues pour enfants DUNE KIDS SCN300K | MUKUA\">\n\t\t\t\t<img loading=\"lazy\" decoding=\"async\" width=\"533\" height=\"800\" src=\"https:\/\/combi-pro.com\/wp-content\/uploads\/2025\/01\/scn300k_519_1-scaled-e1738234248642.jpg\" class=\"attachment-large size-large\" alt=\"\" srcset=\"https:\/\/combi-pro.com\/wp-content\/uploads\/2025\/01\/scn300k_519_1-scaled-e1738234248642.jpg 533w, https:\/\/combi-pro.com\/wp-content\/uploads\/2025\/01\/scn300k_519_1-scaled-e1738234248642-450x675.jpg 450w, https:\/\/combi-pro.com\/wp-content\/uploads\/2025\/01\/scn300k_519_1-scaled-e1738234248642-150x225.jpg 150w, https:\/\/combi-pro.com\/wp-content\/uploads\/2025\/01\/scn300k_519_1-scaled-e1738234248642-200x300.jpg 200w, https:\/\/combi-pro.com\/wp-content\/uploads\/2025\/01\/scn300k_519_1-scaled-e1738234248642-8x12.jpg 8w, https:\/\/combi-pro.com\/wp-content\/uploads\/2025\/01\/scn300k_519_1-scaled-e1738234248642-64x96.jpg 64w\" sizes=\"auto, (max-width: 533px) 100vw, 533px\">\t\t\t<\/a>\n\n\t\t\t\t\t\t<div class=\"wd-product-img-hover hover-img\">\n\t\t\t\t<img loading=\"lazy\" decoding=\"async\" width=\"533\" height=\"800\" src=\"https:\/\/combi-pro.com\/wp-content\/uploads\/2025\/01\/scn300k_519_2-scaled-e1738234235651.jpg\" class=\"attachment-large size-large\" alt=\"\" srcset=\"https:\/\/combi-pro.com\/wp-content\/uploads\/2025\/01\/scn300k_519_2-scaled-e1738234235651.jpg 533w, https:\/\/combi-pro.com\/wp-content\/uploads\/2025\/01\/scn300k_519_2-scaled-e1738234235651-450x675.jpg 450w, https:\/\/combi-pro.com\/wp-content\/uploads\/2025\/01\/scn300k_519_2-scaled-e1738234235651-150x225.jpg 150w, https:\/\/combi-pro.com\/wp-content\/uploads\/2025\/01\/scn300k_519_2-scaled-e1738234235651-200x300.jpg 200w, https:\/\/combi-pro.com\/wp-content\/uploads\/2025\/01\/scn300k_519_2-scaled-e1738234235651-8x12.jpg 8w, https:\/\/combi-pro.com\/wp-content\/uploads\/2025\/01\/scn300k_519_2-scaled-e1738234235651-64x96.jpg 64w\" sizes=\"auto, (max-width: 533px) 100vw, 533px\">\t\t\t<\/div>\n\t\t\t\n\t\t\t\n\n\n\n\n\n\n\t\t<\/div>\n\t\t\n\n\n\t\t<div class=\"wd-product-cats wd-loop-prod-meta wd-e98a4a67 wd-align\">\n\t\t\t\t\t\t<a href=\"https:\/\/combi-pro.com\/fr\/categoria-de-productos\/textil-promocional\/\" rel=\"tag\">Textile Promotionnel<\/a><span class=\"wd-meta-sep\">,<\/span> <a href=\"https:\/\/combi-pro.com\/fr\/categoria-de-productos\/textil-promocional\/gama-natura\/\" rel=\"tag\">Gamme Natura<\/a><span class=\"wd-meta-sep\">,<\/span> <a href=\"https:\/\/combi-pro.com\/fr\/categoria-de-productos\/textil-promocional\/sudaderas-textil-promocional\/\" rel=\"tag\">Sweats \u00e0 capuche<\/a>\t\t<\/div>\n\t\t\n\n\n\t\t<h3 class=\"wd-loop-prod-title wd-entities-title wd-5342ae28 wd-align wd-line-clamp\">\n\t\t\t<a href=\"https:\/\/combi-pro.com\/fr\/tienda\/scn300k-sudadera-cuello-redondo-ocs-ki\/\">\n\t\t\t\tSweat \u00e0 manches longues pour enfants DUNE KIDS SCN300K | MUKUA\t\t\t<\/a>\n\t\t<\/h3>\n\n\t\t\n\n\n\t\t<div class=\"wd-loop-prod-price wd-59cab364 wd-align\">\n\t\t\t\n\t<span class=\"price\"><span class=\"text-gris\">\u00c0 partir de<\/span> <span class=\"woocommerce-Price-amount amount\"><bdi>14,12&nbsp;<span class=\"woocommerce-Price-currencySymbol\" translate=\"no\">\u20ac<\/span><\/bdi><\/span> <span class=\"text-gris\">TVA incl.<\/span><\/span>\n\t\t<\/div>\n\t\t\n\t\t<div class=\"wd-add-btn-wrapp wd-6fd71854 wd-quantity-overlap\">\n\t\t\t<div class=\"wd-add-btn wd-loop-prod-btn wd-add-btn-replace\">\n\t\t\t\t\t\t\t\t\t\n<div class=\"quantity\">\n\t\n\t\t\t<button class=\"minus btn\" aria-label=\"Diminuer la quantit\u00e9\">-<\/button>\n\t\n\t<label class=\"screen-reader-text\" for=\"quantity_6a9713c170d76\" data-no-translation=\"\" data-trp-gettext=\"\">quantit\u00e9 de Sudadera ni\u00f1o manga larga DUNE KIDS SCN300K | MUKUA<\/label>\n\t<input\n\t\ttype=\"number\"\n\t\t\t\tid=\"quantity_6a9713c170d76\"\n\t\tclass=\"input-text qty text\"\n\t\tvalue=\"1\"\n\t\taria-label=\"Quantit\u00e9 de produits\"\n\t\t\t\tmin=\"1\"\n\t\t\t\tname=\"quantity\"\n\n\t\t\t\t\tstep=\"1\"\n\t\t\tplaceholder=\"\"\n\t\t\tinputmode=\"numeric\"\n\t\t\tautocomplete=\"off\" data-no-translation-aria-label=\"\"\n\t\t\t>\n\n\t\t\t<button class=\"plus btn\" aria-label=\"Augmenter la quantit\u00e9\" data-no-translation-aria-label=\"\">+<\/button>\n\t\n\t<\/div>\n\t\t\t\t\n\t\t\t\t<a href=\"https:\/\/combi-pro.com\/fr\/tienda\/scn300k-sudadera-cuello-redondo-ocs-ki\/\" aria-describedby=\"woocommerce_loop_add_to_cart_link_describedby_12836\" data-quantity=\"1\" class=\"button product_type_variable add_to_cart_button cfvsw_ajax_add_to_cart add-to-cart-loop\" data-product_id=\"12836\" data-product_sku=\"\" aria-label=\"S\u00e9lectionner les options pour \u201cSudadera ni\u00f1o manga larga DUNE KIDS SCN300K | MUKUA\u201d\" rel=\"nofollow\" data-add_to_cart_text=\"Add to Cart\" data-select_options_text=\"Choix des options\" data-no-translation-aria-label=\"\" data-no-translation-data-select_options_text=\"\"><span class=\"wd-action-icon\"><span class=\"wd-check-icon\"><\/span><\/span><span class=\"wd-action-text\" data-no-translation=\"\" data-trp-gettext=\"\">Choix des options<\/span><\/a>\t<span id=\"woocommerce_loop_add_to_cart_link_describedby_12836\" class=\"screen-reader-text\">\n\t\tCe produit a plusieurs variations. Les options peuvent \u00eatre choisies sur la page du produit\t<\/span>\n\t\t\t<\/div>\n\t\t<\/div>\n\n\t\t\n<\/div>\n<\/div>\n\t\t\t\t\t<\/div>\n\t\t\t\t<div class=\"wd-carousel-item\">\n\t\t\t\t\t\t\t\t\t\t\t<div class=\"wd-product wd-loop-item-38304 wd-hover-parent product type-product post-13054 status-publish first instock product_cat-gama-natura product_cat-sudaderas-textil-promocional product_cat-textil-promocional has-post-thumbnail taxable shipping-taxable purchasable product-type-variable\" data-loop=\"8\" data-id=\"13054\">\n\t<div class=\"wd-product-wrapper wd-entry-content\">\n\t\t\t<div class=\"wd-loop-prod-thumb wd-product-thumb wd-368dd130 wd-hover-fade-in\">\n\t\t\t<a href=\"https:\/\/combi-pro.com\/fr\/tienda\/scn300w-dune-woman-sudadera-cuello-redondo-ocs-mujer-2\/\" class=\"wd-product-img-link\" tabindex=\"-1\" aria-label=\"Sweat femme DUNE WOMAN SCN300W | MUKUA\">\n\t\t\t\t<img loading=\"lazy\" decoding=\"async\" width=\"533\" height=\"800\" src=\"https:\/\/combi-pro.com\/wp-content\/uploads\/2025\/01\/scn300w_519_1-1-scaled-e1738250272338.jpg\" class=\"attachment-large size-large\" alt=\"\" srcset=\"https:\/\/combi-pro.com\/wp-content\/uploads\/2025\/01\/scn300w_519_1-1-scaled-e1738250272338.jpg 533w, https:\/\/combi-pro.com\/wp-content\/uploads\/2025\/01\/scn300w_519_1-1-scaled-e1738250272338-450x675.jpg 450w, https:\/\/combi-pro.com\/wp-content\/uploads\/2025\/01\/scn300w_519_1-1-scaled-e1738250272338-150x225.jpg 150w, https:\/\/combi-pro.com\/wp-content\/uploads\/2025\/01\/scn300w_519_1-1-scaled-e1738250272338-200x300.jpg 200w, https:\/\/combi-pro.com\/wp-content\/uploads\/2025\/01\/scn300w_519_1-1-scaled-e1738250272338-8x12.jpg 8w, https:\/\/combi-pro.com\/wp-content\/uploads\/2025\/01\/scn300w_519_1-1-scaled-e1738250272338-64x96.jpg 64w\" sizes=\"auto, (max-width: 533px) 100vw, 533px\">\t\t\t<\/a>\n\n\t\t\t\t\t\t<div class=\"wd-product-img-hover hover-img\">\n\t\t\t\t<img loading=\"lazy\" decoding=\"async\" width=\"533\" height=\"800\" src=\"https:\/\/combi-pro.com\/wp-content\/uploads\/2025\/01\/scn300w_519_2-scaled-e1738250285686.jpg\" class=\"attachment-large size-large\" alt=\"\" srcset=\"https:\/\/combi-pro.com\/wp-content\/uploads\/2025\/01\/scn300w_519_2-scaled-e1738250285686.jpg 533w, https:\/\/combi-pro.com\/wp-content\/uploads\/2025\/01\/scn300w_519_2-scaled-e1738250285686-450x675.jpg 450w, https:\/\/combi-pro.com\/wp-content\/uploads\/2025\/01\/scn300w_519_2-scaled-e1738250285686-150x225.jpg 150w, https:\/\/combi-pro.com\/wp-content\/uploads\/2025\/01\/scn300w_519_2-scaled-e1738250285686-200x300.jpg 200w, https:\/\/combi-pro.com\/wp-content\/uploads\/2025\/01\/scn300w_519_2-scaled-e1738250285686-8x12.jpg 8w, https:\/\/combi-pro.com\/wp-content\/uploads\/2025\/01\/scn300w_519_2-scaled-e1738250285686-64x96.jpg 64w\" sizes=\"auto, (max-width: 533px) 100vw, 533px\">\t\t\t<\/div>\n\t\t\t\n\t\t\t\n\n\n\n\n\n\n\t\t<\/div>\n\t\t\n\n\n\t\t<div class=\"wd-product-cats wd-loop-prod-meta wd-e98a4a67 wd-align\">\n\t\t\t\t\t\t<a href=\"https:\/\/combi-pro.com\/fr\/categoria-de-productos\/textil-promocional\/\" rel=\"tag\">Textile Promotionnel<\/a><span class=\"wd-meta-sep\">,<\/span> <a href=\"https:\/\/combi-pro.com\/fr\/categoria-de-productos\/textil-promocional\/gama-natura\/\" rel=\"tag\">Gamme Natura<\/a><span class=\"wd-meta-sep\">,<\/span> <a href=\"https:\/\/combi-pro.com\/fr\/categoria-de-productos\/textil-promocional\/sudaderas-textil-promocional\/\" rel=\"tag\">Sweats \u00e0 capuche<\/a>\t\t<\/div>\n\t\t\n\n\n\t\t<h3 class=\"wd-loop-prod-title wd-entities-title wd-5342ae28 wd-align wd-line-clamp\">\n\t\t\t<a href=\"https:\/\/combi-pro.com\/fr\/tienda\/scn300w-dune-woman-sudadera-cuello-redondo-ocs-mujer-2\/\">\n\t\t\t\tSweat femme DUNE WOMAN SCN300W | MUKUA\t\t\t<\/a>\n\t\t<\/h3>\n\n\t\t\n\n\n\t\t<div class=\"wd-loop-prod-price wd-59cab364 wd-align\">\n\t\t\t\n\t<span class=\"price\"><span class=\"text-gris\">\u00c0 partir de<\/span> <span class=\"woocommerce-Price-amount amount\"><bdi>19,34&nbsp;<span class=\"woocommerce-Price-currencySymbol\" translate=\"no\">\u20ac<\/span><\/bdi><\/span> <span class=\"text-gris\">TVA incl.<\/span><\/span>\n\t\t<\/div>\n\t\t\n\t\t<div class=\"wd-add-btn-wrapp wd-6fd71854 wd-quantity-overlap\">\n\t\t\t<div class=\"wd-add-btn wd-loop-prod-btn wd-add-btn-replace\">\n\t\t\t\t\t\t\t\t\t\n<div class=\"quantity\">\n\t\n\t\t\t<button class=\"minus btn\" aria-label=\"Diminuer la quantit\u00e9\">-<\/button>\n\t\n\t<label class=\"screen-reader-text\" for=\"quantity_6a9713c173ba4\" data-no-translation=\"\" data-trp-gettext=\"\">quantit\u00e9 de Sudadera mujer DUNE WOMAN SCN300W | MUKUA<\/label>\n\t<input\n\t\ttype=\"number\"\n\t\t\t\tid=\"quantity_6a9713c173ba4\"\n\t\tclass=\"input-text qty text\"\n\t\tvalue=\"1\"\n\t\taria-label=\"Quantit\u00e9 de produits\"\n\t\t\t\tmin=\"1\"\n\t\t\t\tname=\"quantity\"\n\n\t\t\t\t\tstep=\"1\"\n\t\t\tplaceholder=\"\"\n\t\t\tinputmode=\"numeric\"\n\t\t\tautocomplete=\"off\" data-no-translation-aria-label=\"\"\n\t\t\t>\n\n\t\t\t<button class=\"plus btn\" aria-label=\"Augmenter la quantit\u00e9\" data-no-translation-aria-label=\"\">+<\/button>\n\t\n\t<\/div>\n\t\t\t\t\n\t\t\t\t<a href=\"https:\/\/combi-pro.com\/fr\/tienda\/scn300w-dune-woman-sudadera-cuello-redondo-ocs-mujer-2\/\" aria-describedby=\"woocommerce_loop_add_to_cart_link_describedby_13054\" data-quantity=\"1\" class=\"button product_type_variable add_to_cart_button cfvsw_ajax_add_to_cart add-to-cart-loop\" data-product_id=\"13054\" data-product_sku=\"\" aria-label=\"S\u00e9lectionner les options pour \u201cSudadera mujer DUNE WOMAN SCN300W | MUKUA\u201d\" rel=\"nofollow\" data-add_to_cart_text=\"Add to Cart\" data-select_options_text=\"Choix des options\" data-no-translation-aria-label=\"\" data-no-translation-data-select_options_text=\"\"><span class=\"wd-action-icon\"><span class=\"wd-check-icon\"><\/span><\/span><span class=\"wd-action-text\" data-no-translation=\"\" data-trp-gettext=\"\">Choix des options<\/span><\/a>\t<span id=\"woocommerce_loop_add_to_cart_link_describedby_13054\" class=\"screen-reader-text\">\n\t\tCe produit a plusieurs variations. Les options peuvent \u00eatre choisies sur la page du produit\t<\/span>\n\t\t\t<\/div>\n\t\t<\/div>\n\n\t\t\n<\/div>\n<\/div>\n\t\t\t\t\t<\/div>\n\t\t\t\t<div class=\"wd-carousel-item\">\n\t\t\t\t\t\t\t\t\t\t\t<div class=\"wd-product wd-loop-item-38304 wd-hover-parent product type-product post-6506 status-publish instock product_cat-alta-visibilidad product_cat-ropa-profesional product_cat-sudaderas-alta-visibilidad has-post-thumbnail taxable shipping-taxable purchasable product-type-variable has-default-attributes\" data-loop=\"9\" data-id=\"6506\">\n\t<div class=\"wd-product-wrapper wd-entry-content\">\n\t\t\t<div class=\"wd-loop-prod-thumb wd-product-thumb wd-368dd130 wd-hover-fade-in\">\n\t\t\t<a href=\"https:\/\/combi-pro.com\/fr\/tienda\/sudadera-de-trabajo-bicolor-alta-visibilidad-305703\/\" class=\"wd-product-img-link\" tabindex=\"-1\" aria-label=\"Sweat-shirt de travail bicolore haute visibilit\u00e9 305703 | VELILLA\">\n\t\t\t\t<img loading=\"lazy\" decoding=\"async\" width=\"683\" height=\"1024\" src=\"https:\/\/combi-pro.com\/wp-content\/uploads\/2024\/04\/305703_61_19_1-683x1024.jpg\" class=\"attachment-large size-large\" alt=\"Sweat-shirt de travail bicolore haute visibilit\u00e9 305703 Velilla\" srcset=\"https:\/\/combi-pro.com\/wp-content\/uploads\/2024\/04\/305703_61_19_1-683x1024.jpg 683w, https:\/\/combi-pro.com\/wp-content\/uploads\/2024\/04\/305703_61_19_1-e1738078561836-450x675.jpg 450w, https:\/\/combi-pro.com\/wp-content\/uploads\/2024\/04\/305703_61_19_1-e1738078561836-150x225.jpg 150w, https:\/\/combi-pro.com\/wp-content\/uploads\/2024\/04\/305703_61_19_1-e1738078561836-200x300.jpg 200w, https:\/\/combi-pro.com\/wp-content\/uploads\/2024\/04\/305703_61_19_1-e1738078561836-8x12.jpg 8w, https:\/\/combi-pro.com\/wp-content\/uploads\/2024\/04\/305703_61_19_1-768x1152.jpg 768w, https:\/\/combi-pro.com\/wp-content\/uploads\/2024\/04\/305703_61_19_1-e1738078561836-300x450.jpg 300w, https:\/\/combi-pro.com\/wp-content\/uploads\/2024\/04\/305703_61_19_1-e1738078561836-64x96.jpg 64w, https:\/\/combi-pro.com\/wp-content\/uploads\/2024\/04\/305703_61_19_1-600x900.jpg 600w, https:\/\/combi-pro.com\/wp-content\/uploads\/2024\/04\/305703_61_19_1-e1738078561836.jpg 533w\" sizes=\"auto, (max-width: 683px) 100vw, 683px\" \/>\t\t\t<\/a>\n\n\t\t\t\t\t\t<div class=\"wd-product-img-hover hover-img\">\n\t\t\t\t<img loading=\"lazy\" decoding=\"async\" width=\"683\" height=\"1024\" src=\"https:\/\/combi-pro.com\/wp-content\/uploads\/2024\/04\/305703_61_19_2-683x1024.jpg\" class=\"attachment-large size-large\" alt=\"\" srcset=\"https:\/\/combi-pro.com\/wp-content\/uploads\/2024\/04\/305703_61_19_2-683x1024.jpg 683w, https:\/\/combi-pro.com\/wp-content\/uploads\/2024\/04\/305703_61_19_2-e1738078573969-450x675.jpg 450w, https:\/\/combi-pro.com\/wp-content\/uploads\/2024\/04\/305703_61_19_2-e1738078573969-150x225.jpg 150w, https:\/\/combi-pro.com\/wp-content\/uploads\/2024\/04\/305703_61_19_2-e1738078573969-200x300.jpg 200w, https:\/\/combi-pro.com\/wp-content\/uploads\/2024\/04\/305703_61_19_2-e1738078573969-8x12.jpg 8w, https:\/\/combi-pro.com\/wp-content\/uploads\/2024\/04\/305703_61_19_2-e1738078573969-64x96.jpg 64w, https:\/\/combi-pro.com\/wp-content\/uploads\/2024\/04\/305703_61_19_2-768x1152.jpg 768w, https:\/\/combi-pro.com\/wp-content\/uploads\/2024\/04\/305703_61_19_2-e1738078573969-300x450.jpg 300w, https:\/\/combi-pro.com\/wp-content\/uploads\/2024\/04\/305703_61_19_2-600x900.jpg 600w, https:\/\/combi-pro.com\/wp-content\/uploads\/2024\/04\/305703_61_19_2-e1738078573969.jpg 533w\" sizes=\"auto, (max-width: 683px) 100vw, 683px\">\t\t\t<\/div>\n\t\t\t\n\t\t\t\n\n\n\n\n\n\n\t\t<\/div>\n\t\t\n\n\n\t\t<div class=\"wd-product-cats wd-loop-prod-meta wd-e98a4a67 wd-align\">\n\t\t\t\t\t\t<a href=\"https:\/\/combi-pro.com\/fr\/categoria-de-productos\/ropa-profesional\/\" rel=\"tag\">V\u00eatements Professionnels<\/a><span class=\"wd-meta-sep\">,<\/span> <a href=\"https:\/\/combi-pro.com\/fr\/categoria-de-productos\/ropa-profesional\/alta-visibilidad\/\" rel=\"tag\">Haute Visibilit\u00e9<\/a><span class=\"wd-meta-sep\">,<\/span> <a href=\"https:\/\/combi-pro.com\/fr\/categoria-de-productos\/ropa-profesional\/alta-visibilidad\/sudaderas-alta-visibilidad\/\" rel=\"tag\">Sweats \u00e0 capuche<\/a>\t\t<\/div>\n\t\t\n\n\n\t\t<h3 class=\"wd-loop-prod-title wd-entities-title wd-5342ae28 wd-align wd-line-clamp\">\n\t\t\t<a href=\"https:\/\/combi-pro.com\/fr\/tienda\/sudadera-de-trabajo-bicolor-alta-visibilidad-305703\/\">\n\t\t\t\tSweat-shirt de travail bicolore haute visibilit\u00e9 305703 | VELILLA\t\t\t<\/a>\n\t\t<\/h3>\n\n\t\t\n\n\n\t\t<div class=\"wd-loop-prod-price wd-59cab364 wd-align\">\n\t\t\t\n\t<span class=\"price\"><span class=\"text-gris\">\u00c0 partir de<\/span> <span class=\"woocommerce-Price-amount amount\"><bdi>26,45&nbsp;<span class=\"woocommerce-Price-currencySymbol\" translate=\"no\">\u20ac<\/span><\/bdi><\/span> <span class=\"text-gris\">TVA incl.<\/span><\/span>\n\t\t<\/div>\n\t\t\n\t\t<div class=\"wd-add-btn-wrapp wd-6fd71854 wd-quantity-overlap\">\n\t\t\t<div class=\"wd-add-btn wd-loop-prod-btn wd-add-btn-replace\">\n\t\t\t\t\t\t\t\t\t\n<div class=\"quantity\">\n\t\n\t\t\t<button class=\"minus btn\" aria-label=\"Diminuer la quantit\u00e9\">-<\/button>\n\t\n\t<label class=\"screen-reader-text\" for=\"quantity_6a9713c1768e3\" data-no-translation=\"\" data-trp-gettext=\"\">quantit\u00e9 de Sudadera de trabajo bicolor alta visibilidad 305703 | VELILLA<\/label>\n\t<input\n\t\ttype=\"number\"\n\t\t\t\tid=\"quantity_6a9713c1768e3\"\n\t\tclass=\"input-text qty text\"\n\t\tvalue=\"1\"\n\t\taria-label=\"Quantit\u00e9 de produits\"\n\t\t\t\tmin=\"1\"\n\t\t\t\tname=\"quantity\"\n\n\t\t\t\t\tstep=\"1\"\n\t\t\tplaceholder=\"\"\n\t\t\tinputmode=\"numeric\"\n\t\t\tautocomplete=\"off\" data-no-translation-aria-label=\"\"\n\t\t\t>\n\n\t\t\t<button class=\"plus btn\" aria-label=\"Augmenter la quantit\u00e9\" data-no-translation-aria-label=\"\">+<\/button>\n\t\n\t<\/div>\n\t\t\t\t\n\t\t\t\t<a href=\"https:\/\/combi-pro.com\/fr\/tienda\/sudadera-de-trabajo-bicolor-alta-visibilidad-305703\/\" aria-describedby=\"woocommerce_loop_add_to_cart_link_describedby_6506\" data-quantity=\"1\" class=\"button product_type_variable add_to_cart_button cfvsw_ajax_add_to_cart add-to-cart-loop\" data-product_id=\"6506\" data-product_sku=\"\" aria-label=\"S\u00e9lectionner les options pour \u201cSudadera de trabajo bicolor alta visibilidad 305703 | VELILLA\u201d\" rel=\"nofollow\" data-add_to_cart_text=\"Add to Cart\" data-select_options_text=\"Choix des options\" data-no-translation-aria-label=\"\" data-no-translation-data-select_options_text=\"\"><span class=\"wd-action-icon\"><span class=\"wd-check-icon\"><\/span><\/span><span class=\"wd-action-text\" data-no-translation=\"\" data-trp-gettext=\"\">Choix des options<\/span><\/a>\t<span id=\"woocommerce_loop_add_to_cart_link_describedby_6506\" class=\"screen-reader-text\">\n\t\tCe produit a plusieurs variations. Les options peuvent \u00eatre choisies sur la page du produit\t<\/span>\n\t\t\t<\/div>\n\t\t<\/div>\n\n\t\t\n<\/div>\n<\/div>\n\t\t\t\t\t<\/div>\n\t\t\t\t<div class=\"wd-carousel-item\">\n\t\t\t\t\t\t\t\t\t\t\t<div class=\"wd-product wd-loop-item-38304 wd-hover-parent product type-product post-6440 status-publish instock product_cat-alta-visibilidad product_cat-ropa-profesional product_cat-sudaderas-alta-visibilidad has-post-thumbnail taxable shipping-taxable purchasable product-type-variable has-default-attributes\" data-loop=\"10\" data-id=\"6440\">\n\t<div class=\"wd-product-wrapper wd-entry-content\">\n\t\t\t<div class=\"wd-loop-prod-thumb wd-product-thumb wd-368dd130 wd-hover-fade-in\">\n\t\t\t<a href=\"https:\/\/combi-pro.com\/fr\/tienda\/sudadera-de-trabajo-bicolor-alta-visibilidad-305701\/\" class=\"wd-product-img-link\" tabindex=\"-1\" aria-label=\"Sweat-shirt de travail bicolore haute visibilit\u00e9 305701 | VELILLA\">\n\t\t\t\t<img loading=\"lazy\" decoding=\"async\" width=\"683\" height=\"1024\" src=\"https:\/\/combi-pro.com\/wp-content\/uploads\/2024\/04\/305701_61_19_1_1000-1-683x1024.jpg\" class=\"attachment-large size-large\" alt=\"Sweat-shirt de travail bicolore haute visibilit\u00e9 305701 Velilla\" srcset=\"https:\/\/combi-pro.com\/wp-content\/uploads\/2024\/04\/305701_61_19_1_1000-1-683x1024.jpg 683w, https:\/\/combi-pro.com\/wp-content\/uploads\/2024\/04\/305701_61_19_1_1000-1-200x300.jpg 200w, https:\/\/combi-pro.com\/wp-content\/uploads\/2024\/04\/305701_61_19_1_1000-1-768x1152.jpg 768w, https:\/\/combi-pro.com\/wp-content\/uploads\/2024\/04\/305701_61_19_1_1000-1-8x12.jpg 8w, https:\/\/combi-pro.com\/wp-content\/uploads\/2024\/04\/305701_61_19_1_1000-1-450x675.jpg 450w, https:\/\/combi-pro.com\/wp-content\/uploads\/2024\/04\/305701_61_19_1_1000-1-800x1200.jpg 800w, https:\/\/combi-pro.com\/wp-content\/uploads\/2024\/04\/305701_61_19_1_1000-1-150x225.jpg 150w, https:\/\/combi-pro.com\/wp-content\/uploads\/2024\/04\/305701_61_19_1_1000-1.jpg 1000w\" sizes=\"auto, (max-width: 683px) 100vw, 683px\" \/>\t\t\t<\/a>\n\n\t\t\t\t\t\t<div class=\"wd-product-img-hover hover-img\">\n\t\t\t\t<img loading=\"lazy\" decoding=\"async\" width=\"683\" height=\"1024\" src=\"https:\/\/combi-pro.com\/wp-content\/uploads\/2024\/04\/305701_61_19_2_1000-683x1024.jpg\" class=\"attachment-large size-large\" alt=\"\" srcset=\"https:\/\/combi-pro.com\/wp-content\/uploads\/2024\/04\/305701_61_19_2_1000-683x1024.jpg 683w, https:\/\/combi-pro.com\/wp-content\/uploads\/2024\/04\/305701_61_19_2_1000-200x300.jpg 200w, https:\/\/combi-pro.com\/wp-content\/uploads\/2024\/04\/305701_61_19_2_1000-768x1152.jpg 768w, https:\/\/combi-pro.com\/wp-content\/uploads\/2024\/04\/305701_61_19_2_1000-8x12.jpg 8w, https:\/\/combi-pro.com\/wp-content\/uploads\/2024\/04\/305701_61_19_2_1000-450x675.jpg 450w, https:\/\/combi-pro.com\/wp-content\/uploads\/2024\/04\/305701_61_19_2_1000-800x1200.jpg 800w, https:\/\/combi-pro.com\/wp-content\/uploads\/2024\/04\/305701_61_19_2_1000-150x225.jpg 150w, https:\/\/combi-pro.com\/wp-content\/uploads\/2024\/04\/305701_61_19_2_1000.jpg 1000w\" sizes=\"auto, (max-width: 683px) 100vw, 683px\">\t\t\t<\/div>\n\t\t\t\n\t\t\t\n\n\n\n\n\n\n\t\t<\/div>\n\t\t\n\n\n\t\t<div class=\"wd-product-cats wd-loop-prod-meta wd-e98a4a67 wd-align\">\n\t\t\t\t\t\t<a href=\"https:\/\/combi-pro.com\/fr\/categoria-de-productos\/ropa-profesional\/\" rel=\"tag\">V\u00eatements Professionnels<\/a><span class=\"wd-meta-sep\">,<\/span> <a href=\"https:\/\/combi-pro.com\/fr\/categoria-de-productos\/ropa-profesional\/alta-visibilidad\/\" rel=\"tag\">Haute Visibilit\u00e9<\/a><span class=\"wd-meta-sep\">,<\/span> <a href=\"https:\/\/combi-pro.com\/fr\/categoria-de-productos\/ropa-profesional\/alta-visibilidad\/sudaderas-alta-visibilidad\/\" rel=\"tag\">Sweats \u00e0 capuche<\/a>\t\t<\/div>\n\t\t\n\n\n\t\t<h3 class=\"wd-loop-prod-title wd-entities-title wd-5342ae28 wd-align wd-line-clamp\">\n\t\t\t<a href=\"https:\/\/combi-pro.com\/fr\/tienda\/sudadera-de-trabajo-bicolor-alta-visibilidad-305701\/\">\n\t\t\t\tSweat-shirt de travail bicolore haute visibilit\u00e9 305701 | VELILLA\t\t\t<\/a>\n\t\t<\/h3>\n\n\t\t\n\n\n\t\t<div class=\"wd-loop-prod-price wd-59cab364 wd-align\">\n\t\t\t\n\t<span class=\"price\"><span class=\"text-gris\">\u00c0 partir de<\/span> <span class=\"woocommerce-Price-amount amount\"><bdi>21,32&nbsp;<span class=\"woocommerce-Price-currencySymbol\" translate=\"no\">\u20ac<\/span><\/bdi><\/span> <span class=\"text-gris\">TVA incl.<\/span><\/span>\n\t\t<\/div>\n\t\t\n\t\t<div class=\"wd-add-btn-wrapp wd-6fd71854 wd-quantity-overlap\">\n\t\t\t<div class=\"wd-add-btn wd-loop-prod-btn wd-add-btn-replace\">\n\t\t\t\t\t\t\t\t\t\n<div class=\"quantity\">\n\t\n\t\t\t<button class=\"minus btn\" aria-label=\"Diminuer la quantit\u00e9\">-<\/button>\n\t\n\t<label class=\"screen-reader-text\" for=\"quantity_6a9713c179528\" data-no-translation=\"\" data-trp-gettext=\"\">quantit\u00e9 de Sudadera de trabajo bicolor alta visibilidad 305701 | VELILLA<\/label>\n\t<input\n\t\ttype=\"number\"\n\t\t\t\tid=\"quantity_6a9713c179528\"\n\t\tclass=\"input-text qty text\"\n\t\tvalue=\"1\"\n\t\taria-label=\"Quantit\u00e9 de produits\"\n\t\t\t\tmin=\"1\"\n\t\t\t\tname=\"quantity\"\n\n\t\t\t\t\tstep=\"1\"\n\t\t\tplaceholder=\"\"\n\t\t\tinputmode=\"numeric\"\n\t\t\tautocomplete=\"off\" data-no-translation-aria-label=\"\"\n\t\t\t>\n\n\t\t\t<button class=\"plus btn\" aria-label=\"Augmenter la quantit\u00e9\" data-no-translation-aria-label=\"\">+<\/button>\n\t\n\t<\/div>\n\t\t\t\t\n\t\t\t\t<a href=\"https:\/\/combi-pro.com\/fr\/tienda\/sudadera-de-trabajo-bicolor-alta-visibilidad-305701\/\" aria-describedby=\"woocommerce_loop_add_to_cart_link_describedby_6440\" data-quantity=\"1\" class=\"button product_type_variable add_to_cart_button cfvsw_ajax_add_to_cart add-to-cart-loop\" data-product_id=\"6440\" data-product_sku=\"\" aria-label=\"S\u00e9lectionner les options pour \u201cSudadera de trabajo bicolor alta visibilidad 305701 | VELILLA\u201d\" rel=\"nofollow\" data-add_to_cart_text=\"Add to Cart\" data-select_options_text=\"Choix des options\" data-no-translation-aria-label=\"\" data-no-translation-data-select_options_text=\"\"><span class=\"wd-action-icon\"><span class=\"wd-check-icon\"><\/span><\/span><span class=\"wd-action-text\" data-no-translation=\"\" data-trp-gettext=\"\">Choix des options<\/span><\/a>\t<span id=\"woocommerce_loop_add_to_cart_link_describedby_6440\" class=\"screen-reader-text\">\n\t\tCe produit a plusieurs variations. Les options peuvent \u00eatre choisies sur la page du produit\t<\/span>\n\t\t\t<\/div>\n\t\t<\/div>\n\n\t\t\n<\/div>\n<\/div>\n\t\t\t\t\t<\/div>\n\t\t\t\t<div class=\"wd-carousel-item\">\n\t\t\t\t\t\t\t\t\t\t\t<div class=\"wd-product wd-loop-item-38304 wd-hover-parent product type-product post-6542 status-publish last instock product_cat-alta-visibilidad product_cat-ropa-profesional product_cat-sudaderas-alta-visibilidad has-post-thumbnail taxable shipping-taxable purchasable product-type-variable has-default-attributes\" data-loop=\"11\" data-id=\"6542\">\n\t<div class=\"wd-product-wrapper wd-entry-content\">\n\t\t\t<div class=\"wd-loop-prod-thumb wd-product-thumb wd-368dd130 wd-hover-fade-in\">\n\t\t\t<a href=\"https:\/\/combi-pro.com\/fr\/tienda\/sudadera-de-trabajo-alta-visibilidad-305704\/\" class=\"wd-product-img-link\" tabindex=\"-1\" aria-label=\"Sweat-shirt de travail haute visibilit\u00e9 305704 | VELILLA\">\n\t\t\t\t<img loading=\"lazy\" decoding=\"async\" width=\"683\" height=\"1024\" src=\"https:\/\/combi-pro.com\/wp-content\/uploads\/2024\/04\/305704_20_1-683x1024.jpg\" class=\"attachment-large size-large\" alt=\"Sweat-shirt de travail haute visibilit\u00e9 305704 Velilla\" srcset=\"https:\/\/combi-pro.com\/wp-content\/uploads\/2024\/04\/305704_20_1-683x1024.jpg 683w, https:\/\/combi-pro.com\/wp-content\/uploads\/2024\/04\/305704_20_1-e1738078679162-450x675.jpg 450w, https:\/\/combi-pro.com\/wp-content\/uploads\/2024\/04\/305704_20_1-e1738078679162-150x225.jpg 150w, https:\/\/combi-pro.com\/wp-content\/uploads\/2024\/04\/305704_20_1-e1738078679162-200x300.jpg 200w, https:\/\/combi-pro.com\/wp-content\/uploads\/2024\/04\/305704_20_1-e1738078679162-8x12.jpg 8w, https:\/\/combi-pro.com\/wp-content\/uploads\/2024\/04\/305704_20_1-768x1152.jpg 768w, https:\/\/combi-pro.com\/wp-content\/uploads\/2024\/04\/305704_20_1-e1738078679162-300x450.jpg 300w, https:\/\/combi-pro.com\/wp-content\/uploads\/2024\/04\/305704_20_1-e1738078679162-64x96.jpg 64w, https:\/\/combi-pro.com\/wp-content\/uploads\/2024\/04\/305704_20_1-600x900.jpg 600w, https:\/\/combi-pro.com\/wp-content\/uploads\/2024\/04\/305704_20_1-e1738078679162.jpg 533w\" sizes=\"auto, (max-width: 683px) 100vw, 683px\" \/>\t\t\t<\/a>\n\n\t\t\t\t\t\t<div class=\"wd-product-img-hover hover-img\">\n\t\t\t\t<img loading=\"lazy\" decoding=\"async\" width=\"683\" height=\"1024\" src=\"https:\/\/combi-pro.com\/wp-content\/uploads\/2024\/04\/305704_20_2-683x1024.jpg\" class=\"attachment-large size-large\" alt=\"\" srcset=\"https:\/\/combi-pro.com\/wp-content\/uploads\/2024\/04\/305704_20_2-683x1024.jpg 683w, https:\/\/combi-pro.com\/wp-content\/uploads\/2024\/04\/305704_20_2-e1738078690805-450x675.jpg 450w, https:\/\/combi-pro.com\/wp-content\/uploads\/2024\/04\/305704_20_2-e1738078690805-150x225.jpg 150w, https:\/\/combi-pro.com\/wp-content\/uploads\/2024\/04\/305704_20_2-e1738078690805-200x300.jpg 200w, https:\/\/combi-pro.com\/wp-content\/uploads\/2024\/04\/305704_20_2-e1738078690805-8x12.jpg 8w, https:\/\/combi-pro.com\/wp-content\/uploads\/2024\/04\/305704_20_2-e1738078690805-64x96.jpg 64w, https:\/\/combi-pro.com\/wp-content\/uploads\/2024\/04\/305704_20_2-768x1152.jpg 768w, https:\/\/combi-pro.com\/wp-content\/uploads\/2024\/04\/305704_20_2-e1738078690805-300x450.jpg 300w, https:\/\/combi-pro.com\/wp-content\/uploads\/2024\/04\/305704_20_2-600x900.jpg 600w, https:\/\/combi-pro.com\/wp-content\/uploads\/2024\/04\/305704_20_2-e1738078690805.jpg 533w\" sizes=\"auto, (max-width: 683px) 100vw, 683px\">\t\t\t<\/div>\n\t\t\t\n\t\t\t\n\n\n\n\n\n\n\t\t<\/div>\n\t\t\n\n\n\t\t<div class=\"wd-product-cats wd-loop-prod-meta wd-e98a4a67 wd-align\">\n\t\t\t\t\t\t<a href=\"https:\/\/combi-pro.com\/fr\/categoria-de-productos\/ropa-profesional\/\" rel=\"tag\">V\u00eatements Professionnels<\/a><span class=\"wd-meta-sep\">,<\/span> <a href=\"https:\/\/combi-pro.com\/fr\/categoria-de-productos\/ropa-profesional\/alta-visibilidad\/\" rel=\"tag\">Haute Visibilit\u00e9<\/a><span class=\"wd-meta-sep\">,<\/span> <a href=\"https:\/\/combi-pro.com\/fr\/categoria-de-productos\/ropa-profesional\/alta-visibilidad\/sudaderas-alta-visibilidad\/\" rel=\"tag\">Sweats \u00e0 capuche<\/a>\t\t<\/div>\n\t\t\n\n\n\t\t<h3 class=\"wd-loop-prod-title wd-entities-title wd-5342ae28 wd-align wd-line-clamp\">\n\t\t\t<a href=\"https:\/\/combi-pro.com\/fr\/tienda\/sudadera-de-trabajo-alta-visibilidad-305704\/\">\n\t\t\t\tSweat-shirt de travail haute visibilit\u00e9 305704 | VELILLA\t\t\t<\/a>\n\t\t<\/h3>\n\n\t\t\n\n\n\t\t<div class=\"wd-loop-prod-price wd-59cab364 wd-align\">\n\t\t\t\n\t<span class=\"price\"><span class=\"text-gris\">\u00c0 partir de<\/span> <span class=\"woocommerce-Price-amount amount\"><bdi>26,45&nbsp;<span class=\"woocommerce-Price-currencySymbol\" translate=\"no\">\u20ac<\/span><\/bdi><\/span> <span class=\"text-gris\">TVA incl.<\/span><\/span>\n\t\t<\/div>\n\t\t\n\t\t<div class=\"wd-add-btn-wrapp wd-6fd71854 wd-quantity-overlap\">\n\t\t\t<div class=\"wd-add-btn wd-loop-prod-btn wd-add-btn-replace\">\n\t\t\t\t\t\t\t\t\t\n<div class=\"quantity\">\n\t\n\t\t\t<button class=\"minus btn\" aria-label=\"Diminuer la quantit\u00e9\">-<\/button>\n\t\n\t<label class=\"screen-reader-text\" for=\"quantity_6a9713c17c23b\" data-no-translation=\"\" data-trp-gettext=\"\">quantit\u00e9 de Sudadera de trabajo alta visibilidad 305704 | VELILLA<\/label>\n\t<input\n\t\ttype=\"number\"\n\t\t\t\tid=\"quantity_6a9713c17c23b\"\n\t\tclass=\"input-text qty text\"\n\t\tvalue=\"1\"\n\t\taria-label=\"Quantit\u00e9 de produits\"\n\t\t\t\tmin=\"1\"\n\t\t\t\tname=\"quantity\"\n\n\t\t\t\t\tstep=\"1\"\n\t\t\tplaceholder=\"\"\n\t\t\tinputmode=\"numeric\"\n\t\t\tautocomplete=\"off\" data-no-translation-aria-label=\"\"\n\t\t\t>\n\n\t\t\t<button class=\"plus btn\" aria-label=\"Augmenter la quantit\u00e9\" data-no-translation-aria-label=\"\">+<\/button>\n\t\n\t<\/div>\n\t\t\t\t\n\t\t\t\t<a href=\"https:\/\/combi-pro.com\/fr\/tienda\/sudadera-de-trabajo-alta-visibilidad-305704\/\" aria-describedby=\"woocommerce_loop_add_to_cart_link_describedby_6542\" data-quantity=\"1\" class=\"button product_type_variable add_to_cart_button cfvsw_ajax_add_to_cart add-to-cart-loop\" data-product_id=\"6542\" data-product_sku=\"\" aria-label=\"S\u00e9lectionner les options pour \u201cSudadera de trabajo alta visibilidad 305704 | VELILLA\u201d\" rel=\"nofollow\" data-add_to_cart_text=\"Add to Cart\" data-select_options_text=\"Choix des options\" data-no-translation-aria-label=\"\" data-no-translation-data-select_options_text=\"\"><span class=\"wd-action-icon\"><span class=\"wd-check-icon\"><\/span><\/span><span class=\"wd-action-text\" data-no-translation=\"\" data-trp-gettext=\"\">Choix des options<\/span><\/a>\t<span id=\"woocommerce_loop_add_to_cart_link_describedby_6542\" class=\"screen-reader-text\">\n\t\tCe produit a plusieurs variations. Les options peuvent \u00eatre choisies sur la page du produit\t<\/span>\n\t\t\t<\/div>\n\t\t<\/div>\n\n\t\t\n<\/div>\n<\/div>\n\t\t\t\t\t<\/div>\n\t\t\t\t<div class=\"wd-carousel-item\">\n\t\t\t\t\t\t\t\t\t\t\t<div class=\"wd-product wd-loop-item-38304 wd-hover-parent product type-product post-6479 status-publish first instock product_cat-alta-visibilidad product_cat-ropa-profesional product_cat-sudaderas-alta-visibilidad has-post-thumbnail taxable shipping-taxable purchasable product-type-variable has-default-attributes\" data-loop=\"12\" data-id=\"6479\">\n\t<div class=\"wd-product-wrapper wd-entry-content\">\n\t\t\t<div class=\"wd-loop-prod-thumb wd-product-thumb wd-368dd130 wd-hover-fade-in\">\n\t\t\t<a href=\"https:\/\/combi-pro.com\/fr\/tienda\/sudadera-de-trabajo-alta-visibilidad-305702\/\" class=\"wd-product-img-link\" tabindex=\"-1\" aria-label=\"Sweat-shirt de travail haute visibilit\u00e9 305702 | VELILLA\">\n\t\t\t\t<img loading=\"lazy\" decoding=\"async\" width=\"683\" height=\"1024\" src=\"https:\/\/combi-pro.com\/wp-content\/uploads\/2024\/04\/305702_19_1-683x1024.jpg\" class=\"attachment-large size-large\" alt=\"Sweat-shirt de travail haute visibilit\u00e9 305702 Velilla\" srcset=\"https:\/\/combi-pro.com\/wp-content\/uploads\/2024\/04\/305702_19_1-683x1024.jpg 683w, https:\/\/combi-pro.com\/wp-content\/uploads\/2024\/04\/305702_19_1-e1738078388962-450x675.jpg 450w, https:\/\/combi-pro.com\/wp-content\/uploads\/2024\/04\/305702_19_1-e1738078388962-150x225.jpg 150w, https:\/\/combi-pro.com\/wp-content\/uploads\/2024\/04\/305702_19_1-e1738078388962-200x300.jpg 200w, https:\/\/combi-pro.com\/wp-content\/uploads\/2024\/04\/305702_19_1-e1738078388962-8x12.jpg 8w, https:\/\/combi-pro.com\/wp-content\/uploads\/2024\/04\/305702_19_1-768x1152.jpg 768w, https:\/\/combi-pro.com\/wp-content\/uploads\/2024\/04\/305702_19_1-e1738078388962-300x450.jpg 300w, https:\/\/combi-pro.com\/wp-content\/uploads\/2024\/04\/305702_19_1-e1738078388962-64x96.jpg 64w, https:\/\/combi-pro.com\/wp-content\/uploads\/2024\/04\/305702_19_1-600x900.jpg 600w, https:\/\/combi-pro.com\/wp-content\/uploads\/2024\/04\/305702_19_1-e1738078388962.jpg 533w\" sizes=\"auto, (max-width: 683px) 100vw, 683px\" \/>\t\t\t<\/a>\n\n\t\t\t\t\t\t<div class=\"wd-product-img-hover hover-img\">\n\t\t\t\t<img loading=\"lazy\" decoding=\"async\" width=\"683\" height=\"1024\" src=\"https:\/\/combi-pro.com\/wp-content\/uploads\/2024\/04\/305702_19_2-683x1024.jpg\" class=\"attachment-large size-large\" alt=\"\" srcset=\"https:\/\/combi-pro.com\/wp-content\/uploads\/2024\/04\/305702_19_2-683x1024.jpg 683w, https:\/\/combi-pro.com\/wp-content\/uploads\/2024\/04\/305702_19_2-e1738078402937-450x675.jpg 450w, https:\/\/combi-pro.com\/wp-content\/uploads\/2024\/04\/305702_19_2-e1738078402937-150x225.jpg 150w, https:\/\/combi-pro.com\/wp-content\/uploads\/2024\/04\/305702_19_2-e1738078402937-200x300.jpg 200w, https:\/\/combi-pro.com\/wp-content\/uploads\/2024\/04\/305702_19_2-e1738078402937-8x12.jpg 8w, https:\/\/combi-pro.com\/wp-content\/uploads\/2024\/04\/305702_19_2-e1738078402937-64x96.jpg 64w, https:\/\/combi-pro.com\/wp-content\/uploads\/2024\/04\/305702_19_2-768x1152.jpg 768w, https:\/\/combi-pro.com\/wp-content\/uploads\/2024\/04\/305702_19_2-e1738078402937-300x450.jpg 300w, https:\/\/combi-pro.com\/wp-content\/uploads\/2024\/04\/305702_19_2-600x900.jpg 600w, https:\/\/combi-pro.com\/wp-content\/uploads\/2024\/04\/305702_19_2-e1738078402937.jpg 533w\" sizes=\"auto, (max-width: 683px) 100vw, 683px\">\t\t\t<\/div>\n\t\t\t\n\t\t\t\n\n\n\n\n\n\n\t\t<\/div>\n\t\t\n\n\n\t\t<div class=\"wd-product-cats wd-loop-prod-meta wd-e98a4a67 wd-align\">\n\t\t\t\t\t\t<a href=\"https:\/\/combi-pro.com\/fr\/categoria-de-productos\/ropa-profesional\/\" rel=\"tag\">V\u00eatements Professionnels<\/a><span class=\"wd-meta-sep\">,<\/span> <a href=\"https:\/\/combi-pro.com\/fr\/categoria-de-productos\/ropa-profesional\/alta-visibilidad\/\" rel=\"tag\">Haute Visibilit\u00e9<\/a><span class=\"wd-meta-sep\">,<\/span> <a href=\"https:\/\/combi-pro.com\/fr\/categoria-de-productos\/ropa-profesional\/alta-visibilidad\/sudaderas-alta-visibilidad\/\" rel=\"tag\">Sweats \u00e0 capuche<\/a>\t\t<\/div>\n\t\t\n\n\n\t\t<h3 class=\"wd-loop-prod-title wd-entities-title wd-5342ae28 wd-align wd-line-clamp\">\n\t\t\t<a href=\"https:\/\/combi-pro.com\/fr\/tienda\/sudadera-de-trabajo-alta-visibilidad-305702\/\">\n\t\t\t\tSweat-shirt de travail haute visibilit\u00e9 305702 | VELILLA\t\t\t<\/a>\n\t\t<\/h3>\n\n\t\t\n\n\n\t\t<div class=\"wd-loop-prod-price wd-59cab364 wd-align\">\n\t\t\t\n\t<span class=\"price\"><span class=\"text-gris\">\u00c0 partir de<\/span> <span class=\"woocommerce-Price-amount amount\"><bdi>21,32&nbsp;<span class=\"woocommerce-Price-currencySymbol\" translate=\"no\">\u20ac<\/span><\/bdi><\/span> <span class=\"text-gris\">TVA incl.<\/span><\/span>\n\t\t<\/div>\n\t\t\n\t\t<div class=\"wd-add-btn-wrapp wd-6fd71854 wd-quantity-overlap\">\n\t\t\t<div class=\"wd-add-btn wd-loop-prod-btn wd-add-btn-replace\">\n\t\t\t\t\t\t\t\t\t\n<div class=\"quantity\">\n\t\n\t\t\t<button class=\"minus btn\" aria-label=\"Diminuer la quantit\u00e9\">-<\/button>\n\t\n\t<label class=\"screen-reader-text\" for=\"quantity_6a9713c17f420\" data-no-translation=\"\" data-trp-gettext=\"\">quantit\u00e9 de Sudadera de trabajo alta visibilidad 305702 | VELILLA<\/label>\n\t<input\n\t\ttype=\"number\"\n\t\t\t\tid=\"quantity_6a9713c17f420\"\n\t\tclass=\"input-text qty text\"\n\t\tvalue=\"1\"\n\t\taria-label=\"Quantit\u00e9 de produits\"\n\t\t\t\tmin=\"1\"\n\t\t\t\tname=\"quantity\"\n\n\t\t\t\t\tstep=\"1\"\n\t\t\tplaceholder=\"\"\n\t\t\tinputmode=\"numeric\"\n\t\t\tautocomplete=\"off\" data-no-translation-aria-label=\"\"\n\t\t\t>\n\n\t\t\t<button class=\"plus btn\" aria-label=\"Augmenter la quantit\u00e9\" data-no-translation-aria-label=\"\">+<\/button>\n\t\n\t<\/div>\n\t\t\t\t\n\t\t\t\t<a href=\"https:\/\/combi-pro.com\/fr\/tienda\/sudadera-de-trabajo-alta-visibilidad-305702\/\" aria-describedby=\"woocommerce_loop_add_to_cart_link_describedby_6479\" data-quantity=\"1\" class=\"button product_type_variable add_to_cart_button cfvsw_ajax_add_to_cart add-to-cart-loop\" data-product_id=\"6479\" data-product_sku=\"\" aria-label=\"S\u00e9lectionner les options pour \u201cSudadera de trabajo alta visibilidad 305702 | VELILLA\u201d\" rel=\"nofollow\" data-add_to_cart_text=\"Add to Cart\" data-select_options_text=\"Choix des options\" data-no-translation-aria-label=\"\" data-no-translation-data-select_options_text=\"\"><span class=\"wd-action-icon\"><span class=\"wd-check-icon\"><\/span><\/span><span class=\"wd-action-text\" data-no-translation=\"\" data-trp-gettext=\"\">Choix des options<\/span><\/a>\t<span id=\"woocommerce_loop_add_to_cart_link_describedby_6479\" class=\"screen-reader-text\">\n\t\tCe produit a plusieurs variations. Les options peuvent \u00eatre choisies sur la page du produit\t<\/span>\n\t\t\t<\/div>\n\t\t<\/div>\n\n\t\t\n<\/div>\n<\/div>\n\t\t\t\t\t<\/div>\n\t\t\t\t\t\t\t\t<\/div>\n\t\t\t\t\t<\/div>\n\n\t\t\t\t\t\t\t<div class=\"wd-nav-arrows wd-pos-sep wd-hover-1 wd-icon-1\">\n\t\t\t<div class=\"wd-btn-arrow wd-prev wd-disabled\">\n\t\t\t\t<div class=\"wd-arrow-inner\"><\/div>\n\t\t\t<\/div>\n\t\t\t<div class=\"wd-btn-arrow wd-next\">\n\t\t\t\t<div class=\"wd-arrow-inner\"><\/div>\n\t\t\t<\/div>\n\t\t<\/div>\n\t\t\t\t\t\t<\/div>\n\n\t\t\t\t\t\t\t\t\t\t\t\t\t\t<\/div>\n\t\t\t\t\t\t\t\t\t\t<\/div>\n\t\t\t\t<\/div>\n\t\t\t\t\t<\/div>\n\t\t\t\t<\/div>\n\t\t<div class=\"wd-negative-gap elementor-element elementor-element-338d074 e-flex e-con-boxed e-con e-parent\" data-id=\"338d074\" data-element_type=\"container\" data-e-type=\"container\" data-settings=\"{&quot;background_background&quot;:&quot;classic&quot;}\">\n\t\t\t\t\t<div class=\"e-con-inner\">\n\t\t\t\t<div class=\"elementor-element elementor-element-6d5977d elementor-widget__width-auto wd-width-100 elementor-widget elementor-widget-wd_title\" data-id=\"6d5977d\" data-element_type=\"widget\" data-e-type=\"widget\" data-widget_type=\"wd_title.default\">\n\t\t\t\t<div class=\"elementor-widget-container\">\n\t\t\t\t\t\t\t<div class=\"title-wrapper wd-set-mb reset-last-child wd-title-color-default wd-title-style-default wd-title-size-default text-left\">\n\n\t\t\t\n\t\t\t<div class=\"liner-continer\">\n\t\t\t\t<h4 class=\"woodmart-title-container title wd-fontsize-l wd-underline-gradient\"><u>Limit\u00e9<\/u> Offres !<\/h4> \n\t\t\t\t\t\t\t<\/div>\n\n\t\t\t\t\t\t\t<div class=\"title-after_title reset-last-child wd-fontsize-xs\">\n\t\t\t\t\t<p>Profitez vite de ces produits \u00e0 prix r\u00e9duit !.<\/p>\t\t\t\t<\/div>\n\t\t\t\t\t<\/div>\n\t\t\t\t\t\t<\/div>\n\t\t\t\t<\/div>\n\t\t\t\t<div class=\"elementor-element elementor-element-f625052 elementor-widget elementor-widget-wd_countdown_timer\" data-id=\"f625052\" data-element_type=\"widget\" data-e-type=\"widget\" data-widget_type=\"wd_countdown_timer.default\">\n\t\t\t\t<div class=\"elementor-widget-container\">\n\t\t\t\t\t\t\t<div class=\"wd-countdown-timer color-scheme- text-center\">\n\t\t\t<div class=\"wd-timer wd-size-large\" data-end-date=\"2027\/01\/01\" data-timezone=\"GMT\" data-hide-on-finish=\"no\">\n\t\t\t\t<span class=\"wd-item wd-timer-days\">\n\t\t\t\t\t<span class=\"wd-timer-value\">\n\t\t\t\t\t\t0\n\t\t\t\t\t<\/span>\n\t\t\t\t\t<span class=\"wd-timer-text\">\n\t\t\t\t\t\tjours\t\t\t\t\t<\/span>\n\t\t\t\t<\/span>\n\t\t\t\t\t\t\t\t<span class=\"wd-item wd-timer-hours\">\n\t\t\t\t\t<span class=\"wd-timer-value\">\n\t\t\t\t\t\t00\n\t\t\t\t\t<\/span>\n\t\t\t\t\t<span class=\"wd-timer-text\">\n\t\t\t\t\t\theure\t\t\t\t\t<\/span>\n\t\t\t\t<\/span>\n\t\t\t\t\t\t\t\t<span class=\"wd-item wd-timer-min\">\n\t\t\t\t\t<span class=\"wd-timer-value\">\n\t\t\t\t\t\t00\n\t\t\t\t\t<\/span>\n\t\t\t\t\t<span class=\"wd-timer-text\">\n\t\t\t\t\t\tmin\t\t\t\t\t<\/span>\n\t\t\t\t<\/span>\n\t\t\t\t\t\t\t\t<span class=\"wd-item wd-timer-sec\">\n\t\t\t\t\t<span class=\"wd-timer-value\">\n\t\t\t\t\t\t00\n\t\t\t\t\t<\/span>\n\t\t\t\t\t<span class=\"wd-timer-text\">\n\t\t\t\t\t\tsc\t\t\t\t\t<\/span>\n\t\t\t\t<\/span>\n\t\t\t<\/div>\n\t\t<\/div>\n\t\t\t\t\t\t<\/div>\n\t\t\t\t<\/div>\n\t\t\t\t\t<\/div>\n\t\t\t\t<\/div>\n\t\t<div class=\"wd-negative-gap elementor-element elementor-element-6363bfe e-flex e-con-boxed e-con e-parent\" data-id=\"6363bfe\" data-element_type=\"container\" data-e-type=\"container\">\n\t\t\t\t\t<div class=\"e-con-inner\">\n\t\t<div class=\"elementor-element elementor-element-9cff396 e-con-full e-flex e-con e-child\" data-id=\"9cff396\" data-element_type=\"container\" data-e-type=\"container\">\n\t\t\t\t<div class=\"elementor-element elementor-element-5e8efdb elementor-widget elementor-widget-wd_banner\" data-id=\"5e8efdb\" data-element_type=\"widget\" data-e-type=\"widget\" data-widget_type=\"wd_banner.default\">\n\t\t\t\t<div class=\"elementor-widget-container\">\n\t\t\t\t\t\t\t<div class=\"promo-banner-wrapper\">\n\t\t\t\t\t\t<div class=\"promo-banner banner-default banner-hover-zoom color-scheme-light banner-btn-size-default banner-btn-style-default with-btn banner-btn-position-static wd-with-link\">\n\t\t\t\t<div class=\"main-wrapp-img\">\n\t\t\t\t\t<div class=\"banner-image\">\n\t\t\t\t\t\t\t\t\t\t\t\t\t\t\t\t\t\t\t\t\t\t\t\t\t\t\t\t\t\t\t\t\t\t\t\t\t\t\t<\/div>\n\t\t\t\t<\/div>\n\n\t\t\t\t<div class=\"wrapper-content-banner wd-fill wd-items-top wd-justify-center\">\n\t\t\t\t\t<div class=\"content-banner  text-center\">\n\t\t\t\t\t\t\t\t\t\t\t\t\t<div class=\"banner-subtitle subtitle-style-default subtitle-color-default wd-fontsize-xs\" data-elementor-setting-key=\"subtitle\">\n\t\t\t\t\t\t\t\tMon tournevis sans fil\t\t\t\t\t\t\t<\/div>\n\t\t\t\t\t\t\n\t\t\t\t\t\t\t\t\t\t\t\t\t<h4 class=\"banner-title wd-fontsize-l\" data-elementor-setting-key=\"title\">\n\t\t\t\t\t\t\t\tAirPods Pro 3\t\t\t\t\t\t\t<\/h4>\n\t\t\t\t\t\t\n\t\t\t\t\t\t\n\t\t\t\t\t\t\n\t\t\t\t\t\t\t\t\t\t\t\t\t<div class=\"banner-btn-wrapper\">\n\t\t\t\t\t\t\t\t\t\t<div class=\"wd-button-wrapper text-center\" >\n\t\t\t<a class=\"btn btn-style-default btn-shape-round btn-size-default btn-color-primary btn-icon-pos-right\"  href=\"#\">\n\t\t\t\t<span class=\"wd-btn-text\" data-elementor-setting-key=\"text\">\n\t\t\t\t\tAchetez maintenant\t\t\t\t<\/span>\n\n\t\t\t\t\t\t\t<\/a>\n\t\t<\/div>\n\t\t\t\t\t\t\t\t\t<\/div>\n\t\t\t\t\t\t\t\t\t\t\t<\/div>\n\t\t\t\t<\/div>\n\n\t\t\t\t\t\t\t\t\t<a href=\"#\" class=\"wd-promo-banner-link wd-fill\" aria-label=\"Lien de la banni\u00e8re\"><\/a>\n\t\t\t\t\t\t\t<\/div>\n\t\t<\/div>\n\t\t\t\t\t\t<\/div>\n\t\t\t\t<\/div>\n\t\t\t\t<\/div>\n\t\t<div class=\"elementor-element elementor-element-18ff01c e-con-full e-flex e-con e-child\" data-id=\"18ff01c\" data-element_type=\"container\" data-e-type=\"container\">\n\t\t\t\t<div class=\"elementor-element elementor-element-b51d0c5 wd-width-100 elementor-widget elementor-widget-wd_products\" data-id=\"b51d0c5\" data-element_type=\"widget\" data-e-type=\"widget\" data-widget_type=\"wd_products.default\">\n\t\t\t\t<div class=\"elementor-widget-container\">\n\t\t\t\t\t\t\t\t\t\t<div class=\"wd-products-element\">\n\n\t\t\t\n\t\t\t\n\t\t\t\n\t\t\t<div class=\"products wd-products grid-columns-2 elements-grid wd-grid-g wd-loop-builder-off title-line-two products-bordered-grid-ins\" data-paged=\"1\" data-atts=\"{&quot;speed&quot;:null,&quot;slides_per_view&quot;:null,&quot;wrap&quot;:null,&quot;autoplay&quot;:null,&quot;autoheight&quot;:null,&quot;hide_pagination_control&quot;:null,&quot;dynamic_pagination_control&quot;:null,&quot;hide_prev_next_buttons&quot;:null,&quot;carousel_arrows_position&quot;:null,&quot;hide_scrollbar&quot;:null,&quot;scroll_per_page&quot;:null,&quot;center_mode&quot;:null,&quot;carousel_sync&quot;:null,&quot;sync_parent_id&quot;:null,&quot;sync_child_id&quot;:null,&quot;sync_group_id&quot;:null,&quot;scroll_carousel_init&quot;:null,&quot;disable_overflow_carousel&quot;:null,&quot;include&quot;:null,&quot;meta_key&quot;:null,&quot;shop_tools&quot;:null,&quot;ajax_recently_viewed&quot;:null,&quot;pagination_arrows_position&quot;:null,&quot;items_per_page&quot;:6,&quot;list_spacing&quot;:null,&quot;columns&quot;:{&quot;unit&quot;:&quot;px&quot;,&quot;size&quot;:2,&quot;sizes&quot;:[]},&quot;products_masonry&quot;:&quot;&quot;,&quot;products_different_sizes&quot;:&quot;&quot;,&quot;product_quantity&quot;:&quot;&quot;,&quot;product_hover&quot;:&quot;small&quot;,&quot;product_custom_hover&quot;:null,&quot;sale_countdown&quot;:null,&quot;stretch_product&quot;:null,&quot;stock_progress_bar&quot;:null,&quot;highlighted_products&quot;:null,&quot;products_divider&quot;:&quot;0&quot;,&quot;products_bordered_grid&quot;:&quot;1&quot;,&quot;products_bordered_grid_style&quot;:&quot;inside&quot;,&quot;products_with_background&quot;:&quot;0&quot;,&quot;products_shadow&quot;:&quot;0&quot;,&quot;img_size&quot;:&quot;custom&quot;,&quot;img_size_custom&quot;:{&quot;width&quot;:&quot;65&quot;,&quot;height&quot;:&quot;74&quot;},&quot;grid_gallery_control&quot;:null,&quot;grid_gallery_enable_arrows&quot;:null,&quot;elementor&quot;:true,&quot;force_not_ajax&quot;:&quot;no&quot;}\" data-source=\"shortcode\" data-columns=\"2\" style=\"--wd-col-lg:2;--wd-col-md:2;--wd-col-sm:2;--wd-gap-lg:20px;--wd-gap-sm:10px;\">\n\t\t\n\t\t\t\t\t\t\t\t<div class=\"wd-product wd-col wd-hover-small product-grid-item product type-product post-10941 status-publish instock product_cat-complementos-hosteleria product_cat-hosteleria product_cat-ropa-profesional has-post-thumbnail taxable shipping-taxable purchasable product-type-variable\" data-loop=\"1\" data-id=\"10941\">\n\t\n\n\n<div class=\"wd-product-wrapper product-wrapper\">\n\t<div class=\"wd-product-thumb product-element-top\">\n\t\t<a href=\"https:\/\/combi-pro.com\/fr\/tienda\/404005-bandana-100-algodon\/\" class=\"wd-product-img-link product-image-link\" aria-label=\"Bandana japonais en coton bio 404005 | VELILLA\">\n\t\t\t<img loading=\"lazy\" decoding=\"async\" width=\"65\" height=\"74\" src=\"https:\/\/combi-pro.com\/wp-content\/uploads\/2024\/06\/404005_00_1-e1737918406800-65x74.jpg\" class=\"attachment-65x74 size-65x74\" alt=\"\" srcset=\"https:\/\/combi-pro.com\/wp-content\/uploads\/2024\/06\/404005_00_1-e1737918406800-65x74.jpg 65w, https:\/\/combi-pro.com\/wp-content\/uploads\/2024\/06\/404005_00_1-e1737918406800-76x88.jpg 76w\" sizes=\"auto, (max-width: 65px) 100vw, 65px\">\t\t<\/a>\n\t\t\t<\/div>\n\n\t<div class=\"product-element-bottom\">\n\t<h3 class=\"wd-entities-title\"><a href=\"https:\/\/combi-pro.com\/fr\/tienda\/404005-bandana-100-algodon\/\">Bandana japonais en coton bio 404005 | VELILLA<\/a><\/h3>\n\t<span class=\"price\"><span class=\"text-gris\">\u00c0 partir de<\/span> <span class=\"woocommerce-Price-amount amount\"><bdi>5,48&nbsp;<span class=\"woocommerce-Price-currencySymbol\" translate=\"no\">\u20ac<\/span><\/bdi><\/span> <span class=\"text-gris\">TVA incl.<\/span><\/span>\n\t<\/div>\n<\/div>\n\n<\/div>\n\t\t\t\t\t\t\t\t<div class=\"wd-product wd-col wd-hover-small product-grid-item product type-product post-10276 status-publish instock product_cat-batas-industria-alimentaria product_cat-industria-alimentaria product_cat-ropa-profesional has-post-thumbnail taxable shipping-taxable purchasable product-type-variable has-default-attributes\" data-loop=\"2\" data-id=\"10276\">\n\t\n\n\n<div class=\"wd-product-wrapper product-wrapper\">\n\t<div class=\"wd-product-thumb product-element-top\">\n\t\t<a href=\"https:\/\/combi-pro.com\/fr\/tienda\/259001-bata-automaticos\/\" class=\"wd-product-img-link product-image-link\" aria-label=\"Robe \u00e0 boutons-pression et poche int\u00e9rieure 259001 | VELILLA\">\n\t\t\t<img loading=\"lazy\" decoding=\"async\" width=\"65\" height=\"74\" src=\"https:\/\/combi-pro.com\/wp-content\/uploads\/2024\/05\/259001_02_1-e1737928149514-65x74.jpg\" class=\"attachment-65x74 size-65x74\" alt=\"\" srcset=\"https:\/\/combi-pro.com\/wp-content\/uploads\/2024\/05\/259001_02_1-e1737928149514-65x74.jpg 65w, https:\/\/combi-pro.com\/wp-content\/uploads\/2024\/05\/259001_02_1-e1737928149514-76x88.jpg 76w\" sizes=\"auto, (max-width: 65px) 100vw, 65px\">\t\t<\/a>\n\t\t\t<\/div>\n\n\t<div class=\"product-element-bottom\">\n\t<h3 class=\"wd-entities-title\"><a href=\"https:\/\/combi-pro.com\/fr\/tienda\/259001-bata-automaticos\/\">Robe \u00e0 boutons-pression et poche int\u00e9rieure 259001 | VELILLA<\/a><\/h3>\n\t<span class=\"price\"><span class=\"text-gris\">\u00c0 partir de<\/span> <span class=\"woocommerce-Price-amount amount\"><bdi>16,91&nbsp;<span class=\"woocommerce-Price-currencySymbol\" translate=\"no\">\u20ac<\/span><\/bdi><\/span> <span class=\"text-gris\">TVA incl.<\/span><\/span>\n\t<\/div>\n<\/div>\n\n<\/div>\n\t\t\t\t\t\t\t\t<div class=\"wd-product wd-col wd-hover-small product-grid-item product type-product post-10286 status-publish last instock product_cat-batas-industria-alimentaria product_cat-industria-alimentaria product_cat-ropa-profesional has-post-thumbnail taxable shipping-taxable purchasable product-type-variable\" data-loop=\"3\" data-id=\"10286\">\n\t\n\n\n<div class=\"wd-product-wrapper product-wrapper\">\n\t<div class=\"wd-product-thumb product-element-top\">\n\t\t<a href=\"https:\/\/combi-pro.com\/fr\/tienda\/705-bata-velcro\/\" class=\"wd-product-img-link product-image-link\" aria-label=\"Robe avec fermeture velcro, confort et praticit\u00e9 705 | VELILLA\">\n\t\t\t<img loading=\"lazy\" decoding=\"async\" width=\"65\" height=\"74\" src=\"https:\/\/combi-pro.com\/wp-content\/uploads\/2024\/05\/705_07_1-e1737928058468-65x74.jpg\" class=\"attachment-65x74 size-65x74\" alt=\"\">\t\t<\/a>\n\t\t\t<\/div>\n\n\t<div class=\"product-element-bottom\">\n\t<h3 class=\"wd-entities-title\"><a href=\"https:\/\/combi-pro.com\/fr\/tienda\/705-bata-velcro\/\">Robe avec fermeture velcro, confort et praticit\u00e9 705 | VELILLA<\/a><\/h3>\n\t<span class=\"price\"><span class=\"text-gris\">\u00c0 partir de<\/span> <span class=\"woocommerce-Price-amount amount\"><bdi>16,46&nbsp;<span class=\"woocommerce-Price-currencySymbol\" translate=\"no\">\u20ac<\/span><\/bdi><\/span> <span class=\"text-gris\">TVA incl.<\/span><\/span>\n\t<\/div>\n<\/div>\n\n<\/div>\n\t\t\t\t\t\t\t\t<div class=\"wd-product wd-col wd-hover-small product-grid-item product type-product post-10295 status-publish first instock product_cat-batas-industria-alimentaria product_cat-industria-alimentaria product_cat-ropa-profesional has-post-thumbnail taxable shipping-taxable purchasable product-type-variable has-default-attributes\" data-loop=\"4\" data-id=\"10295\">\n\t\n\n\n<div class=\"wd-product-wrapper product-wrapper\">\n\t<div class=\"wd-product-thumb product-element-top\">\n\t\t<a href=\"https:\/\/combi-pro.com\/fr\/tienda\/259002-bata-cruzada-mc-mujer\/\" class=\"wd-product-img-link product-image-link\" aria-label=\"Robe crois\u00e9e pour femme pour le style et le confort 259002 | VELILLA\">\n\t\t\t<img loading=\"lazy\" decoding=\"async\" width=\"65\" height=\"74\" src=\"https:\/\/combi-pro.com\/wp-content\/uploads\/2024\/05\/259002_01_1-e1737927975155-65x74.jpg\" class=\"attachment-65x74 size-65x74\" alt=\"\">\t\t<\/a>\n\t\t\t<\/div>\n\n\t<div class=\"product-element-bottom\">\n\t<h3 class=\"wd-entities-title\"><a href=\"https:\/\/combi-pro.com\/fr\/tienda\/259002-bata-cruzada-mc-mujer\/\">Robe crois\u00e9e pour femme pour le style et le confort 259002 | VELILLA<\/a><\/h3>\n\t<span class=\"price\"><span class=\"text-gris\">\u00c0 partir de<\/span> <span class=\"woocommerce-Price-amount amount\"><bdi>13,22&nbsp;<span class=\"woocommerce-Price-currencySymbol\" translate=\"no\">\u20ac<\/span><\/bdi><\/span> <span class=\"text-gris\">TVA incl.<\/span><\/span>\n\t<\/div>\n<\/div>\n\n<\/div>\n\t\t\t\t\t\t\t\t<div class=\"wd-product wd-col wd-hover-small product-grid-item product type-product post-8583 status-publish instock product_cat-batas product_cat-industria-base product_cat-ropa-profesional has-post-thumbnail taxable shipping-taxable purchasable product-type-variable has-default-attributes\" data-loop=\"5\" data-id=\"8583\">\n\t\n\n\n<div class=\"wd-product-wrapper product-wrapper\">\n\t<div class=\"wd-product-thumb product-element-top\">\n\t\t<a href=\"https:\/\/combi-pro.com\/fr\/tienda\/bata-de-trabajo-con-cierre-central-con-botones-700\/\" class=\"wd-product-img-link product-image-link\" aria-label=\"Manteau de travail avec fermeture \u00e0 bouton central 700 | VELILLA\">\n\t\t\t<img loading=\"lazy\" decoding=\"async\" width=\"65\" height=\"74\" src=\"https:\/\/combi-pro.com\/wp-content\/uploads\/2024\/05\/700_09_1-e1738162142459-65x74.jpg\" class=\"attachment-65x74 size-65x74\" alt=\"Blouse de travail \u00e0 fermeture centrale \u00e0 boutons 700 | VELILLA\" \/>\t\t<\/a>\n\t\t\t<\/div>\n\n\t<div class=\"product-element-bottom\">\n\t<h3 class=\"wd-entities-title\"><a href=\"https:\/\/combi-pro.com\/fr\/tienda\/bata-de-trabajo-con-cierre-central-con-botones-700\/\">Manteau de travail avec fermeture \u00e0 bouton central 700 | VELILLA<\/a><\/h3>\n\t<span class=\"price\"><span class=\"text-gris\">\u00c0 partir de<\/span> <span class=\"woocommerce-Price-amount amount\"><bdi>15,83&nbsp;<span class=\"woocommerce-Price-currencySymbol\" translate=\"no\">\u20ac<\/span><\/bdi><\/span> <span class=\"text-gris\">TVA incl.<\/span><\/span>\n\t<\/div>\n<\/div>\n\n<\/div>\n\t\t\t\t\t\t\t\t<div class=\"wd-product wd-col wd-hover-small product-grid-item product type-product post-8606 status-publish instock product_cat-batas product_cat-industria-base product_cat-ropa-profesional has-post-thumbnail taxable shipping-taxable purchasable product-type-variable has-default-attributes\" data-loop=\"6\" data-id=\"8606\">\n\t\n\n\n<div class=\"wd-product-wrapper product-wrapper\">\n\t<div class=\"wd-product-thumb product-element-top\">\n\t\t<a href=\"https:\/\/combi-pro.com\/fr\/tienda\/bata-de-trabajo-mujer-907\/\" class=\"wd-product-img-link product-image-link\" aria-label=\"Blouse de travail femme 907 | VELILLA\">\n\t\t\t<img loading=\"lazy\" decoding=\"async\" width=\"65\" height=\"74\" src=\"https:\/\/combi-pro.com\/wp-content\/uploads\/2024\/05\/907_05_1-e1738162000263-65x74.jpg\" class=\"attachment-65x74 size-65x74\" alt=\"Blouse de travail femme 907 | VELILLA\" \/>\t\t<\/a>\n\t\t\t<\/div>\n\n\t<div class=\"product-element-bottom\">\n\t<h3 class=\"wd-entities-title\"><a href=\"https:\/\/combi-pro.com\/fr\/tienda\/bata-de-trabajo-mujer-907\/\">Blouse de travail femme 907 | VELILLA<\/a><\/h3>\n\t<span class=\"price\"><span class=\"text-gris\">\u00c0 partir de<\/span> <span class=\"woocommerce-Price-amount amount\"><bdi>15,20&nbsp;<span class=\"woocommerce-Price-currencySymbol\" translate=\"no\">\u20ac<\/span><\/bdi><\/span> <span class=\"text-gris\">TVA incl.<\/span><\/span>\n\t<\/div>\n<\/div>\n\n<\/div>\n\t\t\n\t\t\t\t<\/div>\n\t\n\t\t\n\t\t\n\t\t\t\t\t<\/div>\n\t\t\n\t\t\t\t\t\t<\/div>\n\t\t\t\t<\/div>\n\t\t\t\t<div class=\"elementor-element elementor-element-1a454f3 elementor-widget elementor-widget-wd_text_block\" data-id=\"1a454f3\" data-element_type=\"widget\" data-e-type=\"widget\" data-widget_type=\"wd_text_block.default\">\n\t\t\t\t<div class=\"elementor-widget-container\">\n\t\t\t\t\t\t\t<div class=\"wd-text-block reset-last-child text-left\">\n\t\t\t\n\t\t\t<p>*Le nombre de produits est limit\u00e9 !<\/p><p>**Les produits promotionnels ne peuvent \u00eatre combin\u00e9s avec les codes promotionnels.<\/p>\n\t\t\t\t\t<\/div>\n\t\t\t\t\t\t<\/div>\n\t\t\t\t<\/div>\n\t\t\t\t<\/div>\n\t\t\t\t\t<\/div>\n\t\t\t\t<\/div>\n\t\t<div class=\"wd-negative-gap elementor-element elementor-element-88658c8 e-flex e-con-boxed e-con e-parent\" data-id=\"88658c8\" data-element_type=\"container\" data-e-type=\"container\">\n\t\t\t\t\t<div class=\"e-con-inner\">\n\t\t\t\t<div class=\"elementor-element elementor-element-20c44ae elementor-widget__width-auto wd-width-100 elementor-widget elementor-widget-wd_title\" data-id=\"20c44ae\" data-element_type=\"widget\" data-e-type=\"widget\" data-widget_type=\"wd_title.default\">\n\t\t\t\t<div class=\"elementor-widget-container\">\n\t\t\t\t\t\t\t<div class=\"title-wrapper wd-set-mb reset-last-child wd-title-color-default wd-title-style-default wd-title-size-default text-left\">\n\n\t\t\t\n\t\t\t<div class=\"liner-continer\">\n\t\t\t\t<h4 class=\"woodmart-title-container title wd-fontsize-l wd-underline-gradient\"><u>Populaire<\/u> dans le jeu<\/h4> \n\t\t\t\t\t\t\t<\/div>\n\n\t\t\t\t\t<\/div>\n\t\t\t\t\t\t<\/div>\n\t\t\t\t<\/div>\n\t\t\t\t<div class=\"elementor-element elementor-element-d0eafef elementor-widget elementor-widget-wd_button\" data-id=\"d0eafef\" data-element_type=\"widget\" data-e-type=\"widget\" data-widget_type=\"wd_button.default\">\n\t\t\t\t<div class=\"elementor-widget-container\">\n\t\t\t\t\t\t\t<div class=\"wd-button-wrapper text-center\" >\n\t\t\t<a class=\"btn btn-style-default btn-shape-round btn-size-default btn-icon-pos-right\"  href=\"#\">\n\t\t\t\t<span class=\"wd-btn-text\" data-elementor-setting-key=\"text\">\n\t\t\t\t\tTous les produits\t\t\t\t<\/span>\n\n\t\t\t\t\t\t\t\t\t<span class=\"wd-btn-icon\">\n\t\t\t\t\t\t<img  loading=\"lazy\" width=\"12\" height=\"12\">\t\t\t\t\t<\/span>\n\t\t\t\t\t\t\t<\/a>\n\t\t<\/div>\n\t\t\t\t\t\t<\/div>\n\t\t\t\t<\/div>\n\t\t\t\t<div class=\"elementor-element elementor-element-704e990 wd-width-100 elementor-widget elementor-widget-wd_products\" data-id=\"704e990\" data-element_type=\"widget\" data-e-type=\"widget\" data-widget_type=\"wd_products.default\">\n\t\t\t\t<div class=\"elementor-widget-container\">\n\t\t\t\t\t\t\t\t<style id=\"wd-style-blocks-38304-inline-css\" data-type=\"wd-style-blocks-38304\">\n\t\t\t\t.wd.wd .wd-5ad4f35a{top: 10px;left: 10px;}.wd.wd .wd-1d07dd2d{--wd-action-icon-size: 18px;transition: var(--wd-trans-main, all .25s ease), transform 0.3s, var(--wd-trans-last, last .25s ease);--wd-transform-scaleX: 0.6;--wd-transform-scaleY: 0.6;}.wd.wd .wd-1d07dd2d.wd-action-btn > a{padding: 12px 14px 12px 14px;}.wd.wd .wd-hover-parent:hover .wd-1d07dd2d{--wd-transform-scaleX: 1;--wd-transform-scaleY: 1;}.wd.wd .wd-3be97fbf{--wd-action-icon-size: 18px;transition: var(--wd-trans-main, all .25s ease), transform 0.3s, var(--wd-trans-last, last .25s ease);--wd-transform-scaleX: 0.6;--wd-transform-scaleY: 0.6;}.wd.wd .wd-3be97fbf > a{padding: 12px 14px 12px 14px;}.wd.wd .wd-hover-parent:hover .wd-3be97fbf{--wd-transform-scaleX: 1;--wd-transform-scaleY: 1;}.wd.wd .wd-33f6565d{--wd-action-icon-size: 18px;transition: var(--wd-trans-main, all .25s ease), transform 0.3s, var(--wd-trans-last, last .25s ease);--wd-transform-scaleX: 0.6;--wd-transform-scaleY: 0.6;}.wd.wd .wd-33f6565d > a{padding: 12px 14px 12px 14px;}.wd.wd .wd-hover-parent:hover .wd-33f6565d{--wd-transform-scaleX: 1;--wd-transform-scaleY: 1;}.wd.wd .wd-64a0fc58{--wd-row-gap: 0px;transition: var(--wd-trans-main, all .25s ease), transform 0.3s, visibility 0.3s, opacity 0.3s, var(--wd-trans-last, last .25s ease);top: 5px;right: 5px;opacity: 0;--wd-width: fit-content;}.wd.wd .wd-hover-parent:hover .wd-64a0fc58{opacity: 1;}.wd.wd .wd-368dd130{margin-bottom: 0px;border-radius: var(u002du002dwd-brd-radius) var(u002du002dwd-brd-radius) 0px 0px;}.wd.wd .wd-e98a4a67{--wd-align: var(--wd-center);--wd-link-color-hover: var(u002du002dwd-alternative-color);}.wd.wd .wd-f1792315{flex: 0 0 auto;}.wd.wd .wd-325811a4{justify-content: center;align-items: center;align-content: center;flex-wrap: wrap;}.wd.wd .wd-5342ae28{--wd-align: var(--wd-center);--wd-line-count: 2;font-family: 'Poppins';font-weight: 600;font-size: 15px;}.wd.wd .wd-5342ae28 a{color: var(u002du002dwd-primary-color);}.wd.wd .wd-5342ae28:hover a{color: var(u002du002dwd-alternative-color);}.wd.wd .wd-2fe21a7f{align-items: center;align-content: center;padding: 15px;margin-bottom: 0px;}.wd.wd .wd-59cab364{--wd-align: var(--wd-center);}.wd.wd .wd-59cab364 .price{font-family: 'Poppins';font-weight: 600;font-size: 14px;}.wd.wd .wd-6fd71854{--wd-align: var(--wd-center);}.wd.wd .wd-5b91211b{justify-content: center;align-items: center;align-content: center;flex-wrap: wrap;--wd-align: var(--wd-center);padding: 15px;margin-top: auto;margin-bottom: 0;border-style: solid;border-color: rgba(0,0,0,0.11);border-width: 1px 0px 0px 0px;}@media (max-width: 1024px) {.wd.wd .wd-1d07dd2d{--wd-transform-scaleX: 1;--wd-transform-scaleY: 1;opacity: 1;}.wd.wd .wd-3be97fbf{--wd-transform-scaleX: 1;--wd-transform-scaleY: 1;opacity: 1;}.wd.wd .wd-33f6565d{--wd-transform-scaleX: 1;--wd-transform-scaleY: 1;opacity: 1;}.wd.wd .wd-64a0fc58{--wd-transform-translateX: 0px;opacity: 1;}}\t\t\t<\/style>\n\t\t\t\t\t\t\n\t\t\t<div id=\"carousel-765\" class=\"wd-carousel-container  wd-products-element wd-products products wd-loop-builder-on wd-loop-item-wrap-38304 title-line-two\">\n\t\t\t\t\n\t\t\t\t\t\t\t\n\t\t\t\t<div class=\"wd-carousel-inner\">\n\t\t\t\t\t<div class=\"wd-carousel wd-grid\" data-scroll_per_page=\"yes\" style=\"--wd-col-lg:6;--wd-col-md:4;--wd-col-sm:2;--wd-gap-lg:20px;--wd-gap-sm:10px;\">\n\t\t\t\t\t\t<div class=\"wd-carousel-wrap\">\n\t\t\t\t\t\t\t\t\t<div class=\"wd-carousel-item\">\n\t\t\t\t\t\t\t\t\t\t\t<div class=\"wd-product wd-loop-item-38304 wd-hover-parent product type-product post-10941 status-publish instock product_cat-complementos-hosteleria product_cat-hosteleria product_cat-ropa-profesional has-post-thumbnail taxable shipping-taxable purchasable product-type-variable\" data-loop=\"1\" data-id=\"10941\">\n\t<div class=\"wd-product-wrapper wd-entry-content\">\n\t\t\t<div class=\"wd-loop-prod-thumb wd-product-thumb wd-368dd130 wd-hover-fade-in\">\n\t\t\t<a href=\"https:\/\/combi-pro.com\/fr\/tienda\/404005-bandana-100-algodon\/\" class=\"wd-product-img-link\" tabindex=\"-1\" aria-label=\"Bandana japonais en coton bio 404005 | VELILLA\">\n\t\t\t\t<img loading=\"lazy\" decoding=\"async\" width=\"559\" height=\"800\" src=\"https:\/\/combi-pro.com\/wp-content\/uploads\/2024\/06\/404005_00_1-e1737918406800.jpg\" class=\"attachment-large size-large\" alt=\"\" srcset=\"https:\/\/combi-pro.com\/wp-content\/uploads\/2024\/06\/404005_00_1-e1737918406800.jpg 559w, https:\/\/combi-pro.com\/wp-content\/uploads\/2024\/06\/404005_00_1-e1737918406800-150x215.jpg 150w, https:\/\/combi-pro.com\/wp-content\/uploads\/2024\/06\/404005_00_1-e1737918406800-210x300.jpg 210w, https:\/\/combi-pro.com\/wp-content\/uploads\/2024\/06\/404005_00_1-e1737918406800-8x12.jpg 8w, https:\/\/combi-pro.com\/wp-content\/uploads\/2024\/06\/404005_00_1-e1737918406800-64x92.jpg 64w\" sizes=\"auto, (max-width: 559px) 100vw, 559px\">\t\t\t<\/a>\n\n\t\t\t\n\t\t\t\n\n\n\n\n\n\n\t\t<\/div>\n\t\t\n\n\n\t\t<div class=\"wd-product-cats wd-loop-prod-meta wd-e98a4a67 wd-align\">\n\t\t\t\t\t\t<a href=\"https:\/\/combi-pro.com\/fr\/categoria-de-productos\/ropa-profesional\/hosteleria\/\" rel=\"tag\">H\u00f4tellerie<\/a><span class=\"wd-meta-sep\">,<\/span> <a href=\"https:\/\/combi-pro.com\/fr\/categoria-de-productos\/ropa-profesional\/hosteleria\/complementos-hosteleria\/\" rel=\"tag\">Compl\u00e9ments<\/a><span class=\"wd-meta-sep\">,<\/span> <a href=\"https:\/\/combi-pro.com\/fr\/categoria-de-productos\/ropa-profesional\/\" rel=\"tag\">V\u00eatements Professionnels<\/a>\t\t<\/div>\n\t\t\n\n\n\t\t<h3 class=\"wd-loop-prod-title wd-entities-title wd-5342ae28 wd-align wd-line-clamp\">\n\t\t\t<a href=\"https:\/\/combi-pro.com\/fr\/tienda\/404005-bandana-100-algodon\/\">\n\t\t\t\tBandana japonais en coton bio 404005 | VELILLA\t\t\t<\/a>\n\t\t<\/h3>\n\n\t\t\n\n\n\t\t<div class=\"wd-loop-prod-price wd-59cab364 wd-align\">\n\t\t\t\n\t<span class=\"price\"><span class=\"text-gris\">\u00c0 partir de<\/span> <span class=\"woocommerce-Price-amount amount\"><bdi>5,48&nbsp;<span class=\"woocommerce-Price-currencySymbol\" translate=\"no\">\u20ac<\/span><\/bdi><\/span> <span class=\"text-gris\">TVA incl.<\/span><\/span>\n\t\t<\/div>\n\t\t\n\t\t<div class=\"wd-add-btn-wrapp wd-6fd71854 wd-quantity-overlap\">\n\t\t\t<div class=\"wd-add-btn wd-loop-prod-btn wd-add-btn-replace\">\n\t\t\t\t\t\t\t\t\t\n<div class=\"quantity\">\n\t\n\t\t\t<button class=\"minus btn\" aria-label=\"Diminuer la quantit\u00e9\">-<\/button>\n\t\n\t<label class=\"screen-reader-text\" for=\"quantity_6a9713c190b52\" data-no-translation=\"\" data-trp-gettext=\"\">quantit\u00e9 de Bandana japonesa algod\u00f3n org\u00e1nico 404005 | VELILLA<\/label>\n\t<input\n\t\ttype=\"number\"\n\t\t\t\tid=\"quantity_6a9713c190b52\"\n\t\tclass=\"input-text qty text\"\n\t\tvalue=\"1\"\n\t\taria-label=\"Quantit\u00e9 de produits\"\n\t\t\t\tmin=\"1\"\n\t\t\t\tname=\"quantity\"\n\n\t\t\t\t\tstep=\"1\"\n\t\t\tplaceholder=\"\"\n\t\t\tinputmode=\"numeric\"\n\t\t\tautocomplete=\"off\" data-no-translation-aria-label=\"\"\n\t\t\t>\n\n\t\t\t<button class=\"plus btn\" aria-label=\"Augmenter la quantit\u00e9\" data-no-translation-aria-label=\"\">+<\/button>\n\t\n\t<\/div>\n\t\t\t\t\n\t\t\t\t<a href=\"https:\/\/combi-pro.com\/fr\/tienda\/404005-bandana-100-algodon\/\" aria-describedby=\"woocommerce_loop_add_to_cart_link_describedby_10941\" data-quantity=\"1\" class=\"button product_type_variable add_to_cart_button cfvsw_ajax_add_to_cart add-to-cart-loop\" data-product_id=\"10941\" data-product_sku=\"\" aria-label=\"S\u00e9lectionner les options pour \u201cBandana japonesa algod\u00f3n org\u00e1nico 404005 | VELILLA\u201d\" rel=\"nofollow\" data-add_to_cart_text=\"Add to Cart\" data-select_options_text=\"Choix des options\" data-no-translation-aria-label=\"\" data-no-translation-data-select_options_text=\"\"><span class=\"wd-action-icon\"><span class=\"wd-check-icon\"><\/span><\/span><span class=\"wd-action-text\" data-no-translation=\"\" data-trp-gettext=\"\">Choix des options<\/span><\/a>\t<span id=\"woocommerce_loop_add_to_cart_link_describedby_10941\" class=\"screen-reader-text\">\n\t\tCe produit a plusieurs variations. Les options peuvent \u00eatre choisies sur la page du produit\t<\/span>\n\t\t\t<\/div>\n\t\t<\/div>\n\n\t\t\n<\/div>\n<\/div>\n\t\t\t\t\t<\/div>\n\t\t\t\t<div class=\"wd-carousel-item\">\n\t\t\t\t\t\t\t\t\t\t\t<div class=\"wd-product wd-loop-item-38304 wd-hover-parent product type-product post-10276 status-publish instock product_cat-batas-industria-alimentaria product_cat-industria-alimentaria product_cat-ropa-profesional has-post-thumbnail taxable shipping-taxable purchasable product-type-variable has-default-attributes\" data-loop=\"2\" data-id=\"10276\">\n\t<div class=\"wd-product-wrapper wd-entry-content\">\n\t\t\t<div class=\"wd-loop-prod-thumb wd-product-thumb wd-368dd130 wd-hover-fade-in\">\n\t\t\t<a href=\"https:\/\/combi-pro.com\/fr\/tienda\/259001-bata-automaticos\/\" class=\"wd-product-img-link\" tabindex=\"-1\" aria-label=\"Robe \u00e0 boutons-pression et poche int\u00e9rieure 259001 | VELILLA\">\n\t\t\t\t<img loading=\"lazy\" decoding=\"async\" width=\"683\" height=\"1024\" src=\"https:\/\/combi-pro.com\/wp-content\/uploads\/2024\/05\/259001_02_1-683x1024.jpg\" class=\"attachment-large size-large\" alt=\"\" srcset=\"https:\/\/combi-pro.com\/wp-content\/uploads\/2024\/05\/259001_02_1-683x1024.jpg 683w, https:\/\/combi-pro.com\/wp-content\/uploads\/2024\/05\/259001_02_1-e1737928149514-450x675.jpg 450w, https:\/\/combi-pro.com\/wp-content\/uploads\/2024\/05\/259001_02_1-e1737928149514-150x225.jpg 150w, https:\/\/combi-pro.com\/wp-content\/uploads\/2024\/05\/259001_02_1-e1737928149514-200x300.jpg 200w, https:\/\/combi-pro.com\/wp-content\/uploads\/2024\/05\/259001_02_1-e1737928149514-8x12.jpg 8w, https:\/\/combi-pro.com\/wp-content\/uploads\/2024\/05\/259001_02_1-768x1152.jpg 768w, https:\/\/combi-pro.com\/wp-content\/uploads\/2024\/05\/259001_02_1-e1737928149514-300x450.jpg 300w, https:\/\/combi-pro.com\/wp-content\/uploads\/2024\/05\/259001_02_1-e1737928149514-64x96.jpg 64w, https:\/\/combi-pro.com\/wp-content\/uploads\/2024\/05\/259001_02_1-600x900.jpg 600w, https:\/\/combi-pro.com\/wp-content\/uploads\/2024\/05\/259001_02_1-e1737928149514.jpg 533w\" sizes=\"auto, (max-width: 683px) 100vw, 683px\">\t\t\t<\/a>\n\n\t\t\t\t\t\t<div class=\"wd-product-img-hover hover-img\">\n\t\t\t\t<img loading=\"lazy\" decoding=\"async\" width=\"683\" height=\"1024\" src=\"https:\/\/combi-pro.com\/wp-content\/uploads\/2024\/05\/259001_02_2-683x1024.jpg\" class=\"attachment-large size-large\" alt=\"\" srcset=\"https:\/\/combi-pro.com\/wp-content\/uploads\/2024\/05\/259001_02_2-683x1024.jpg 683w, https:\/\/combi-pro.com\/wp-content\/uploads\/2024\/05\/259001_02_2-e1737928120524-450x675.jpg 450w, https:\/\/combi-pro.com\/wp-content\/uploads\/2024\/05\/259001_02_2-e1737928120524-150x225.jpg 150w, https:\/\/combi-pro.com\/wp-content\/uploads\/2024\/05\/259001_02_2-e1737928120524-200x300.jpg 200w, https:\/\/combi-pro.com\/wp-content\/uploads\/2024\/05\/259001_02_2-e1737928120524-8x12.jpg 8w, https:\/\/combi-pro.com\/wp-content\/uploads\/2024\/05\/259001_02_2-e1737928120524-64x96.jpg 64w, https:\/\/combi-pro.com\/wp-content\/uploads\/2024\/05\/259001_02_2-e1737928120524-300x450.jpg 300w, https:\/\/combi-pro.com\/wp-content\/uploads\/2024\/05\/259001_02_2-768x1152.jpg 768w, https:\/\/combi-pro.com\/wp-content\/uploads\/2024\/05\/259001_02_2-600x900.jpg 600w, https:\/\/combi-pro.com\/wp-content\/uploads\/2024\/05\/259001_02_2-e1737928120524.jpg 533w\" sizes=\"auto, (max-width: 683px) 100vw, 683px\">\t\t\t<\/div>\n\t\t\t\n\t\t\t\n\n\n\n\n\n\n\t\t<\/div>\n\t\t\n\n\n\t\t<div class=\"wd-product-cats wd-loop-prod-meta wd-e98a4a67 wd-align\">\n\t\t\t\t\t\t<a href=\"https:\/\/combi-pro.com\/fr\/categoria-de-productos\/ropa-profesional\/industria-alimentaria\/\" rel=\"tag\">Industrie Alimentaire<\/a><span class=\"wd-meta-sep\">,<\/span> <a href=\"https:\/\/combi-pro.com\/fr\/categoria-de-productos\/ropa-profesional\/industria-alimentaria\/batas-industria-alimentaria\/\" rel=\"tag\">Robes<\/a><span class=\"wd-meta-sep\">,<\/span> <a href=\"https:\/\/combi-pro.com\/fr\/categoria-de-productos\/ropa-profesional\/\" rel=\"tag\">V\u00eatements Professionnels<\/a>\t\t<\/div>\n\t\t\n\n\n\t\t<h3 class=\"wd-loop-prod-title wd-entities-title wd-5342ae28 wd-align wd-line-clamp\">\n\t\t\t<a href=\"https:\/\/combi-pro.com\/fr\/tienda\/259001-bata-automaticos\/\">\n\t\t\t\tRobe \u00e0 boutons-pression et poche int\u00e9rieure 259001 | VELILLA\t\t\t<\/a>\n\t\t<\/h3>\n\n\t\t\n\n\n\t\t<div class=\"wd-loop-prod-price wd-59cab364 wd-align\">\n\t\t\t\n\t<span class=\"price\"><span class=\"text-gris\">\u00c0 partir de<\/span> <span class=\"woocommerce-Price-amount amount\"><bdi>16,91&nbsp;<span class=\"woocommerce-Price-currencySymbol\" translate=\"no\">\u20ac<\/span><\/bdi><\/span> <span class=\"text-gris\">TVA incl.<\/span><\/span>\n\t\t<\/div>\n\t\t\n\t\t<div class=\"wd-add-btn-wrapp wd-6fd71854 wd-quantity-overlap\">\n\t\t\t<div class=\"wd-add-btn wd-loop-prod-btn wd-add-btn-replace\">\n\t\t\t\t\t\t\t\t\t\n<div class=\"quantity\">\n\t\n\t\t\t<button class=\"minus btn\" aria-label=\"Diminuer la quantit\u00e9\">-<\/button>\n\t\n\t<label class=\"screen-reader-text\" for=\"quantity_6a9713c193267\" data-no-translation=\"\" data-trp-gettext=\"\">quantit\u00e9 de Bata con autom\u00e1ticos y bolsillo interior 259001 | VELILLA<\/label>\n\t<input\n\t\ttype=\"number\"\n\t\t\t\tid=\"quantity_6a9713c193267\"\n\t\tclass=\"input-text qty text\"\n\t\tvalue=\"1\"\n\t\taria-label=\"Quantit\u00e9 de produits\"\n\t\t\t\tmin=\"1\"\n\t\t\t\tname=\"quantity\"\n\n\t\t\t\t\tstep=\"1\"\n\t\t\tplaceholder=\"\"\n\t\t\tinputmode=\"numeric\"\n\t\t\tautocomplete=\"off\" data-no-translation-aria-label=\"\"\n\t\t\t>\n\n\t\t\t<button class=\"plus btn\" aria-label=\"Augmenter la quantit\u00e9\" data-no-translation-aria-label=\"\">+<\/button>\n\t\n\t<\/div>\n\t\t\t\t\n\t\t\t\t<a href=\"https:\/\/combi-pro.com\/fr\/tienda\/259001-bata-automaticos\/\" aria-describedby=\"woocommerce_loop_add_to_cart_link_describedby_10276\" data-quantity=\"1\" class=\"button product_type_variable add_to_cart_button cfvsw_ajax_add_to_cart add-to-cart-loop\" data-product_id=\"10276\" data-product_sku=\"\" aria-label=\"S\u00e9lectionner les options pour \u201cBata con autom\u00e1ticos y bolsillo interior 259001 | VELILLA\u201d\" rel=\"nofollow\" data-add_to_cart_text=\"Add to Cart\" data-select_options_text=\"Choix des options\" data-no-translation-aria-label=\"\" data-no-translation-data-select_options_text=\"\"><span class=\"wd-action-icon\"><span class=\"wd-check-icon\"><\/span><\/span><span class=\"wd-action-text\" data-no-translation=\"\" data-trp-gettext=\"\">Choix des options<\/span><\/a>\t<span id=\"woocommerce_loop_add_to_cart_link_describedby_10276\" class=\"screen-reader-text\">\n\t\tCe produit a plusieurs variations. Les options peuvent \u00eatre choisies sur la page du produit\t<\/span>\n\t\t\t<\/div>\n\t\t<\/div>\n\n\t\t\n<\/div>\n<\/div>\n\t\t\t\t\t<\/div>\n\t\t\t\t<div class=\"wd-carousel-item\">\n\t\t\t\t\t\t\t\t\t\t\t<div class=\"wd-product wd-loop-item-38304 wd-hover-parent product type-product post-10286 status-publish last instock product_cat-batas-industria-alimentaria product_cat-industria-alimentaria product_cat-ropa-profesional has-post-thumbnail taxable shipping-taxable purchasable product-type-variable\" data-loop=\"3\" data-id=\"10286\">\n\t<div class=\"wd-product-wrapper wd-entry-content\">\n\t\t\t<div class=\"wd-loop-prod-thumb wd-product-thumb wd-368dd130 wd-hover-fade-in\">\n\t\t\t<a href=\"https:\/\/combi-pro.com\/fr\/tienda\/705-bata-velcro\/\" class=\"wd-product-img-link\" tabindex=\"-1\" aria-label=\"Robe avec fermeture velcro, confort et praticit\u00e9 705 | VELILLA\">\n\t\t\t\t<img loading=\"lazy\" decoding=\"async\" width=\"683\" height=\"1024\" src=\"https:\/\/combi-pro.com\/wp-content\/uploads\/2024\/05\/705_07_1-683x1024.jpg\" class=\"attachment-large size-large\" alt=\"\" srcset=\"https:\/\/combi-pro.com\/wp-content\/uploads\/2024\/05\/705_07_1-683x1024.jpg 683w, https:\/\/combi-pro.com\/wp-content\/uploads\/2024\/05\/705_07_1-e1737928058468-450x675.jpg 450w, https:\/\/combi-pro.com\/wp-content\/uploads\/2024\/05\/705_07_1-e1737928058468-150x225.jpg 150w, https:\/\/combi-pro.com\/wp-content\/uploads\/2024\/05\/705_07_1-e1737928058468-200x300.jpg 200w, https:\/\/combi-pro.com\/wp-content\/uploads\/2024\/05\/705_07_1-e1737928058468-8x12.jpg 8w, https:\/\/combi-pro.com\/wp-content\/uploads\/2024\/05\/705_07_1-768x1152.jpg 768w, https:\/\/combi-pro.com\/wp-content\/uploads\/2024\/05\/705_07_1-e1737928058468-300x450.jpg 300w, https:\/\/combi-pro.com\/wp-content\/uploads\/2024\/05\/705_07_1-e1737928058468-64x96.jpg 64w, https:\/\/combi-pro.com\/wp-content\/uploads\/2024\/05\/705_07_1-600x900.jpg 600w, https:\/\/combi-pro.com\/wp-content\/uploads\/2024\/05\/705_07_1-e1737928058468.jpg 533w\" sizes=\"auto, (max-width: 683px) 100vw, 683px\">\t\t\t<\/a>\n\n\t\t\t\t\t\t<div class=\"wd-product-img-hover hover-img\">\n\t\t\t\t<img loading=\"lazy\" decoding=\"async\" width=\"683\" height=\"1024\" src=\"https:\/\/combi-pro.com\/wp-content\/uploads\/2024\/05\/705_07_2-683x1024.jpg\" class=\"attachment-large size-large\" alt=\"\" srcset=\"https:\/\/combi-pro.com\/wp-content\/uploads\/2024\/05\/705_07_2-683x1024.jpg 683w, https:\/\/combi-pro.com\/wp-content\/uploads\/2024\/05\/705_07_2-e1737928038666-450x675.jpg 450w, https:\/\/combi-pro.com\/wp-content\/uploads\/2024\/05\/705_07_2-e1737928038666-150x225.jpg 150w, https:\/\/combi-pro.com\/wp-content\/uploads\/2024\/05\/705_07_2-e1737928038666-200x300.jpg 200w, https:\/\/combi-pro.com\/wp-content\/uploads\/2024\/05\/705_07_2-e1737928038666-8x12.jpg 8w, https:\/\/combi-pro.com\/wp-content\/uploads\/2024\/05\/705_07_2-e1737928038666-64x96.jpg 64w, https:\/\/combi-pro.com\/wp-content\/uploads\/2024\/05\/705_07_2-e1737928038666-300x450.jpg 300w, https:\/\/combi-pro.com\/wp-content\/uploads\/2024\/05\/705_07_2-768x1152.jpg 768w, https:\/\/combi-pro.com\/wp-content\/uploads\/2024\/05\/705_07_2-600x900.jpg 600w, https:\/\/combi-pro.com\/wp-content\/uploads\/2024\/05\/705_07_2-e1737928038666.jpg 533w\" sizes=\"auto, (max-width: 683px) 100vw, 683px\">\t\t\t<\/div>\n\t\t\t\n\t\t\t\n\n\n\n\n\n\n\t\t<\/div>\n\t\t\n\n\n\t\t<div class=\"wd-product-cats wd-loop-prod-meta wd-e98a4a67 wd-align\">\n\t\t\t\t\t\t<a href=\"https:\/\/combi-pro.com\/fr\/categoria-de-productos\/ropa-profesional\/industria-alimentaria\/\" rel=\"tag\">Industrie Alimentaire<\/a><span class=\"wd-meta-sep\">,<\/span> <a href=\"https:\/\/combi-pro.com\/fr\/categoria-de-productos\/ropa-profesional\/industria-alimentaria\/batas-industria-alimentaria\/\" rel=\"tag\">Robes<\/a><span class=\"wd-meta-sep\">,<\/span> <a href=\"https:\/\/combi-pro.com\/fr\/categoria-de-productos\/ropa-profesional\/\" rel=\"tag\">V\u00eatements Professionnels<\/a>\t\t<\/div>\n\t\t\n\n\n\t\t<h3 class=\"wd-loop-prod-title wd-entities-title wd-5342ae28 wd-align wd-line-clamp\">\n\t\t\t<a href=\"https:\/\/combi-pro.com\/fr\/tienda\/705-bata-velcro\/\">\n\t\t\t\tRobe avec fermeture velcro, confort et praticit\u00e9 705 | VELILLA\t\t\t<\/a>\n\t\t<\/h3>\n\n\t\t\n\n\n\t\t<div class=\"wd-loop-prod-price wd-59cab364 wd-align\">\n\t\t\t\n\t<span class=\"price\"><span class=\"text-gris\">\u00c0 partir de<\/span> <span class=\"woocommerce-Price-amount amount\"><bdi>16,46&nbsp;<span class=\"woocommerce-Price-currencySymbol\" translate=\"no\">\u20ac<\/span><\/bdi><\/span> <span class=\"text-gris\">TVA incl.<\/span><\/span>\n\t\t<\/div>\n\t\t\n\t\t<div class=\"wd-add-btn-wrapp wd-6fd71854 wd-quantity-overlap\">\n\t\t\t<div class=\"wd-add-btn wd-loop-prod-btn wd-add-btn-replace\">\n\t\t\t\t\t\t\t\t\t\n<div class=\"quantity\">\n\t\n\t\t\t<button class=\"minus btn\" aria-label=\"Diminuer la quantit\u00e9\">-<\/button>\n\t\n\t<label class=\"screen-reader-text\" for=\"quantity_6a9713c195790\" data-no-translation=\"\" data-trp-gettext=\"\">quantit\u00e9 de Bata con cierre de velcro comodidad y pr\u00e1cticidad 705  | VELILLA<\/label>\n\t<input\n\t\ttype=\"number\"\n\t\t\t\tid=\"quantity_6a9713c195790\"\n\t\tclass=\"input-text qty text\"\n\t\tvalue=\"1\"\n\t\taria-label=\"Quantit\u00e9 de produits\"\n\t\t\t\tmin=\"1\"\n\t\t\t\tname=\"quantity\"\n\n\t\t\t\t\tstep=\"1\"\n\t\t\tplaceholder=\"\"\n\t\t\tinputmode=\"numeric\"\n\t\t\tautocomplete=\"off\" data-no-translation-aria-label=\"\"\n\t\t\t>\n\n\t\t\t<button class=\"plus btn\" aria-label=\"Augmenter la quantit\u00e9\" data-no-translation-aria-label=\"\">+<\/button>\n\t\n\t<\/div>\n\t\t\t\t\n\t\t\t\t<a href=\"https:\/\/combi-pro.com\/fr\/tienda\/705-bata-velcro\/\" aria-describedby=\"woocommerce_loop_add_to_cart_link_describedby_10286\" data-quantity=\"1\" class=\"button product_type_variable add_to_cart_button cfvsw_ajax_add_to_cart add-to-cart-loop\" data-product_id=\"10286\" data-product_sku=\"\" aria-label=\"S\u00e9lectionner les options pour \u201cBata con cierre de velcro comodidad y pr\u00e1cticidad 705  | VELILLA\u201d\" rel=\"nofollow\" data-add_to_cart_text=\"Add to Cart\" data-select_options_text=\"Choix des options\" data-no-translation-aria-label=\"\" data-no-translation-data-select_options_text=\"\"><span class=\"wd-action-icon\"><span class=\"wd-check-icon\"><\/span><\/span><span class=\"wd-action-text\" data-no-translation=\"\" data-trp-gettext=\"\">Choix des options<\/span><\/a>\t<span id=\"woocommerce_loop_add_to_cart_link_describedby_10286\" class=\"screen-reader-text\">\n\t\tCe produit a plusieurs variations. Les options peuvent \u00eatre choisies sur la page du produit\t<\/span>\n\t\t\t<\/div>\n\t\t<\/div>\n\n\t\t\n<\/div>\n<\/div>\n\t\t\t\t\t<\/div>\n\t\t\t\t<div class=\"wd-carousel-item\">\n\t\t\t\t\t\t\t\t\t\t\t<div class=\"wd-product wd-loop-item-38304 wd-hover-parent product type-product post-10295 status-publish first instock product_cat-batas-industria-alimentaria product_cat-industria-alimentaria product_cat-ropa-profesional has-post-thumbnail taxable shipping-taxable purchasable product-type-variable has-default-attributes\" data-loop=\"4\" data-id=\"10295\">\n\t<div class=\"wd-product-wrapper wd-entry-content\">\n\t\t\t<div class=\"wd-loop-prod-thumb wd-product-thumb wd-368dd130 wd-hover-fade-in\">\n\t\t\t<a href=\"https:\/\/combi-pro.com\/fr\/tienda\/259002-bata-cruzada-mc-mujer\/\" class=\"wd-product-img-link\" tabindex=\"-1\" aria-label=\"Robe crois\u00e9e pour femme pour le style et le confort 259002 | VELILLA\">\n\t\t\t\t<img loading=\"lazy\" decoding=\"async\" width=\"683\" height=\"1024\" src=\"https:\/\/combi-pro.com\/wp-content\/uploads\/2024\/05\/259002_01_1-683x1024.jpg\" class=\"attachment-large size-large\" alt=\"\" srcset=\"https:\/\/combi-pro.com\/wp-content\/uploads\/2024\/05\/259002_01_1-683x1024.jpg 683w, https:\/\/combi-pro.com\/wp-content\/uploads\/2024\/05\/259002_01_1-e1737927975155-450x675.jpg 450w, https:\/\/combi-pro.com\/wp-content\/uploads\/2024\/05\/259002_01_1-e1737927975155-150x225.jpg 150w, https:\/\/combi-pro.com\/wp-content\/uploads\/2024\/05\/259002_01_1-e1737927975155-200x300.jpg 200w, https:\/\/combi-pro.com\/wp-content\/uploads\/2024\/05\/259002_01_1-e1737927975155-8x12.jpg 8w, https:\/\/combi-pro.com\/wp-content\/uploads\/2024\/05\/259002_01_1-768x1152.jpg 768w, https:\/\/combi-pro.com\/wp-content\/uploads\/2024\/05\/259002_01_1-e1737927975155-300x450.jpg 300w, https:\/\/combi-pro.com\/wp-content\/uploads\/2024\/05\/259002_01_1-e1737927975155-64x96.jpg 64w, https:\/\/combi-pro.com\/wp-content\/uploads\/2024\/05\/259002_01_1-600x900.jpg 600w, https:\/\/combi-pro.com\/wp-content\/uploads\/2024\/05\/259002_01_1-e1737927975155.jpg 533w\" sizes=\"auto, (max-width: 683px) 100vw, 683px\">\t\t\t<\/a>\n\n\t\t\t\t\t\t<div class=\"wd-product-img-hover hover-img\">\n\t\t\t\t<img loading=\"lazy\" decoding=\"async\" width=\"683\" height=\"1024\" src=\"https:\/\/combi-pro.com\/wp-content\/uploads\/2024\/05\/259002_01_2-683x1024.jpg\" class=\"attachment-large size-large\" alt=\"\" srcset=\"https:\/\/combi-pro.com\/wp-content\/uploads\/2024\/05\/259002_01_2-683x1024.jpg 683w, https:\/\/combi-pro.com\/wp-content\/uploads\/2024\/05\/259002_01_2-e1737927922755-450x675.jpg 450w, https:\/\/combi-pro.com\/wp-content\/uploads\/2024\/05\/259002_01_2-e1737927922755-150x225.jpg 150w, https:\/\/combi-pro.com\/wp-content\/uploads\/2024\/05\/259002_01_2-e1737927922755-200x300.jpg 200w, https:\/\/combi-pro.com\/wp-content\/uploads\/2024\/05\/259002_01_2-e1737927922755-8x12.jpg 8w, https:\/\/combi-pro.com\/wp-content\/uploads\/2024\/05\/259002_01_2-e1737927922755-64x96.jpg 64w, https:\/\/combi-pro.com\/wp-content\/uploads\/2024\/05\/259002_01_2-e1737927922755-300x450.jpg 300w, https:\/\/combi-pro.com\/wp-content\/uploads\/2024\/05\/259002_01_2-768x1152.jpg 768w, https:\/\/combi-pro.com\/wp-content\/uploads\/2024\/05\/259002_01_2-600x900.jpg 600w, https:\/\/combi-pro.com\/wp-content\/uploads\/2024\/05\/259002_01_2-e1737927922755.jpg 533w\" sizes=\"auto, (max-width: 683px) 100vw, 683px\">\t\t\t<\/div>\n\t\t\t\n\t\t\t\n\n\n\n\n\n\n\t\t<\/div>\n\t\t\n\n\n\t\t<div class=\"wd-product-cats wd-loop-prod-meta wd-e98a4a67 wd-align\">\n\t\t\t\t\t\t<a href=\"https:\/\/combi-pro.com\/fr\/categoria-de-productos\/ropa-profesional\/industria-alimentaria\/\" rel=\"tag\">Industrie Alimentaire<\/a><span class=\"wd-meta-sep\">,<\/span> <a href=\"https:\/\/combi-pro.com\/fr\/categoria-de-productos\/ropa-profesional\/industria-alimentaria\/batas-industria-alimentaria\/\" rel=\"tag\">Robes<\/a><span class=\"wd-meta-sep\">,<\/span> <a href=\"https:\/\/combi-pro.com\/fr\/categoria-de-productos\/ropa-profesional\/\" rel=\"tag\">V\u00eatements Professionnels<\/a>\t\t<\/div>\n\t\t\n\n\n\t\t<h3 class=\"wd-loop-prod-title wd-entities-title wd-5342ae28 wd-align wd-line-clamp\">\n\t\t\t<a href=\"https:\/\/combi-pro.com\/fr\/tienda\/259002-bata-cruzada-mc-mujer\/\">\n\t\t\t\tRobe crois\u00e9e pour femme pour le style et le confort 259002 | VELILLA\t\t\t<\/a>\n\t\t<\/h3>\n\n\t\t\n\n\n\t\t<div class=\"wd-loop-prod-price wd-59cab364 wd-align\">\n\t\t\t\n\t<span class=\"price\"><span class=\"text-gris\">\u00c0 partir de<\/span> <span class=\"woocommerce-Price-amount amount\"><bdi>13,22&nbsp;<span class=\"woocommerce-Price-currencySymbol\" translate=\"no\">\u20ac<\/span><\/bdi><\/span> <span class=\"text-gris\">TVA incl.<\/span><\/span>\n\t\t<\/div>\n\t\t\n\t\t<div class=\"wd-add-btn-wrapp wd-6fd71854 wd-quantity-overlap\">\n\t\t\t<div class=\"wd-add-btn wd-loop-prod-btn wd-add-btn-replace\">\n\t\t\t\t\t\t\t\t\t\n<div class=\"quantity\">\n\t\n\t\t\t<button class=\"minus btn\" aria-label=\"Diminuer la quantit\u00e9\">-<\/button>\n\t\n\t<label class=\"screen-reader-text\" for=\"quantity_6a9713c197c0d\" data-no-translation=\"\" data-trp-gettext=\"\">quantit\u00e9 de Bata cruzada para mujer estilo y comodidad 259002 | VELILLA<\/label>\n\t<input\n\t\ttype=\"number\"\n\t\t\t\tid=\"quantity_6a9713c197c0d\"\n\t\tclass=\"input-text qty text\"\n\t\tvalue=\"1\"\n\t\taria-label=\"Quantit\u00e9 de produits\"\n\t\t\t\tmin=\"1\"\n\t\t\t\tname=\"quantity\"\n\n\t\t\t\t\tstep=\"1\"\n\t\t\tplaceholder=\"\"\n\t\t\tinputmode=\"numeric\"\n\t\t\tautocomplete=\"off\" data-no-translation-aria-label=\"\"\n\t\t\t>\n\n\t\t\t<button class=\"plus btn\" aria-label=\"Augmenter la quantit\u00e9\" data-no-translation-aria-label=\"\">+<\/button>\n\t\n\t<\/div>\n\t\t\t\t\n\t\t\t\t<a href=\"https:\/\/combi-pro.com\/fr\/tienda\/259002-bata-cruzada-mc-mujer\/\" aria-describedby=\"woocommerce_loop_add_to_cart_link_describedby_10295\" data-quantity=\"1\" class=\"button product_type_variable add_to_cart_button cfvsw_ajax_add_to_cart add-to-cart-loop\" data-product_id=\"10295\" data-product_sku=\"\" aria-label=\"S\u00e9lectionner les options pour \u201cBata cruzada para mujer estilo y comodidad 259002 | VELILLA\u201d\" rel=\"nofollow\" data-add_to_cart_text=\"Add to Cart\" data-select_options_text=\"Choix des options\" data-no-translation-aria-label=\"\" data-no-translation-data-select_options_text=\"\"><span class=\"wd-action-icon\"><span class=\"wd-check-icon\"><\/span><\/span><span class=\"wd-action-text\" data-no-translation=\"\" data-trp-gettext=\"\">Choix des options<\/span><\/a>\t<span id=\"woocommerce_loop_add_to_cart_link_describedby_10295\" class=\"screen-reader-text\">\n\t\tCe produit a plusieurs variations. Les options peuvent \u00eatre choisies sur la page du produit\t<\/span>\n\t\t\t<\/div>\n\t\t<\/div>\n\n\t\t\n<\/div>\n<\/div>\n\t\t\t\t\t<\/div>\n\t\t\t\t<div class=\"wd-carousel-item\">\n\t\t\t\t\t\t\t\t\t\t\t<div class=\"wd-product wd-loop-item-38304 wd-hover-parent product type-product post-8583 status-publish instock product_cat-batas product_cat-industria-base product_cat-ropa-profesional has-post-thumbnail taxable shipping-taxable purchasable product-type-variable has-default-attributes\" data-loop=\"5\" data-id=\"8583\">\n\t<div class=\"wd-product-wrapper wd-entry-content\">\n\t\t\t<div class=\"wd-loop-prod-thumb wd-product-thumb wd-368dd130 wd-hover-fade-in\">\n\t\t\t<a href=\"https:\/\/combi-pro.com\/fr\/tienda\/bata-de-trabajo-con-cierre-central-con-botones-700\/\" class=\"wd-product-img-link\" tabindex=\"-1\" aria-label=\"Manteau de travail avec fermeture \u00e0 bouton central 700 | VELILLA\">\n\t\t\t\t<img loading=\"lazy\" decoding=\"async\" width=\"683\" height=\"1024\" src=\"https:\/\/combi-pro.com\/wp-content\/uploads\/2024\/05\/700_09_1-683x1024.jpg\" class=\"attachment-large size-large\" alt=\"Blouse de travail \u00e0 fermeture centrale \u00e0 boutons 700 | VELILLA\" srcset=\"https:\/\/combi-pro.com\/wp-content\/uploads\/2024\/05\/700_09_1-683x1024.jpg 683w, https:\/\/combi-pro.com\/wp-content\/uploads\/2024\/05\/700_09_1-e1738162142459-450x675.jpg 450w, https:\/\/combi-pro.com\/wp-content\/uploads\/2024\/05\/700_09_1-e1738162142459-150x225.jpg 150w, https:\/\/combi-pro.com\/wp-content\/uploads\/2024\/05\/700_09_1-e1738162142459-200x300.jpg 200w, https:\/\/combi-pro.com\/wp-content\/uploads\/2024\/05\/700_09_1-e1738162142459-8x12.jpg 8w, https:\/\/combi-pro.com\/wp-content\/uploads\/2024\/05\/700_09_1-768x1152.jpg 768w, https:\/\/combi-pro.com\/wp-content\/uploads\/2024\/05\/700_09_1-e1738162142459-300x450.jpg 300w, https:\/\/combi-pro.com\/wp-content\/uploads\/2024\/05\/700_09_1-e1738162142459-64x96.jpg 64w, https:\/\/combi-pro.com\/wp-content\/uploads\/2024\/05\/700_09_1-600x900.jpg 600w, https:\/\/combi-pro.com\/wp-content\/uploads\/2024\/05\/700_09_1-e1738162142459.jpg 533w\" sizes=\"auto, (max-width: 683px) 100vw, 683px\" \/>\t\t\t<\/a>\n\n\t\t\t\t\t\t<div class=\"wd-product-img-hover hover-img\">\n\t\t\t\t<img loading=\"lazy\" decoding=\"async\" width=\"683\" height=\"1024\" src=\"https:\/\/combi-pro.com\/wp-content\/uploads\/2024\/05\/700_09_2-683x1024.jpg\" class=\"attachment-large size-large\" alt=\"\" srcset=\"https:\/\/combi-pro.com\/wp-content\/uploads\/2024\/05\/700_09_2-683x1024.jpg 683w, https:\/\/combi-pro.com\/wp-content\/uploads\/2024\/05\/700_09_2-e1738162101293-450x675.jpg 450w, https:\/\/combi-pro.com\/wp-content\/uploads\/2024\/05\/700_09_2-e1738162101293-150x225.jpg 150w, https:\/\/combi-pro.com\/wp-content\/uploads\/2024\/05\/700_09_2-e1738162101293-200x300.jpg 200w, https:\/\/combi-pro.com\/wp-content\/uploads\/2024\/05\/700_09_2-e1738162101293-8x12.jpg 8w, https:\/\/combi-pro.com\/wp-content\/uploads\/2024\/05\/700_09_2-e1738162101293-64x96.jpg 64w, https:\/\/combi-pro.com\/wp-content\/uploads\/2024\/05\/700_09_2-e1738162101293-300x450.jpg 300w, https:\/\/combi-pro.com\/wp-content\/uploads\/2024\/05\/700_09_2-768x1152.jpg 768w, https:\/\/combi-pro.com\/wp-content\/uploads\/2024\/05\/700_09_2-600x900.jpg 600w, https:\/\/combi-pro.com\/wp-content\/uploads\/2024\/05\/700_09_2-e1738162101293.jpg 533w\" sizes=\"auto, (max-width: 683px) 100vw, 683px\">\t\t\t<\/div>\n\t\t\t\n\t\t\t\n\n\n\n\n\n\n\t\t<\/div>\n\t\t\n\n\n\t\t<div class=\"wd-product-cats wd-loop-prod-meta wd-e98a4a67 wd-align\">\n\t\t\t\t\t\t<a href=\"https:\/\/combi-pro.com\/fr\/categoria-de-productos\/ropa-profesional\/industria-base\/\" rel=\"tag\">Industrie de base<\/a><span class=\"wd-meta-sep\">,<\/span> <a href=\"https:\/\/combi-pro.com\/fr\/categoria-de-productos\/ropa-profesional\/industria-base\/batas\/\" rel=\"tag\">Robes<\/a><span class=\"wd-meta-sep\">,<\/span> <a href=\"https:\/\/combi-pro.com\/fr\/categoria-de-productos\/ropa-profesional\/\" rel=\"tag\">V\u00eatements Professionnels<\/a>\t\t<\/div>\n\t\t\n\n\n\t\t<h3 class=\"wd-loop-prod-title wd-entities-title wd-5342ae28 wd-align wd-line-clamp\">\n\t\t\t<a href=\"https:\/\/combi-pro.com\/fr\/tienda\/bata-de-trabajo-con-cierre-central-con-botones-700\/\">\n\t\t\t\tManteau de travail avec fermeture \u00e0 bouton central 700 | VELILLA\t\t\t<\/a>\n\t\t<\/h3>\n\n\t\t\n\n\n\t\t<div class=\"wd-loop-prod-price wd-59cab364 wd-align\">\n\t\t\t\n\t<span class=\"price\"><span class=\"text-gris\">\u00c0 partir de<\/span> <span class=\"woocommerce-Price-amount amount\"><bdi>15,83&nbsp;<span class=\"woocommerce-Price-currencySymbol\" translate=\"no\">\u20ac<\/span><\/bdi><\/span> <span class=\"text-gris\">TVA incl.<\/span><\/span>\n\t\t<\/div>\n\t\t\n\t\t<div class=\"wd-add-btn-wrapp wd-6fd71854 wd-quantity-overlap\">\n\t\t\t<div class=\"wd-add-btn wd-loop-prod-btn wd-add-btn-replace\">\n\t\t\t\t\t\t\t\t\t\n<div class=\"quantity\">\n\t\n\t\t\t<button class=\"minus btn\" aria-label=\"Diminuer la quantit\u00e9\">-<\/button>\n\t\n\t<label class=\"screen-reader-text\" for=\"quantity_6a9713c19a4b3\" data-no-translation=\"\" data-trp-gettext=\"\">quantit\u00e9 de Bata de trabajo con cierre central con botones  700 | VELILLA<\/label>\n\t<input\n\t\ttype=\"number\"\n\t\t\t\tid=\"quantity_6a9713c19a4b3\"\n\t\tclass=\"input-text qty text\"\n\t\tvalue=\"1\"\n\t\taria-label=\"Quantit\u00e9 de produits\"\n\t\t\t\tmin=\"1\"\n\t\t\t\tname=\"quantity\"\n\n\t\t\t\t\tstep=\"1\"\n\t\t\tplaceholder=\"\"\n\t\t\tinputmode=\"numeric\"\n\t\t\tautocomplete=\"off\" data-no-translation-aria-label=\"\"\n\t\t\t>\n\n\t\t\t<button class=\"plus btn\" aria-label=\"Augmenter la quantit\u00e9\" data-no-translation-aria-label=\"\">+<\/button>\n\t\n\t<\/div>\n\t\t\t\t\n\t\t\t\t<a href=\"https:\/\/combi-pro.com\/fr\/tienda\/bata-de-trabajo-con-cierre-central-con-botones-700\/\" aria-describedby=\"woocommerce_loop_add_to_cart_link_describedby_8583\" data-quantity=\"1\" class=\"button product_type_variable add_to_cart_button cfvsw_ajax_add_to_cart add-to-cart-loop\" data-product_id=\"8583\" data-product_sku=\"\" aria-label=\"S\u00e9lectionner les options pour \u201cBata de trabajo con cierre central con botones  700 | VELILLA\u201d\" rel=\"nofollow\" data-add_to_cart_text=\"Add to Cart\" data-select_options_text=\"Choix des options\" data-no-translation-aria-label=\"\" data-no-translation-data-select_options_text=\"\"><span class=\"wd-action-icon\"><span class=\"wd-check-icon\"><\/span><\/span><span class=\"wd-action-text\" data-no-translation=\"\" data-trp-gettext=\"\">Choix des options<\/span><\/a>\t<span id=\"woocommerce_loop_add_to_cart_link_describedby_8583\" class=\"screen-reader-text\">\n\t\tCe produit a plusieurs variations. Les options peuvent \u00eatre choisies sur la page du produit\t<\/span>\n\t\t\t<\/div>\n\t\t<\/div>\n\n\t\t\n<\/div>\n<\/div>\n\t\t\t\t\t<\/div>\n\t\t\t\t<div class=\"wd-carousel-item\">\n\t\t\t\t\t\t\t\t\t\t\t<div class=\"wd-product wd-loop-item-38304 wd-hover-parent product type-product post-8606 status-publish instock product_cat-batas product_cat-industria-base product_cat-ropa-profesional has-post-thumbnail taxable shipping-taxable purchasable product-type-variable has-default-attributes\" data-loop=\"6\" data-id=\"8606\">\n\t<div class=\"wd-product-wrapper wd-entry-content\">\n\t\t\t<div class=\"wd-loop-prod-thumb wd-product-thumb wd-368dd130 wd-hover-fade-in\">\n\t\t\t<a href=\"https:\/\/combi-pro.com\/fr\/tienda\/bata-de-trabajo-mujer-907\/\" class=\"wd-product-img-link\" tabindex=\"-1\" aria-label=\"Blouse de travail femme 907 | VELILLA\">\n\t\t\t\t<img loading=\"lazy\" decoding=\"async\" width=\"683\" height=\"1024\" src=\"https:\/\/combi-pro.com\/wp-content\/uploads\/2024\/05\/907_05_1-683x1024.jpg\" class=\"attachment-large size-large\" alt=\"Blouse de travail femme 907 | VELILLA\" srcset=\"https:\/\/combi-pro.com\/wp-content\/uploads\/2024\/05\/907_05_1-683x1024.jpg 683w, https:\/\/combi-pro.com\/wp-content\/uploads\/2024\/05\/907_05_1-e1738162000263-450x675.jpg 450w, https:\/\/combi-pro.com\/wp-content\/uploads\/2024\/05\/907_05_1-e1738162000263-150x225.jpg 150w, https:\/\/combi-pro.com\/wp-content\/uploads\/2024\/05\/907_05_1-e1738162000263-200x300.jpg 200w, https:\/\/combi-pro.com\/wp-content\/uploads\/2024\/05\/907_05_1-e1738162000263-8x12.jpg 8w, https:\/\/combi-pro.com\/wp-content\/uploads\/2024\/05\/907_05_1-768x1152.jpg 768w, https:\/\/combi-pro.com\/wp-content\/uploads\/2024\/05\/907_05_1-e1738162000263-300x450.jpg 300w, https:\/\/combi-pro.com\/wp-content\/uploads\/2024\/05\/907_05_1-e1738162000263-64x96.jpg 64w, https:\/\/combi-pro.com\/wp-content\/uploads\/2024\/05\/907_05_1-600x900.jpg 600w, https:\/\/combi-pro.com\/wp-content\/uploads\/2024\/05\/907_05_1-e1738162000263.jpg 533w\" sizes=\"auto, (max-width: 683px) 100vw, 683px\" \/>\t\t\t<\/a>\n\n\t\t\t\t\t\t<div class=\"wd-product-img-hover hover-img\">\n\t\t\t\t<img loading=\"lazy\" decoding=\"async\" width=\"683\" height=\"1024\" src=\"https:\/\/combi-pro.com\/wp-content\/uploads\/2024\/05\/907_05_2-683x1024.jpg\" class=\"attachment-large size-large\" alt=\"\" srcset=\"https:\/\/combi-pro.com\/wp-content\/uploads\/2024\/05\/907_05_2-683x1024.jpg 683w, https:\/\/combi-pro.com\/wp-content\/uploads\/2024\/05\/907_05_2-e1738161977628-450x675.jpg 450w, https:\/\/combi-pro.com\/wp-content\/uploads\/2024\/05\/907_05_2-e1738161977628-150x225.jpg 150w, https:\/\/combi-pro.com\/wp-content\/uploads\/2024\/05\/907_05_2-e1738161977628-200x300.jpg 200w, https:\/\/combi-pro.com\/wp-content\/uploads\/2024\/05\/907_05_2-e1738161977628-8x12.jpg 8w, https:\/\/combi-pro.com\/wp-content\/uploads\/2024\/05\/907_05_2-e1738161977628-64x96.jpg 64w, https:\/\/combi-pro.com\/wp-content\/uploads\/2024\/05\/907_05_2-e1738161977628-300x450.jpg 300w, https:\/\/combi-pro.com\/wp-content\/uploads\/2024\/05\/907_05_2-768x1152.jpg 768w, https:\/\/combi-pro.com\/wp-content\/uploads\/2024\/05\/907_05_2-600x900.jpg 600w, https:\/\/combi-pro.com\/wp-content\/uploads\/2024\/05\/907_05_2-e1738161977628.jpg 533w\" sizes=\"auto, (max-width: 683px) 100vw, 683px\">\t\t\t<\/div>\n\t\t\t\n\t\t\t\n\n\n\n\n\n\n\t\t<\/div>\n\t\t\n\n\n\t\t<div class=\"wd-product-cats wd-loop-prod-meta wd-e98a4a67 wd-align\">\n\t\t\t\t\t\t<a href=\"https:\/\/combi-pro.com\/fr\/categoria-de-productos\/ropa-profesional\/industria-base\/\" rel=\"tag\">Industrie de base<\/a><span class=\"wd-meta-sep\">,<\/span> <a href=\"https:\/\/combi-pro.com\/fr\/categoria-de-productos\/ropa-profesional\/industria-base\/batas\/\" rel=\"tag\">Robes<\/a><span class=\"wd-meta-sep\">,<\/span> <a href=\"https:\/\/combi-pro.com\/fr\/categoria-de-productos\/ropa-profesional\/\" rel=\"tag\">V\u00eatements Professionnels<\/a>\t\t<\/div>\n\t\t\n\n\n\t\t<h3 class=\"wd-loop-prod-title wd-entities-title wd-5342ae28 wd-align wd-line-clamp\">\n\t\t\t<a href=\"https:\/\/combi-pro.com\/fr\/tienda\/bata-de-trabajo-mujer-907\/\">\n\t\t\t\tBlouse de travail femme 907 | VELILLA\t\t\t<\/a>\n\t\t<\/h3>\n\n\t\t\n\n\n\t\t<div class=\"wd-loop-prod-price wd-59cab364 wd-align\">\n\t\t\t\n\t<span class=\"price\"><span class=\"text-gris\">\u00c0 partir de<\/span> <span class=\"woocommerce-Price-amount amount\"><bdi>15,20&nbsp;<span class=\"woocommerce-Price-currencySymbol\" translate=\"no\">\u20ac<\/span><\/bdi><\/span> <span class=\"text-gris\">TVA incl.<\/span><\/span>\n\t\t<\/div>\n\t\t\n\t\t<div class=\"wd-add-btn-wrapp wd-6fd71854 wd-quantity-overlap\">\n\t\t\t<div class=\"wd-add-btn wd-loop-prod-btn wd-add-btn-replace\">\n\t\t\t\t\t\t\t\t\t\n<div class=\"quantity\">\n\t\n\t\t\t<button class=\"minus btn\" aria-label=\"Diminuer la quantit\u00e9\">-<\/button>\n\t\n\t<label class=\"screen-reader-text\" for=\"quantity_6a9713c19cafc\" data-no-translation=\"\" data-trp-gettext=\"\">quantit\u00e9 de Bata de trabajo mujer 907 | VELILLA<\/label>\n\t<input\n\t\ttype=\"number\"\n\t\t\t\tid=\"quantity_6a9713c19cafc\"\n\t\tclass=\"input-text qty text\"\n\t\tvalue=\"1\"\n\t\taria-label=\"Quantit\u00e9 de produits\"\n\t\t\t\tmin=\"1\"\n\t\t\t\tname=\"quantity\"\n\n\t\t\t\t\tstep=\"1\"\n\t\t\tplaceholder=\"\"\n\t\t\tinputmode=\"numeric\"\n\t\t\tautocomplete=\"off\" data-no-translation-aria-label=\"\"\n\t\t\t>\n\n\t\t\t<button class=\"plus btn\" aria-label=\"Augmenter la quantit\u00e9\" data-no-translation-aria-label=\"\">+<\/button>\n\t\n\t<\/div>\n\t\t\t\t\n\t\t\t\t<a href=\"https:\/\/combi-pro.com\/fr\/tienda\/bata-de-trabajo-mujer-907\/\" aria-describedby=\"woocommerce_loop_add_to_cart_link_describedby_8606\" data-quantity=\"1\" class=\"button product_type_variable add_to_cart_button cfvsw_ajax_add_to_cart add-to-cart-loop\" data-product_id=\"8606\" data-product_sku=\"\" aria-label=\"S\u00e9lectionner les options pour \u201cBata de trabajo mujer 907 | VELILLA\u201d\" rel=\"nofollow\" data-add_to_cart_text=\"Add to Cart\" data-select_options_text=\"Choix des options\" data-no-translation-aria-label=\"\" data-no-translation-data-select_options_text=\"\"><span class=\"wd-action-icon\"><span class=\"wd-check-icon\"><\/span><\/span><span class=\"wd-action-text\" data-no-translation=\"\" data-trp-gettext=\"\">Choix des options<\/span><\/a>\t<span id=\"woocommerce_loop_add_to_cart_link_describedby_8606\" class=\"screen-reader-text\">\n\t\tCe produit a plusieurs variations. Les options peuvent \u00eatre choisies sur la page du produit\t<\/span>\n\t\t\t<\/div>\n\t\t<\/div>\n\n\t\t\n<\/div>\n<\/div>\n\t\t\t\t\t<\/div>\n\t\t\t\t<div class=\"wd-carousel-item\">\n\t\t\t\t\t\t\t\t\t\t\t<div class=\"wd-product wd-loop-item-38304 wd-hover-parent product type-product post-8616 status-publish last instock product_cat-batas product_cat-industria-base product_cat-ropa-profesional has-post-thumbnail taxable shipping-taxable purchasable product-type-variable has-default-attributes\" data-loop=\"7\" data-id=\"8616\">\n\t<div class=\"wd-product-wrapper wd-entry-content\">\n\t\t\t<div class=\"wd-loop-prod-thumb wd-product-thumb wd-368dd130 wd-hover-fade-in\">\n\t\t\t<a href=\"https:\/\/combi-pro.com\/fr\/tienda\/bata-de-trabajo-mujer-908\/\" class=\"wd-product-img-link\" tabindex=\"-1\" aria-label=\"Blouse de travail pour femme 908 | VELILLA\">\n\t\t\t\t<img loading=\"lazy\" decoding=\"async\" width=\"683\" height=\"1024\" src=\"https:\/\/combi-pro.com\/wp-content\/uploads\/2024\/05\/908_01_1-683x1024.jpg\" class=\"attachment-large size-large\" alt=\"Blouse de travail pour femme 908 | VELILLA\" srcset=\"https:\/\/combi-pro.com\/wp-content\/uploads\/2024\/05\/908_01_1-683x1024.jpg 683w, https:\/\/combi-pro.com\/wp-content\/uploads\/2024\/05\/908_01_1-e1738161932219-450x675.jpg 450w, https:\/\/combi-pro.com\/wp-content\/uploads\/2024\/05\/908_01_1-e1738161932219-150x225.jpg 150w, https:\/\/combi-pro.com\/wp-content\/uploads\/2024\/05\/908_01_1-e1738161932219-200x300.jpg 200w, https:\/\/combi-pro.com\/wp-content\/uploads\/2024\/05\/908_01_1-e1738161932219-8x12.jpg 8w, https:\/\/combi-pro.com\/wp-content\/uploads\/2024\/05\/908_01_1-768x1152.jpg 768w, https:\/\/combi-pro.com\/wp-content\/uploads\/2024\/05\/908_01_1-e1738161932219-300x450.jpg 300w, https:\/\/combi-pro.com\/wp-content\/uploads\/2024\/05\/908_01_1-e1738161932219-64x96.jpg 64w, https:\/\/combi-pro.com\/wp-content\/uploads\/2024\/05\/908_01_1-600x900.jpg 600w, https:\/\/combi-pro.com\/wp-content\/uploads\/2024\/05\/908_01_1-e1738161932219.jpg 533w\" sizes=\"auto, (max-width: 683px) 100vw, 683px\" \/>\t\t\t<\/a>\n\n\t\t\t\t\t\t<div class=\"wd-product-img-hover hover-img\">\n\t\t\t\t<img loading=\"lazy\" decoding=\"async\" width=\"683\" height=\"1024\" src=\"https:\/\/combi-pro.com\/wp-content\/uploads\/2024\/05\/908_01_2-683x1024.jpg\" class=\"attachment-large size-large\" alt=\"\" srcset=\"https:\/\/combi-pro.com\/wp-content\/uploads\/2024\/05\/908_01_2-683x1024.jpg 683w, https:\/\/combi-pro.com\/wp-content\/uploads\/2024\/05\/908_01_2-e1738161874390-450x675.jpg 450w, https:\/\/combi-pro.com\/wp-content\/uploads\/2024\/05\/908_01_2-e1738161874390-150x225.jpg 150w, https:\/\/combi-pro.com\/wp-content\/uploads\/2024\/05\/908_01_2-e1738161874390-200x300.jpg 200w, https:\/\/combi-pro.com\/wp-content\/uploads\/2024\/05\/908_01_2-e1738161874390-8x12.jpg 8w, https:\/\/combi-pro.com\/wp-content\/uploads\/2024\/05\/908_01_2-e1738161874390-64x96.jpg 64w, https:\/\/combi-pro.com\/wp-content\/uploads\/2024\/05\/908_01_2-e1738161874390-300x450.jpg 300w, https:\/\/combi-pro.com\/wp-content\/uploads\/2024\/05\/908_01_2-768x1152.jpg 768w, https:\/\/combi-pro.com\/wp-content\/uploads\/2024\/05\/908_01_2-600x900.jpg 600w, https:\/\/combi-pro.com\/wp-content\/uploads\/2024\/05\/908_01_2-e1738161874390.jpg 533w\" sizes=\"auto, (max-width: 683px) 100vw, 683px\">\t\t\t<\/div>\n\t\t\t\n\t\t\t\n\n\n\n\n\n\n\t\t<\/div>\n\t\t\n\n\n\t\t<div class=\"wd-product-cats wd-loop-prod-meta wd-e98a4a67 wd-align\">\n\t\t\t\t\t\t<a href=\"https:\/\/combi-pro.com\/fr\/categoria-de-productos\/ropa-profesional\/industria-base\/\" rel=\"tag\">Industrie de base<\/a><span class=\"wd-meta-sep\">,<\/span> <a href=\"https:\/\/combi-pro.com\/fr\/categoria-de-productos\/ropa-profesional\/industria-base\/batas\/\" rel=\"tag\">Robes<\/a><span class=\"wd-meta-sep\">,<\/span> <a href=\"https:\/\/combi-pro.com\/fr\/categoria-de-productos\/ropa-profesional\/\" rel=\"tag\">V\u00eatements Professionnels<\/a>\t\t<\/div>\n\t\t\n\n\n\t\t<h3 class=\"wd-loop-prod-title wd-entities-title wd-5342ae28 wd-align wd-line-clamp\">\n\t\t\t<a href=\"https:\/\/combi-pro.com\/fr\/tienda\/bata-de-trabajo-mujer-908\/\">\n\t\t\t\tBlouse de travail pour femme 908 | VELILLA\t\t\t<\/a>\n\t\t<\/h3>\n\n\t\t\n\n\n\t\t<div class=\"wd-loop-prod-price wd-59cab364 wd-align\">\n\t\t\t\n\t<span class=\"price\"><span class=\"text-gris\">\u00c0 partir de<\/span> <span class=\"woocommerce-Price-amount amount\"><bdi>15,38&nbsp;<span class=\"woocommerce-Price-currencySymbol\" translate=\"no\">\u20ac<\/span><\/bdi><\/span> <span class=\"text-gris\">TVA incl.<\/span><\/span>\n\t\t<\/div>\n\t\t\n\t\t<div class=\"wd-add-btn-wrapp wd-6fd71854 wd-quantity-overlap\">\n\t\t\t<div class=\"wd-add-btn wd-loop-prod-btn wd-add-btn-replace\">\n\t\t\t\t\t\t\t\t\t\n<div class=\"quantity\">\n\t\n\t\t\t<button class=\"minus btn\" aria-label=\"Diminuer la quantit\u00e9\">-<\/button>\n\t\n\t<label class=\"screen-reader-text\" for=\"quantity_6a9713c19f2a4\" data-no-translation=\"\" data-trp-gettext=\"\">quantit\u00e9 de Bata de trabajo mujer 908 | VELILLA<\/label>\n\t<input\n\t\ttype=\"number\"\n\t\t\t\tid=\"quantity_6a9713c19f2a4\"\n\t\tclass=\"input-text qty text\"\n\t\tvalue=\"1\"\n\t\taria-label=\"Quantit\u00e9 de produits\"\n\t\t\t\tmin=\"1\"\n\t\t\t\tname=\"quantity\"\n\n\t\t\t\t\tstep=\"1\"\n\t\t\tplaceholder=\"\"\n\t\t\tinputmode=\"numeric\"\n\t\t\tautocomplete=\"off\" data-no-translation-aria-label=\"\"\n\t\t\t>\n\n\t\t\t<button class=\"plus btn\" aria-label=\"Augmenter la quantit\u00e9\" data-no-translation-aria-label=\"\">+<\/button>\n\t\n\t<\/div>\n\t\t\t\t\n\t\t\t\t<a href=\"https:\/\/combi-pro.com\/fr\/tienda\/bata-de-trabajo-mujer-908\/\" aria-describedby=\"woocommerce_loop_add_to_cart_link_describedby_8616\" data-quantity=\"1\" class=\"button product_type_variable add_to_cart_button cfvsw_ajax_add_to_cart add-to-cart-loop\" data-product_id=\"8616\" data-product_sku=\"\" aria-label=\"S\u00e9lectionner les options pour \u201cBata de trabajo mujer 908 | VELILLA\u201d\" rel=\"nofollow\" data-add_to_cart_text=\"Add to Cart\" data-select_options_text=\"Choix des options\" data-no-translation-aria-label=\"\" data-no-translation-data-select_options_text=\"\"><span class=\"wd-action-icon\"><span class=\"wd-check-icon\"><\/span><\/span><span class=\"wd-action-text\" data-no-translation=\"\" data-trp-gettext=\"\">Choix des options<\/span><\/a>\t<span id=\"woocommerce_loop_add_to_cart_link_describedby_8616\" class=\"screen-reader-text\">\n\t\tCe produit a plusieurs variations. Les options peuvent \u00eatre choisies sur la page du produit\t<\/span>\n\t\t\t<\/div>\n\t\t<\/div>\n\n\t\t\n<\/div>\n<\/div>\n\t\t\t\t\t<\/div>\n\t\t\t\t<div class=\"wd-carousel-item\">\n\t\t\t\t\t\t\t\t\t\t\t<div class=\"wd-product wd-loop-item-38304 wd-hover-parent product type-product post-8598 status-publish first instock product_cat-batas product_cat-industria-base product_cat-ropa-profesional has-post-thumbnail taxable shipping-taxable purchasable product-type-variable has-default-attributes\" data-loop=\"8\" data-id=\"8598\">\n\t<div class=\"wd-product-wrapper wd-entry-content\">\n\t\t\t<div class=\"wd-loop-prod-thumb wd-product-thumb wd-368dd130 wd-hover-fade-in\">\n\t\t\t<a href=\"https:\/\/combi-pro.com\/fr\/tienda\/bata-de-trabajo-unisex-700p\/\" class=\"wd-product-img-link\" tabindex=\"-1\" aria-label=\"Blouse de travail unisexe 700P | VELILLA\">\n\t\t\t\t<img loading=\"lazy\" decoding=\"async\" width=\"683\" height=\"1024\" src=\"https:\/\/combi-pro.com\/wp-content\/uploads\/2024\/05\/700p_07_1-683x1024.jpg\" class=\"attachment-large size-large\" alt=\"Blouse de travail unisexe 700P | VELILLA\" srcset=\"https:\/\/combi-pro.com\/wp-content\/uploads\/2024\/05\/700p_07_1-683x1024.jpg 683w, https:\/\/combi-pro.com\/wp-content\/uploads\/2024\/05\/700p_07_1-e1738162056788-450x675.jpg 450w, https:\/\/combi-pro.com\/wp-content\/uploads\/2024\/05\/700p_07_1-e1738162056788-150x225.jpg 150w, https:\/\/combi-pro.com\/wp-content\/uploads\/2024\/05\/700p_07_1-e1738162056788-200x300.jpg 200w, https:\/\/combi-pro.com\/wp-content\/uploads\/2024\/05\/700p_07_1-e1738162056788-8x12.jpg 8w, https:\/\/combi-pro.com\/wp-content\/uploads\/2024\/05\/700p_07_1-768x1152.jpg 768w, https:\/\/combi-pro.com\/wp-content\/uploads\/2024\/05\/700p_07_1-e1738162056788-300x450.jpg 300w, https:\/\/combi-pro.com\/wp-content\/uploads\/2024\/05\/700p_07_1-e1738162056788-64x96.jpg 64w, https:\/\/combi-pro.com\/wp-content\/uploads\/2024\/05\/700p_07_1-600x900.jpg 600w, https:\/\/combi-pro.com\/wp-content\/uploads\/2024\/05\/700p_07_1-e1738162056788.jpg 533w\" sizes=\"auto, (max-width: 683px) 100vw, 683px\" \/>\t\t\t<\/a>\n\n\t\t\t\t\t\t<div class=\"wd-product-img-hover hover-img\">\n\t\t\t\t<img loading=\"lazy\" decoding=\"async\" width=\"683\" height=\"1024\" src=\"https:\/\/combi-pro.com\/wp-content\/uploads\/2024\/05\/700p_07_2-683x1024.jpg\" class=\"attachment-large size-large\" alt=\"\" srcset=\"https:\/\/combi-pro.com\/wp-content\/uploads\/2024\/05\/700p_07_2-683x1024.jpg 683w, https:\/\/combi-pro.com\/wp-content\/uploads\/2024\/05\/700p_07_2-e1738162045280-450x675.jpg 450w, https:\/\/combi-pro.com\/wp-content\/uploads\/2024\/05\/700p_07_2-e1738162045280-150x225.jpg 150w, https:\/\/combi-pro.com\/wp-content\/uploads\/2024\/05\/700p_07_2-e1738162045280-200x300.jpg 200w, https:\/\/combi-pro.com\/wp-content\/uploads\/2024\/05\/700p_07_2-e1738162045280-8x12.jpg 8w, https:\/\/combi-pro.com\/wp-content\/uploads\/2024\/05\/700p_07_2-e1738162045280-64x96.jpg 64w, https:\/\/combi-pro.com\/wp-content\/uploads\/2024\/05\/700p_07_2-e1738162045280-300x450.jpg 300w, https:\/\/combi-pro.com\/wp-content\/uploads\/2024\/05\/700p_07_2-768x1152.jpg 768w, https:\/\/combi-pro.com\/wp-content\/uploads\/2024\/05\/700p_07_2-600x900.jpg 600w, https:\/\/combi-pro.com\/wp-content\/uploads\/2024\/05\/700p_07_2-e1738162045280.jpg 533w\" sizes=\"auto, (max-width: 683px) 100vw, 683px\">\t\t\t<\/div>\n\t\t\t\n\t\t\t\n\n\n\n\n\n\n\t\t<\/div>\n\t\t\n\n\n\t\t<div class=\"wd-product-cats wd-loop-prod-meta wd-e98a4a67 wd-align\">\n\t\t\t\t\t\t<a href=\"https:\/\/combi-pro.com\/fr\/categoria-de-productos\/ropa-profesional\/industria-base\/\" rel=\"tag\">Industrie de base<\/a><span class=\"wd-meta-sep\">,<\/span> <a href=\"https:\/\/combi-pro.com\/fr\/categoria-de-productos\/ropa-profesional\/industria-base\/batas\/\" rel=\"tag\">Robes<\/a><span class=\"wd-meta-sep\">,<\/span> <a href=\"https:\/\/combi-pro.com\/fr\/categoria-de-productos\/ropa-profesional\/\" rel=\"tag\">V\u00eatements Professionnels<\/a>\t\t<\/div>\n\t\t\n\n\n\t\t<h3 class=\"wd-loop-prod-title wd-entities-title wd-5342ae28 wd-align wd-line-clamp\">\n\t\t\t<a href=\"https:\/\/combi-pro.com\/fr\/tienda\/bata-de-trabajo-unisex-700p\/\">\n\t\t\t\tBlouse de travail unisexe 700P | VELILLA\t\t\t<\/a>\n\t\t<\/h3>\n\n\t\t\n\n\n\t\t<div class=\"wd-loop-prod-price wd-59cab364 wd-align\">\n\t\t\t\n\t<span class=\"price\"><span class=\"text-gris\">\u00c0 partir de<\/span> <span class=\"woocommerce-Price-amount amount\"><bdi>15,47&nbsp;<span class=\"woocommerce-Price-currencySymbol\" translate=\"no\">\u20ac<\/span><\/bdi><\/span> <span class=\"text-gris\">TVA incl.<\/span><\/span>\n\t\t<\/div>\n\t\t\n\t\t<div class=\"wd-add-btn-wrapp wd-6fd71854 wd-quantity-overlap\">\n\t\t\t<div class=\"wd-add-btn wd-loop-prod-btn wd-add-btn-replace\">\n\t\t\t\t\t\t\t\t\t\n<div class=\"quantity\">\n\t\n\t\t\t<button class=\"minus btn\" aria-label=\"Diminuer la quantit\u00e9\">-<\/button>\n\t\n\t<label class=\"screen-reader-text\" for=\"quantity_6a9713c1a17e8\" data-no-translation=\"\" data-trp-gettext=\"\">quantit\u00e9 de Bata de trabajo unisex 700P | VELILLA<\/label>\n\t<input\n\t\ttype=\"number\"\n\t\t\t\tid=\"quantity_6a9713c1a17e8\"\n\t\tclass=\"input-text qty text\"\n\t\tvalue=\"1\"\n\t\taria-label=\"Quantit\u00e9 de produits\"\n\t\t\t\tmin=\"1\"\n\t\t\t\tname=\"quantity\"\n\n\t\t\t\t\tstep=\"1\"\n\t\t\tplaceholder=\"\"\n\t\t\tinputmode=\"numeric\"\n\t\t\tautocomplete=\"off\" data-no-translation-aria-label=\"\"\n\t\t\t>\n\n\t\t\t<button class=\"plus btn\" aria-label=\"Augmenter la quantit\u00e9\" data-no-translation-aria-label=\"\">+<\/button>\n\t\n\t<\/div>\n\t\t\t\t\n\t\t\t\t<a href=\"https:\/\/combi-pro.com\/fr\/tienda\/bata-de-trabajo-unisex-700p\/\" aria-describedby=\"woocommerce_loop_add_to_cart_link_describedby_8598\" data-quantity=\"1\" class=\"button product_type_variable add_to_cart_button cfvsw_ajax_add_to_cart add-to-cart-loop\" data-product_id=\"8598\" data-product_sku=\"\" aria-label=\"S\u00e9lectionner les options pour \u201cBata de trabajo unisex 700P | VELILLA\u201d\" rel=\"nofollow\" data-add_to_cart_text=\"Add to Cart\" data-select_options_text=\"Choix des options\" data-no-translation-aria-label=\"\" data-no-translation-data-select_options_text=\"\"><span class=\"wd-action-icon\"><span class=\"wd-check-icon\"><\/span><\/span><span class=\"wd-action-text\" data-no-translation=\"\" data-trp-gettext=\"\">Choix des options<\/span><\/a>\t<span id=\"woocommerce_loop_add_to_cart_link_describedby_8598\" class=\"screen-reader-text\">\n\t\tCe produit a plusieurs variations. Les options peuvent \u00eatre choisies sur la page du produit\t<\/span>\n\t\t\t<\/div>\n\t\t<\/div>\n\n\t\t\n<\/div>\n<\/div>\n\t\t\t\t\t<\/div>\n\t\t\t\t<div class=\"wd-carousel-item\">\n\t\t\t\t\t\t\t\t\t\t\t<div class=\"wd-product wd-loop-item-38304 wd-hover-parent product type-product post-8553 status-publish instock product_cat-batas-desechables product_cat-batas-industria-alimentaria product_cat-industria-alimentaria product_cat-ropa-profesional product_cat-desechables has-post-thumbnail taxable shipping-taxable purchasable product-type-simple\" data-loop=\"9\" data-id=\"8553\">\n\t<div class=\"wd-product-wrapper wd-entry-content\">\n\t\t\t<div class=\"wd-loop-prod-thumb wd-product-thumb wd-368dd130 wd-hover-fade-in\">\n\t\t\t<a href=\"https:\/\/combi-pro.com\/fr\/tienda\/66-bata-desechable\/\" class=\"wd-product-img-link\" tabindex=\"-1\" aria-label=\"Robe de visite jetable avec fermeture et poignets \u00e9lastique de 25 pcs, 66 | VELILLA\">\n\t\t\t\t<img loading=\"lazy\" decoding=\"async\" width=\"631\" height=\"1024\" src=\"https:\/\/combi-pro.com\/wp-content\/uploads\/2024\/05\/66_07_1-631x1024.jpg\" class=\"attachment-large size-large\" alt=\"\" srcset=\"https:\/\/combi-pro.com\/wp-content\/uploads\/2024\/05\/66_07_1-631x1024.jpg 631w, https:\/\/combi-pro.com\/wp-content\/uploads\/2024\/05\/66_07_1-e1738162267557-150x243.jpg 150w, https:\/\/combi-pro.com\/wp-content\/uploads\/2024\/05\/66_07_1-e1738162267557-185x300.jpg 185w, https:\/\/combi-pro.com\/wp-content\/uploads\/2024\/05\/66_07_1-e1738162267557-7x12.jpg 7w, https:\/\/combi-pro.com\/wp-content\/uploads\/2024\/05\/66_07_1-e1738162267557-300x487.jpg 300w, https:\/\/combi-pro.com\/wp-content\/uploads\/2024\/05\/66_07_1-e1738162267557-64x104.jpg 64w, https:\/\/combi-pro.com\/wp-content\/uploads\/2024\/05\/66_07_1-600x973.jpg 600w, https:\/\/combi-pro.com\/wp-content\/uploads\/2024\/05\/66_07_1-e1738162267557.jpg 493w\" sizes=\"auto, (max-width: 631px) 100vw, 631px\">\t\t\t<\/a>\n\n\t\t\t\n\t\t\t\n\n\n\n\n\n\n\t\t<\/div>\n\t\t\n\n\n\t\t<div class=\"wd-product-cats wd-loop-prod-meta wd-e98a4a67 wd-align\">\n\t\t\t\t\t\t<a href=\"https:\/\/combi-pro.com\/fr\/categoria-de-productos\/ropa-profesional\/desechables\/\" rel=\"tag\">V\u00eatements professionnels jetables<\/a><span class=\"wd-meta-sep\">,<\/span> <a href=\"https:\/\/combi-pro.com\/fr\/categoria-de-productos\/ropa-profesional\/desechables\/batas-desechables\/\" rel=\"tag\">Robes<\/a><span class=\"wd-meta-sep\">,<\/span> <a href=\"https:\/\/combi-pro.com\/fr\/categoria-de-productos\/ropa-profesional\/industria-alimentaria\/\" rel=\"tag\">Industrie Alimentaire<\/a><span class=\"wd-meta-sep\">,<\/span> <a href=\"https:\/\/combi-pro.com\/fr\/categoria-de-productos\/ropa-profesional\/industria-alimentaria\/batas-industria-alimentaria\/\" rel=\"tag\">Robes<\/a><span class=\"wd-meta-sep\">,<\/span> <a href=\"https:\/\/combi-pro.com\/fr\/categoria-de-productos\/ropa-profesional\/\" rel=\"tag\">V\u00eatements Professionnels<\/a>\t\t<\/div>\n\t\t\n\n\n\t\t<h3 class=\"wd-loop-prod-title wd-entities-title wd-5342ae28 wd-align wd-line-clamp\">\n\t\t\t<a href=\"https:\/\/combi-pro.com\/fr\/tienda\/66-bata-desechable\/\">\n\t\t\t\tRobe de visite jetable avec fermeture et poignets \u00e9lastique de 25 pcs, 66 | VELILLA\t\t\t<\/a>\n\t\t<\/h3>\n\n\t\t\n\n\n\t\t<div class=\"wd-loop-prod-price wd-59cab364 wd-align\">\n\t\t\t\n\t<span class=\"price\"><span class=\"text-gris\">\u00c0 partir de<\/span> <span class=\"woocommerce-Price-amount amount\"><bdi>43,19&nbsp;<span class=\"woocommerce-Price-currencySymbol\" translate=\"no\">\u20ac<\/span><\/bdi><\/span> <span class=\"text-gris\">TVA incl.<\/span><\/span>\n\t\t<\/div>\n\t\t\n\t\t<div class=\"wd-add-btn-wrapp wd-6fd71854 wd-quantity-overlap\">\n\t\t\t<div class=\"wd-add-btn wd-loop-prod-btn wd-add-btn-replace\">\n\t\t\t\t\t\t\t\t\t\n<div class=\"quantity\">\n\t\n\t\t\t<button class=\"minus btn\" aria-label=\"Diminuer la quantit\u00e9\">-<\/button>\n\t\n\t<label class=\"screen-reader-text\" for=\"quantity_6a9713c1a3832\" data-no-translation=\"\" data-trp-gettext=\"\">quantit\u00e9 de Bata de visita desechable con cierre y pu\u00f1os el\u00e1sticos 25 uds 66 | VELILLA<\/label>\n\t<input\n\t\ttype=\"number\"\n\t\t\t\tid=\"quantity_6a9713c1a3832\"\n\t\tclass=\"input-text qty text\"\n\t\tvalue=\"1\"\n\t\taria-label=\"Quantit\u00e9 de produits\"\n\t\t\t\tmin=\"1\"\n\t\t\t\tname=\"quantity\"\n\n\t\t\t\t\tstep=\"1\"\n\t\t\tplaceholder=\"\"\n\t\t\tinputmode=\"numeric\"\n\t\t\tautocomplete=\"off\" data-no-translation-aria-label=\"\"\n\t\t\t>\n\n\t\t\t<button class=\"plus btn\" aria-label=\"Augmenter la quantit\u00e9\" data-no-translation-aria-label=\"\">+<\/button>\n\t\n\t<\/div>\n\t\t\t\t\n\t\t\t\t<a href=\"\/fr\/wp-json\/wp\/v2\/pages\/935?add-to-cart=8553\"  data-quantity=\"1\" class=\"button product_type_simple add_to_cart_button ajax_add_to_cart add-to-cart-loop\" data-product_id=\"8553\" data-product_sku=\"66_07_U\" aria-label=\"Ajouter au panier\u00a0: \u201cBata de visita desechable con cierre y pu\u00f1os el\u00e1sticos 25 uds 66 | VELILLA\u201d\" rel=\"nofollow\" data-success_message=\"\u00ab\u00a0Bata de visita desechable con cierre y pu\u00f1os el\u00e1sticos 25 uds 66 | VELILLA\u00a0\u00bb a \u00e9t\u00e9 ajout\u00e9 \u00e0 votre panier\" role=\"button\" data-no-translation-aria-label=\"\" data-no-translation-data-success_message=\"\"><span class=\"wd-action-icon\"><span class=\"wd-check-icon\"><\/span><\/span><span class=\"wd-action-text\" data-no-translation=\"\" data-trp-gettext=\"\">Ajouter au panier<\/span><\/a>\t\t\t<\/div>\n\t\t<\/div>\n\n\t\t\n<\/div>\n<\/div>\n\t\t\t\t\t<\/div>\n\t\t\t\t<div class=\"wd-carousel-item\">\n\t\t\t\t\t\t\t\t\t\t\t<div class=\"wd-product wd-loop-item-38304 wd-hover-parent product type-product post-6041 status-publish instock product_cat-batas-sanidad-y-servicios product_cat-ropa-profesional product_cat-sanidad-y-servicios has-post-thumbnail taxable shipping-taxable purchasable product-type-variable\" data-loop=\"10\" data-id=\"6041\">\n\t<div class=\"wd-product-wrapper wd-entry-content\">\n\t\t\t<div class=\"wd-loop-prod-thumb wd-product-thumb wd-368dd130 wd-hover-fade-in\">\n\t\t\t<a href=\"https:\/\/combi-pro.com\/fr\/tienda\/bata-microfibra-antibacteriana-unisex-539010\/\" class=\"wd-product-img-link\" tabindex=\"-1\" aria-label=\"Blouse professionnelle antibact\u00e9rienne en microfibre avec col chemise 539010 | VELILLA\">\n\t\t\t\t<img loading=\"lazy\" decoding=\"async\" width=\"683\" height=\"1024\" src=\"https:\/\/combi-pro.com\/wp-content\/uploads\/2024\/04\/539010_07_1-683x1024.jpg\" class=\"attachment-large size-large\" alt=\"\" srcset=\"https:\/\/combi-pro.com\/wp-content\/uploads\/2024\/04\/539010_07_1-683x1024.jpg 683w, https:\/\/combi-pro.com\/wp-content\/uploads\/2024\/04\/539010_07_1-e1738073492606-450x675.jpg 450w, https:\/\/combi-pro.com\/wp-content\/uploads\/2024\/04\/539010_07_1-e1738073492606-150x225.jpg 150w, https:\/\/combi-pro.com\/wp-content\/uploads\/2024\/04\/539010_07_1-e1738073492606-200x300.jpg 200w, https:\/\/combi-pro.com\/wp-content\/uploads\/2024\/04\/539010_07_1-e1738073492606-8x12.jpg 8w, https:\/\/combi-pro.com\/wp-content\/uploads\/2024\/04\/539010_07_1-768x1152.jpg 768w, https:\/\/combi-pro.com\/wp-content\/uploads\/2024\/04\/539010_07_1-e1738073492606-300x450.jpg 300w, https:\/\/combi-pro.com\/wp-content\/uploads\/2024\/04\/539010_07_1-e1738073492606-64x96.jpg 64w, https:\/\/combi-pro.com\/wp-content\/uploads\/2024\/04\/539010_07_1-600x900.jpg 600w, https:\/\/combi-pro.com\/wp-content\/uploads\/2024\/04\/539010_07_1-e1738073492606.jpg 533w\" sizes=\"auto, (max-width: 683px) 100vw, 683px\">\t\t\t<\/a>\n\n\t\t\t\t\t\t<div class=\"wd-product-img-hover hover-img\">\n\t\t\t\t<img loading=\"lazy\" decoding=\"async\" width=\"683\" height=\"1024\" src=\"https:\/\/combi-pro.com\/wp-content\/uploads\/2024\/04\/539010_07_2-683x1024.jpg\" class=\"attachment-large size-large\" alt=\"\" srcset=\"https:\/\/combi-pro.com\/wp-content\/uploads\/2024\/04\/539010_07_2-683x1024.jpg 683w, https:\/\/combi-pro.com\/wp-content\/uploads\/2024\/04\/539010_07_2-e1738073503675-450x675.jpg 450w, https:\/\/combi-pro.com\/wp-content\/uploads\/2024\/04\/539010_07_2-e1738073503675-150x225.jpg 150w, https:\/\/combi-pro.com\/wp-content\/uploads\/2024\/04\/539010_07_2-e1738073503675-200x300.jpg 200w, https:\/\/combi-pro.com\/wp-content\/uploads\/2024\/04\/539010_07_2-e1738073503675-8x12.jpg 8w, https:\/\/combi-pro.com\/wp-content\/uploads\/2024\/04\/539010_07_2-e1738073503675-64x96.jpg 64w, https:\/\/combi-pro.com\/wp-content\/uploads\/2024\/04\/539010_07_2-768x1152.jpg 768w, https:\/\/combi-pro.com\/wp-content\/uploads\/2024\/04\/539010_07_2-e1738073503675-300x450.jpg 300w, https:\/\/combi-pro.com\/wp-content\/uploads\/2024\/04\/539010_07_2-600x900.jpg 600w, https:\/\/combi-pro.com\/wp-content\/uploads\/2024\/04\/539010_07_2-e1738073503675.jpg 533w\" sizes=\"auto, (max-width: 683px) 100vw, 683px\">\t\t\t<\/div>\n\t\t\t\n\t\t\t\n\n\n\n\n\n\n\t\t<\/div>\n\t\t\n\n\n\t\t<div class=\"wd-product-cats wd-loop-prod-meta wd-e98a4a67 wd-align\">\n\t\t\t\t\t\t<a href=\"https:\/\/combi-pro.com\/fr\/categoria-de-productos\/ropa-profesional\/sanidad-y-servicios\/\" rel=\"tag\">Sant\u00e9 et Services<\/a><span class=\"wd-meta-sep\">,<\/span> <a href=\"https:\/\/combi-pro.com\/fr\/categoria-de-productos\/ropa-profesional\/sanidad-y-servicios\/batas-sanidad-y-servicios\/\" rel=\"tag\">Robes<\/a><span class=\"wd-meta-sep\">,<\/span> <a href=\"https:\/\/combi-pro.com\/fr\/categoria-de-productos\/ropa-profesional\/\" rel=\"tag\">V\u00eatements Professionnels<\/a>\t\t<\/div>\n\t\t\n\n\n\t\t<h3 class=\"wd-loop-prod-title wd-entities-title wd-5342ae28 wd-align wd-line-clamp\">\n\t\t\t<a href=\"https:\/\/combi-pro.com\/fr\/tienda\/bata-microfibra-antibacteriana-unisex-539010\/\">\n\t\t\t\tBlouse professionnelle antibact\u00e9rienne en microfibre avec col chemise 539010 | VELILLA\t\t\t<\/a>\n\t\t<\/h3>\n\n\t\t\n\n\n\t\t<div class=\"wd-loop-prod-price wd-59cab364 wd-align\">\n\t\t\t\n\t<span class=\"price\"><span class=\"text-gris\">\u00c0 partir de<\/span> <span class=\"woocommerce-Price-amount amount\"><bdi>21,50&nbsp;<span class=\"woocommerce-Price-currencySymbol\" translate=\"no\">\u20ac<\/span><\/bdi><\/span> <span class=\"text-gris\">TVA incl.<\/span><\/span>\n\t\t<\/div>\n\t\t\n\t\t<div class=\"wd-add-btn-wrapp wd-6fd71854 wd-quantity-overlap\">\n\t\t\t<div class=\"wd-add-btn wd-loop-prod-btn wd-add-btn-replace\">\n\t\t\t\t\t\t\t\t\t\n<div class=\"quantity\">\n\t\n\t\t\t<button class=\"minus btn\" aria-label=\"Diminuer la quantit\u00e9\">-<\/button>\n\t\n\t<label class=\"screen-reader-text\" for=\"quantity_6a9713c1a5c61\" data-no-translation=\"\" data-trp-gettext=\"\">quantit\u00e9 de Bata microfibra antibacteriana profesional cuello camisero 539010 | VELILLA<\/label>\n\t<input\n\t\ttype=\"number\"\n\t\t\t\tid=\"quantity_6a9713c1a5c61\"\n\t\tclass=\"input-text qty text\"\n\t\tvalue=\"1\"\n\t\taria-label=\"Quantit\u00e9 de produits\"\n\t\t\t\tmin=\"1\"\n\t\t\t\tname=\"quantity\"\n\n\t\t\t\t\tstep=\"1\"\n\t\t\tplaceholder=\"\"\n\t\t\tinputmode=\"numeric\"\n\t\t\tautocomplete=\"off\" data-no-translation-aria-label=\"\"\n\t\t\t>\n\n\t\t\t<button class=\"plus btn\" aria-label=\"Augmenter la quantit\u00e9\" data-no-translation-aria-label=\"\">+<\/button>\n\t\n\t<\/div>\n\t\t\t\t\n\t\t\t\t<a href=\"https:\/\/combi-pro.com\/fr\/tienda\/bata-microfibra-antibacteriana-unisex-539010\/\" aria-describedby=\"woocommerce_loop_add_to_cart_link_describedby_6041\" data-quantity=\"1\" class=\"button product_type_variable add_to_cart_button cfvsw_ajax_add_to_cart add-to-cart-loop\" data-product_id=\"6041\" data-product_sku=\"\" aria-label=\"S\u00e9lectionner les options pour \u201cBata microfibra antibacteriana profesional cuello camisero 539010 | VELILLA\u201d\" rel=\"nofollow\" data-add_to_cart_text=\"Add to Cart\" data-select_options_text=\"Choix des options\" data-no-translation-aria-label=\"\" data-no-translation-data-select_options_text=\"\"><span class=\"wd-action-icon\"><span class=\"wd-check-icon\"><\/span><\/span><span class=\"wd-action-text\" data-no-translation=\"\" data-trp-gettext=\"\">Choix des options<\/span><\/a>\t<span id=\"woocommerce_loop_add_to_cart_link_describedby_6041\" class=\"screen-reader-text\">\n\t\tCe produit a plusieurs variations. Les options peuvent \u00eatre choisies sur la page du produit\t<\/span>\n\t\t\t<\/div>\n\t\t<\/div>\n\n\t\t\n<\/div>\n<\/div>\n\t\t\t\t\t<\/div>\n\t\t\t\t<div class=\"wd-carousel-item\">\n\t\t\t\t\t\t\t\t\t\t\t<div class=\"wd-product wd-loop-item-38304 wd-hover-parent product type-product post-7607 status-publish last instock product_cat-batas-sanidad-y-servicios product_cat-ropa-profesional product_cat-sanidad-y-servicios has-post-thumbnail taxable shipping-taxable purchasable product-type-variable\" data-loop=\"11\" data-id=\"7607\">\n\t<div class=\"wd-product-wrapper wd-entry-content\">\n\t\t\t<div class=\"wd-loop-prod-thumb wd-product-thumb wd-368dd130 wd-hover-fade-in\">\n\t\t\t<a href=\"https:\/\/combi-pro.com\/fr\/tienda\/539002-bata-mujer\/\" class=\"wd-product-img-link\" tabindex=\"-1\" aria-label=\"Robe femme semi-ajust\u00e9e \u00e0 manches longues avec fermeture \u00e0 boutons et coupe ajust\u00e9e539002 | VELILLA\">\n\t\t\t\t<img loading=\"lazy\" decoding=\"async\" width=\"682\" height=\"1024\" src=\"https:\/\/combi-pro.com\/wp-content\/uploads\/2024\/05\/539002_07_1-682x1024.jpg\" class=\"attachment-large size-large\" alt=\"\" srcset=\"https:\/\/combi-pro.com\/wp-content\/uploads\/2024\/05\/539002_07_1-682x1024.jpg 682w, https:\/\/combi-pro.com\/wp-content\/uploads\/2024\/05\/539002_07_1-e1738251940421-450x675.jpg 450w, https:\/\/combi-pro.com\/wp-content\/uploads\/2024\/05\/539002_07_1-e1738251940421-150x225.jpg 150w, https:\/\/combi-pro.com\/wp-content\/uploads\/2024\/05\/539002_07_1-e1738251940421-200x300.jpg 200w, https:\/\/combi-pro.com\/wp-content\/uploads\/2024\/05\/539002_07_1-e1738251940421-8x12.jpg 8w, https:\/\/combi-pro.com\/wp-content\/uploads\/2024\/05\/539002_07_1-768x1153.jpg 768w, https:\/\/combi-pro.com\/wp-content\/uploads\/2024\/05\/539002_07_1-e1738251940421-300x450.jpg 300w, https:\/\/combi-pro.com\/wp-content\/uploads\/2024\/05\/539002_07_1-e1738251940421-64x96.jpg 64w, https:\/\/combi-pro.com\/wp-content\/uploads\/2024\/05\/539002_07_1-600x901.jpg 600w, https:\/\/combi-pro.com\/wp-content\/uploads\/2024\/05\/539002_07_1-e1738251940421.jpg 533w\" sizes=\"auto, (max-width: 682px) 100vw, 682px\">\t\t\t<\/a>\n\n\t\t\t\t\t\t<div class=\"wd-product-img-hover hover-img\">\n\t\t\t\t<img loading=\"lazy\" decoding=\"async\" width=\"683\" height=\"1024\" src=\"https:\/\/combi-pro.com\/wp-content\/uploads\/2024\/05\/539002_07_2-683x1024.jpg\" class=\"attachment-large size-large\" alt=\"\" srcset=\"https:\/\/combi-pro.com\/wp-content\/uploads\/2024\/05\/539002_07_2-683x1024.jpg 683w, https:\/\/combi-pro.com\/wp-content\/uploads\/2024\/05\/539002_07_2-e1738251928538-450x675.jpg 450w, https:\/\/combi-pro.com\/wp-content\/uploads\/2024\/05\/539002_07_2-e1738251928538-150x225.jpg 150w, https:\/\/combi-pro.com\/wp-content\/uploads\/2024\/05\/539002_07_2-e1738251928538-200x300.jpg 200w, https:\/\/combi-pro.com\/wp-content\/uploads\/2024\/05\/539002_07_2-e1738251928538-8x12.jpg 8w, https:\/\/combi-pro.com\/wp-content\/uploads\/2024\/05\/539002_07_2-e1738251928538-64x96.jpg 64w, https:\/\/combi-pro.com\/wp-content\/uploads\/2024\/05\/539002_07_2-e1738251928538-300x450.jpg 300w, https:\/\/combi-pro.com\/wp-content\/uploads\/2024\/05\/539002_07_2-768x1152.jpg 768w, https:\/\/combi-pro.com\/wp-content\/uploads\/2024\/05\/539002_07_2-600x900.jpg 600w, https:\/\/combi-pro.com\/wp-content\/uploads\/2024\/05\/539002_07_2-e1738251928538.jpg 533w\" sizes=\"auto, (max-width: 683px) 100vw, 683px\">\t\t\t<\/div>\n\t\t\t\n\t\t\t\n\n\n\n\n\n\n\t\t<\/div>\n\t\t\n\n\n\t\t<div class=\"wd-product-cats wd-loop-prod-meta wd-e98a4a67 wd-align\">\n\t\t\t\t\t\t<a href=\"https:\/\/combi-pro.com\/fr\/categoria-de-productos\/ropa-profesional\/sanidad-y-servicios\/\" rel=\"tag\">Sant\u00e9 et Services<\/a><span class=\"wd-meta-sep\">,<\/span> <a href=\"https:\/\/combi-pro.com\/fr\/categoria-de-productos\/ropa-profesional\/sanidad-y-servicios\/batas-sanidad-y-servicios\/\" rel=\"tag\">Robes<\/a><span class=\"wd-meta-sep\">,<\/span> <a href=\"https:\/\/combi-pro.com\/fr\/categoria-de-productos\/ropa-profesional\/\" rel=\"tag\">V\u00eatements Professionnels<\/a>\t\t<\/div>\n\t\t\n\n\n\t\t<h3 class=\"wd-loop-prod-title wd-entities-title wd-5342ae28 wd-align wd-line-clamp\">\n\t\t\t<a href=\"https:\/\/combi-pro.com\/fr\/tienda\/539002-bata-mujer\/\">\n\t\t\t\tRobe femme semi-ajust\u00e9e \u00e0 manches longues avec fermeture \u00e0 boutons et coupe ajust\u00e9e539002 | VELILLA\t\t\t<\/a>\n\t\t<\/h3>\n\n\t\t\n\n\n\t\t<div class=\"wd-loop-prod-price wd-59cab364 wd-align\">\n\t\t\t\n\t<span class=\"price\"><span class=\"text-gris\">\u00c0 partir de<\/span> <span class=\"woocommerce-Price-amount amount\"><bdi>19,97&nbsp;<span class=\"woocommerce-Price-currencySymbol\" translate=\"no\">\u20ac<\/span><\/bdi><\/span> <span class=\"text-gris\">TVA incl.<\/span><\/span>\n\t\t<\/div>\n\t\t\n\t\t<div class=\"wd-add-btn-wrapp wd-6fd71854 wd-quantity-overlap\">\n\t\t\t<div class=\"wd-add-btn wd-loop-prod-btn wd-add-btn-replace\">\n\t\t\t\t\t\t\t\t\t\n<div class=\"quantity\">\n\t\n\t\t\t<button class=\"minus btn\" aria-label=\"Diminuer la quantit\u00e9\">-<\/button>\n\t\n\t<label class=\"screen-reader-text\" for=\"quantity_6a9713c1a815a\" data-no-translation=\"\" data-trp-gettext=\"\">quantit\u00e9 de Bata semientallada de mujer manga larga cierre con botones y corte sastre 539002 | VELILLA<\/label>\n\t<input\n\t\ttype=\"number\"\n\t\t\t\tid=\"quantity_6a9713c1a815a\"\n\t\tclass=\"input-text qty text\"\n\t\tvalue=\"1\"\n\t\taria-label=\"Quantit\u00e9 de produits\"\n\t\t\t\tmin=\"1\"\n\t\t\t\tname=\"quantity\"\n\n\t\t\t\t\tstep=\"1\"\n\t\t\tplaceholder=\"\"\n\t\t\tinputmode=\"numeric\"\n\t\t\tautocomplete=\"off\" data-no-translation-aria-label=\"\"\n\t\t\t>\n\n\t\t\t<button class=\"plus btn\" aria-label=\"Augmenter la quantit\u00e9\" data-no-translation-aria-label=\"\">+<\/button>\n\t\n\t<\/div>\n\t\t\t\t\n\t\t\t\t<a href=\"https:\/\/combi-pro.com\/fr\/tienda\/539002-bata-mujer\/\" aria-describedby=\"woocommerce_loop_add_to_cart_link_describedby_7607\" data-quantity=\"1\" class=\"button product_type_variable add_to_cart_button cfvsw_ajax_add_to_cart add-to-cart-loop\" data-product_id=\"7607\" data-product_sku=\"\" aria-label=\"S\u00e9lectionner les options pour \u201cBata semientallada de mujer manga larga cierre con botones y corte sastre 539002 | VELILLA\u201d\" rel=\"nofollow\" data-add_to_cart_text=\"Add to Cart\" data-select_options_text=\"Choix des options\" data-no-translation-aria-label=\"\" data-no-translation-data-select_options_text=\"\"><span class=\"wd-action-icon\"><span class=\"wd-check-icon\"><\/span><\/span><span class=\"wd-action-text\" data-no-translation=\"\" data-trp-gettext=\"\">Choix des options<\/span><\/a>\t<span id=\"woocommerce_loop_add_to_cart_link_describedby_7607\" class=\"screen-reader-text\">\n\t\tCe produit a plusieurs variations. Les options peuvent \u00eatre choisies sur la page du produit\t<\/span>\n\t\t\t<\/div>\n\t\t<\/div>\n\n\t\t\n<\/div>\n<\/div>\n\t\t\t\t\t<\/div>\n\t\t\t\t<div class=\"wd-carousel-item\">\n\t\t\t\t\t\t\t\t\t\t\t<div class=\"wd-product wd-loop-item-38304 wd-hover-parent product type-product post-7618 status-publish first instock product_cat-batas-sanidad-y-servicios product_cat-ropa-profesional product_cat-sanidad-y-servicios has-post-thumbnail taxable shipping-taxable purchasable product-type-variable\" data-loop=\"12\" data-id=\"7618\">\n\t<div class=\"wd-product-wrapper wd-entry-content\">\n\t\t\t<div class=\"wd-loop-prod-thumb wd-product-thumb wd-368dd130 wd-hover-fade-in\">\n\t\t\t<a href=\"https:\/\/combi-pro.com\/fr\/tienda\/bata-semientallada-de-mujer-velilla-539003\/\" class=\"wd-product-img-link\" tabindex=\"-1\" aria-label=\"Blouse professionnelle \u00e0 manches courtes pour femmes 539003 | VELILLA\">\n\t\t\t\t<img loading=\"lazy\" decoding=\"async\" width=\"683\" height=\"1024\" src=\"https:\/\/combi-pro.com\/wp-content\/uploads\/2024\/05\/539003_07_1-1-683x1024.jpg\" class=\"attachment-large size-large\" alt=\"\" srcset=\"https:\/\/combi-pro.com\/wp-content\/uploads\/2024\/05\/539003_07_1-1-683x1024.jpg 683w, https:\/\/combi-pro.com\/wp-content\/uploads\/2024\/05\/539003_07_1-1-e1738251739137-450x675.jpg 450w, https:\/\/combi-pro.com\/wp-content\/uploads\/2024\/05\/539003_07_1-1-e1738251739137-150x225.jpg 150w, https:\/\/combi-pro.com\/wp-content\/uploads\/2024\/05\/539003_07_1-1-e1738251739137-200x300.jpg 200w, https:\/\/combi-pro.com\/wp-content\/uploads\/2024\/05\/539003_07_1-1-e1738251739137-8x12.jpg 8w, https:\/\/combi-pro.com\/wp-content\/uploads\/2024\/05\/539003_07_1-1-768x1152.jpg 768w, https:\/\/combi-pro.com\/wp-content\/uploads\/2024\/05\/539003_07_1-1-e1738251739137-300x450.jpg 300w, https:\/\/combi-pro.com\/wp-content\/uploads\/2024\/05\/539003_07_1-1-e1738251739137-64x96.jpg 64w, https:\/\/combi-pro.com\/wp-content\/uploads\/2024\/05\/539003_07_1-1-600x900.jpg 600w, https:\/\/combi-pro.com\/wp-content\/uploads\/2024\/05\/539003_07_1-1-e1738251739137.jpg 533w\" sizes=\"auto, (max-width: 683px) 100vw, 683px\">\t\t\t<\/a>\n\n\t\t\t\t\t\t<div class=\"wd-product-img-hover hover-img\">\n\t\t\t\t<img loading=\"lazy\" decoding=\"async\" width=\"683\" height=\"1024\" src=\"https:\/\/combi-pro.com\/wp-content\/uploads\/2024\/05\/539003_07_2-683x1024.jpg\" class=\"attachment-large size-large\" alt=\"\" srcset=\"https:\/\/combi-pro.com\/wp-content\/uploads\/2024\/05\/539003_07_2-683x1024.jpg 683w, https:\/\/combi-pro.com\/wp-content\/uploads\/2024\/05\/539003_07_2-e1738251728677-450x675.jpg 450w, https:\/\/combi-pro.com\/wp-content\/uploads\/2024\/05\/539003_07_2-e1738251728677-150x225.jpg 150w, https:\/\/combi-pro.com\/wp-content\/uploads\/2024\/05\/539003_07_2-e1738251728677-200x300.jpg 200w, https:\/\/combi-pro.com\/wp-content\/uploads\/2024\/05\/539003_07_2-e1738251728677-8x12.jpg 8w, https:\/\/combi-pro.com\/wp-content\/uploads\/2024\/05\/539003_07_2-e1738251728677-64x96.jpg 64w, https:\/\/combi-pro.com\/wp-content\/uploads\/2024\/05\/539003_07_2-e1738251728677-300x450.jpg 300w, https:\/\/combi-pro.com\/wp-content\/uploads\/2024\/05\/539003_07_2-768x1152.jpg 768w, https:\/\/combi-pro.com\/wp-content\/uploads\/2024\/05\/539003_07_2-600x900.jpg 600w, https:\/\/combi-pro.com\/wp-content\/uploads\/2024\/05\/539003_07_2-e1738251728677.jpg 533w\" sizes=\"auto, (max-width: 683px) 100vw, 683px\">\t\t\t<\/div>\n\t\t\t\n\t\t\t\n\n\n\n\n\n\n\t\t<\/div>\n\t\t\n\n\n\t\t<div class=\"wd-product-cats wd-loop-prod-meta wd-e98a4a67 wd-align\">\n\t\t\t\t\t\t<a href=\"https:\/\/combi-pro.com\/fr\/categoria-de-productos\/ropa-profesional\/sanidad-y-servicios\/\" rel=\"tag\">Sant\u00e9 et Services<\/a><span class=\"wd-meta-sep\">,<\/span> <a href=\"https:\/\/combi-pro.com\/fr\/categoria-de-productos\/ropa-profesional\/sanidad-y-servicios\/batas-sanidad-y-servicios\/\" rel=\"tag\">Robes<\/a><span class=\"wd-meta-sep\">,<\/span> <a href=\"https:\/\/combi-pro.com\/fr\/categoria-de-productos\/ropa-profesional\/\" rel=\"tag\">V\u00eatements Professionnels<\/a>\t\t<\/div>\n\t\t\n\n\n\t\t<h3 class=\"wd-loop-prod-title wd-entities-title wd-5342ae28 wd-align wd-line-clamp\">\n\t\t\t<a href=\"https:\/\/combi-pro.com\/fr\/tienda\/bata-semientallada-de-mujer-velilla-539003\/\">\n\t\t\t\tBlouse professionnelle \u00e0 manches courtes pour femmes 539003 | VELILLA\t\t\t<\/a>\n\t\t<\/h3>\n\n\t\t\n\n\n\t\t<div class=\"wd-loop-prod-price wd-59cab364 wd-align\">\n\t\t\t\n\t<span class=\"price\"><span class=\"text-gris\">\u00c0 partir de<\/span> <span class=\"woocommerce-Price-amount amount\"><bdi>17,90&nbsp;<span class=\"woocommerce-Price-currencySymbol\" translate=\"no\">\u20ac<\/span><\/bdi><\/span> <span class=\"text-gris\">TVA incl.<\/span><\/span>\n\t\t<\/div>\n\t\t\n\t\t<div class=\"wd-add-btn-wrapp wd-6fd71854 wd-quantity-overlap\">\n\t\t\t<div class=\"wd-add-btn wd-loop-prod-btn wd-add-btn-replace\">\n\t\t\t\t\t\t\t\t\t\n<div class=\"quantity\">\n\t\n\t\t\t<button class=\"minus btn\" aria-label=\"Diminuer la quantit\u00e9\">-<\/button>\n\t\n\t<label class=\"screen-reader-text\" for=\"quantity_6a9713c1aa665\" data-no-translation=\"\" data-trp-gettext=\"\">quantit\u00e9 de Bata semientallada de mujer profesional manga corta 539003 | VELILLA<\/label>\n\t<input\n\t\ttype=\"number\"\n\t\t\t\tid=\"quantity_6a9713c1aa665\"\n\t\tclass=\"input-text qty text\"\n\t\tvalue=\"1\"\n\t\taria-label=\"Quantit\u00e9 de produits\"\n\t\t\t\tmin=\"1\"\n\t\t\t\tname=\"quantity\"\n\n\t\t\t\t\tstep=\"1\"\n\t\t\tplaceholder=\"\"\n\t\t\tinputmode=\"numeric\"\n\t\t\tautocomplete=\"off\" data-no-translation-aria-label=\"\"\n\t\t\t>\n\n\t\t\t<button class=\"plus btn\" aria-label=\"Augmenter la quantit\u00e9\" data-no-translation-aria-label=\"\">+<\/button>\n\t\n\t<\/div>\n\t\t\t\t\n\t\t\t\t<a href=\"https:\/\/combi-pro.com\/fr\/tienda\/bata-semientallada-de-mujer-velilla-539003\/\" aria-describedby=\"woocommerce_loop_add_to_cart_link_describedby_7618\" data-quantity=\"1\" class=\"button product_type_variable add_to_cart_button cfvsw_ajax_add_to_cart add-to-cart-loop\" data-product_id=\"7618\" data-product_sku=\"\" aria-label=\"S\u00e9lectionner les options pour \u201cBata semientallada de mujer profesional manga corta 539003 | VELILLA\u201d\" rel=\"nofollow\" data-add_to_cart_text=\"Add to Cart\" data-select_options_text=\"Choix des options\" data-no-translation-aria-label=\"\" data-no-translation-data-select_options_text=\"\"><span class=\"wd-action-icon\"><span class=\"wd-check-icon\"><\/span><\/span><span class=\"wd-action-text\" data-no-translation=\"\" data-trp-gettext=\"\">Choix des options<\/span><\/a>\t<span id=\"woocommerce_loop_add_to_cart_link_describedby_7618\" class=\"screen-reader-text\">\n\t\tCe produit a plusieurs variations. Les options peuvent \u00eatre choisies sur la page du produit\t<\/span>\n\t\t\t<\/div>\n\t\t<\/div>\n\n\t\t\n<\/div>\n<\/div>\n\t\t\t\t\t<\/div>\n\t\t\t\t\t\t\t\t<\/div>\n\t\t\t\t\t<\/div>\n\n\t\t\t\t\t\t\t<div class=\"wd-nav-arrows wd-pos-sep wd-hover-1 wd-icon-1\">\n\t\t\t<div class=\"wd-btn-arrow wd-prev wd-disabled\">\n\t\t\t\t<div class=\"wd-arrow-inner\"><\/div>\n\t\t\t<\/div>\n\t\t\t<div class=\"wd-btn-arrow wd-next\">\n\t\t\t\t<div class=\"wd-arrow-inner\"><\/div>\n\t\t\t<\/div>\n\t\t<\/div>\n\t\t\t\t\t\t<\/div>\n\n\t\t\t\t\t\t\t\t\t\t\t\t\t\t<\/div>\n\t\t\t\t\t\t\t\t\t\t<\/div>\n\t\t\t\t<\/div>\n\t\t\t\t\t<\/div>\n\t\t\t\t<\/div>\n\t\t<div class=\"wd-negative-gap elementor-element elementor-element-27a3418 wd-section-stretch e-flex e-con-boxed e-con e-parent\" data-id=\"27a3418\" data-element_type=\"container\" data-e-type=\"container\" data-settings=\"{&quot;background_background&quot;:&quot;classic&quot;}\">\n\t\t\t\t\t<div class=\"e-con-inner\">\n\t\t\t\t<div class=\"elementor-element elementor-element-11f3702 elementor-widget__width-auto wd-width-100 elementor-widget elementor-widget-wd_title\" data-id=\"11f3702\" data-element_type=\"widget\" data-e-type=\"widget\" data-widget_type=\"wd_title.default\">\n\t\t\t\t<div class=\"elementor-widget-container\">\n\t\t\t\t\t\t\t<div class=\"title-wrapper wd-set-mb reset-last-child wd-title-color-default wd-title-style-default wd-title-size-default text-left\">\n\n\t\t\t\n\t\t\t<div class=\"liner-continer\">\n\t\t\t\t<h4 class=\"woodmart-title-container title wd-fontsize-l wd-underline-gradient\"><u>Utile<\/u> Articles<\/h4> \n\t\t\t\t\t\t\t<\/div>\n\n\t\t\t\t\t<\/div>\n\t\t\t\t\t\t<\/div>\n\t\t\t\t<\/div>\n\t\t\t\t<div class=\"elementor-element elementor-element-9affc55 elementor-widget elementor-widget-wd_button\" data-id=\"9affc55\" data-element_type=\"widget\" data-e-type=\"widget\" data-widget_type=\"wd_button.default\">\n\t\t\t\t<div class=\"elementor-widget-container\">\n\t\t\t\t\t\t\t<div class=\"wd-button-wrapper text-center\" >\n\t\t\t<a class=\"btn btn-style-bordered btn-shape-round btn-size-default btn-icon-pos-right\"  href=\"#\">\n\t\t\t\t<span class=\"wd-btn-text\" data-elementor-setting-key=\"text\">\n\t\t\t\t\tTous les articles\t\t\t\t<\/span>\n\n\t\t\t\t\t\t\t\t\t<span class=\"wd-btn-icon\">\n\t\t\t\t\t\t<img  loading=\"lazy\" width=\"12\" height=\"12\">\t\t\t\t\t<\/span>\n\t\t\t\t\t\t\t<\/a>\n\t\t<\/div>\n\t\t\t\t\t\t<\/div>\n\t\t\t\t<\/div>\n\t\t\t\t<div class=\"elementor-element elementor-element-0e9eea4 wd-width-100 elementor-widget elementor-widget-wd_blog\" data-id=\"0e9eea4\" data-element_type=\"widget\" data-e-type=\"widget\" data-widget_type=\"wd_blog.default\">\n\t\t\t\t<div class=\"elementor-widget-container\">\n\t\t\t\t\t\t\t\t\n\t\t\t<div id=\"carousel-502\" class=\"wd-carousel-container  wd-posts wd-blog-element title-line-two\">\n\t\t\t\t\n\t\t\t\t\t\t\t\n\t\t\t\t<div class=\"wd-carousel-inner\">\n\t\t\t\t\t<div class=\"wd-carousel wd-grid\" data-scroll_per_page=\"yes\" style=\"--wd-col-lg:4;--wd-col-md:3;--wd-col-sm:1;--wd-gap-lg:20px;--wd-gap-sm:10px;\">\n\t\t\t\t\t\t<div class=\"wd-carousel-wrap\">\n\t\t\t\t\t\t\t\t\t<div class=\"wd-carousel-item\">\n\t\t\t\t\t\t\t\n<article id=\"post-15025\" class=\"wd-post blog-design-masonry blog-post-loop blog-style-bg wd-add-shadow post-15025 post type-post status-publish format-standard has-post-thumbnail hentry category-ropa-de-trabajo\">\n\t<div class=\"wd-post-inner article-inner\">\n\t\t\t\t\t<div class=\"wd-post-thumb entry-header\">\n\t\t\t\t\t\t\t\t\t<div class=\"wd-post-img post-img-wrapp\">\n\t\t\t\t\t\t<img loading=\"lazy\" decoding=\"async\" width=\"1500\" height=\"1000\" src=\"https:\/\/combi-pro.com\/wp-content\/uploads\/2025\/03\/alta-visibilidad.jpg\" class=\"attachment-full size-full\" alt=\"\" srcset=\"https:\/\/combi-pro.com\/wp-content\/uploads\/2025\/03\/alta-visibilidad.jpg 1500w, https:\/\/combi-pro.com\/wp-content\/uploads\/2025\/03\/alta-visibilidad-300x200.jpg 300w, https:\/\/combi-pro.com\/wp-content\/uploads\/2025\/03\/alta-visibilidad-1024x683.jpg 1024w, https:\/\/combi-pro.com\/wp-content\/uploads\/2025\/03\/alta-visibilidad-768x512.jpg 768w, https:\/\/combi-pro.com\/wp-content\/uploads\/2025\/03\/alta-visibilidad-18x12.jpg 18w, https:\/\/combi-pro.com\/wp-content\/uploads\/2025\/03\/alta-visibilidad-800x533.jpg 800w, https:\/\/combi-pro.com\/wp-content\/uploads\/2025\/03\/alta-visibilidad-150x100.jpg 150w, https:\/\/combi-pro.com\/wp-content\/uploads\/2025\/03\/alta-visibilidad-64x43.jpg 64w\" sizes=\"auto, (max-width: 1500px) 100vw, 1500px\">\t\t\t\t\t<\/div>\n\t\t\t\t\t\t\t\t\t\t<a class=\"wd-fill\" tabindex=\"-1\" href=\"https:\/\/combi-pro.com\/fr\/como-elegir-la-ropa-de-trabajo-adecuada-comodidad-seguridad-y-estilo-a-diario\/\" aria-label=\"Lien vers l&#039;article \u00ab Comment choisir les bons v\u00eatements de travail ? \u00bb\"><\/a>\n\t\t\t\t\n\t\t\t\t\t\t\t\t\t\t\t\t<div class=\"wd-post-date wd-style-with-bg\">\n\t\t\t\t<span class=\"post-date-day\">\n\t\t\t\t\t20\t\t\t\t<\/span>\n\t\t\t\t<span class=\"post-date-month\">\n\t\t\t\t\tPeut\t\t\t\t<\/span>\n\t\t\t<\/div>\n\t\t\t\t\t\t\t\t\t<\/div>\n\t\t\n\t\t<div class=\"wd-post-content article-body-container\">\n\t\t\t\t\t\t\t<div class=\"wd-post-cat wd-style-with-bg meta-post-categories\">\n\t\t\t\t\t<a href=\"https:\/\/combi-pro.com\/fr\/blog\/ropa-de-trabajo\/\" rel=\"category tag\">V\u00eatements de travail<\/a>\t\t\t\t<\/div>\n\t\t\t\n\t\t\t\t\t\t\t<h3 class=\"wd-post-title wd-entities-title title post-title\">\n\t\t\t\t\t<a href=\"https:\/\/combi-pro.com\/fr\/como-elegir-la-ropa-de-trabajo-adecuada-comodidad-seguridad-y-estilo-a-diario\/\" rel=\"bookmark\">\n\t\t\t\t\t\tComment choisir le bon v\u00eatement de travail ?\t\t\t\t\t<\/a>\n\t\t\t\t<\/h3>\n\t\t\t\n\t\t\t\t\t\t\t<div class=\"wd-post-meta\">\n\t\t\t\t\t\t\t\t\t\t\t\t\t\t\t<div class=\"wd-post-author\">\n\t\t\t\t\t\t\t\t\t\t\t<span>Publi\u00e9 par<\/span>\n\t\t\n\t\t\t\t\t<img alt='avatar de l&#039;auteur' src='https:\/\/secure.gravatar.com\/avatar\/834e98c0c547011291ede13792368cc9262588be2d96dafe05c4b9eec1aa6483?s=18&#038;d=mm&#038;r=g' srcset='https:\/\/secure.gravatar.com\/avatar\/834e98c0c547011291ede13792368cc9262588be2d96dafe05c4b9eec1aa6483?s=36&#038;d=mm&#038;r=g 2x' class='avatar avatar-18 photo' height='18' width='18' \/>\t\t\n\t\t\t\t\t<a href=\"https:\/\/combi-pro.com\/fr\/author\/elevate\/\" class=\"author\" rel=\"author\">Dorian - \u00c9lever<\/a>\n\t\t\t\t\t\t\t\t\t<\/div>\n\t\t\t\t\t<div class=\"wd-modified-date\">\n\t\t\t\t\t\t\t\t<time class=\"updated\" datetime=\"2026-06-05T11:01:01+02:00\">\n\t\t\t05\/06\/2026\t\t<\/time>\n\t\t\t\t\t\t\t<\/div>\n\n\t\t\t\t\t\t\t\t\t\t\t<div tabindex=\"0\" class=\"wd-post-share wd-tltp\">\n\t\t\t\t\t\t\t<div class=\"tooltip top\">\n\t\t\t\t\t\t\t\t<div class=\"tooltip-inner\">\n\t\t\t\t\t\t\t\t\t\t\t\t<div\n\t\t\t\t\t\tclass=\"wd-social-icons wd-style-default wd-size-small social-share wd-shape-circle color-scheme-light text-center\">\n\t\t\t\t\t\t\t\t\n\t\t\t\t\n\t\t\t\t\t\t\t\t\t<a rel=\"noopener noreferrer nofollow\" href=\"https:\/\/www.facebook.com\/sharer\/sharer.php?u=https:\/\/combi-pro.com\/fr\/como-elegir-la-ropa-de-trabajo-adecuada-comodidad-seguridad-y-estilo-a-diario\/\" target=\"_blank\" class=\"wd-social-icon social-facebook\" aria-label=\"Lien social Facebook\">\n\t\t\t\t\t\t<span class=\"wd-icon\"><\/span>\n\t\t\t\t\t\t\t\t\t\t\t<\/a>\n\t\t\t\t\n\t\t\t\t\t\t\t\t\t<a rel=\"noopener noreferrer nofollow\" href=\"https:\/\/x.com\/share?url=https:\/\/combi-pro.com\/fr\/como-elegir-la-ropa-de-trabajo-adecuada-comodidad-seguridad-y-estilo-a-diario\/\" target=\"_blank\" class=\"wd-social-icon social-twitter\" aria-label=\"Lien social X\">\n\t\t\t\t\t\t<span class=\"wd-icon\"><\/span>\n\t\t\t\t\t\t\t\t\t\t\t<\/a>\n\t\t\t\t\n\t\t\t\t\n\t\t\t\t\n\t\t\t\t\n\t\t\t\t\n\t\t\t\t\n\t\t\t\t\t\t\t\t\t<a rel=\"noopener noreferrer nofollow\" href=\"https:\/\/pinterest.com\/pin\/create\/button\/?url=https:\/\/combi-pro.com\/fr\/como-elegir-la-ropa-de-trabajo-adecuada-comodidad-seguridad-y-estilo-a-diario\/&#038;media=https:\/\/combi-pro.com\/wp-content\/uploads\/2025\/03\/alta-visibilidad.jpg&#038;description=%C2%BFC%C3%B3mo%20elegir%20la%20ropa%20de%20trabajo%20adecuada%3F\" target=\"_blank\" class=\"wd-social-icon social-pinterest\" aria-label=\"Lien social Pinterest\">\n\t\t\t\t\t\t<span class=\"wd-icon\"><\/span>\n\t\t\t\t\t\t\t\t\t\t\t<\/a>\n\t\t\t\t\n\t\t\t\t\n\t\t\t\t\t\t\t\t\t<a rel=\"noopener noreferrer nofollow\" href=\"https:\/\/www.linkedin.com\/shareArticle?mini=true&#038;url=https:\/\/combi-pro.com\/fr\/como-elegir-la-ropa-de-trabajo-adecuada-comodidad-seguridad-y-estilo-a-diario\/\" target=\"_blank\" class=\"wd-social-icon social-linkedin\" aria-label=\"Lien social LinkedIn\">\n\t\t\t\t\t\t<span class=\"wd-icon\"><\/span>\n\t\t\t\t\t\t\t\t\t\t\t<\/a>\n\t\t\t\t\n\t\t\t\t\n\t\t\t\t\n\t\t\t\t\n\t\t\t\t\n\t\t\t\t\n\t\t\t\t\n\t\t\t\t\n\t\t\t\t\n\t\t\t\t\n\t\t\t\t\n\t\t\t\t\n\t\t\t\t\n\t\t\t\t\n\t\t\t\t\n\t\t\t\t\t\t\t\t\t<a rel=\"noopener noreferrer nofollow\" href=\"https:\/\/telegram.me\/share\/url?url=https:\/\/combi-pro.com\/fr\/como-elegir-la-ropa-de-trabajo-adecuada-comodidad-seguridad-y-estilo-a-diario\/\" target=\"_blank\" class=\"wd-social-icon social-tg\" aria-label=\"Lien social Telegram\">\n\t\t\t\t\t\t<span class=\"wd-icon\"><\/span>\n\t\t\t\t\t\t\t\t\t\t\t<\/a>\n\t\t\t\t\n\t\t\t\t\n\t\t\t<\/div>\n\n\t\t\t\t\t\t\t\t\t\t<\/div>\n\t\t\t\t\t\t\t\t<div class=\"tooltip-arrow\"><\/div>\n\t\t\t\t\t\t\t<\/div>\n\t\t\t\t\t\t<\/div>\n\t\t\t\t\t\n\t\t\t\t\t\t\t\t\t\t\t\t\t\t\t\t\t<div class=\"wd-post-reply wd-style-1\">\n\t\t\t\t\t\t\t<a href=\"https:\/\/combi-pro.com\/fr\/como-elegir-la-ropa-de-trabajo-adecuada-comodidad-seguridad-y-estilo-a-diario\/#respond\"><span class=\"wd-replies-count\">0<\/span><\/a>\t\t\t\t\t\t<\/div>\n\t\t\t\t\t\t\t\t\t<\/div>\n\t\t\t\n\t\t\t\n\t\t\t\t\t\t\t\t\t\t\t\t<div class=\"wd-post-read-more wd-style-link read-more-section\">\n\t\t\t\t\t\t<a class=\"\" href=\"https:\/\/combi-pro.com\/fr\/como-elegir-la-ropa-de-trabajo-adecuada-comodidad-seguridad-y-estilo-a-diario\/\">Poursuivre la conf\u00e9rence<\/a>\t\t\t\t\t<\/div>\n\t\t\t\t\t\t\t\t\t<\/div>\n\t<\/div>\n<\/article>\n\n\t\t\t\t\t<\/div>\n\t\t\t\t<div class=\"wd-carousel-item\">\n\t\t\t\t\t\t\t\n<article id=\"post-17510\" class=\"wd-post blog-design-masonry blog-post-loop blog-style-bg wd-add-shadow post-17510 post type-post status-publish format-standard has-post-thumbnail hentry category-alta-visibilidad\">\n\t<div class=\"wd-post-inner article-inner\">\n\t\t\t\t\t<div class=\"wd-post-thumb entry-header\">\n\t\t\t\t\t\t\t\t\t<div class=\"wd-post-img post-img-wrapp\">\n\t\t\t\t\t\t<img loading=\"lazy\" decoding=\"async\" width=\"800\" height=\"747\" src=\"https:\/\/combi-pro.com\/wp-content\/uploads\/2024\/03\/WhatsApp-Image-2024-03-01-a-17.48.59_cecd6d3e-e1737822554622.jpg\" class=\"attachment-full size-full\" alt=\"V\u00eatements haute visibilit\u00e9 pour femmes\" srcset=\"https:\/\/combi-pro.com\/wp-content\/uploads\/2024\/03\/WhatsApp-Image-2024-03-01-a-17.48.59_cecd6d3e-e1737822554622.jpg 800w, https:\/\/combi-pro.com\/wp-content\/uploads\/2024\/03\/WhatsApp-Image-2024-03-01-a-17.48.59_cecd6d3e-e1737822554622-150x140.jpg 150w, https:\/\/combi-pro.com\/wp-content\/uploads\/2024\/03\/WhatsApp-Image-2024-03-01-a-17.48.59_cecd6d3e-e1737822554622-300x280.jpg 300w, https:\/\/combi-pro.com\/wp-content\/uploads\/2024\/03\/WhatsApp-Image-2024-03-01-a-17.48.59_cecd6d3e-e1737822554622-768x717.jpg 768w, https:\/\/combi-pro.com\/wp-content\/uploads\/2024\/03\/WhatsApp-Image-2024-03-01-a-17.48.59_cecd6d3e-e1737822554622-13x12.jpg 13w, https:\/\/combi-pro.com\/wp-content\/uploads\/2024\/03\/WhatsApp-Image-2024-03-01-a-17.48.59_cecd6d3e-e1737822554622-64x60.jpg 64w, https:\/\/combi-pro.com\/wp-content\/uploads\/2024\/03\/WhatsApp-Image-2024-03-01-a-17.48.59_cecd6d3e-e1737822554622-600x560.jpg 600w\" sizes=\"auto, (max-width: 800px) 100vw, 800px\" \/>\t\t\t\t\t<\/div>\n\t\t\t\t\t\t\t\t\t\t<a class=\"wd-fill\" tabindex=\"-1\" href=\"https:\/\/combi-pro.com\/fr\/ropa-de-alta-visibilidad-proteccion-esencial-para-los-profesionales-expuestos\/\" aria-label=\"Lien vers l&#039;article Comment choisir les v\u00eatements haute visibilit\u00e9 adapt\u00e9s\"><\/a>\n\t\t\t\t\n\t\t\t\t\t\t\t\t\t\t\t\t<div class=\"wd-post-date wd-style-with-bg\">\n\t\t\t\t<span class=\"post-date-day\">\n\t\t\t\t\t13\t\t\t\t<\/span>\n\t\t\t\t<span class=\"post-date-month\">\n\t\t\t\t\tPeut\t\t\t\t<\/span>\n\t\t\t<\/div>\n\t\t\t\t\t\t\t\t\t<\/div>\n\t\t\n\t\t<div class=\"wd-post-content article-body-container\">\n\t\t\t\t\t\t\t<div class=\"wd-post-cat wd-style-with-bg meta-post-categories\">\n\t\t\t\t\t<a href=\"https:\/\/combi-pro.com\/fr\/blog\/alta-visibilidad\/\" rel=\"category tag\">Haute visibilit\u00e9<\/a>\t\t\t\t<\/div>\n\t\t\t\n\t\t\t\t\t\t\t<h3 class=\"wd-post-title wd-entities-title title post-title\">\n\t\t\t\t\t<a href=\"https:\/\/combi-pro.com\/fr\/ropa-de-alta-visibilidad-proteccion-esencial-para-los-profesionales-expuestos\/\" rel=\"bookmark\">\n\t\t\t\t\t\tComment choisir le bon v\u00eatement haute visibilit\u00e9\t\t\t\t\t<\/a>\n\t\t\t\t<\/h3>\n\t\t\t\n\t\t\t\t\t\t\t<div class=\"wd-post-meta\">\n\t\t\t\t\t\t\t\t\t\t\t\t\t\t\t<div class=\"wd-post-author\">\n\t\t\t\t\t\t\t\t\t\t\t<span>Publi\u00e9 par<\/span>\n\t\t\n\t\t\t\t\t<img alt='avatar de l&#039;auteur' src='https:\/\/secure.gravatar.com\/avatar\/834e98c0c547011291ede13792368cc9262588be2d96dafe05c4b9eec1aa6483?s=18&#038;d=mm&#038;r=g' srcset='https:\/\/secure.gravatar.com\/avatar\/834e98c0c547011291ede13792368cc9262588be2d96dafe05c4b9eec1aa6483?s=36&#038;d=mm&#038;r=g 2x' class='avatar avatar-18 photo' height='18' width='18' \/>\t\t\n\t\t\t\t\t<a href=\"https:\/\/combi-pro.com\/fr\/author\/elevate\/\" class=\"author\" rel=\"author\">Dorian - \u00c9lever<\/a>\n\t\t\t\t\t\t\t\t\t<\/div>\n\t\t\t\t\t<div class=\"wd-modified-date\">\n\t\t\t\t\t\t\t\t<time class=\"updated\" datetime=\"2026-06-05T11:01:35+02:00\">\n\t\t\t05\/06\/2026\t\t<\/time>\n\t\t\t\t\t\t\t<\/div>\n\n\t\t\t\t\t\t\t\t\t\t\t<div tabindex=\"0\" class=\"wd-post-share wd-tltp\">\n\t\t\t\t\t\t\t<div class=\"tooltip top\">\n\t\t\t\t\t\t\t\t<div class=\"tooltip-inner\">\n\t\t\t\t\t\t\t\t\t\t\t\t<div\n\t\t\t\t\t\tclass=\"wd-social-icons wd-style-default wd-size-small social-share wd-shape-circle color-scheme-light text-center\">\n\t\t\t\t\t\t\t\t\n\t\t\t\t\n\t\t\t\t\t\t\t\t\t<a rel=\"noopener noreferrer nofollow\" href=\"https:\/\/www.facebook.com\/sharer\/sharer.php?u=https:\/\/combi-pro.com\/fr\/ropa-de-alta-visibilidad-proteccion-esencial-para-los-profesionales-expuestos\/\" target=\"_blank\" class=\"wd-social-icon social-facebook\" aria-label=\"Lien social Facebook\">\n\t\t\t\t\t\t<span class=\"wd-icon\"><\/span>\n\t\t\t\t\t\t\t\t\t\t\t<\/a>\n\t\t\t\t\n\t\t\t\t\t\t\t\t\t<a rel=\"noopener noreferrer nofollow\" href=\"https:\/\/x.com\/share?url=https:\/\/combi-pro.com\/fr\/ropa-de-alta-visibilidad-proteccion-esencial-para-los-profesionales-expuestos\/\" target=\"_blank\" class=\"wd-social-icon social-twitter\" aria-label=\"Lien social X\">\n\t\t\t\t\t\t<span class=\"wd-icon\"><\/span>\n\t\t\t\t\t\t\t\t\t\t\t<\/a>\n\t\t\t\t\n\t\t\t\t\n\t\t\t\t\n\t\t\t\t\n\t\t\t\t\n\t\t\t\t\n\t\t\t\t\t\t\t\t\t<a rel=\"noopener noreferrer nofollow\" href=\"https:\/\/pinterest.com\/pin\/create\/button\/?url=https:\/\/combi-pro.com\/fr\/ropa-de-alta-visibilidad-proteccion-esencial-para-los-profesionales-expuestos\/&#038;media=https:\/\/combi-pro.com\/wp-content\/uploads\/2024\/03\/WhatsApp-Image-2024-03-01-a-17.48.59_cecd6d3e-e1737822554622.jpg&#038;description=C%C3%B3mo%20elegir%20la%20ropa%20de%20alta%20visibilidad%20adecuada\" target=\"_blank\" class=\"wd-social-icon social-pinterest\" aria-label=\"Lien social Pinterest\">\n\t\t\t\t\t\t<span class=\"wd-icon\"><\/span>\n\t\t\t\t\t\t\t\t\t\t\t<\/a>\n\t\t\t\t\n\t\t\t\t\n\t\t\t\t\t\t\t\t\t<a rel=\"noopener noreferrer nofollow\" href=\"https:\/\/www.linkedin.com\/shareArticle?mini=true&#038;url=https:\/\/combi-pro.com\/fr\/ropa-de-alta-visibilidad-proteccion-esencial-para-los-profesionales-expuestos\/\" target=\"_blank\" class=\"wd-social-icon social-linkedin\" aria-label=\"Lien social LinkedIn\">\n\t\t\t\t\t\t<span class=\"wd-icon\"><\/span>\n\t\t\t\t\t\t\t\t\t\t\t<\/a>\n\t\t\t\t\n\t\t\t\t\n\t\t\t\t\n\t\t\t\t\n\t\t\t\t\n\t\t\t\t\n\t\t\t\t\n\t\t\t\t\n\t\t\t\t\n\t\t\t\t\n\t\t\t\t\n\t\t\t\t\n\t\t\t\t\n\t\t\t\t\n\t\t\t\t\n\t\t\t\t\t\t\t\t\t<a rel=\"noopener noreferrer nofollow\" href=\"https:\/\/telegram.me\/share\/url?url=https:\/\/combi-pro.com\/fr\/ropa-de-alta-visibilidad-proteccion-esencial-para-los-profesionales-expuestos\/\" target=\"_blank\" class=\"wd-social-icon social-tg\" aria-label=\"Lien social Telegram\">\n\t\t\t\t\t\t<span class=\"wd-icon\"><\/span>\n\t\t\t\t\t\t\t\t\t\t\t<\/a>\n\t\t\t\t\n\t\t\t\t\n\t\t\t<\/div>\n\n\t\t\t\t\t\t\t\t\t\t<\/div>\n\t\t\t\t\t\t\t\t<div class=\"tooltip-arrow\"><\/div>\n\t\t\t\t\t\t\t<\/div>\n\t\t\t\t\t\t<\/div>\n\t\t\t\t\t\n\t\t\t\t\t\t\t\t\t\t\t\t\t\t\t\t\t<div class=\"wd-post-reply wd-style-1\">\n\t\t\t\t\t\t\t<a href=\"https:\/\/combi-pro.com\/fr\/ropa-de-alta-visibilidad-proteccion-esencial-para-los-profesionales-expuestos\/#respond\"><span class=\"wd-replies-count\">0<\/span><\/a>\t\t\t\t\t\t<\/div>\n\t\t\t\t\t\t\t\t\t<\/div>\n\t\t\t\n\t\t\t\n\t\t\t\t\t\t\t\t\t\t\t\t<div class=\"wd-post-read-more wd-style-link read-more-section\">\n\t\t\t\t\t\t<a class=\"\" href=\"https:\/\/combi-pro.com\/fr\/ropa-de-alta-visibilidad-proteccion-esencial-para-los-profesionales-expuestos\/\">Poursuivre la conf\u00e9rence<\/a>\t\t\t\t\t<\/div>\n\t\t\t\t\t\t\t\t\t<\/div>\n\t<\/div>\n<\/article>\n\n\t\t\t\t\t<\/div>\n\t\t\t\t<div class=\"wd-carousel-item\">\n\t\t\t\t\t\t\t\n<article id=\"post-15027\" class=\"wd-post blog-design-masonry blog-post-loop blog-style-bg wd-add-shadow post-15027 post type-post status-publish format-standard has-post-thumbnail hentry category-ropa-de-trabajo\">\n\t<div class=\"wd-post-inner article-inner\">\n\t\t\t\t\t<div class=\"wd-post-thumb entry-header\">\n\t\t\t\t\t\t\t\t\t<div class=\"wd-post-img post-img-wrapp\">\n\t\t\t\t\t\t<img loading=\"lazy\" decoding=\"async\" width=\"800\" height=\"800\" src=\"https:\/\/combi-pro.com\/wp-content\/uploads\/2024\/03\/villa-e1737822479355.jpg\" class=\"attachment-full size-full\" alt=\"\" srcset=\"https:\/\/combi-pro.com\/wp-content\/uploads\/2024\/03\/villa-e1737822479355.jpg 800w, https:\/\/combi-pro.com\/wp-content\/uploads\/2024\/03\/villa-e1737822479355-150x150.jpg 150w, https:\/\/combi-pro.com\/wp-content\/uploads\/2024\/03\/villa-e1737822479355-300x300.jpg 300w, https:\/\/combi-pro.com\/wp-content\/uploads\/2024\/03\/villa-e1737822479355-768x768.jpg 768w, https:\/\/combi-pro.com\/wp-content\/uploads\/2024\/03\/villa-e1737822479355-12x12.jpg 12w, https:\/\/combi-pro.com\/wp-content\/uploads\/2024\/03\/villa-e1737822479355-64x64.jpg 64w, https:\/\/combi-pro.com\/wp-content\/uploads\/2024\/03\/villa-e1737822479355-600x600.jpg 600w\" sizes=\"auto, (max-width: 800px) 100vw, 800px\">\t\t\t\t\t<\/div>\n\t\t\t\t\t\t\t\t\t\t<a class=\"wd-fill\" tabindex=\"-1\" href=\"https:\/\/combi-pro.com\/fr\/tendencias-en-ropa-de-trabajo-para-2025-combinar-rendimiento-y-sostenibilidad\/\" aria-label=\"Lien vers l&#039;article Tendances v\u00eatements de travail pour 2026\"><\/a>\n\t\t\t\t\n\t\t\t\t\t\t\t\t\t\t\t\t<div class=\"wd-post-date wd-style-with-bg\">\n\t\t\t\t<span class=\"post-date-day\">\n\t\t\t\t\t06\t\t\t\t<\/span>\n\t\t\t\t<span class=\"post-date-month\">\n\t\t\t\t\tPeut\t\t\t\t<\/span>\n\t\t\t<\/div>\n\t\t\t\t\t\t\t\t\t<\/div>\n\t\t\n\t\t<div class=\"wd-post-content article-body-container\">\n\t\t\t\t\t\t\t<div class=\"wd-post-cat wd-style-with-bg meta-post-categories\">\n\t\t\t\t\t<a href=\"https:\/\/combi-pro.com\/fr\/blog\/ropa-de-trabajo\/\" rel=\"category tag\">V\u00eatements de travail<\/a>\t\t\t\t<\/div>\n\t\t\t\n\t\t\t\t\t\t\t<h3 class=\"wd-post-title wd-entities-title title post-title\">\n\t\t\t\t\t<a href=\"https:\/\/combi-pro.com\/fr\/tendencias-en-ropa-de-trabajo-para-2025-combinar-rendimiento-y-sostenibilidad\/\" rel=\"bookmark\">\n\t\t\t\t\t\tTendances des v\u00eatements de travail pour 2026\t\t\t\t\t<\/a>\n\t\t\t\t<\/h3>\n\t\t\t\n\t\t\t\t\t\t\t<div class=\"wd-post-meta\">\n\t\t\t\t\t\t\t\t\t\t\t\t\t\t\t<div class=\"wd-post-author\">\n\t\t\t\t\t\t\t\t\t\t\t<span>Publi\u00e9 par<\/span>\n\t\t\n\t\t\t\t\t<img alt='avatar de l&#039;auteur' src='https:\/\/secure.gravatar.com\/avatar\/834e98c0c547011291ede13792368cc9262588be2d96dafe05c4b9eec1aa6483?s=18&#038;d=mm&#038;r=g' srcset='https:\/\/secure.gravatar.com\/avatar\/834e98c0c547011291ede13792368cc9262588be2d96dafe05c4b9eec1aa6483?s=36&#038;d=mm&#038;r=g 2x' class='avatar avatar-18 photo' height='18' width='18' \/>\t\t\n\t\t\t\t\t<a href=\"https:\/\/combi-pro.com\/fr\/author\/elevate\/\" class=\"author\" rel=\"author\">Dorian - \u00c9lever<\/a>\n\t\t\t\t\t\t\t\t\t<\/div>\n\t\t\t\t\t<div class=\"wd-modified-date\">\n\t\t\t\t\t\t\t\t<time class=\"updated\" datetime=\"2026-06-05T11:01:44+02:00\">\n\t\t\t05\/06\/2026\t\t<\/time>\n\t\t\t\t\t\t\t<\/div>\n\n\t\t\t\t\t\t\t\t\t\t\t<div tabindex=\"0\" class=\"wd-post-share wd-tltp\">\n\t\t\t\t\t\t\t<div class=\"tooltip top\">\n\t\t\t\t\t\t\t\t<div class=\"tooltip-inner\">\n\t\t\t\t\t\t\t\t\t\t\t\t<div\n\t\t\t\t\t\tclass=\"wd-social-icons wd-style-default wd-size-small social-share wd-shape-circle color-scheme-light text-center\">\n\t\t\t\t\t\t\t\t\n\t\t\t\t\n\t\t\t\t\t\t\t\t\t<a rel=\"noopener noreferrer nofollow\" href=\"https:\/\/www.facebook.com\/sharer\/sharer.php?u=https:\/\/combi-pro.com\/fr\/tendencias-en-ropa-de-trabajo-para-2025-combinar-rendimiento-y-sostenibilidad\/\" target=\"_blank\" class=\"wd-social-icon social-facebook\" aria-label=\"Lien social Facebook\">\n\t\t\t\t\t\t<span class=\"wd-icon\"><\/span>\n\t\t\t\t\t\t\t\t\t\t\t<\/a>\n\t\t\t\t\n\t\t\t\t\t\t\t\t\t<a rel=\"noopener noreferrer nofollow\" href=\"https:\/\/x.com\/share?url=https:\/\/combi-pro.com\/fr\/tendencias-en-ropa-de-trabajo-para-2025-combinar-rendimiento-y-sostenibilidad\/\" target=\"_blank\" class=\"wd-social-icon social-twitter\" aria-label=\"Lien social X\">\n\t\t\t\t\t\t<span class=\"wd-icon\"><\/span>\n\t\t\t\t\t\t\t\t\t\t\t<\/a>\n\t\t\t\t\n\t\t\t\t\n\t\t\t\t\n\t\t\t\t\n\t\t\t\t\n\t\t\t\t\n\t\t\t\t\t\t\t\t\t<a rel=\"noopener noreferrer nofollow\" href=\"https:\/\/pinterest.com\/pin\/create\/button\/?url=https:\/\/combi-pro.com\/fr\/tendencias-en-ropa-de-trabajo-para-2025-combinar-rendimiento-y-sostenibilidad\/&#038;media=https:\/\/combi-pro.com\/wp-content\/uploads\/2024\/03\/villa-e1737822479355.jpg&#038;description=Tendencias%20de%20ropa%20de%20trabajo%20para%202026\" target=\"_blank\" class=\"wd-social-icon social-pinterest\" aria-label=\"Lien social Pinterest\">\n\t\t\t\t\t\t<span class=\"wd-icon\"><\/span>\n\t\t\t\t\t\t\t\t\t\t\t<\/a>\n\t\t\t\t\n\t\t\t\t\n\t\t\t\t\t\t\t\t\t<a rel=\"noopener noreferrer nofollow\" href=\"https:\/\/www.linkedin.com\/shareArticle?mini=true&#038;url=https:\/\/combi-pro.com\/fr\/tendencias-en-ropa-de-trabajo-para-2025-combinar-rendimiento-y-sostenibilidad\/\" target=\"_blank\" class=\"wd-social-icon social-linkedin\" aria-label=\"Lien social LinkedIn\">\n\t\t\t\t\t\t<span class=\"wd-icon\"><\/span>\n\t\t\t\t\t\t\t\t\t\t\t<\/a>\n\t\t\t\t\n\t\t\t\t\n\t\t\t\t\n\t\t\t\t\n\t\t\t\t\n\t\t\t\t\n\t\t\t\t\n\t\t\t\t\n\t\t\t\t\n\t\t\t\t\n\t\t\t\t\n\t\t\t\t\n\t\t\t\t\n\t\t\t\t\n\t\t\t\t\n\t\t\t\t\t\t\t\t\t<a rel=\"noopener noreferrer nofollow\" href=\"https:\/\/telegram.me\/share\/url?url=https:\/\/combi-pro.com\/fr\/tendencias-en-ropa-de-trabajo-para-2025-combinar-rendimiento-y-sostenibilidad\/\" target=\"_blank\" class=\"wd-social-icon social-tg\" aria-label=\"Lien social Telegram\">\n\t\t\t\t\t\t<span class=\"wd-icon\"><\/span>\n\t\t\t\t\t\t\t\t\t\t\t<\/a>\n\t\t\t\t\n\t\t\t\t\n\t\t\t<\/div>\n\n\t\t\t\t\t\t\t\t\t\t<\/div>\n\t\t\t\t\t\t\t\t<div class=\"tooltip-arrow\"><\/div>\n\t\t\t\t\t\t\t<\/div>\n\t\t\t\t\t\t<\/div>\n\t\t\t\t\t\n\t\t\t\t\t\t\t\t\t\t\t\t\t\t\t\t\t<div class=\"wd-post-reply wd-style-1\">\n\t\t\t\t\t\t\t<a href=\"https:\/\/combi-pro.com\/fr\/tendencias-en-ropa-de-trabajo-para-2025-combinar-rendimiento-y-sostenibilidad\/#respond\"><span class=\"wd-replies-count\">0<\/span><\/a>\t\t\t\t\t\t<\/div>\n\t\t\t\t\t\t\t\t\t<\/div>\n\t\t\t\n\t\t\t\n\t\t\t\t\t\t\t\t\t\t\t\t<div class=\"wd-post-read-more wd-style-link read-more-section\">\n\t\t\t\t\t\t<a class=\"\" href=\"https:\/\/combi-pro.com\/fr\/tendencias-en-ropa-de-trabajo-para-2025-combinar-rendimiento-y-sostenibilidad\/\">Poursuivre la conf\u00e9rence<\/a>\t\t\t\t\t<\/div>\n\t\t\t\t\t\t\t\t\t<\/div>\n\t<\/div>\n<\/article>\n\n\t\t\t\t\t<\/div>\n\t\t\t\t\t\t\t\t<\/div>\n\t\t\t\t\t<\/div>\n\n\t\t\t\t\t\t\t<div class=\"wd-nav-arrows wd-pos-sep wd-hover-1 wd-icon-1\">\n\t\t\t<div class=\"wd-btn-arrow wd-prev wd-disabled\">\n\t\t\t\t<div class=\"wd-arrow-inner\"><\/div>\n\t\t\t<\/div>\n\t\t\t<div class=\"wd-btn-arrow wd-next\">\n\t\t\t\t<div class=\"wd-arrow-inner\"><\/div>\n\t\t\t<\/div>\n\t\t<\/div>\n\t\t\t\t\t\t<\/div>\n\n\t\t\t\t\t\t\t\t\t\t\t\t\t\t<\/div>\n\t\t\t\t\t\t\t\t\t\t<\/div>\n\t\t\t\t<\/div>\n\t\t\t\t\t<\/div>\n\t\t\t\t<\/div>\n\t\t\t\t\t<link rel=\"stylesheet\" id=\"wd-collapsible-content-css\" href=\"https:\/\/combi-pro.com\/wp-content\/themes\/woodmart\/css\/parts\/elem-opt-collapsible-content.css?ver=8.5.7\" type=\"text\/css\" media=\"all\" \/> \t\t\t<div class=\"wd-negative-gap elementor-element elementor-element-250da33 wd-collapsible-content e-flex e-con-boxed e-con e-parent\" data-id=\"250da33\" data-element_type=\"container\" data-e-type=\"container\">\n\t\t\t\t\t<div class=\"e-con-inner\">\n\t\t\t\t<div class=\"elementor-element elementor-element-f59752b wd-width-100 elementor-widget elementor-widget-wd_title\" data-id=\"f59752b\" data-element_type=\"widget\" data-e-type=\"widget\" data-widget_type=\"wd_title.default\">\n\t\t\t\t<div class=\"elementor-widget-container\">\n\t\t\t\t\t\t\t<div class=\"title-wrapper wd-set-mb reset-last-child wd-title-color-default wd-title-style-default wd-title-size-default text-left\">\n\n\t\t\t\n\t\t\t<div class=\"liner-continer\">\n\t\t\t\t<h4 class=\"woodmart-title-container title wd-fontsize-l\">Boutique en ligne d&#039;\u00e9lectrom\u00e9nager et d&#039;\u00e9lectronique<\/h4> \n\t\t\t\t\t\t\t<\/div>\n\n\t\t\t\t\t<\/div>\n\t\t\t\t\t\t<\/div>\n\t\t\t\t<\/div>\n\t\t\t\t<div class=\"elementor-element elementor-element-497f8f3 elementor-widget elementor-widget-wd_text_block\" data-id=\"497f8f3\" data-element_type=\"widget\" data-e-type=\"widget\" data-widget_type=\"wd_text_block.default\">\n\t\t\t\t<div class=\"elementor-widget-container\">\n\t\t\t\t\t\t\t<div class=\"wd-text-block reset-last-child text-left\">\n\t\t\t\n\t\t\t<p>La question se pose alors\u00a0: o\u00f9 est le contenu\u00a0? Pas encore\u00a0? Ce n\u2019est pas si grave, il y a du texte factice pour pallier ce manque. Mais pire encore, que faire si le contenu ne convient pas\u00a0? Si les phrases sont trop courtes, si les titres sont trop nombreux, si les images sont trop grandes ou trop petites par rapport \u00e0 la mise en page, ou si elles s\u2019int\u00e8grent bien, mais que le r\u00e9sultat est discutable pour diverses raisons.<\/p>\n\t\t\t\t\t<\/div>\n\t\t\t\t\t\t<\/div>\n\t\t\t\t<\/div>\n\t\t\t\t<div class=\"elementor-element elementor-element-e8ee3ca wd-width-100 elementor-widget elementor-widget-wd_title\" data-id=\"e8ee3ca\" data-element_type=\"widget\" data-e-type=\"widget\" data-widget_type=\"wd_title.default\">\n\t\t\t\t<div class=\"elementor-widget-container\">\n\t\t\t\t\t\t\t<div class=\"title-wrapper wd-set-mb reset-last-child wd-title-color-default wd-title-style-default wd-title-size-default text-left\">\n\n\t\t\t\n\t\t\t<div class=\"liner-continer\">\n\t\t\t\t<h4 class=\"woodmart-title-container title wd-fontsize-l\">Le shopping en ligne, c&#039;est vraiment pratique<\/h4> \n\t\t\t\t\t\t\t<\/div>\n\n\t\t\t\t\t<\/div>\n\t\t\t\t\t\t<\/div>\n\t\t\t\t<\/div>\n\t\t\t\t<div class=\"elementor-element elementor-element-3e46973 elementor-widget elementor-widget-wd_text_block\" data-id=\"3e46973\" data-element_type=\"widget\" data-e-type=\"widget\" data-widget_type=\"wd_text_block.default\">\n\t\t\t\t<div class=\"elementor-widget-container\">\n\t\t\t\t\t\t\t<div class=\"wd-text-block reset-last-child text-left\">\n\t\t\t\n\t\t\t<p>Un client insatisfait pour une raison pr\u00e9cise pose probl\u00e8me\u00a0; un client insatisfait sans pouvoir l&#039;expliquer clairement est pire. Il y a fort \u00e0 parier qu&#039;il n&#039;y a pas eu de collaboration, de communication ni de points de contr\u00f4le, ni de processus d\u00e9fini ou sp\u00e9cifi\u00e9 avec la pr\u00e9cision requise. C&#039;est une strat\u00e9gie de contenu qui a d\u00e9raill\u00e9 d\u00e8s le d\u00e9part. Si c&#039;est ce que vous pensez, qu&#039;en est-il de l&#039;inverse\u00a0? Comment \u00e9valuer un contenu sans design\u00a0? Sans typographie, sans couleurs, sans mise en page, sans styles, tous ces \u00e9l\u00e9ments qui transmettent des signaux importants, au-del\u00e0 du simple texte\u00a0: hi\u00e9rarchies de l&#039;information, importance des mots, emphase, accents indirects, priorit\u00e9s, tous ces indices subtils qui ont aussi un attrait visuel et \u00e9motionnel pour le lecteur.<\/p>\n\t\t\t\t\t<\/div>\n\t\t\t\t\t\t<\/div>\n\t\t\t\t<\/div>\n\t\t\t\t<div class=\"elementor-element elementor-element-c062ea2 elementor-widget elementor-widget-wd_button\" data-id=\"c062ea2\" data-element_type=\"widget\" data-e-type=\"widget\" data-widget_type=\"wd_button.default\">\n\t\t\t\t<div class=\"elementor-widget-container\">\n\t\t\t\t\t\t\t<div class=\"wd-button-wrapper text-left wd-collapsible-button\" >\n\t\t\t<a class=\"btn btn-style-default btn-shape-round btn-size-default btn-icon-pos-right\"  href=\"#\">\n\t\t\t\t<span class=\"wd-btn-text\" data-elementor-setting-key=\"text\">\n\t\t\t\t\tEn savoir plus\t\t\t\t<\/span>\n\n\t\t\t\t\t\t\t\t\t<span class=\"wd-btn-icon\">\n\t\t\t\t\t\t<img  loading=\"lazy\" width=\"12\" height=\"12\">\t\t\t\t\t<\/span>\n\t\t\t\t\t\t\t<\/a>\n\t\t<\/div>\n\t\t\t\t\t\t<\/div>\n\t\t\t\t<\/div>\n\t\t\t\t\t<\/div>\n\t\t\t\t<\/div>\n\t\t\t\t<\/div>","protected":false},"excerpt":{"rendered":"<p>Smartphones, ordinateurs portables, tablettes et PC, composants PC, appareils de jeu, t\u00e9l\u00e9viseurs et audio, cam\u00e9ras pour la maison et l&#039;ext\u00e9rieur\u00a0: d\u00e9couvrez la nouvelle Surface<\/p>","protected":false},"author":9,"featured_media":0,"parent":0,"menu_order":0,"comment_status":"closed","ping_status":"closed","template":"","meta":{"footnotes":""},"class_list":["post-935","page","type-page","status-publish","hentry"],"_links":{"self":[{"href":"https:\/\/combi-pro.com\/fr\/wp-json\/wp\/v2\/pages\/935","targetHints":{"allow":["GET"]}}],"collection":[{"href":"https:\/\/combi-pro.com\/fr\/wp-json\/wp\/v2\/pages"}],"about":[{"href":"https:\/\/combi-pro.com\/fr\/wp-json\/wp\/v2\/types\/page"}],"author":[{"embeddable":true,"href":"https:\/\/combi-pro.com\/fr\/wp-json\/wp\/v2\/users\/9"}],"replies":[{"embeddable":true,"href":"https:\/\/combi-pro.com\/fr\/wp-json\/wp\/v2\/comments?post=935"}],"version-history":[{"count":0,"href":"https:\/\/combi-pro.com\/fr\/wp-json\/wp\/v2\/pages\/935\/revisions"}],"wp:attachment":[{"href":"https:\/\/combi-pro.com\/fr\/wp-json\/wp\/v2\/media?parent=935"}],"curies":[{"name":"wp","href":"https:\/\/api.w.org\/{rel}","templated":true}]}}