{"id":10073,"date":"2024-05-26T10:46:13","date_gmt":"2024-05-26T08:46:13","guid":{"rendered":"https:\/\/combi-pro.com\/?post_type=product&#038;p=10073"},"modified":"2026-04-13T20:25:58","modified_gmt":"2026-04-13T18:25:58","slug":"183-veste-polaire-bicolore-av","status":"publish","type":"product","link":"https:\/\/combi-pro.com\/fr\/boutique\/183-veste-polaire-bicolore-av\/","title":{"rendered":"Veste polaire bicolore haute visibilit\u00e9 avec fermeture \u00e9clair r\u00e9fl\u00e9chissante 183 | Velilla"},"content":{"rendered":"<div class=\"data item\" role=\"tablist\">\n<div id=\"tab-label-description\" class=\"data item title active\" tabindex=\"0\" role=\"tab\" data-role=\"collapsible\" data-collapsible=\"true\" aria-controls=\"description\" aria-selected=\"false\" aria-expanded=\"true\">\n<p data-start=\"599\" data-end=\"634\"><strong>Caract\u00e9ristiques principales:<\/strong><\/p>\n<ul>\n<li data-start=\"638\" data-end=\"700\">Fermeture centrale \u00e0 glissi\u00e8re pour une utilisation rapide et facile.<\/li>\n<li data-start=\"703\" data-end=\"807\">Les bandes r\u00e9fl\u00e9chissantes sur le torse et les manches am\u00e9liorent la visibilit\u00e9 dans des conditions de faible luminosit\u00e9.<\/li>\n<li data-start=\"810\" data-end=\"889\">Poignets \u00e9lastiques, assurant un bon ajustement et une protection contre le froid.<\/li>\n<li data-start=\"892\" data-end=\"976\">Ourlet r\u00e9glable avec stoppeur, id\u00e9al pour conserver la chaleur et s'adapter au corps.<\/li>\n<li data-start=\"979\" data-end=\"1095\">Trois poches zipp\u00e9es, fonctionnelles et s\u00e9curis\u00e9es pour transporter des outils ou des effets personnels.<\/li>\n<\/ul>\n<p data-start=\"1102\" data-end=\"1123\"><strong>Certification:<\/strong><\/p>\n<ul data-start=\"1125\" data-end=\"1286\">\n<li data-start=\"1125\" data-end=\"1286\">\n<p data-start=\"1127\" data-end=\"1286\">EN ISO 20471 - Classe 1<br data-start=\"1153\" data-end=\"1156\" \/>Niveau de visibilit\u00e9 de base, adapt\u00e9 aux environnements de travail \u00e0 risque mod\u00e9r\u00e9 (travail urbain, entrep\u00f4ts, transports, etc.).<\/p>\n<\/li>\n<\/ul>\n<p data-start=\"1293\" data-end=\"1307\"><strong>Tissu:<\/strong><\/p>\n<ul>\n<li data-start=\"1311\" data-end=\"1338\">Polyester 100 %<\/li>\n<li data-start=\"1341\" data-end=\"1462\">Poids : 280 g\/m\u00b2 Poids : 280 g\/m\u00b2 Poids : 280 g\/m\u00b2 Poids : 280 g\/m\u00b2 Poids : 280 g\/m\u00b2<br data-start=\"1359\" data-end=\"1362\" \/>Tissu thermique souple et durable, con\u00e7u pour offrir confort et protection dans les environnements froids.<\/li>\n<\/ul>\n<p data-start=\"1469\" data-end=\"1482\"><strong>Gamme de produits : <\/strong>Standard<\/p>\n<p data-start=\"1505\" data-end=\"1528\"><strong>Recommandations:<\/strong><\/p>\n<ul>\n<li data-start=\"1530\" data-end=\"1722\">Id\u00e9al pour les professionnels qui ont besoin de visibilit\u00e9 et de protection contre le froid dans des secteurs tels que la logistique, l'entretien urbain, le transport, les services techniques ou les entrep\u00f4ts.<\/li>\n<\/ul>\n<\/div>\n<\/div>","protected":false},"excerpt":{"rendered":"<p data-start=\"274\" data-end=\"410\">Veste polaire chaude et l\u00e9g\u00e8re avec bandes r\u00e9fl\u00e9chissantes, design bicolore, trois poches zipp\u00e9es, poignets \u00e9lastiques et ourlet r\u00e9glable.<\/p>\n<p><strong>GUIDE DES TAILLES<\/strong><\/p>\n<p><img decoding=\"async\" class=\"alignnone wp-image-17931\" src=\"https:\/\/combi-pro.com\/wp-content\/uploads\/2024\/05\/68.4-80.8-screenshot-1750420067690-300x158.png\" alt=\"\" width=\"267\" height=\"140\" srcset=\"https:\/\/combi-pro.com\/wp-content\/uploads\/2024\/05\/68.4-80.8-screenshot-1750420067690-300x158.png 300w, https:\/\/combi-pro.com\/wp-content\/uploads\/2024\/05\/68.4-80.8-screenshot-1750420067690-18x9.png 18w, https:\/\/combi-pro.com\/wp-content\/uploads\/2024\/05\/68.4-80.8-screenshot-1750420067690-64x34.png 64w, https:\/\/combi-pro.com\/wp-content\/uploads\/2024\/05\/68.4-80.8-screenshot-1750420067690.png 400w\" sizes=\"(max-width: 267px) 100vw, 267px\" \/> <img decoding=\"async\" class=\"alignnone wp-image-17696\" src=\"https:\/\/combi-pro.com\/wp-content\/uploads\/2025\/05\/screenshot-1749214923473-300x106.png\" alt=\"\" width=\"283\" height=\"100\" srcset=\"https:\/\/combi-pro.com\/wp-content\/uploads\/2025\/05\/screenshot-1749214923473-300x106.png 300w, https:\/\/combi-pro.com\/wp-content\/uploads\/2025\/05\/screenshot-1749214923473-64x23.png 64w, https:\/\/combi-pro.com\/wp-content\/uploads\/2025\/05\/screenshot-1749214923473-18x6.png 18w, https:\/\/combi-pro.com\/wp-content\/uploads\/2025\/05\/screenshot-1749214923473.png 396w\" sizes=\"(max-width: 283px) 100vw, 283px\" \/><\/p>\n<p>&nbsp;<\/p>\n<p>&nbsp;<\/p>","protected":false},"featured_media":10092,"template":"","meta":{"site-sidebar-layout":"default","site-content-layout":"","ast-site-content-layout":"default","site-content-style":"default","site-sidebar-style":"default","ast-global-header-display":"","ast-banner-title-visibility":"","ast-main-header-display":"","ast-hfb-above-header-display":"","ast-hfb-below-header-display":"","ast-hfb-mobile-header-display":"","site-post-title":"","ast-breadcrumbs-content":"","ast-featured-img":"","footer-sml-layout":"","ast-disable-related-posts":"","theme-transparent-header-meta":"default","adv-header-id-meta":"","stick-header-meta":"","header-above-stick-meta":"","header-main-stick-meta":"","header-below-stick-meta":"","astra-migrate-meta-layouts":"set","ast-page-background-enabled":"default","ast-page-background-meta":{"desktop":{"background-color":"","background-image":"","background-repeat":"repeat","background-position":"center center","background-size":"auto","background-attachment":"scroll","background-type":"","background-media":"","overlay-type":"","overlay-color":"","overlay-opacity":"","overlay-gradient":""},"tablet":{"background-color":"","background-image":"","background-repeat":"repeat","background-position":"center center","background-size":"auto","background-attachment":"scroll","background-type":"","background-media":"","overlay-type":"","overlay-color":"","overlay-opacity":"","overlay-gradient":""},"mobile":{"background-color":"","background-image":"","background-repeat":"repeat","background-position":"center center","background-size":"auto","background-attachment":"scroll","background-type":"","background-media":"","overlay-type":"","overlay-color":"","overlay-opacity":"","overlay-gradient":""}},"ast-content-background-meta":{"desktop":{"background-color":"var(--ast-global-color-5)","background-image":"","background-repeat":"repeat","background-position":"center center","background-size":"auto","background-attachment":"scroll","background-type":"","background-media":"","overlay-type":"","overlay-color":"","overlay-opacity":"","overlay-gradient":""},"tablet":{"background-color":"var(--ast-global-color-5)","background-image":"","background-repeat":"repeat","background-position":"center center","background-size":"auto","background-attachment":"scroll","background-type":"","background-media":"","overlay-type":"","overlay-color":"","overlay-opacity":"","overlay-gradient":""},"mobile":{"background-color":"var(--ast-global-color-5)","background-image":"","background-repeat":"repeat","background-position":"center center","background-size":"auto","background-attachment":"scroll","background-type":"","background-media":"","overlay-type":"","overlay-color":"","overlay-opacity":"","overlay-gradient":""}}},"product_brand":[442],"product_cat":[67,98,50],"product_tag":[],"class_list":{"0":"post-10073","1":"product","2":"type-product","3":"status-publish","4":"has-post-thumbnail","6":"product_brand-velilla","7":"product_cat-alta-visibilidad","8":"product_cat-forro-polar-alta-visibilidad","9":"product_cat-ropa-profesional","10":"desktop-align-center","11":"tablet-align-left","12":"mobile-align-left","14":"first","15":"instock","16":"taxable","17":"shipping-taxable","18":"purchasable","19":"product-type-variable","20":"has-default-attributes"},"_links":{"self":[{"href":"https:\/\/combi-pro.com\/fr\/wp-json\/wp\/v2\/product\/10073","targetHints":{"allow":["GET"]}}],"collection":[{"href":"https:\/\/combi-pro.com\/fr\/wp-json\/wp\/v2\/product"}],"about":[{"href":"https:\/\/combi-pro.com\/fr\/wp-json\/wp\/v2\/types\/product"}],"wp:featuredmedia":[{"embeddable":true,"href":"https:\/\/combi-pro.com\/fr\/wp-json\/wp\/v2\/media\/10092"}],"wp:attachment":[{"href":"https:\/\/combi-pro.com\/fr\/wp-json\/wp\/v2\/media?parent=10073"}],"wp:term":[{"taxonomy":"product_brand","embeddable":true,"href":"https:\/\/combi-pro.com\/fr\/wp-json\/wp\/v2\/product_brand?post=10073"},{"taxonomy":"product_cat","embeddable":true,"href":"https:\/\/combi-pro.com\/fr\/wp-json\/wp\/v2\/product_cat?post=10073"},{"taxonomy":"product_tag","embeddable":true,"href":"https:\/\/combi-pro.com\/fr\/wp-json\/wp\/v2\/product_tag?post=10073"}],"curies":[{"name":"wp","href":"https:\/\/api.w.org\/{rel}","templated":true}]}}