{"id":9415,"date":"2024-05-24T12:05:19","date_gmt":"2024-05-24T10:05:19","guid":{"rendered":"https:\/\/combi-pro.com\/?post_type=product&#038;p=9415"},"modified":"2026-04-13T20:19:39","modified_gmt":"2026-04-13T18:19:39","slug":"105514-polo-bicolore-ml","status":"publish","type":"product","link":"https:\/\/combi-pro.com\/fr\/boutique\/105514-polo-bicolore-ml\/","title":{"rendered":"Polo de travail bicolore \u00e0 manches longues avec d\u00e9tails contrast\u00e9s 105514 | VELILLA"},"content":{"rendered":"<div class=\"data item\" role=\"tablist\">\n<div id=\"tab-label-description\" class=\"data item title active\" tabindex=\"0\" role=\"tab\" data-role=\"collapsible\" data-collapsible=\"true\" aria-controls=\"description\" aria-selected=\"false\" aria-expanded=\"true\">\n<p data-start=\"688\" data-end=\"720\"><strong data-start=\"688\" data-end=\"720\">Caract\u00e9ristiques techniques :<\/strong><\/p>\n<ul>\n<li data-start=\"724\" data-end=\"752\">Fermeture centrale par bouton<\/li>\n<li data-start=\"755\" data-end=\"813\">Col et poignets c\u00f4tel\u00e9s pour un meilleur ajustement et une plus grande durabilit\u00e9<\/li>\n<li data-start=\"816\" data-end=\"943\">Couleur contrast\u00e9e sur les c\u00f4t\u00e9s, l'int\u00e9rieur des manches, la patte de boutonnage int\u00e9rieure, le ruban couvrant la couture du cou et les passants de ceinture.<\/li>\n<\/ul>\n<p data-start=\"945\" data-end=\"959\"><strong data-start=\"945\" data-end=\"959\">Tissu:<\/strong><\/p>\n<ul>\n<li data-start=\"963\" data-end=\"1001\">Piqu\u00e9 : 60 % coton - 40 % polyester<\/li>\n<li data-start=\"1004\" data-end=\"1045\">Grammage : 180 g\/m\u00b2 (l\u00e9ger et respirant)<\/li>\n<\/ul>\n<p data-start=\"1047\" data-end=\"1058\"><strong data-start=\"1047\" data-end=\"1058\">Gamme : <\/strong>Total de la contrepartie<\/p>\n<p data-start=\"1075\" data-end=\"1102\"><strong data-start=\"1075\" data-end=\"1102\">Recommandation d'utilisation :<\/strong><\/p>\n<ul>\n<li data-start=\"1104\" data-end=\"1256\">Id\u00e9al pour les environnements de travail qui exigent un design professionnel, moderne et confortable. Son tissu piqu\u00e9 et ses d\u00e9tails contrast\u00e9s le rendent unique et fonctionnel.<\/li>\n<\/ul>\n<\/div>\n<\/div>","protected":false},"excerpt":{"rendered":"<p data-start=\"292\" data-end=\"488\">Polo de travail bicolore \u00e0 manches longues avec d\u00e9tails contrast\u00e9s, col et poignets c\u00f4tel\u00e9s, fermeture par boutons. Tissu piqu\u00e9 de haute qualit\u00e9. Gamme Total Match.<\/p>\n<p data-start=\"292\" data-end=\"488\"><img decoding=\"async\" class=\"alignnone wp-image-15236\" src=\"https:\/\/combi-pro.com\/wp-content\/uploads\/2025\/04\/icon-totalmatch.png\" alt=\"\" width=\"209\" height=\"40\" srcset=\"https:\/\/combi-pro.com\/wp-content\/uploads\/2025\/04\/icon-totalmatch.png 251w, https:\/\/combi-pro.com\/wp-content\/uploads\/2025\/04\/icon-totalmatch-64x12.png 64w, https:\/\/combi-pro.com\/wp-content\/uploads\/2025\/04\/icon-totalmatch-18x3.png 18w\" sizes=\"(max-width: 209px) 100vw, 209px\" \/><\/p>\n<p><strong>GUIDE DES TAILLES<\/strong><\/p>\n<p><img decoding=\"async\" class=\"alignnone wp-image-17890\" src=\"https:\/\/combi-pro.com\/wp-content\/uploads\/2024\/05\/67-79-screenshot-1750339168170-300x130.png\" alt=\"\" width=\"277\" height=\"120\" srcset=\"https:\/\/combi-pro.com\/wp-content\/uploads\/2024\/05\/67-79-screenshot-1750339168170-300x130.png 300w, https:\/\/combi-pro.com\/wp-content\/uploads\/2024\/05\/67-79-screenshot-1750339168170-18x8.png 18w, https:\/\/combi-pro.com\/wp-content\/uploads\/2024\/05\/67-79-screenshot-1750339168170-64x28.png 64w, https:\/\/combi-pro.com\/wp-content\/uploads\/2024\/05\/67-79-screenshot-1750339168170.png 399w\" sizes=\"(max-width: 277px) 100vw, 277px\" \/> <img decoding=\"async\" class=\"alignnone wp-image-17696\" src=\"https:\/\/combi-pro.com\/wp-content\/uploads\/2025\/05\/screenshot-1749214923473-300x106.png\" alt=\"\" width=\"283\" height=\"100\" srcset=\"https:\/\/combi-pro.com\/wp-content\/uploads\/2025\/05\/screenshot-1749214923473-300x106.png 300w, https:\/\/combi-pro.com\/wp-content\/uploads\/2025\/05\/screenshot-1749214923473-64x23.png 64w, https:\/\/combi-pro.com\/wp-content\/uploads\/2025\/05\/screenshot-1749214923473-18x6.png 18w, https:\/\/combi-pro.com\/wp-content\/uploads\/2025\/05\/screenshot-1749214923473.png 396w\" sizes=\"(max-width: 283px) 100vw, 283px\" \/><\/p>\n<p>&nbsp;<\/p>\n<p><strong>\u00a0 \u00a0 \u00a0 \u00a0<\/strong><\/p>","protected":false},"featured_media":9431,"template":"","meta":{"site-sidebar-layout":"default","site-content-layout":"","ast-site-content-layout":"default","site-content-style":"default","site-sidebar-style":"default","ast-global-header-display":"","ast-banner-title-visibility":"","ast-main-header-display":"","ast-hfb-above-header-display":"","ast-hfb-below-header-display":"","ast-hfb-mobile-header-display":"","site-post-title":"","ast-breadcrumbs-content":"","ast-featured-img":"","footer-sml-layout":"","ast-disable-related-posts":"","theme-transparent-header-meta":"default","adv-header-id-meta":"","stick-header-meta":"","header-above-stick-meta":"","header-main-stick-meta":"","header-below-stick-meta":"","astra-migrate-meta-layouts":"set","ast-page-background-enabled":"default","ast-page-background-meta":{"desktop":{"background-color":"","background-image":"","background-repeat":"repeat","background-position":"center center","background-size":"auto","background-attachment":"scroll","background-type":"","background-media":"","overlay-type":"","overlay-color":"","overlay-opacity":"","overlay-gradient":""},"tablet":{"background-color":"","background-image":"","background-repeat":"repeat","background-position":"center center","background-size":"auto","background-attachment":"scroll","background-type":"","background-media":"","overlay-type":"","overlay-color":"","overlay-opacity":"","overlay-gradient":""},"mobile":{"background-color":"","background-image":"","background-repeat":"repeat","background-position":"center center","background-size":"auto","background-attachment":"scroll","background-type":"","background-media":"","overlay-type":"","overlay-color":"","overlay-opacity":"","overlay-gradient":""}},"ast-content-background-meta":{"desktop":{"background-color":"var(--ast-global-color-5)","background-image":"","background-repeat":"repeat","background-position":"center center","background-size":"auto","background-attachment":"scroll","background-type":"","background-media":"","overlay-type":"","overlay-color":"","overlay-opacity":"","overlay-gradient":""},"tablet":{"background-color":"var(--ast-global-color-5)","background-image":"","background-repeat":"repeat","background-position":"center center","background-size":"auto","background-attachment":"scroll","background-type":"","background-media":"","overlay-type":"","overlay-color":"","overlay-opacity":"","overlay-gradient":""},"mobile":{"background-color":"var(--ast-global-color-5)","background-image":"","background-repeat":"repeat","background-position":"center center","background-size":"auto","background-attachment":"scroll","background-type":"","background-media":"","overlay-type":"","overlay-color":"","overlay-opacity":"","overlay-gradient":""}}},"product_brand":[442],"product_cat":[30,88,50],"product_tag":[],"class_list":{"0":"post-9415","1":"product","2":"type-product","3":"status-publish","4":"has-post-thumbnail","6":"product_brand-velilla","7":"product_cat-industria-base","8":"product_cat-polos","9":"product_cat-ropa-profesional","10":"desktop-align-center","11":"tablet-align-left","12":"mobile-align-left","14":"first","15":"instock","16":"taxable","17":"shipping-taxable","18":"purchasable","19":"product-type-variable","20":"has-default-attributes"},"_links":{"self":[{"href":"https:\/\/combi-pro.com\/fr\/wp-json\/wp\/v2\/product\/9415","targetHints":{"allow":["GET"]}}],"collection":[{"href":"https:\/\/combi-pro.com\/fr\/wp-json\/wp\/v2\/product"}],"about":[{"href":"https:\/\/combi-pro.com\/fr\/wp-json\/wp\/v2\/types\/product"}],"wp:featuredmedia":[{"embeddable":true,"href":"https:\/\/combi-pro.com\/fr\/wp-json\/wp\/v2\/media\/9431"}],"wp:attachment":[{"href":"https:\/\/combi-pro.com\/fr\/wp-json\/wp\/v2\/media?parent=9415"}],"wp:term":[{"taxonomy":"product_brand","embeddable":true,"href":"https:\/\/combi-pro.com\/fr\/wp-json\/wp\/v2\/product_brand?post=9415"},{"taxonomy":"product_cat","embeddable":true,"href":"https:\/\/combi-pro.com\/fr\/wp-json\/wp\/v2\/product_cat?post=9415"},{"taxonomy":"product_tag","embeddable":true,"href":"https:\/\/combi-pro.com\/fr\/wp-json\/wp\/v2\/product_tag?post=9415"}],"curies":[{"name":"wp","href":"https:\/\/api.w.org\/{rel}","templated":true}]}}